{"id":13361,"date":"2024-05-03T10:29:38","date_gmt":"2024-05-03T08:29:38","guid":{"rendered":"https:\/\/www.ordinemauriziano.it\/?page_id=13361"},"modified":"2024-05-03T10:29:38","modified_gmt":"2024-05-03T08:29:38","slug":"santa-maria-di-staffarda-abtei","status":"publish","type":"page","link":"https:\/\/www.ordinemauriziano.it\/de\/santa-maria-di-staffarda-abtei\/","title":{"rendered":"Santa Maria di Staffarda Abtei"},"content":{"rendered":"\t\t<div data-elementor-type=\"wp-page\" data-elementor-id=\"13361\" class=\"elementor elementor-13361 elementor-7807\" data-elementor-post-type=\"page\">\n\t\t\t\t<div class=\"elementor-element elementor-element-90e47c8 e-flex e-con-boxed e-con e-parent\" data-id=\"90e47c8\" data-element_type=\"container\" data-e-type=\"container\" data-settings=\"{&quot;background_background&quot;:&quot;classic&quot;}\">\n\t\t\t\t\t<div class=\"e-con-inner\">\n\t\t\t\t<div class=\"elementor-element elementor-element-3f01730 elementor-widget__width-inherit animation_type_block sc_fly_static elementor-widget elementor-widget-heading\" data-id=\"3f01730\" data-element_type=\"widget\" data-e-type=\"widget\" data-widget_type=\"heading.default\">\n\t\t\t\t<div class=\"elementor-widget-container\">\n\t\t\t\t\t<h2 class=\"elementor-heading-title elementor-size-default\">Die Geschichte der Abtei<\/h2>\t\t\t\t<\/div>\n\t\t\t\t<\/div>\n\t\t\t\t<div class=\"elementor-element elementor-element-90024fb animation_type_block sc_fly_static elementor-widget elementor-widget-text-editor\" data-id=\"90024fb\" data-element_type=\"widget\" data-e-type=\"widget\" data-widget_type=\"text-editor.default\">\n\t\t\t\t<div class=\"elementor-widget-container\">\n\t\t\t\t\t\t\t\t\t<p><strong>Die Abtei Santa Maria di Staffarda in Revello<\/strong>, in der N\u00e4he von Cuneo, wurde <strong>zwischen 1122 und 1138<\/strong> gegr\u00fcndet und ist eines der faszinierendsten und wichtigsten mittelalterlichen Kl\u00f6ster des Piemonts. Das urspr\u00fcngliche Zentrum der Abtei entstand auf dem Gebiet des alten Markgrafen von Saluzzo, umgeben von der Ruhe der Ebene mit Blick auf den Monviso.<\/p><p>Die M\u00f6nche der Abtei, die der Zisterzienserregel treu blieben, wo die Handarbeit in den Mittelpunkt des geistlichen Lebens stellt, bereicherten das Territorium <strong>mit ausgekl\u00fcgelten Rekultivierungsarbeiten<\/strong> und gaben der Markgrafschaft neues fruchtbares Land, das sie pflegen konnte.<\/p><p>Innerhalb weniger Jahre wurde Staffarda zu einem wichtigen <strong>religi\u00f6sen und landwirtschaftlichen Zentrum<\/strong>, Knotenpunkt der umliegenden Landschaft als Ort des Gebets und des Austauschs der Produkte des Landes.<\/p><p>Das Kloster wurde zum Herzen der Gemeinde von Saluzzo, aber im XIII. Jahrhundert verlor es seine strategische Zentralit\u00e4t. W\u00e4hrend <strong>der Schlacht von Staffarda,<\/strong> im Jahr 1690, drangen die franz\u00f6sischen Truppen unter der F\u00fchrung von General Catinat\u00a0 in die Abtei ein; Sie zerst\u00f6rten das Archiv, die Bibliothek, einen Teil des Kreuzgangs und des Refektoriums.<\/p><p>Mit einer p\u00e4pstlichen Bulle von Papst Benedikt XIV. wurde Staffarda im Jahr 1750 Teil des Erbes des <strong>mauritischen Ordens von Turin<\/strong>, der bis heute seinen zeitlosen Charme bewahrt hat.<\/p>\t\t\t\t\t\t\t\t<\/div>\n\t\t\t\t<\/div>\n\t\t<div class=\"elementor-element elementor-element-1695b66 e-flex e-con-boxed e-con e-child\" data-id=\"1695b66\" data-element_type=\"container\" data-e-type=\"container\" data-settings=\"{&quot;background_background&quot;:&quot;classic&quot;}\">\n\t\t\t\t\t<div class=\"e-con-inner\">\n\t\t\t\t<div class=\"elementor-element elementor-element-48fae36 animation_type_block sc_fly_static elementor-widget elementor-widget-heading\" data-id=\"48fae36\" data-element_type=\"widget\" data-e-type=\"widget\" data-widget_type=\"heading.default\">\n\t\t\t\t<div class=\"elementor-widget-container\">\n\t\t\t\t\t<h3 class=\"elementor-heading-title elementor-size-default\">Planen Sie Ihren Besuch in Staffarda<\/h3>\t\t\t\t<\/div>\n\t\t\t\t<\/div>\n\t\t\t\t<div class=\"elementor-element elementor-element-e73d127 animation_type_block sc_fly_static elementor-widget elementor-widget-spacer\" data-id=\"e73d127\" data-element_type=\"widget\" data-e-type=\"widget\" data-widget_type=\"spacer.default\">\n\t\t\t\t<div class=\"elementor-widget-container\">\n\t\t\t\t\t\t\t<div class=\"elementor-spacer\">\n\t\t\t<div class=\"elementor-spacer-inner\"><\/div>\n\t\t<\/div>\n\t\t\t\t\t\t<\/div>\n\t\t\t\t<\/div>\n\t\t\t\t<div class=\"elementor-element elementor-element-d0b3251 animation_type_block sc_fly_static elementor-widget elementor-widget-trx_sc_button\" data-id=\"d0b3251\" data-element_type=\"widget\" data-e-type=\"widget\" data-widget_type=\"trx_sc_button.default\">\n\t\t\t\t<div class=\"elementor-widget-container\">\n\t\t\t\t\t<div id=\"trx_sc_button_696522142\"\tclass=\"sc_item_button sc_button_wrap\"><a href=\"https:\/\/www.ordinemauriziano.it\/de\/santa-maria-staffarda-abtei\/besuchen-sie-staffarda\/\" class=\"sc_button sc_button_simple sc_button_size_normal sc_button_icon_left color_style_link2\"><span class=\"sc_button_text\"><span class=\"sc_button_title\">Weitere Informationen<\/span><\/span><!-- \/.sc_button_text --><\/a><!-- \/.sc_button --><\/div><!-- \/.sc_item_button -->\t\t\t\t<\/div>\n\t\t\t\t<\/div>\n\t\t\t\t\t<\/div>\n\t\t\t\t<\/div>\n\t\t\t\t<div class=\"elementor-element elementor-element-49275d7 elementor-widget__width-inherit animation_type_block sc_fly_static elementor-widget elementor-widget-heading\" data-id=\"49275d7\" data-element_type=\"widget\" data-e-type=\"widget\" data-widget_type=\"heading.default\">\n\t\t\t\t<div class=\"elementor-widget-container\">\n\t\t\t\t\t<h2 class=\"elementor-heading-title elementor-size-default\">Die Architektur von Santa Maria di Staffarda<\/h2>\t\t\t\t<\/div>\n\t\t\t\t<\/div>\n\t\t\t\t<div class=\"elementor-element elementor-element-1c2971a animation_type_block sc_fly_static elementor-widget elementor-widget-text-editor\" data-id=\"1c2971a\" data-element_type=\"widget\" data-e-type=\"widget\" data-widget_type=\"text-editor.default\">\n\t\t\t\t<div class=\"elementor-widget-container\">\n\t\t\t\t\t\t\t\t\t<p>Die Regel des heiligen Benedikt, auf die sich der Zisterzienserorden gr\u00fcndet, verlangt <strong>Gen\u00fcgsamkeit<\/strong> in jeder Ausdrucksform des Ordenslebens. Daher gibt es keine heiligen Gew\u00e4nder und dekorativen Elemente im Namen der prunklos Einfachheit. Die Strenge der Regel spiegelt sich auch in der <strong>romanisch-gotischen Architektur<\/strong> des Klosters wider: Staffarda sticht imposant mit <strong>drei Schiffen und einem halbkreisf\u00f6rmigen Apsisbau<\/strong> hervor.<\/p><p>Die Verwendung von nat\u00fcrlichen Materialien wie Stein und unverputzten Ziegeln bekr\u00e4ftigt den Verzicht auf jegliche Flittergoldes und Versch\u00f6nerungen.<\/p><p>Im Inneren der Staffarda-Abtei kann man die <strong>leichte konstruktive Asymmetrie<\/strong> sehen, vor allem in der Kirche, die die Spiritualit\u00e4t des Ortes unterstreichen soll.<\/p><p>Stein und Ziegel wechseln sich ab, wodurch wiederkehrende rote und wei\u00dfe Motive entstehen, und <strong>kleine rote Sterne<\/strong> schm\u00fccken die Gew\u00f6lbe der Kirchenschiffe.<\/p><p>Besonder auf der zentralen ist es m\u00f6glich, einen Weg <strong>der Symbole <\/strong>zu verfolgen , der von der Geburt der Welt bis zur Auferstehung Christi f\u00fchrt.<\/p><p>Am Ende des Apsidenbeckens triumphieren das <strong>Polyptychon von Pascale Oddone<\/strong> aus dem Jahr 1531, der <strong>Holzaltar<\/strong> von Agostino Nigra aus dem Jahr 1525 und die Holzgruppe der <strong>Kreuzigung<\/strong> aus dem 16. Jahrhundert.<\/p><p>Das geheimnisvollste Wahrzeichen der Abtei ist jedoch die <strong>Staffarda-Rose<\/strong> am Ende des rechten Seitenschiffs: ein kompliziertes Geflecht von Kurven und Kreisen in einer asymmetrischen Position an der Wand. Die Rose ist eine Zeichnung mit einem symbolischen Wert, die viele fasziniert, ohne ihre Herkunft zu verraten.<\/p><p>Der <strong>Kreuzgang<\/strong>, teilweise von kleinen S\u00e4ulen umgeben, das Zentrum des kl\u00f6sterlichen Lebens war, sowie der Verbindungspunkt der verschiedenen R\u00e4ume des Komplexes, wie z.B. des Refektoriums, in dem sich Spuren eines Gem\u00e4ldes befinden, dass das &#8222;Letzte Abendmahl&#8220; darstellt, oder des <strong>Kapitelsaals<\/strong>, der noch heute bei F\u00fchrungen durch die Abtei Staffarda zug\u00e4nglich ist.<\/p><p>Im Au\u00dfenbereich wurde die <strong>Fassade mit einem vierbogigen Portikus,<\/strong> der leicht vom Rest des Bauk\u00f6rpers zur\u00fcckgesetzt ist, in einem sp\u00e4teren Bauabschnitt errichtet. Das <strong>G\u00e4stehaus<\/strong> <strong>und der \u00fcberdachte Markt <\/strong>vervollst\u00e4ndigen den Komplex. Sie wurde um die Mitte des 14. Jahrhunderts erbaut und zeichnet sich durch Kreuzgew\u00f6lbe aus, die von S\u00e4ulen getragen werden. Die \u00fcberraschende Elemente, dass die Neugier der Ank\u00f6mmlinge weckt, sind die <strong>kleinen Skulpturen, die Kapitelle und Regale schm\u00fccken<\/strong>, mit menschlichen und tierischen K\u00f6pfen und monstr\u00f6sen Gesichtern. In einigen Anl\u00e4sse erinnern diese kleinen Statuen in symbolischer Form an den <strong>Konflikt zwischen Gut und B\u00f6se.<\/strong><\/p>\t\t\t\t\t\t\t\t<\/div>\n\t\t\t\t<\/div>\n\t\t<div class=\"elementor-element elementor-element-1a59a25 e-flex e-con-boxed e-con e-child\" data-id=\"1a59a25\" data-element_type=\"container\" data-e-type=\"container\" data-settings=\"{&quot;background_background&quot;:&quot;classic&quot;}\">\n\t\t\t\t\t<div class=\"e-con-inner\">\n\t\t\t\t<div class=\"elementor-element elementor-element-144c316 animation_type_block sc_fly_static elementor-widget elementor-widget-heading\" data-id=\"144c316\" data-element_type=\"widget\" data-e-type=\"widget\" data-widget_type=\"heading.default\">\n\t\t\t\t<div class=\"elementor-widget-container\">\n\t\t\t\t\t<h3 class=\"elementor-heading-title elementor-size-default\">Virtueller Rundgang durch die Abtei<\/h3>\t\t\t\t<\/div>\n\t\t\t\t<\/div>\n\t\t\t\t<div class=\"elementor-element elementor-element-2c6280c animation_type_block sc_fly_static elementor-widget elementor-widget-spacer\" data-id=\"2c6280c\" data-element_type=\"widget\" data-e-type=\"widget\" data-widget_type=\"spacer.default\">\n\t\t\t\t<div class=\"elementor-widget-container\">\n\t\t\t\t\t\t\t<div class=\"elementor-spacer\">\n\t\t\t<div class=\"elementor-spacer-inner\"><\/div>\n\t\t<\/div>\n\t\t\t\t\t\t<\/div>\n\t\t\t\t<\/div>\n\t\t\t\t<div class=\"elementor-element elementor-element-6f9466c scheme_bianco animation_type_block sc_fly_static elementor-widget elementor-widget-trx_sc_button\" data-id=\"6f9466c\" data-element_type=\"widget\" data-e-type=\"widget\" data-widget_type=\"trx_sc_button.default\">\n\t\t\t\t<div class=\"elementor-widget-container\">\n\t\t\t\t\t<div id=\"trx_sc_button_659851754\"\tclass=\"sc_item_button sc_button_wrap\"><a href=\"https:\/\/kuula.co\/share\/collection\/7lr8n?fs=1&#038;vr=1&#038;zoom=1&#038;initload=0&#038;thumbs=1&#038;alpha=0.60&#038;hideinst=1&#038;chromeless=1&#038;logo=-1\" class=\"sc_button sc_button_simple sc_button_size_normal sc_button_icon_left color_style_link2\" target=\"_blank\"><span class=\"sc_button_text\"><span class=\"sc_button_title\">ERKUNDEN SIE DIE ABTEI SANTA MARIA DI STAFFARDA<\/span><\/span><!-- \/.sc_button_text --><\/a><!-- \/.sc_button --><\/div><!-- \/.sc_item_button -->\t\t\t\t<\/div>\n\t\t\t\t<\/div>\n\t\t\t\t\t<\/div>\n\t\t\t\t<\/div>\n\t\t\t\t<div class=\"elementor-element elementor-element-e066d55 elementor-widget__width-inherit animation_type_block sc_fly_static elementor-widget elementor-widget-heading\" data-id=\"e066d55\" data-element_type=\"widget\" data-e-type=\"widget\" data-widget_type=\"heading.default\">\n\t\t\t\t<div class=\"elementor-widget-container\">\n\t\t\t\t\t<h3 class=\"elementor-heading-title elementor-size-default\">Ereignisse in Staffarda<\/h3>\t\t\t\t<\/div>\n\t\t\t\t<\/div>\n\t\t\t\t<div class=\"elementor-element elementor-element-8ddf5ce animation_type_block sc_fly_static elementor-widget elementor-widget-text-editor\" data-id=\"8ddf5ce\" data-element_type=\"widget\" data-e-type=\"widget\" data-widget_type=\"text-editor.default\">\n\t\t\t\t<div class=\"elementor-widget-container\">\n\t\t\t\t\t\t\t\t\t<p>Ausstellungen, kulturelle Veranstaltungen und F\u00fchrungen, um alle Geheimnisse der Abtei zu l\u00fcften.<\/p>\t\t\t\t\t\t\t\t<\/div>\n\t\t\t\t<\/div>\n\t\t\t\t<div class=\"elementor-element elementor-element-82793c8 elementor-widget__width-inherit animation_type_block sc_fly_static elementor-widget elementor-widget-trx_sc_button\" data-id=\"82793c8\" data-element_type=\"widget\" data-e-type=\"widget\" data-widget_type=\"trx_sc_button.default\">\n\t\t\t\t<div class=\"elementor-widget-container\">\n\t\t\t\t\t<div id=\"trx_sc_button_1376745128\"\tclass=\"sc_item_button sc_button_wrap\"><a href=\"https:\/\/www.ordinemauriziano.it\/de\/kontaktieren-sie-uns\/\" class=\"sc_button sc_button_simple sc_button_size_normal sc_button_icon_left color_style_dark\"><span class=\"sc_button_text\"><span class=\"sc_button_title\">FORDERN SIE WEITERE INFORMATIONEN AN<\/span><\/span><!-- \/.sc_button_text --><\/a><!-- \/.sc_button --><\/div><!-- \/.sc_item_button -->\t\t\t\t<\/div>\n\t\t\t\t<\/div>\n\t\t<div class=\"elementor-element elementor-element-3dedc33 e-con-full e-flex e-con e-child\" data-id=\"3dedc33\" data-element_type=\"container\" data-e-type=\"container\">\n\t\t\t\t<div class=\"elementor-element elementor-element-d909dab elementor-widget__width-inherit animation_type_block sc_fly_static elementor-widget elementor-widget-heading\" data-id=\"d909dab\" data-element_type=\"widget\" data-e-type=\"widget\" data-widget_type=\"heading.default\">\n\t\t\t\t<div class=\"elementor-widget-container\">\n\t\t\t\t\t<h3 class=\"elementor-heading-title elementor-size-default\">Die Abtei von Staffarda in Bildern<\/h3>\t\t\t\t<\/div>\n\t\t\t\t<\/div>\n\t\t\t\t<div class=\"elementor-element elementor-element-f002b3c animation_type_block sc_fly_static elementor-widget elementor-widget-text-editor\" data-id=\"f002b3c\" data-element_type=\"widget\" data-e-type=\"widget\" data-widget_type=\"text-editor.default\">\n\t\t\t\t<div class=\"elementor-widget-container\">\n\t\t\t\t\t\t\t\t\t<p>Eine Auswahl an Bildern, um in die Sch\u00f6nheiten von Staffarda und das unglaubliche Gebiet rundherum die Abtei einzutauchen.<\/p>\t\t\t\t\t\t\t\t<\/div>\n\t\t\t\t<\/div>\n\t\t\t\t<\/div>\n\t\t\t\t\t<\/div>\n\t\t\t\t<\/div>\n\t\t<div class=\"elementor-element elementor-element-ccd4e5f e-flex e-con-boxed e-con e-parent\" data-id=\"ccd4e5f\" data-element_type=\"container\" data-e-type=\"container\">\n\t\t\t\t\t<div class=\"e-con-inner\">\n\t\t\t\t<div class=\"elementor-element elementor-element-4476f52 animation_type_block sc_fly_static elementor-widget elementor-widget-image-carousel\" data-id=\"4476f52\" data-element_type=\"widget\" data-e-type=\"widget\" data-settings=\"{&quot;slides_to_show&quot;:&quot;5&quot;,&quot;slides_to_scroll&quot;:&quot;1&quot;,&quot;navigation&quot;:&quot;none&quot;,&quot;image_spacing_custom&quot;:{&quot;unit&quot;:&quot;px&quot;,&quot;size&quot;:10,&quot;sizes&quot;:[]},&quot;slides_to_show_tablet&quot;:&quot;3&quot;,&quot;autoplay&quot;:&quot;yes&quot;,&quot;pause_on_hover&quot;:&quot;yes&quot;,&quot;pause_on_interaction&quot;:&quot;yes&quot;,&quot;autoplay_speed&quot;:5000,&quot;infinite&quot;:&quot;yes&quot;,&quot;speed&quot;:500,&quot;image_spacing_custom_tablet&quot;:{&quot;unit&quot;:&quot;px&quot;,&quot;size&quot;:&quot;&quot;,&quot;sizes&quot;:[]},&quot;image_spacing_custom_mobile&quot;:{&quot;unit&quot;:&quot;px&quot;,&quot;size&quot;:&quot;&quot;,&quot;sizes&quot;:[]}}\" data-widget_type=\"image-carousel.default\">\n\t\t\t\t<div class=\"elementor-widget-container\">\n\t\t\t\t\t\t\t<div class=\"elementor-image-carousel-wrapper swiper\" role=\"region\" aria-roledescription=\"carousel\" aria-label=\"Bild Karussell\" dir=\"ltr\">\n\t\t\t<div class=\"elementor-image-carousel swiper-wrapper\" aria-live=\"off\">\n\t\t\t\t\t\t\t\t<div class=\"swiper-slide\" role=\"group\" aria-roledescription=\"slide\" aria-label=\"1 von 5\"><figure class=\"swiper-slide-inner\"><img decoding=\"async\" class=\"swiper-slide-image\" src=\"https:\/\/www.ordinemauriziano.it\/wp-content\/uploads\/2023\/07\/23-fom-sito-web-asset-staffarda-carosello-4-300x251.jpg\" alt=\"Vista di staffarda con giardino\" \/><\/figure><\/div><div class=\"swiper-slide\" role=\"group\" aria-roledescription=\"slide\" aria-label=\"2 von 5\"><figure class=\"swiper-slide-inner\"><img decoding=\"async\" class=\"swiper-slide-image\" src=\"https:\/\/www.ordinemauriziano.it\/wp-content\/uploads\/2023\/07\/23-fom-sito-web-asset-staffarda-carosello-3-300x251.jpg\" alt=\"Vista interno abazzia\" \/><\/figure><\/div><div class=\"swiper-slide\" role=\"group\" aria-roledescription=\"slide\" aria-label=\"3 von 5\"><figure class=\"swiper-slide-inner\"><img decoding=\"async\" class=\"swiper-slide-image\" src=\"https:\/\/www.ordinemauriziano.it\/wp-content\/uploads\/2023\/07\/23-fom-sito-web-asset-staffarda-carosello-5-300x251.jpg\" alt=\"Vista arcate\" \/><\/figure><\/div><div class=\"swiper-slide\" role=\"group\" aria-roledescription=\"slide\" aria-label=\"4 von 5\"><figure class=\"swiper-slide-inner\"><img decoding=\"async\" class=\"swiper-slide-image\" src=\"https:\/\/www.ordinemauriziano.it\/wp-content\/uploads\/2023\/07\/23-fom-sito-web-asset-staffarda-carosello-2-300x251.jpg\" alt=\"Vista dettaglio giardino\" \/><\/figure><\/div><div class=\"swiper-slide\" role=\"group\" aria-roledescription=\"slide\" aria-label=\"5 von 5\"><figure class=\"swiper-slide-inner\"><img decoding=\"async\" class=\"swiper-slide-image\" src=\"https:\/\/www.ordinemauriziano.it\/wp-content\/uploads\/2023\/07\/23-fom-sito-web-asset-staffarda-carosello-1-300x251.jpg\" alt=\"Vista frontale con giardino\" \/><\/figure><\/div>\t\t\t<\/div>\n\t\t\t\t\t\t\t\n\t\t\t\t\t\t\t\t\t<\/div>\n\t\t\t\t\t\t<\/div>\n\t\t\t\t<\/div>\n\t\t\t\t\t<\/div>\n\t\t\t\t<\/div>\n\t\t<div class=\"elementor-element elementor-element-b433b3e e-con-full e-flex e-con e-parent\" data-id=\"b433b3e\" data-element_type=\"container\" data-e-type=\"container\" data-settings=\"{&quot;background_background&quot;:&quot;classic&quot;}\">\n\t\t<div class=\"elementor-element elementor-element-d203c25 e-con-full e-flex e-con e-child\" data-id=\"d203c25\" data-element_type=\"container\" data-e-type=\"container\">\n\t\t\t\t<div class=\"elementor-element elementor-element-d837417 animation_type_block sc_fly_static elementor-widget elementor-widget-google_maps\" data-id=\"d837417\" data-element_type=\"widget\" data-e-type=\"widget\" data-widget_type=\"google_maps.default\">\n\t\t\t\t<div class=\"elementor-widget-container\">\n\t\t\t\t\t\t\t<div class=\"elementor-custom-embed\">\n\t\t\t<iframe loading=\"lazy\"\n\t\t\t\t\tsrc=\"https:\/\/maps.google.com\/maps?q=abbazia%20staffarda&#038;t=m&#038;z=15&#038;output=embed&#038;iwloc=near\"\n\t\t\t\t\ttitle=\"abbazia staffarda\"\n\t\t\t\t\taria-label=\"abbazia staffarda\"\n\t\t\t><\/iframe>\n\t\t<\/div>\n\t\t\t\t\t\t<\/div>\n\t\t\t\t<\/div>\n\t\t\t\t<\/div>\n\t\t<div class=\"elementor-element elementor-element-843e83c e-con-full e-flex e-con e-child\" data-id=\"843e83c\" data-element_type=\"container\" data-e-type=\"container\">\n\t\t\t\t<div class=\"elementor-element elementor-element-ebd3339 animation_type_block sc_fly_static elementor-widget elementor-widget-heading\" data-id=\"ebd3339\" data-element_type=\"widget\" data-e-type=\"widget\" data-widget_type=\"heading.default\">\n\t\t\t\t<div class=\"elementor-widget-container\">\n\t\t\t\t\t<h2 class=\"elementor-heading-title elementor-size-default\">Infos und Kontakte<\/h2>\t\t\t\t<\/div>\n\t\t\t\t<\/div>\n\t\t\t\t<div class=\"elementor-element elementor-element-9fd2f71 animation_type_block sc_fly_static elementor-widget elementor-widget-text-editor\" data-id=\"9fd2f71\" data-element_type=\"widget\" data-e-type=\"widget\" data-widget_type=\"text-editor.default\">\n\t\t\t\t<div class=\"elementor-widget-container\">\n\t\t\t\t\t\t\t\t\t<div style=\"font-family: Metropolis, sans-serif; font-size: 15px; font-weight: 400; font-style: normal;\"><strong style=\"font-size: 15px;\">Rom Platz, 2<\/strong><\/div><div style=\"font-family: Metropolis, sans-serif; font-size: 15px; font-weight: 400; font-style: normal;\"><strong style=\"font-size: 15px;\">12036 Frazione Staffarda \u2013 Revello (CN)<\/strong><\/div><div style=\"font-family: Metropolis, sans-serif; font-size: 15px; font-weight: 400; font-style: normal;\">\u00a0<\/div><div style=\"font-family: Metropolis, sans-serif; font-size: 15px; font-weight: 400; font-style: normal;\"><span style=\"font-family: Metropolis, sans-serif; font-size: 15px; font-weight: 400; font-style: normal;\">+39 011 6200602<\/span><br \/><span style=\"font-family: Metropolis, sans-serif; font-size: 15px; font-weight: 400; font-style: normal;\">staffarda@biglietteria.<\/span><wbr \/><span style=\"font-family: Metropolis, sans-serif; font-size: 15px; font-weight: 400; font-style: normal;\">ordinemauriziano.it<\/span><\/div>\t\t\t\t\t\t\t\t<\/div>\n\t\t\t\t<\/div>\n\t\t\t\t<\/div>\n\t\t\t\t<\/div>\n\t\t\t\t<\/div>\n\t\t","protected":false},"excerpt":{"rendered":"<p>Die Geschichte der Abtei Die Abtei Santa Maria di Staffarda in Revello, in der N\u00e4he von Cuneo, wurde zwischen 1122 und 1138 gegr\u00fcndet und ist eines der faszinierendsten und wichtigsten mittelalterlichen Kl\u00f6ster des Piemonts. Das urspr\u00fcngliche Zentrum der Abtei entstand auf dem Gebiet des alten&hellip;<\/p>\n","protected":false},"author":1,"featured_media":7816,"parent":0,"menu_order":0,"comment_status":"closed","ping_status":"closed","template":"","meta":{"give_campaign_id":0,"footnotes":""},"class_list":["post-13361","page","type-page","status-publish","has-post-thumbnail","hentry"],"yoast_head":"<!-- This site is optimized with the Yoast SEO plugin v27.2 - https:\/\/yoast.com\/product\/yoast-seo-wordpress\/ -->\n<title>Santa Maria di Staffarda Abtei - Fondazione Ordine Mauriziano<\/title>\n<meta name=\"description\" content=\"Die Geschichte der Abtei Die Abtei Santa Maria di Staffarda in Revello, in der N\u00e4he von Cuneo, wurde zwischen 1122 und 1138 gegr\u00fcndet und ist eines der - Fondazione Ordine Mauriziano\" \/>\n<meta name=\"robots\" content=\"index, follow, max-snippet:-1, max-image-preview:large, max-video-preview:-1\" \/>\n<link rel=\"canonical\" href=\"https:\/\/www.ordinemauriziano.it\/de\/santa-maria-di-staffarda-abtei\/\" \/>\n<meta property=\"og:locale\" content=\"de_DE\" \/>\n<meta property=\"og:type\" content=\"article\" \/>\n<meta property=\"og:title\" content=\"Santa Maria di Staffarda Abtei - Fondazione Ordine Mauriziano\" \/>\n<meta property=\"og:description\" content=\"Die Geschichte der Abtei Die Abtei Santa Maria di Staffarda in Revello, in der N\u00e4he von Cuneo, wurde zwischen 1122 und 1138 gegr\u00fcndet und ist eines der - Fondazione Ordine Mauriziano\" \/>\n<meta property=\"og:url\" content=\"https:\/\/www.ordinemauriziano.it\/de\/santa-maria-di-staffarda-abtei\/\" \/>\n<meta property=\"og:site_name\" content=\"Fondazione Ordine Mauriziano\" \/>\n<meta property=\"article:publisher\" content=\"https:\/\/www.facebook.com\/PalazzinaStupinigi.Mauriziano\" \/>\n<meta property=\"og:image\" content=\"https:\/\/www.ordinemauriziano.it\/wp-content\/uploads\/2023\/07\/23-fom-sito-web-asset-staffarda-header.jpg\" \/>\n\t<meta property=\"og:image:width\" content=\"1920\" \/>\n\t<meta property=\"og:image:height\" content=\"1080\" \/>\n\t<meta property=\"og:image:type\" content=\"image\/jpeg\" \/>\n<script type=\"application\/ld+json\" class=\"yoast-schema-graph\">{\"@context\":\"https:\/\/schema.org\",\"@graph\":[{\"@type\":\"WebPage\",\"@id\":\"https:\/\/www.ordinemauriziano.it\/de\/santa-maria-di-staffarda-abtei\/\",\"url\":\"https:\/\/www.ordinemauriziano.it\/de\/santa-maria-di-staffarda-abtei\/\",\"name\":\"Santa Maria di Staffarda Abtei - Fondazione Ordine Mauriziano\",\"isPartOf\":{\"@id\":\"https:\/\/www.ordinemauriziano.it\/de\/#website\"},\"primaryImageOfPage\":{\"@id\":\"https:\/\/www.ordinemauriziano.it\/de\/santa-maria-di-staffarda-abtei\/#primaryimage\"},\"image\":{\"@id\":\"https:\/\/www.ordinemauriziano.it\/de\/santa-maria-di-staffarda-abtei\/#primaryimage\"},\"thumbnailUrl\":\"https:\/\/www.ordinemauriziano.it\/wp-content\/uploads\/2023\/07\/23-fom-sito-web-asset-staffarda-header.jpg\",\"datePublished\":\"2024-05-03T08:29:38+00:00\",\"description\":\"Die Geschichte der Abtei Die Abtei Santa Maria di Staffarda in Revello, in der N\u00e4he von Cuneo, wurde zwischen 1122 und 1138 gegr\u00fcndet und ist eines der - Fondazione Ordine Mauriziano\",\"breadcrumb\":{\"@id\":\"https:\/\/www.ordinemauriziano.it\/de\/santa-maria-di-staffarda-abtei\/#breadcrumb\"},\"inLanguage\":\"de\",\"potentialAction\":[{\"@type\":\"ReadAction\",\"target\":[\"https:\/\/www.ordinemauriziano.it\/de\/santa-maria-di-staffarda-abtei\/\"]}]},{\"@type\":\"ImageObject\",\"inLanguage\":\"de\",\"@id\":\"https:\/\/www.ordinemauriziano.it\/de\/santa-maria-di-staffarda-abtei\/#primaryimage\",\"url\":\"https:\/\/www.ordinemauriziano.it\/wp-content\/uploads\/2023\/07\/23-fom-sito-web-asset-staffarda-header.jpg\",\"contentUrl\":\"https:\/\/www.ordinemauriziano.it\/wp-content\/uploads\/2023\/07\/23-fom-sito-web-asset-staffarda-header.jpg\",\"width\":1920,\"height\":1080},{\"@type\":\"BreadcrumbList\",\"@id\":\"https:\/\/www.ordinemauriziano.it\/de\/santa-maria-di-staffarda-abtei\/#breadcrumb\",\"itemListElement\":[{\"@type\":\"ListItem\",\"position\":1,\"name\":\"Home\",\"item\":\"https:\/\/www.ordinemauriziano.it\/de\/\"},{\"@type\":\"ListItem\",\"position\":2,\"name\":\"Santa Maria di Staffarda Abtei\"}]},{\"@type\":\"WebSite\",\"@id\":\"https:\/\/www.ordinemauriziano.it\/de\/#website\",\"url\":\"https:\/\/www.ordinemauriziano.it\/de\/\",\"name\":\"Fondazione Ordine Mauriziano\",\"description\":\"\",\"publisher\":{\"@id\":\"https:\/\/www.ordinemauriziano.it\/de\/#organization\"},\"potentialAction\":[{\"@type\":\"SearchAction\",\"target\":{\"@type\":\"EntryPoint\",\"urlTemplate\":\"https:\/\/www.ordinemauriziano.it\/de\/?s={search_term_string}\"},\"query-input\":{\"@type\":\"PropertyValueSpecification\",\"valueRequired\":true,\"valueName\":\"search_term_string\"}}],\"inLanguage\":\"de\"},{\"@type\":\"Organization\",\"@id\":\"https:\/\/www.ordinemauriziano.it\/de\/#organization\",\"name\":\"Fondazione Torino Musei\",\"url\":\"https:\/\/www.ordinemauriziano.it\/de\/\",\"logo\":{\"@type\":\"ImageObject\",\"inLanguage\":\"de\",\"@id\":\"https:\/\/www.ordinemauriziano.it\/de\/#\/schema\/logo\/image\/\",\"url\":\"https:\/\/www.ordinemauriziano.it\/wp-content\/uploads\/2022\/05\/Fondazione-Ordine-Mauriziano.png\",\"contentUrl\":\"https:\/\/www.ordinemauriziano.it\/wp-content\/uploads\/2022\/05\/Fondazione-Ordine-Mauriziano.png\",\"width\":233,\"height\":76,\"caption\":\"Fondazione Torino Musei\"},\"image\":{\"@id\":\"https:\/\/www.ordinemauriziano.it\/de\/#\/schema\/logo\/image\/\"},\"sameAs\":[\"https:\/\/www.facebook.com\/PalazzinaStupinigi.Mauriziano\",\"https:\/\/x.com\/Stupinigi_OM\",\"https:\/\/www.youtube.com\/user\/stupinigimauriziano\"]}]}<\/script>\n<!-- \/ Yoast SEO plugin. -->","yoast_head_json":{"title":"Santa Maria di Staffarda Abtei - Fondazione Ordine Mauriziano","description":"Die Geschichte der Abtei Die Abtei Santa Maria di Staffarda in Revello, in der N\u00e4he von Cuneo, wurde zwischen 1122 und 1138 gegr\u00fcndet und ist eines der - Fondazione Ordine Mauriziano","robots":{"index":"index","follow":"follow","max-snippet":"max-snippet:-1","max-image-preview":"max-image-preview:large","max-video-preview":"max-video-preview:-1"},"canonical":"https:\/\/www.ordinemauriziano.it\/de\/santa-maria-di-staffarda-abtei\/","og_locale":"de_DE","og_type":"article","og_title":"Santa Maria di Staffarda Abtei - Fondazione Ordine Mauriziano","og_description":"Die Geschichte der Abtei Die Abtei Santa Maria di Staffarda in Revello, in der N\u00e4he von Cuneo, wurde zwischen 1122 und 1138 gegr\u00fcndet und ist eines der - Fondazione Ordine Mauriziano","og_url":"https:\/\/www.ordinemauriziano.it\/de\/santa-maria-di-staffarda-abtei\/","og_site_name":"Fondazione Ordine Mauriziano","article_publisher":"https:\/\/www.facebook.com\/PalazzinaStupinigi.Mauriziano","og_image":[{"width":1920,"height":1080,"url":"https:\/\/www.ordinemauriziano.it\/wp-content\/uploads\/2023\/07\/23-fom-sito-web-asset-staffarda-header.jpg","type":"image\/jpeg"}],"schema":{"@context":"https:\/\/schema.org","@graph":[{"@type":"WebPage","@id":"https:\/\/www.ordinemauriziano.it\/de\/santa-maria-di-staffarda-abtei\/","url":"https:\/\/www.ordinemauriziano.it\/de\/santa-maria-di-staffarda-abtei\/","name":"Santa Maria di Staffarda Abtei - Fondazione Ordine Mauriziano","isPartOf":{"@id":"https:\/\/www.ordinemauriziano.it\/de\/#website"},"primaryImageOfPage":{"@id":"https:\/\/www.ordinemauriziano.it\/de\/santa-maria-di-staffarda-abtei\/#primaryimage"},"image":{"@id":"https:\/\/www.ordinemauriziano.it\/de\/santa-maria-di-staffarda-abtei\/#primaryimage"},"thumbnailUrl":"https:\/\/www.ordinemauriziano.it\/wp-content\/uploads\/2023\/07\/23-fom-sito-web-asset-staffarda-header.jpg","datePublished":"2024-05-03T08:29:38+00:00","description":"Die Geschichte der Abtei Die Abtei Santa Maria di Staffarda in Revello, in der N\u00e4he von Cuneo, wurde zwischen 1122 und 1138 gegr\u00fcndet und ist eines der - Fondazione Ordine Mauriziano","breadcrumb":{"@id":"https:\/\/www.ordinemauriziano.it\/de\/santa-maria-di-staffarda-abtei\/#breadcrumb"},"inLanguage":"de","potentialAction":[{"@type":"ReadAction","target":["https:\/\/www.ordinemauriziano.it\/de\/santa-maria-di-staffarda-abtei\/"]}]},{"@type":"ImageObject","inLanguage":"de","@id":"https:\/\/www.ordinemauriziano.it\/de\/santa-maria-di-staffarda-abtei\/#primaryimage","url":"https:\/\/www.ordinemauriziano.it\/wp-content\/uploads\/2023\/07\/23-fom-sito-web-asset-staffarda-header.jpg","contentUrl":"https:\/\/www.ordinemauriziano.it\/wp-content\/uploads\/2023\/07\/23-fom-sito-web-asset-staffarda-header.jpg","width":1920,"height":1080},{"@type":"BreadcrumbList","@id":"https:\/\/www.ordinemauriziano.it\/de\/santa-maria-di-staffarda-abtei\/#breadcrumb","itemListElement":[{"@type":"ListItem","position":1,"name":"Home","item":"https:\/\/www.ordinemauriziano.it\/de\/"},{"@type":"ListItem","position":2,"name":"Santa Maria di Staffarda Abtei"}]},{"@type":"WebSite","@id":"https:\/\/www.ordinemauriziano.it\/de\/#website","url":"https:\/\/www.ordinemauriziano.it\/de\/","name":"Fondazione Ordine Mauriziano","description":"","publisher":{"@id":"https:\/\/www.ordinemauriziano.it\/de\/#organization"},"potentialAction":[{"@type":"SearchAction","target":{"@type":"EntryPoint","urlTemplate":"https:\/\/www.ordinemauriziano.it\/de\/?s={search_term_string}"},"query-input":{"@type":"PropertyValueSpecification","valueRequired":true,"valueName":"search_term_string"}}],"inLanguage":"de"},{"@type":"Organization","@id":"https:\/\/www.ordinemauriziano.it\/de\/#organization","name":"Fondazione Torino Musei","url":"https:\/\/www.ordinemauriziano.it\/de\/","logo":{"@type":"ImageObject","inLanguage":"de","@id":"https:\/\/www.ordinemauriziano.it\/de\/#\/schema\/logo\/image\/","url":"https:\/\/www.ordinemauriziano.it\/wp-content\/uploads\/2022\/05\/Fondazione-Ordine-Mauriziano.png","contentUrl":"https:\/\/www.ordinemauriziano.it\/wp-content\/uploads\/2022\/05\/Fondazione-Ordine-Mauriziano.png","width":233,"height":76,"caption":"Fondazione Torino Musei"},"image":{"@id":"https:\/\/www.ordinemauriziano.it\/de\/#\/schema\/logo\/image\/"},"sameAs":["https:\/\/www.facebook.com\/PalazzinaStupinigi.Mauriziano","https:\/\/x.com\/Stupinigi_OM","https:\/\/www.youtube.com\/user\/stupinigimauriziano"]}]}},"campaignId":"","_links":{"self":[{"href":"https:\/\/www.ordinemauriziano.it\/de\/wp-json\/wp\/v2\/pages\/13361","targetHints":{"allow":["GET"]}}],"collection":[{"href":"https:\/\/www.ordinemauriziano.it\/de\/wp-json\/wp\/v2\/pages"}],"about":[{"href":"https:\/\/www.ordinemauriziano.it\/de\/wp-json\/wp\/v2\/types\/page"}],"author":[{"embeddable":true,"href":"https:\/\/www.ordinemauriziano.it\/de\/wp-json\/wp\/v2\/users\/1"}],"replies":[{"embeddable":true,"href":"https:\/\/www.ordinemauriziano.it\/de\/wp-json\/wp\/v2\/comments?post=13361"}],"version-history":[{"count":16,"href":"https:\/\/www.ordinemauriziano.it\/de\/wp-json\/wp\/v2\/pages\/13361\/revisions"}],"predecessor-version":[{"id":13549,"href":"https:\/\/www.ordinemauriziano.it\/de\/wp-json\/wp\/v2\/pages\/13361\/revisions\/13549"}],"wp:featuredmedia":[{"embeddable":true,"href":"https:\/\/www.ordinemauriziano.it\/de\/wp-json\/wp\/v2\/media\/7816"}],"wp:attachment":[{"href":"https:\/\/www.ordinemauriziano.it\/de\/wp-json\/wp\/v2\/media?parent=13361"}],"curies":[{"name":"wp","href":"https:\/\/api.w.org\/{rel}","templated":true}]}}