{"id":13452,"date":"2024-05-03T09:50:41","date_gmt":"2024-05-03T07:50:41","guid":{"rendered":"https:\/\/www.ordinemauriziano.it\/?page_id=13452"},"modified":"2026-04-28T10:52:56","modified_gmt":"2026-04-28T08:52:56","slug":"besuchen-sie-stupinigi","status":"publish","type":"page","link":"https:\/\/www.ordinemauriziano.it\/de\/palazzina-di-caccia-di-stupinigi\/besuchen-sie-stupinigi\/","title":{"rendered":"Stupinigi besuchen: \u00d6ffnungszeiten und Informationen"},"content":{"rendered":"\t\t<div data-elementor-type=\"wp-page\" data-elementor-id=\"13452\" class=\"elementor elementor-13452 elementor-8255\" data-elementor-post-type=\"page\">\n\t\t\t\t<div class=\"elementor-element elementor-element-8158ec6 e-flex e-con-boxed e-con e-parent\" data-id=\"8158ec6\" data-element_type=\"container\" data-e-type=\"container\" data-settings=\"{&quot;background_background&quot;:&quot;classic&quot;}\">\n\t\t\t\t\t<div class=\"e-con-inner\">\n\t\t\t\t<div class=\"elementor-element elementor-element-8d0e086 elementor-widget__width-inherit animation_type_block sc_fly_static elementor-widget elementor-widget-heading\" data-id=\"8d0e086\" data-element_type=\"widget\" data-e-type=\"widget\" data-widget_type=\"heading.default\">\n\t\t\t\t<div class=\"elementor-widget-container\">\n\t\t\t\t\t<h2 class=\"elementor-heading-title elementor-size-default\">Besuchszeiten<\/h2>\t\t\t\t<\/div>\n\t\t\t\t<\/div>\n\t\t\t\t<div class=\"elementor-element elementor-element-8df6378 elementor-widget__width-initial animation_type_block sc_fly_static elementor-widget elementor-widget-text-editor\" data-id=\"8df6378\" data-element_type=\"widget\" data-e-type=\"widget\" data-widget_type=\"text-editor.default\">\n\t\t\t\t<div class=\"elementor-widget-container\">\n\t\t\t\t\t\t\t\t\t<p data-start=\"1762\" data-end=\"1855\">Dienstag bis Freitag<br data-start=\"1802\" data-end=\"1805\" \/>10:00 \u2013 17:30 Uhr (letzter Einlass um 17:00 Uhr)<\/p>\n<p><\/p>\n<p data-start=\"1857\" data-end=\"1940\">Samstag, Sonntag und Feiertage<br data-start=\"1887\" data-end=\"1890\" \/>10:00 \u2013 18:30 Uhr (letzter Einlass um 18:00 Uhr)<\/p>\n<p><\/p>\n<p data-start=\"1942\" data-end=\"1963\">Montags geschlossen<\/p>\n<p><\/p>\n<p data-start=\"1965\" data-end=\"2175\">Der letzte Einlass erfolgt immer 30 Minuten vor Schlie\u00dfung.<br data-start=\"2024\" data-end=\"2027\" \/>Zwischen 12:00 und 13:00 Uhr kann der Ticketverkauf vor\u00fcbergehend ausgesetzt sein. Wir bitten um Entschuldigung f\u00fcr eventuelle Unannehmlichkeiten.<\/p>\n<p><\/p>\n<hr data-start=\"2177\" data-end=\"2180\" \/><\/p>\n<p data-start=\"2182\" data-end=\"2221\"><strong data-start=\"2182\" data-end=\"2219\">Sonder\u00f6ffnungen und -schlie\u00dfungen<\/strong><\/p>\n<p><\/p>\n<p data-start=\"2223\" data-end=\"2725\" data-is-last-node=\"\" data-is-only-node=\"\">Montag, 16. Februar: ge\u00f6ffnet 10:00 \u2013 17:30 Uhr (letzter Einlass 17:00 Uhr)<br data-start=\"2298\" data-end=\"2301\" \/>Montag, 6. April: ge\u00f6ffnet 10:00 \u2013 18:30 Uhr (letzter Einlass 18:00 Uhr)<br data-start=\"2373\" data-end=\"2376\" \/>Sonntag, 10. Mai: ge\u00f6ffnet 12:30 \u2013 18:30 Uhr (letzter Einlass 18:00 Uhr)<br data-start=\"2448\" data-end=\"2451\" \/>Montag, 1. Juni: ge\u00f6ffnet 10:00 \u2013 17:30 Uhr (letzter Einlass 17:00 Uhr)<br data-start=\"2522\" data-end=\"2525\" \/>Donnerstag, 24. Dezember: ge\u00f6ffnet 10:00 \u2013 14:00 Uhr (letzter Einlass 13:30 Uhr)<br data-start=\"2605\" data-end=\"2608\" \/>Freitag, 25. Dezember: GESCHLOSSEN<br data-start=\"2642\" data-end=\"2645\" \/>Donnerstag, 31. Dezember: ge\u00f6ffnet 10:00 \u2013 14:00 Uhr (letzter Einlass 13:30 Uhr)<\/p>\n<p><\/p>\n<p data-start=\"690\" data-end=\"718\"><strong data-start=\"704\" data-end=\"716\">Hinweise<\/strong><\/p>\n<p><\/p>\n<p data-start=\"720\" data-end=\"786\">Der letzte Einlass erfolgt immer 30 Minuten vor der Schlie\u00dfzeit.<\/p>\n<p><\/p>\n<p data-start=\"788\" data-end=\"936\">Zwischen 12:00 und 13:00 Uhr kann der Ticketverkauf vor\u00fcbergehend ausgesetzt sein. Wir bitten um Entschuldigung f\u00fcr eventuelle Unannehmlichkeiten.<\/p>\n<p><\/p>\n<p data-start=\"938\" data-end=\"992\">Eine Reservierung ist NUR f\u00fcr Gruppen verpflichtend.<\/p>\n<section class=\"text-token-text-primary w-full focus:outline-none [--shadow-height:45px] has-data-writing-block:pointer-events-none has-data-writing-block:-mt-(--shadow-height) has-data-writing-block:pt-(--shadow-height) [&amp;:has([data-writing-block])&gt;*]:pointer-events-auto [content-visibility:auto] supports-[content-visibility:auto]:[contain-intrinsic-size:auto_100lvh] R6Vx5W_threadScrollVars scroll-mb-[calc(var(--scroll-root-safe-area-inset-bottom,0px)+var(--thread-response-height))] scroll-mt-[calc(var(--header-height)+min(200px,max(70px,20svh)))]\" dir=\"auto\" data-turn-id=\"request-WEB:4884fbaa-3325-4105-8769-5bd892b1249c-65\" data-testid=\"conversation-turn-132\" data-scroll-anchor=\"false\" data-turn=\"assistant\">\n<div class=\"text-base my-auto mx-auto pb-10 [--thread-content-margin:var(--thread-content-margin-xs,calc(var(--spacing)*4))] @w-sm\/main:[--thread-content-margin:var(--thread-content-margin-sm,calc(var(--spacing)*6))] @w-lg\/main:[--thread-content-margin:var(--thread-content-margin-lg,calc(var(--spacing)*16))] px-(--thread-content-margin)\">\n<div class=\"[--thread-content-max-width:40rem] @w-lg\/main:[--thread-content-max-width:48rem] mx-auto max-w-(--thread-content-max-width) flex-1 group\/turn-messages focus-visible:outline-hidden relative flex w-full min-w-0 flex-col agent-turn\">\n<div class=\"flex max-w-full flex-col gap-4 grow\">\n<div class=\"min-h-8 text-message relative flex w-full flex-col items-end gap-2 text-start break-words whitespace-normal outline-none keyboard-focused:focus-ring [.text-message+&amp;]:mt-1\" dir=\"auto\" tabindex=\"0\" data-message-author-role=\"assistant\" data-message-id=\"c2ba68e9-fa4a-4d0a-bec2-111878e9ff30\" data-message-model-slug=\"gpt-5-3-mini\" data-turn-start-message=\"true\">\n<div class=\"flex w-full flex-col gap-1 empty:hidden\">\n<div class=\"markdown prose dark:prose-invert w-full wrap-break-word light markdown-new-styling\">\n<p data-start=\"128\" data-end=\"190\" data-is-last-node=\"\" data-is-only-node=\"\">Regelung f\u00fcr den Besucherzugang herunterladen &gt;&gt;<\/p>\n<\/div>\n<\/div>\n<\/div>\n<\/div>\n<div class=\"z-0 flex min-h-[46px] justify-start\"><\/div>\n<div class=\"mt-3 w-full empty:hidden\">\n<div class=\"text-center\"><a href=\"https:\/\/www.ordinemauriziano.it\/wp-content\/uploads\/2026\/04\/zugangsordnung-fur-besucher-zu-den-museums-und-ausstellungsbereichen.pdf\">Regelung f\u00fcr den Besucherzugang herunterladen &gt;&gt;<\/a><\/div>\n<\/div>\n<\/div>\n<\/div>\n<\/section>\n\t\t\t\t\t\t\t\t<\/div>\n\t\t\t\t<\/div>\n\t\t\t\t<div class=\"elementor-element elementor-element-dbcf56a elementor-widget__width-initial animation_type_block sc_fly_static elementor-widget elementor-widget-image\" data-id=\"dbcf56a\" data-element_type=\"widget\" data-e-type=\"widget\" data-widget_type=\"image.default\">\n\t\t\t\t<div class=\"elementor-widget-container\">\n\t\t\t\t\t\t\t\t\t\t\t\t\t\t\t<img fetchpriority=\"high\" decoding=\"async\" width=\"1024\" height=\"860\" src=\"https:\/\/www.ordinemauriziano.it\/wp-content\/uploads\/2025\/07\/visita-stupinigi-2025-1024x860.png\" class=\"attachment-large size-large wp-image-15784\" alt=\"Visita Stupinigi foto della palazzina vista dal cortile\" srcset=\"https:\/\/www.ordinemauriziano.it\/wp-content\/uploads\/2025\/07\/visita-stupinigi-2025-1024x860.png 1024w, https:\/\/www.ordinemauriziano.it\/wp-content\/uploads\/2025\/07\/visita-stupinigi-2025-300x252.png 300w, https:\/\/www.ordinemauriziano.it\/wp-content\/uploads\/2025\/07\/visita-stupinigi-2025-768x645.png 768w, https:\/\/www.ordinemauriziano.it\/wp-content\/uploads\/2025\/07\/visita-stupinigi-2025-1536x1289.png 1536w, https:\/\/www.ordinemauriziano.it\/wp-content\/uploads\/2025\/07\/visita-stupinigi-2025-370x311.png 370w, https:\/\/www.ordinemauriziano.it\/wp-content\/uploads\/2025\/07\/visita-stupinigi-2025-770x646.png 770w, https:\/\/www.ordinemauriziano.it\/wp-content\/uploads\/2025\/07\/visita-stupinigi-2025.png 1794w\" sizes=\"(max-width: 1024px) 100vw, 1024px\" \/>\t\t\t\t\t\t\t\t\t\t\t\t\t\t\t<\/div>\n\t\t\t\t<\/div>\n\t\t\t\t<div class=\"elementor-element elementor-element-d39db7a elementor-widget__width-initial elementor-widget-mobile__width-inherit animation_type_block sc_fly_static elementor-widget elementor-widget-image\" data-id=\"d39db7a\" data-element_type=\"widget\" data-e-type=\"widget\" data-widget_type=\"image.default\">\n\t\t\t\t<div class=\"elementor-widget-container\">\n\t\t\t\t\t\t\t\t\t\t\t\t\t\t\t<img decoding=\"async\" width=\"1024\" height=\"1007\" src=\"https:\/\/www.ordinemauriziano.it\/wp-content\/uploads\/2025\/07\/visita-stupinigi-2025-orari-e-info-utili-1024x1007.png\" class=\"attachment-large size-large wp-image-15799\" alt=\"Foto del giardino storico\" srcset=\"https:\/\/www.ordinemauriziano.it\/wp-content\/uploads\/2025\/07\/visita-stupinigi-2025-orari-e-info-utili-1024x1007.png 1024w, https:\/\/www.ordinemauriziano.it\/wp-content\/uploads\/2025\/07\/visita-stupinigi-2025-orari-e-info-utili-300x295.png 300w, https:\/\/www.ordinemauriziano.it\/wp-content\/uploads\/2025\/07\/visita-stupinigi-2025-orari-e-info-utili-768x755.png 768w, https:\/\/www.ordinemauriziano.it\/wp-content\/uploads\/2025\/07\/visita-stupinigi-2025-orari-e-info-utili-1536x1511.png 1536w, https:\/\/www.ordinemauriziano.it\/wp-content\/uploads\/2025\/07\/visita-stupinigi-2025-orari-e-info-utili-370x364.png 370w, https:\/\/www.ordinemauriziano.it\/wp-content\/uploads\/2025\/07\/visita-stupinigi-2025-orari-e-info-utili-90x90.png 90w, https:\/\/www.ordinemauriziano.it\/wp-content\/uploads\/2025\/07\/visita-stupinigi-2025-orari-e-info-utili-770x757.png 770w, https:\/\/www.ordinemauriziano.it\/wp-content\/uploads\/2025\/07\/visita-stupinigi-2025-orari-e-info-utili.png 1758w\" sizes=\"(max-width: 1024px) 100vw, 1024px\" \/>\t\t\t\t\t\t\t\t\t\t\t\t\t\t\t<\/div>\n\t\t\t\t<\/div>\n\t\t\t\t<div class=\"elementor-element elementor-element-da890fc elementor-widget__width-initial animation_type_block sc_fly_static elementor-widget elementor-widget-text-editor\" data-id=\"da890fc\" data-element_type=\"widget\" data-e-type=\"widget\" data-widget_type=\"text-editor.default\">\n\t\t\t\t<div class=\"elementor-widget-container\">\n\t\t\t\t\t\t\t\t\t<div class=\"text-base my-auto mx-auto [--thread-content-margin:var(--thread-content-margin-xs,calc(var(--spacing)*4))] @w-sm\/main:[--thread-content-margin:var(--thread-content-margin-sm,calc(var(--spacing)*6))] @w-lg\/main:[--thread-content-margin:var(--thread-content-margin-lg,calc(var(--spacing)*16))] px-(--thread-content-margin)\">\n<div class=\"[--thread-content-max-width:40rem] @w-lg\/main:[--thread-content-max-width:48rem] mx-auto max-w-(--thread-content-max-width) flex-1 group\/turn-messages focus-visible:outline-hidden relative flex w-full min-w-0 flex-col agent-turn\">\n<div class=\"flex max-w-full flex-col gap-4 grow\">\n<div class=\"min-h-8 text-message relative flex w-full flex-col items-end gap-2 text-start break-words whitespace-normal outline-none keyboard-focused:focus-ring [.text-message+&amp;]:mt-1\" dir=\"auto\" data-message-author-role=\"assistant\" data-message-id=\"51b32698-a942-4cdb-b22b-cfb215631104\" data-message-model-slug=\"gpt-5-3\">\n<div class=\"flex w-full flex-col gap-1 empty:hidden\">\n<div class=\"markdown prose dark:prose-invert w-full wrap-break-word light markdown-new-styling\">\n<p data-start=\"748\" data-end=\"841\">Der Historische Garten der Palazzina ist vom 1. M\u00e4rz bis 31. Oktober ge\u00f6ffnet<\/p>\n<p data-start=\"843\" data-end=\"888\">Von Dienstag bis Freitag: 10:00 \u2013 16:30 Uhr<\/p>\n<p data-start=\"890\" data-end=\"945\">Samstag, Sonntag und an Feiertagen: 10:00 \u2013 17:30 Uhr<\/p>\n<p data-start=\"947\" data-end=\"1012\">Geschlossen vom 1. November bis 28. Februar sowie jeden Montag.<\/p>\n<p data-start=\"1014\" data-end=\"1085\"><a href=\"https:\/\/www.ordinemauriziano.it\/wp-content\/uploads\/2026\/04\/historischer-gartenzugangsordnung.pdf\">Laden Sie die Zugangsordnung f\u00fcr den historischen Garten herunter &gt;&gt;&gt;<\/a><\/p>\n<p data-start=\"1087\" data-end=\"1145\" data-is-last-node=\"\" data-is-only-node=\"\"><a href=\"https:\/\/www.ordinemauriziano.it\/wp-content\/uploads\/2026\/04\/park-wlan-verbindung-herstellen.pdf\">Laden Sie die Anweisungen f\u00fcr den WLAN-Zugang herunter &gt;&gt;&gt;<\/a><\/p>\n<\/div>\n<p><\/div>\n<p><\/div>\n<p><\/div>\n<p><\/p>\n<div class=\"z-0 flex min-h-[46px] justify-start\"><\/div>\n<p><\/div>\n<p><\/div>\n\t\t\t\t\t\t\t\t<\/div>\n\t\t\t\t<\/div>\n\t\t\t\t<div class=\"elementor-element elementor-element-1fca82f elementor-widget__width-initial animation_type_block sc_fly_static elementor-widget elementor-widget-text-editor\" data-id=\"1fca82f\" data-element_type=\"widget\" data-e-type=\"widget\" data-widget_type=\"text-editor.default\">\n\t\t\t\t<div class=\"elementor-widget-container\">\n\t\t\t\t\t\t\t\t\t<p data-start=\"1742\" data-end=\"1778\"><strong data-start=\"1756\" data-end=\"1776\">FOTOS UND VIDEOS<\/strong><\/p>\n<p><\/p>\n<p data-start=\"1780\" data-end=\"1900\">Besucher d\u00fcrfen entlang des Museumsrundgangs Fotos und Videoaufnahmen ausschlie\u00dflich f\u00fcr den privaten Gebrauch machen.<\/p>\n<p><\/p>\n<p data-start=\"1902\" data-end=\"2185\">Jegliche Nutzung zu kommerziellen und\/oder Werbezwecken ist untersagt, ebenso wie die Verwendung professioneller Ausr\u00fcstung. F\u00fcr die Anfertigung von Fotos, Videos oder Fotoshootings \u2013 auch f\u00fcr private Zwecke \u2013 ist eine vorherige schriftliche Genehmigung der Direktion erforderlich.<\/p>\n<p><\/p>\n<p data-start=\"2187\" data-end=\"2327\">Fotoaufnahmen, einschlie\u00dflich Hochzeiten, Verlobungen und Modefotografie, sind ohne ausdr\u00fcckliche Genehmigung des Museums nicht gestattet.<\/p>\n<p><\/p>\n<p data-start=\"2329\" data-end=\"2422\">Die Verwendung von Blitzlicht ist innerhalb der Palazzina di Caccia di Stupinigi untersagt.<\/p>\n<p><\/p>\n<p data-start=\"2424\" data-end=\"2657\" data-is-last-node=\"\" data-is-only-node=\"\">Die Stiftung beh\u00e4lt sich das Recht vor, alle Fotos, Dokumente oder audiovisuellen Materialien, die im Internet ver\u00f6ffentlicht wurden und auf denen die Palazzina di Caccia und ihre Anlagen erkennbar sind, f\u00fcr Werbezwecke zu verwenden.<\/p>\n\t\t\t\t\t\t\t\t<\/div>\n\t\t\t\t<\/div>\n\t\t\t\t<div class=\"elementor-element elementor-element-4d98a35 elementor-widget__width-inherit animation_type_block sc_fly_static elementor-widget elementor-widget-heading\" data-id=\"4d98a35\" data-element_type=\"widget\" data-e-type=\"widget\" data-widget_type=\"heading.default\">\n\t\t\t\t<div class=\"elementor-widget-container\">\n\t\t\t\t\t<h2 class=\"elementor-heading-title elementor-size-default\">Tickets<\/h2>\t\t\t\t<\/div>\n\t\t\t\t<\/div>\n\t\t\t\t<div class=\"elementor-element elementor-element-839c2b9 elementor-widget__width-initial animation_type_block sc_fly_static elementor-widget elementor-widget-text-editor\" data-id=\"839c2b9\" data-element_type=\"widget\" data-e-type=\"widget\" data-widget_type=\"text-editor.default\">\n\t\t\t\t<div class=\"elementor-widget-container\">\n\t\t\t\t\t\t\t\t\t<p data-start=\"2275\" data-end=\"2301\"><strong data-start=\"2289\" data-end=\"2299\">TARIFE<\/strong><\/p>\n<p><\/p>\n<p data-start=\"2303\" data-end=\"2635\"><strong data-start=\"2303\" data-end=\"2317\">VOLLPREIS:<\/strong> 12 \u20ac<br data-start=\"2322\" data-end=\"2325\" \/><strong data-start=\"2325\" data-end=\"2339\">ERM\u00c4SSIGT:<\/strong> 8 \u20ac<br data-start=\"2343\" data-end=\"2346\" \/>Gruppen von mindestens 15 und h\u00f6chstens 25 Personen (Reservierung f\u00fcr Gruppen ist verpflichtend), Studierende von 18 bis unter 26 Jahren, Angeh\u00f6rige der Ordnungskr\u00e4fte, Lehrpersonal sowie Mitarbeitende von Unternehmen\/Organisationen mit Vereinbarung mit der Fondazione Ordine Mauriziano.<\/p>\n<p><\/p>\n<p data-start=\"2673\" data-end=\"2777\"><strong data-start=\"2673\" data-end=\"2684\">JUGEND:<\/strong> 5 \u20ac<br data-start=\"2688\" data-end=\"2691\" \/>Sch\u00fclerinnen und Sch\u00fcler von 6 bis unter 18 Jahren, in Begleitung eines Erwachsenen.<\/p>\n<p><\/p>\n<p data-start=\"2779\" data-end=\"3053\"><strong data-start=\"2779\" data-end=\"2792\">KOSTENLOS<\/strong><br data-start=\"2792\" data-end=\"2795\" \/>Kinder unter 6 Jahren, Menschen mit Behinderung mit Begleitperson, Einwohner von Nichelino an ihrem Geburtstag. Inhaber der Piemonte Card, Abbonamento Musei, ICOM, Royal Pass sowie des vollst\u00e4ndig abgestempelten Royal Passport der Camminate Reali bis 2023.<\/p>\n<blockquote data-start=\"3054\" data-end=\"3089\">\n<blockquote data-start=\"3055\" data-end=\"3089\">\n<blockquote data-start=\"3056\" data-end=\"3089\">\n<p data-start=\"3058\" data-end=\"3089\">\n<\/blockquote>\n<p><\/p><\/blockquote>\n<p><\/p><\/blockquote>\n<p><\/p>\n<p data-start=\"3091\" data-end=\"3116\"><strong data-start=\"3091\" data-end=\"3114\">HISTORISCHER GARTEN<\/strong><\/p>\n<p><\/p>\n<p data-start=\"3118\" data-end=\"3263\"><strong data-start=\"3118\" data-end=\"3132\">VOLLPREIS:<\/strong> 5 \u20ac (Kombiticket mit der Palazzina und\/oder Ausstellung berechtigt zum erm\u00e4\u00dfigten Tarif)<br data-start=\"3221\" data-end=\"3224\" \/><strong data-start=\"3224\" data-end=\"3238\">ERM\u00c4SSIGT:<\/strong> 3 \u20ac<br data-start=\"3242\" data-end=\"3245\" \/><strong data-start=\"3245\" data-end=\"3257\">SCHULEN:<\/strong> 2 \u20ac<\/p>\n<p><\/p>\n<p data-start=\"3265\" data-end=\"3305\"><strong data-start=\"3265\" data-end=\"3303\">AUSSTELLUNG (6. M\u00e4rz bis 28. Juni)<\/strong><\/p>\n<p><\/p>\n<p data-start=\"3307\" data-end=\"3450\" data-is-last-node=\"\" data-is-only-node=\"\"><strong data-start=\"3307\" data-end=\"3321\">VOLLPREIS:<\/strong> 8 \u20ac (Kombiticket mit der Palazzina und\/oder Ausstellung berechtigt zum erm\u00e4\u00dfigten Tarif)<br data-start=\"3410\" data-end=\"3413\" \/><strong data-start=\"3413\" data-end=\"3427\">ERM\u00c4SSIGT:<\/strong> 6 \u20ac<br data-start=\"3431\" data-end=\"3434\" \/><strong data-start=\"3434\" data-end=\"3446\">SCHULEN:<\/strong> 3 \u20ac<\/p>\n\t\t\t\t\t\t\t\t<\/div>\n\t\t\t\t<\/div>\n\t\t\t\t<div class=\"elementor-element elementor-element-12b0f81 elementor-widget__width-initial animation_type_block sc_fly_static elementor-widget elementor-widget-text-editor\" data-id=\"12b0f81\" data-element_type=\"widget\" data-e-type=\"widget\" data-widget_type=\"text-editor.default\">\n\t\t\t\t<div class=\"elementor-widget-container\">\n\t\t\t\t\t\t\t\t\t<p data-start=\"1343\" data-end=\"1380\"><strong data-start=\"1357\" data-end=\"1378\">ONLINE-VORVERKAUF<\/strong><\/p>\n<p><\/p>\n<p data-start=\"1382\" data-end=\"1635\">Alternativ zum Kauf an der Kasse der Palazzina k\u00f6nnen Eintrittskarten auch \u00fcber die Plattformen VivaTicket und Get Your Guide erworben werden. Hinweis: Online-Tickets (Vollpreis, erm\u00e4\u00dfigt und Sch\u00fclertickets) beinhalten eine Vorverkaufsgeb\u00fchr von 15 %.<\/p>\n<p><\/p>\n<p data-start=\"1637\" data-end=\"1777\">Inhaber des Abbonamento Musei und der Torino + Piemonte Card m\u00fcssen ihr Ticket an der Kasse kaufen und ihre Karte beim Eintritt vorzeigen.<\/p>\n<p><\/p>\n<p data-start=\"1779\" data-end=\"1917\">Gekaufte Tickets k\u00f6nnen NICHT ge\u00e4ndert, storniert oder erstattet werden. Bitte \u00fcberpr\u00fcfen Sie vor dem Kauf sorgf\u00e4ltig Datum und Uhrzeit.<\/p>\n<p><\/p>\n<p data-start=\"1919\" data-end=\"1971\" data-is-last-node=\"\" data-is-only-node=\"\"><strong>Eine Reservierung ist NUR f\u00fcr Gruppen verpflichtend.<\/strong><\/p>\n\t\t\t\t\t\t\t\t<\/div>\n\t\t\t\t<\/div>\n\t\t\t\t<div class=\"elementor-element elementor-element-b8a249a elementor-widget__width-initial animation_type_block sc_fly_static elementor-widget elementor-widget-text-editor\" data-id=\"b8a249a\" data-element_type=\"widget\" data-e-type=\"widget\" data-widget_type=\"text-editor.default\">\n\t\t\t\t<div class=\"elementor-widget-container\">\n\t\t\t\t\t\t\t\t\t<p data-start=\"803\" data-end=\"830\"><strong>AUDIOGUIDE UND GRUPPENF\u00dcHRUNGEN<\/strong><\/p><br><p data-start=\"832\" data-end=\"905\">Der Besuch ist mit einem kostenlosen Audioguide in mehreren Sprachen m\u00f6glich.Gruppenf\u00fchrungen m\u00fcssen mindestens 4 Wochen im Voraus per E-Mail an <strong data-start=\"725\" data-end=\"771\"><a class=\"decorated-link cursor-pointer\" rel=\"noopener\" data-start=\"727\" data-end=\"769\">biglietteria@stupinigi.ordinemauriziano.it<\/a><\/strong> gebucht werden, je nach Verf\u00fcgbarkeit.<\/p>\t\t\t\t\t\t\t\t<\/div>\n\t\t\t\t<\/div>\n\t\t\t\t<div class=\"elementor-element elementor-element-a3cd6ce elementor-widget__width-initial animation_type_block sc_fly_static elementor-widget elementor-widget-image\" data-id=\"a3cd6ce\" data-element_type=\"widget\" data-e-type=\"widget\" data-widget_type=\"image.default\">\n\t\t\t\t<div class=\"elementor-widget-container\">\n\t\t\t\t\t\t\t\t\t\t\t\t\t\t\t<img decoding=\"async\" width=\"1024\" height=\"565\" src=\"https:\/\/www.ordinemauriziano.it\/wp-content\/uploads\/2025\/07\/visita-stupinigi-2025-orari-e-info-utili-3-1024x565.png\" class=\"attachment-large size-large wp-image-15791\" alt=\"Dettaglio stanza interna della palazzina con mobilio\" srcset=\"https:\/\/www.ordinemauriziano.it\/wp-content\/uploads\/2025\/07\/visita-stupinigi-2025-orari-e-info-utili-3-1024x565.png 1024w, https:\/\/www.ordinemauriziano.it\/wp-content\/uploads\/2025\/07\/visita-stupinigi-2025-orari-e-info-utili-3-300x165.png 300w, https:\/\/www.ordinemauriziano.it\/wp-content\/uploads\/2025\/07\/visita-stupinigi-2025-orari-e-info-utili-3-768x423.png 768w, https:\/\/www.ordinemauriziano.it\/wp-content\/uploads\/2025\/07\/visita-stupinigi-2025-orari-e-info-utili-3-1536x847.png 1536w, https:\/\/www.ordinemauriziano.it\/wp-content\/uploads\/2025\/07\/visita-stupinigi-2025-orari-e-info-utili-3-370x204.png 370w, https:\/\/www.ordinemauriziano.it\/wp-content\/uploads\/2025\/07\/visita-stupinigi-2025-orari-e-info-utili-3-770x425.png 770w, https:\/\/www.ordinemauriziano.it\/wp-content\/uploads\/2025\/07\/visita-stupinigi-2025-orari-e-info-utili-3.png 1799w\" sizes=\"(max-width: 1024px) 100vw, 1024px\" \/>\t\t\t\t\t\t\t\t\t\t\t\t\t\t\t<\/div>\n\t\t\t\t<\/div>\n\t\t\t\t\t<\/div>\n\t\t\t\t<\/div>\n\t\t<div class=\"elementor-element elementor-element-7ad5a73 e-flex e-con-boxed e-con e-parent\" data-id=\"7ad5a73\" data-element_type=\"container\" data-e-type=\"container\" data-settings=\"{&quot;background_background&quot;:&quot;classic&quot;}\">\n\t\t\t\t\t<div class=\"e-con-inner\">\n\t\t\t\t<div class=\"elementor-element elementor-element-ccba8e9 elementor-widget__width-initial animation_type_block sc_fly_static elementor-widget elementor-widget-image\" data-id=\"ccba8e9\" data-element_type=\"widget\" data-e-type=\"widget\" data-widget_type=\"image.default\">\n\t\t\t\t<div class=\"elementor-widget-container\">\n\t\t\t\t\t\t\t\t\t\t\t\t\t\t\t<img loading=\"lazy\" decoding=\"async\" width=\"519\" height=\"360\" src=\"https:\/\/www.ordinemauriziano.it\/wp-content\/uploads\/2023\/07\/23-fom-corno-avvisi.png\" class=\"attachment-large size-large wp-image-13502\" alt=\"Icona notizie fondazione ordine mauriziano\" srcset=\"https:\/\/www.ordinemauriziano.it\/wp-content\/uploads\/2023\/07\/23-fom-corno-avvisi.png 519w, https:\/\/www.ordinemauriziano.it\/wp-content\/uploads\/2023\/07\/23-fom-corno-avvisi-300x208.png 300w, https:\/\/www.ordinemauriziano.it\/wp-content\/uploads\/2023\/07\/23-fom-corno-avvisi-370x257.png 370w\" sizes=\"(max-width: 519px) 100vw, 519px\" \/>\t\t\t\t\t\t\t\t\t\t\t\t\t\t\t<\/div>\n\t\t\t\t<\/div>\n\t\t\t\t<div class=\"elementor-element elementor-element-a9ca030 elementor-widget__width-initial animation_type_block sc_fly_static elementor-widget elementor-widget-text-editor\" data-id=\"a9ca030\" data-element_type=\"widget\" data-e-type=\"widget\" data-widget_type=\"text-editor.default\">\n\t\t\t\t<div class=\"elementor-widget-container\">\n\t\t\t\t\t\t\t\t\t<p data-start=\"918\" data-end=\"947\"><strong data-start=\"932\" data-end=\"947\">KOMBITICKET<\/strong><\/p>\n<p><\/p>\n<p data-start=\"949\" data-end=\"1225\">Es ist m\u00f6glich, ein Kombiticket zu erwerben, das zum Eintritt in die drei mauritianischen St\u00e4tten (Palazzina di Caccia di Stupinigi, Abbazia di Staffarda und Precettoria di S. Antonio di Ranverso) zu einem erm\u00e4\u00dfigten Tarif berechtigt, g\u00fcltig f\u00fcr ein Jahr ab Ausstellungsdatum.<\/p>\n<p><\/p>\n<p data-start=\"1227\" data-end=\"1388\" data-is-last-node=\"\" data-is-only-node=\"\">Vollpreis-Kombiticket: 18 \u20ac<br data-start=\"1254\" data-end=\"1257\" \/>Erm\u00e4\u00dfigtes Kombiticket: 13 \u20ac f\u00fcr Personen unter 18 Jahren, \u00fcber 65 Jahre, Menschen mit Behinderung und Gruppen (mind. 15 Personen).<\/p>\n\t\t\t\t\t\t\t\t<\/div>\n\t\t\t\t<\/div>\n\t\t\t\t<div class=\"elementor-element elementor-element-f8c3da6 elementor-widget__width-initial animation_type_block sc_fly_static elementor-widget elementor-widget-text-editor\" data-id=\"f8c3da6\" data-element_type=\"widget\" data-e-type=\"widget\" data-widget_type=\"text-editor.default\">\n\t\t\t\t<div class=\"elementor-widget-container\">\n\t\t\t\t\t\t\t\t\t<p data-start=\"2475\" data-end=\"2509\"><strong data-start=\"2489\" data-end=\"2509\">BARRIEREFREIHEIT<\/strong><\/p>\n<p><\/p>\n<p data-start=\"2511\" data-end=\"2636\">Um bestm\u00f6gliche Unterst\u00fctzung zu gew\u00e4hrleisten, wird gebeten, den Besuch von Menschen mit Behinderungen im Voraus anzumelden.<\/p>\n<p><\/p>\n<p data-start=\"2638\" data-end=\"2690\">Hinweise f\u00fcr Personen mit eingeschr\u00e4nkter Mobilit\u00e4t:<\/p>\n<p><\/p>\n<p data-start=\"2692\" data-end=\"2957\">Zugang \u00fcber das automatische Tor auf der linken Seite (gegen\u00fcber der Kirche) mit Zufahrt zum internen Parkplatz (hier klicken, um den Plan anzuzeigen). Bitte kontaktieren Sie den Pf\u00f6rtnerdienst unter +39 011 6200635, um den Zugang zum internen Parkplatz anzumelden.<\/p>\n<p><\/p>\n<p data-start=\"2959\" data-end=\"3032\">Das Personal unterst\u00fctzt Besucher entlang des gesamten Besichtigungswegs.<\/p>\n<p><\/p>\n<p data-start=\"3034\" data-end=\"3103\">Bitte beachten Sie, dass der Au\u00dfenweg teilweise mit Kies bedeckt ist.<\/p>\n<p><\/p>\n<p data-start=\"3105\" data-end=\"3229\">Ma\u00dfe des Aufzugs f\u00fcr Rollstuhlzugang: maximale T\u00fcrbreite 0,75 m \/\/ maximale Kabinenl\u00e4nge 1,18 m \/\/ maximale Traglast 250 kg.<\/p>\n<p><\/p>\n<p data-start=\"3231\" data-end=\"3437\">Die Palazzina di Caccia ist auch mit Unterst\u00fctzter Kommunikation (UK) zug\u00e4nglich, einem System, das Schriftsprache mit Bildern und Symbolen kombiniert, um Museumsinhalte klar und verst\u00e4ndlich zu vermitteln.<\/p>\n<p><\/p>\n<p data-start=\"3439\" data-end=\"3688\">Der UK-Leitfaden wurde im Rahmen des Projekts COME IN! erstellt, das von der Sozialgenossenschaft In volo gef\u00f6rdert wird, und soll den Museumsbesuch f\u00fcr Menschen mit intellektuellen Beeintr\u00e4chtigungen erleichtern und die Barrierefreiheit verbessern.<\/p>\n<p><\/p>\n<p data-start=\"3690\" data-end=\"3737\" data-is-last-node=\"\" data-is-only-node=\"\">Hier klicken, um den Leitfaden herunterzuladen.<\/p>\n\t\t\t\t\t\t\t\t<\/div>\n\t\t\t\t<\/div>\n\t\t\t\t<div class=\"elementor-element elementor-element-3d76fb3 elementor-widget__width-initial animation_type_block sc_fly_static elementor-widget elementor-widget-image\" data-id=\"3d76fb3\" data-element_type=\"widget\" data-e-type=\"widget\" data-widget_type=\"image.default\">\n\t\t\t\t<div class=\"elementor-widget-container\">\n\t\t\t\t\t\t\t\t\t\t\t\t\t\t\t<img loading=\"lazy\" decoding=\"async\" width=\"1024\" height=\"1010\" src=\"https:\/\/www.ordinemauriziano.it\/wp-content\/uploads\/2025\/07\/visita-stupinigi-2025-orari-e-info-utili-2-1024x1010.png\" class=\"attachment-large size-large wp-image-15795\" alt=\"Foto frontale estiva della palazzina vista dal giardino storico\" srcset=\"https:\/\/www.ordinemauriziano.it\/wp-content\/uploads\/2025\/07\/visita-stupinigi-2025-orari-e-info-utili-2-1024x1010.png 1024w, https:\/\/www.ordinemauriziano.it\/wp-content\/uploads\/2025\/07\/visita-stupinigi-2025-orari-e-info-utili-2-300x296.png 300w, https:\/\/www.ordinemauriziano.it\/wp-content\/uploads\/2025\/07\/visita-stupinigi-2025-orari-e-info-utili-2-768x758.png 768w, https:\/\/www.ordinemauriziano.it\/wp-content\/uploads\/2025\/07\/visita-stupinigi-2025-orari-e-info-utili-2-1536x1515.png 1536w, https:\/\/www.ordinemauriziano.it\/wp-content\/uploads\/2025\/07\/visita-stupinigi-2025-orari-e-info-utili-2-370x365.png 370w, https:\/\/www.ordinemauriziano.it\/wp-content\/uploads\/2025\/07\/visita-stupinigi-2025-orari-e-info-utili-2-90x90.png 90w, https:\/\/www.ordinemauriziano.it\/wp-content\/uploads\/2025\/07\/visita-stupinigi-2025-orari-e-info-utili-2-770x760.png 770w, https:\/\/www.ordinemauriziano.it\/wp-content\/uploads\/2025\/07\/visita-stupinigi-2025-orari-e-info-utili-2.png 1848w\" sizes=\"(max-width: 1024px) 100vw, 1024px\" \/>\t\t\t\t\t\t\t\t\t\t\t\t\t\t\t<\/div>\n\t\t\t\t<\/div>\n\t\t\t\t\t<\/div>\n\t\t\t\t<\/div>\n\t\t<div class=\"elementor-element elementor-element-2ac0288 e-flex e-con-boxed e-con e-parent\" data-id=\"2ac0288\" data-element_type=\"container\" data-e-type=\"container\" data-settings=\"{&quot;background_background&quot;:&quot;classic&quot;}\">\n\t\t\t\t\t<div class=\"e-con-inner\">\n\t\t<div class=\"elementor-element elementor-element-1bc16c2 e-con-full e-flex e-con e-child\" data-id=\"1bc16c2\" data-element_type=\"container\" data-e-type=\"container\">\n\t\t\t\t<div class=\"elementor-element elementor-element-cac887f animation_type_block sc_fly_static elementor-widget elementor-widget-heading\" data-id=\"cac887f\" data-element_type=\"widget\" data-e-type=\"widget\" data-widget_type=\"heading.default\">\n\t\t\t\t<div class=\"elementor-widget-container\">\n\t\t\t\t\t<h2 class=\"elementor-heading-title elementor-size-default\">Anreise nach Stupinigi<\/h2>\t\t\t\t<\/div>\n\t\t\t\t<\/div>\n\t\t\t\t<div class=\"elementor-element elementor-element-7b45d95 animation_type_block sc_fly_static elementor-widget elementor-widget-text-editor\" data-id=\"7b45d95\" data-element_type=\"widget\" data-e-type=\"widget\" data-widget_type=\"text-editor.default\">\n\t\t\t\t<div class=\"elementor-widget-container\">\n\t\t\t\t\t\t\t\t\t<p data-start=\"2511\" data-end=\"2865\"><strong data-start=\"2511\" data-end=\"2528\">Mit dem Auto:<\/strong><br data-start=\"2528\" data-end=\"2531\" \/>Vom Zentrum Turins fahren Sie \u00fcber den Corso Unione Sovietica und setzen nach dem Gebiet Lingotto die Fahrt auf dem Viale Torino bis zur Palazzina fort. Von der s\u00fcdlichen Ringstra\u00dfe nehmen Sie die Ausfahrt Stupinigi und folgen dem Viale Torino.<br data-start=\"2775\" data-end=\"2778\" \/>Vor dem Komplex steht ein kostenloser Parkplatz entlang des Viale Torino zur Verf\u00fcgung.<\/p><br><p data-start=\"2867\" data-end=\"3559\"><strong data-start=\"2867\" data-end=\"2904\">Mit \u00f6ffentlichen Verkehrsmitteln:<\/strong><br data-start=\"2904\" data-end=\"2907\" \/>Vom Bahnhof Torino Lingotto f\u00e4hrt die GTT-Linie 41 in Richtung Orbassano in etwa 20 Minuten bis in die N\u00e4he der Palazzina (Haltestelle Stupinigi).<br data-start=\"3053\" data-end=\"3056\" \/>Vom Stadtzentrum k\u00f6nnen Sie die Linie 18 bis zur Haltestelle Stadio del Baseball nehmen und dort auf die Linie 41 an der Haltestelle Passo Buole umsteigen. Alternativ nehmen Sie die Stra\u00dfenbahn 4 bis Piazzale Caio Mario und steigen dort in die Linie 41 um, die Stupinigi in etwa 10 Minuten erreicht.<br data-start=\"3355\" data-end=\"3358\" \/>Die \u00dcberlandlinie 282 (SADEM\/Arriva) verbindet den Bahnhof Porta Nuova mit Stupinigi in Richtung Pinerolo.<br data-start=\"3464\" data-end=\"3467\" \/>Von Nichelino aus verl\u00e4ngert die Ringlinie 1N am Wochenende ihre Strecke bis nach Stupinigi.<\/p><br><p data-start=\"3561\" data-end=\"3814\" data-is-last-node=\"\" data-is-only-node=\"\"><strong data-start=\"3561\" data-end=\"3578\">Mit dem Taxi:<\/strong><br data-start=\"3578\" data-end=\"3581\" \/>Die Fondazione Ordine Mauriziano hat Vereinbarungen mit Pronto Taxi 011 5737 und der Genossenschaft Radio Taxi Torino 011 5730. Bei Vorlage der Taxiquittung an der Kasse ist der Eintritt in die Palazzina zum erm\u00e4\u00dfigten Tarif m\u00f6glich.<\/p>\t\t\t\t\t\t\t\t<\/div>\n\t\t\t\t<\/div>\n\t\t\t\t<div class=\"elementor-element elementor-element-e0fcda3 animation_type_block sc_fly_static elementor-widget elementor-widget-spacer\" data-id=\"e0fcda3\" data-element_type=\"widget\" data-e-type=\"widget\" data-widget_type=\"spacer.default\">\n\t\t\t\t<div class=\"elementor-widget-container\">\n\t\t\t\t\t\t\t<div class=\"elementor-spacer\">\n\t\t\t<div class=\"elementor-spacer-inner\"><\/div>\n\t\t<\/div>\n\t\t\t\t\t\t<\/div>\n\t\t\t\t<\/div>\n\t\t\t\t<\/div>\n\t\t<div class=\"elementor-element elementor-element-4d734b4 e-con-full e-flex e-con e-child\" data-id=\"4d734b4\" data-element_type=\"container\" data-e-type=\"container\">\n\t\t\t\t<div class=\"elementor-element elementor-element-1d293b0 animation_type_block sc_fly_static elementor-widget elementor-widget-image\" data-id=\"1d293b0\" data-element_type=\"widget\" data-e-type=\"widget\" data-widget_type=\"image.default\">\n\t\t\t\t<div class=\"elementor-widget-container\">\n\t\t\t\t\t\t\t\t\t\t\t\t\t\t\t<img loading=\"lazy\" decoding=\"async\" width=\"1024\" height=\"684\" src=\"https:\/\/www.ordinemauriziano.it\/wp-content\/uploads\/2025\/08\/come-arrivare-a-stupinigi-1024x684.jpg\" class=\"attachment-large size-large wp-image-15915\" alt=\"Dettaglio della cupola con cervo della palazzina\" srcset=\"https:\/\/www.ordinemauriziano.it\/wp-content\/uploads\/2025\/08\/come-arrivare-a-stupinigi-1024x684.jpg 1024w, https:\/\/www.ordinemauriziano.it\/wp-content\/uploads\/2025\/08\/come-arrivare-a-stupinigi-300x200.jpg 300w, https:\/\/www.ordinemauriziano.it\/wp-content\/uploads\/2025\/08\/come-arrivare-a-stupinigi-768x513.jpg 768w, https:\/\/www.ordinemauriziano.it\/wp-content\/uploads\/2025\/08\/come-arrivare-a-stupinigi-1536x1026.jpg 1536w, https:\/\/www.ordinemauriziano.it\/wp-content\/uploads\/2025\/08\/come-arrivare-a-stupinigi-370x247.jpg 370w, https:\/\/www.ordinemauriziano.it\/wp-content\/uploads\/2025\/08\/come-arrivare-a-stupinigi-770x514.jpg 770w, https:\/\/www.ordinemauriziano.it\/wp-content\/uploads\/2025\/08\/come-arrivare-a-stupinigi.jpg 1920w\" sizes=\"(max-width: 1024px) 100vw, 1024px\" \/>\t\t\t\t\t\t\t\t\t\t\t\t\t\t\t<\/div>\n\t\t\t\t<\/div>\n\t\t\t\t<\/div>\n\t\t\t\t\t<\/div>\n\t\t\t\t<\/div>\n\t\t<div class=\"elementor-element elementor-element-d7f2c7e e-flex e-con-boxed e-con e-parent\" data-id=\"d7f2c7e\" data-element_type=\"container\" data-e-type=\"container\" data-settings=\"{&quot;background_background&quot;:&quot;classic&quot;}\">\n\t\t\t\t\t<div class=\"e-con-inner\">\n\t\t<div class=\"elementor-element elementor-element-ae5a5f6 e-con-full e-flex e-con e-child\" data-id=\"ae5a5f6\" data-element_type=\"container\" data-e-type=\"container\">\n\t\t\t\t<div class=\"elementor-element elementor-element-d333ff5 animation_type_block sc_fly_static elementor-widget elementor-widget-heading\" data-id=\"d333ff5\" data-element_type=\"widget\" data-e-type=\"widget\" data-widget_type=\"heading.default\">\n\t\t\t\t<div class=\"elementor-widget-container\">\n\t\t\t\t\t<h3 class=\"elementor-heading-title elementor-size-default\">Audioguide von Stupinigi herunterladen<\/h3>\t\t\t\t<\/div>\n\t\t\t\t<\/div>\n\t\t\t\t<div class=\"elementor-element elementor-element-8944e5e animation_type_block sc_fly_static elementor-widget elementor-widget-text-editor\" data-id=\"8944e5e\" data-element_type=\"widget\" data-e-type=\"widget\" data-widget_type=\"text-editor.default\">\n\t\t\t\t<div class=\"elementor-widget-container\">\n\t\t\t\t\t\t\t\t\t<p>Erkunden Sie die Palazzina di Caccia di Stupinigi auf einer beeindruckenden digitalen Route auf Ihrem Smartphone.<br data-start=\"621\" data-end=\"624\" data-is-only-node=\"\" \/>Entdecken Sie 26 Sehensw\u00fcrdigkeiten in einem 65-min\u00fctigen Audioguide, der Ihnen alle Geheimnisse der Palazzina n\u00e4herbringt.<\/p>\n\t\t\t\t\t\t\t\t<\/div>\n\t\t\t\t<\/div>\n\t\t\t\t<div class=\"elementor-element elementor-element-7ea6e24 animation_type_block sc_fly_static elementor-widget elementor-widget-trx_sc_button\" data-id=\"7ea6e24\" data-element_type=\"widget\" data-e-type=\"widget\" data-widget_type=\"trx_sc_button.default\">\n\t\t\t\t<div class=\"elementor-widget-container\">\n\t\t\t\t\t<div id=\"trx_sc_button_460165117\"\tclass=\"sc_item_button sc_button_wrap\"><a href=\"https:\/\/play.google.com\/store\/apps\/details?id=com.duvaworkshop.stupinigi&#038;hl=it&#038;gl=US\" class=\"sc_button sc_button_simple sc_button_size_normal sc_button_icon_left color_style_dark\" target=\"_blank\"><span class=\"sc_button_text\"><span class=\"sc_button_title\">Bei Google Play herunterladen<\/span><\/span><!-- \/.sc_button_text --><\/a><!-- \/.sc_button --><\/div><!-- \/.sc_item_button -->\t\t\t\t<\/div>\n\t\t\t\t<\/div>\n\t\t\t\t<div class=\"elementor-element elementor-element-4469dd6 animation_type_block sc_fly_static elementor-widget elementor-widget-spacer\" data-id=\"4469dd6\" data-element_type=\"widget\" data-e-type=\"widget\" data-widget_type=\"spacer.default\">\n\t\t\t\t<div class=\"elementor-widget-container\">\n\t\t\t\t\t\t\t<div class=\"elementor-spacer\">\n\t\t\t<div class=\"elementor-spacer-inner\"><\/div>\n\t\t<\/div>\n\t\t\t\t\t\t<\/div>\n\t\t\t\t<\/div>\n\t\t\t\t<div class=\"elementor-element elementor-element-a5e9bb3 animation_type_block sc_fly_static elementor-widget elementor-widget-trx_sc_button\" data-id=\"a5e9bb3\" data-element_type=\"widget\" data-e-type=\"widget\" data-widget_type=\"trx_sc_button.default\">\n\t\t\t\t<div class=\"elementor-widget-container\">\n\t\t\t\t\t<div id=\"trx_sc_button_626411606\"\tclass=\"sc_item_button sc_button_wrap\"><a href=\"https:\/\/apps.apple.com\/it\/app\/palazzina-di-caccia-stupinigi\/id1516814909\" class=\"sc_button sc_button_simple sc_button_size_normal sc_button_icon_left color_style_dark\" target=\"_blank\"><span class=\"sc_button_text\"><span class=\"sc_button_title\">Im Apple Store herunterladen<\/span><\/span><!-- \/.sc_button_text --><\/a><!-- \/.sc_button --><\/div><!-- \/.sc_item_button -->\t\t\t\t<\/div>\n\t\t\t\t<\/div>\n\t\t\t\t<\/div>\n\t\t<div class=\"elementor-element elementor-element-281c359 e-con-full e-flex e-con e-child\" data-id=\"281c359\" data-element_type=\"container\" data-e-type=\"container\">\n\t\t\t\t<div class=\"elementor-element elementor-element-6a7763c animation_type_block sc_fly_static elementor-widget elementor-widget-image\" data-id=\"6a7763c\" data-element_type=\"widget\" data-e-type=\"widget\" data-widget_type=\"image.default\">\n\t\t\t\t<div class=\"elementor-widget-container\">\n\t\t\t\t\t\t\t\t\t\t\t\t\t\t\t<img loading=\"lazy\" decoding=\"async\" width=\"544\" height=\"500\" src=\"https:\/\/www.ordinemauriziano.it\/wp-content\/uploads\/2023\/07\/23-fom-app.png\" class=\"attachment-medium_large size-medium_large wp-image-13504\" alt=\"Scarica l&#039;audioguida di Stupinigi\" srcset=\"https:\/\/www.ordinemauriziano.it\/wp-content\/uploads\/2023\/07\/23-fom-app.png 544w, https:\/\/www.ordinemauriziano.it\/wp-content\/uploads\/2023\/07\/23-fom-app-300x276.png 300w, https:\/\/www.ordinemauriziano.it\/wp-content\/uploads\/2023\/07\/23-fom-app-370x340.png 370w\" sizes=\"(max-width: 544px) 100vw, 544px\" \/>\t\t\t\t\t\t\t\t\t\t\t\t\t\t\t<\/div>\n\t\t\t\t<\/div>\n\t\t\t\t<\/div>\n\t\t\t\t\t<\/div>\n\t\t\t\t<\/div>\n\t\t<div class=\"elementor-element elementor-element-349e0e3 e-flex e-con-boxed e-con e-parent\" data-id=\"349e0e3\" data-element_type=\"container\" data-e-type=\"container\" data-settings=\"{&quot;background_background&quot;:&quot;classic&quot;}\">\n\t\t\t\t\t<div class=\"e-con-inner\">\n\t\t<div class=\"elementor-element elementor-element-69fa2a9 e-con-full e-flex e-con e-child\" data-id=\"69fa2a9\" data-element_type=\"container\" data-e-type=\"container\">\n\t\t\t\t<div class=\"elementor-element elementor-element-cb81fe7 animation_type_block sc_fly_static elementor-widget elementor-widget-heading\" data-id=\"cb81fe7\" data-element_type=\"widget\" data-e-type=\"widget\" data-widget_type=\"heading.default\">\n\t\t\t\t<div class=\"elementor-widget-container\">\n\t\t\t\t\t<h3 class=\"elementor-heading-title elementor-size-default\">360\u00b0 Immersive Experience<\/h3>\t\t\t\t<\/div>\n\t\t\t\t<\/div>\n\t\t\t\t<div class=\"elementor-element elementor-element-92dbdc6 animation_type_block sc_fly_static elementor-widget elementor-widget-text-editor\" data-id=\"92dbdc6\" data-element_type=\"widget\" data-e-type=\"widget\" data-widget_type=\"text-editor.default\">\n\t\t\t\t<div class=\"elementor-widget-container\">\n\t\t\t\t\t\t\t\t\t<p data-start=\"1692\" data-end=\"2154\">Im zentralen Saal wurden vier Aktivierungspunkte eingerichtet, \u00fcber die Besucher \u2013 durch das Scannen von QR-Codes mit dem Smartphone \u2013 vier verschiedene historische Episoden abrufen k\u00f6nnen: 1731, als die Bauarbeiten der Palazzina gerade abgeschlossen wurden; 1778, bei einer Hirschjagd im Gefolge von K\u00f6nig Vittorio Emanuele III; 1805, w\u00e4hrend Napoleons zehn\u00adt\u00e4gigem Aufenthalt in Stupinigi; und 1909, bei einem Teetreffen mit K\u00f6nigin Margherita.<\/p><br><p data-start=\"2156\" data-end=\"2318\">Ein immersives Erlebnis, das es erm\u00f6glicht, das historische, k\u00fcnstlerische und kulturelle Erbe der Palazzina di Caccia di Stupinigi auf neue Weise zu entdecken.<\/p><br><p data-start=\"2320\" data-end=\"2555\" data-is-last-node=\"\" data-is-only-node=\"\">Erkunden Sie die Palazzina di Caccia di Stupinigi \u00fcber eine beeindruckende digitale Route auf Ihrem Smartphone. Entdecken Sie 26 Sehensw\u00fcrdigkeiten in einem 65-min\u00fctigen Audioguide, der Ihnen alle Geheimnisse der Palazzina n\u00e4herbringt.<\/p>\t\t\t\t\t\t\t\t<\/div>\n\t\t\t\t<\/div>\n\t\t\t\t<\/div>\n\t\t<div class=\"elementor-element elementor-element-f93a3a6 e-con-full e-flex e-con e-child\" data-id=\"f93a3a6\" data-element_type=\"container\" data-e-type=\"container\">\n\t\t\t\t<div class=\"elementor-element elementor-element-67852ae animation_type_block sc_fly_static elementor-widget elementor-widget-video\" data-id=\"67852ae\" data-element_type=\"widget\" data-e-type=\"widget\" data-settings=\"{&quot;youtube_url&quot;:&quot;https:\\\/\\\/youtu.be\\\/QskldrXexrQ?si=SkRMqmKnqDAXJqFe&quot;,&quot;autoplay&quot;:&quot;yes&quot;,&quot;mute&quot;:&quot;yes&quot;,&quot;loop&quot;:&quot;yes&quot;,&quot;yt_privacy&quot;:&quot;yes&quot;,&quot;video_type&quot;:&quot;youtube&quot;,&quot;controls&quot;:&quot;yes&quot;}\" data-widget_type=\"video.default\">\n\t\t\t\t<div class=\"elementor-widget-container\">\n\t\t\t\t\t\t\t<div class=\"elementor-wrapper elementor-open-inline\">\n\t\t\t<div class=\"elementor-video\"><\/div>\t\t<\/div>\n\t\t\t\t\t\t<\/div>\n\t\t\t\t<\/div>\n\t\t\t\t<\/div>\n\t\t\t\t\t<\/div>\n\t\t\t\t<\/div>\n\t\t<div class=\"elementor-element elementor-element-9b09cb5 e-flex e-con-boxed e-con e-parent\" data-id=\"9b09cb5\" data-element_type=\"container\" data-e-type=\"container\" data-settings=\"{&quot;background_background&quot;:&quot;classic&quot;}\">\n\t\t\t\t\t<div class=\"e-con-inner\">\n\t\t\t\t<div class=\"elementor-element elementor-element-79ffd6a animation_type_block sc_fly_static elementor-widget elementor-widget-text-editor\" data-id=\"79ffd6a\" data-element_type=\"widget\" data-e-type=\"widget\" data-widget_type=\"text-editor.default\">\n\t\t\t\t<div class=\"elementor-widget-container\">\n\t\t\t\t\t\t\t\t\t<div class=\"text-base my-auto mx-auto [--thread-content-margin:var(--thread-content-margin-xs,calc(var(--spacing)*4))] @w-sm\/main:[--thread-content-margin:var(--thread-content-margin-sm,calc(var(--spacing)*6))] @w-lg\/main:[--thread-content-margin:var(--thread-content-margin-lg,calc(var(--spacing)*16))] px-(--thread-content-margin)\">\n<div class=\"[--thread-content-max-width:40rem] @w-lg\/main:[--thread-content-max-width:48rem] mx-auto max-w-(--thread-content-max-width) flex-1 group\/turn-messages focus-visible:outline-hidden relative flex w-full min-w-0 flex-col agent-turn\">\n<div class=\"flex max-w-full flex-col gap-4 grow\">\n<div class=\"min-h-8 text-message relative flex w-full flex-col items-end gap-2 text-start break-words whitespace-normal outline-none keyboard-focused:focus-ring [.text-message+&amp;]:mt-1\" dir=\"auto\" data-message-author-role=\"assistant\" data-message-id=\"3fc61a2d-08e5-4f53-8ec7-6b34c2c624f8\" data-message-model-slug=\"gpt-5-3-mini\">\n<div class=\"flex w-full flex-col gap-1 empty:hidden\">\n<div class=\"markdown prose dark:prose-invert w-full wrap-break-word light markdown-new-styling\">\n<p data-start=\"565\" data-end=\"595\"><strong data-start=\"579\" data-end=\"593\">KULTURPASS<\/strong><\/p>\n<p data-start=\"597\" data-end=\"837\" data-is-last-node=\"\" data-is-only-node=\"\">Die Palazzina di Caccia di Stupinigi ist auch f\u00fcr die j\u00fcngsten Besucher und Familien im Rahmen der gemeinsamen Standards des Programms \u201eNati con la cultura\u201c besonders familienfreundlich und gew\u00e4hrt Inhabern des Kulturpasses freien Eintritt.<\/p>\n<\/div>\n<p><\/div>\n<p><\/div>\n<p><\/div>\n<p><\/p>\n<div class=\"z-0 flex min-h-[46px] justify-start\"><\/div>\n<p><\/div>\n<p><\/div>\n\t\t\t\t\t\t\t\t<\/div>\n\t\t\t\t<\/div>\n\t\t\t\t<div class=\"elementor-element elementor-element-57c6172 animation_type_block sc_fly_static elementor-widget elementor-widget-trx_sc_button\" data-id=\"57c6172\" data-element_type=\"widget\" data-e-type=\"widget\" data-widget_type=\"trx_sc_button.default\">\n\t\t\t\t<div class=\"elementor-widget-container\">\n\t\t\t\t\t<div id=\"trx_sc_button_1158369402\"\tclass=\"sc_item_button sc_button_wrap\"><a href=\"https:\/\/www.naticonlacultura.it\/passaporto-culturale\/20primo%20anno%20d&#039;et%C3%A0.\" class=\"sc_button sc_button_simple sc_button_size_normal sc_button_icon_left color_style_dark\" target=\"_blank\"><span class=\"sc_button_text\"><span class=\"sc_button_title\">Mehr erfahren<\/span><\/span><!-- \/.sc_button_text --><\/a><!-- \/.sc_button --><\/div><!-- \/.sc_item_button -->\t\t\t\t<\/div>\n\t\t\t\t<\/div>\n\t\t<div class=\"elementor-element elementor-element-8721115 e-flex e-con-boxed e-con e-child\" data-id=\"8721115\" data-element_type=\"container\" data-e-type=\"container\" data-settings=\"{&quot;background_background&quot;:&quot;classic&quot;}\">\n\t\t\t\t\t<div class=\"e-con-inner\">\n\t\t\t\t\t<\/div>\n\t\t\t\t<\/div>\n\t\t\t\t\t<\/div>\n\t\t\t\t<\/div>\n\t\t<div class=\"elementor-element elementor-element-d5b7ee2 e-flex e-con-boxed e-con e-parent\" data-id=\"d5b7ee2\" data-element_type=\"container\" data-e-type=\"container\" data-settings=\"{&quot;background_background&quot;:&quot;classic&quot;}\">\n\t\t\t\t\t<div class=\"e-con-inner\">\n\t\t\t\t<div class=\"elementor-element elementor-element-ccf1f6a elementor-widget__width-inherit animation_type_block sc_fly_static elementor-widget elementor-widget-heading\" data-id=\"ccf1f6a\" data-element_type=\"widget\" data-e-type=\"widget\" data-widget_type=\"heading.default\">\n\t\t\t\t<div class=\"elementor-widget-container\">\n\t\t\t\t\t<h3 class=\"elementor-heading-title elementor-size-default\">Die n\u00e4chsten Veranstaltungen in der Palazzina<\/h3>\t\t\t\t<\/div>\n\t\t\t\t<\/div>\n\t\t\t\t<div class=\"elementor-element elementor-element-5b91831 animation_type_block sc_fly_static elementor-widget elementor-widget-text-editor\" data-id=\"5b91831\" data-element_type=\"widget\" data-e-type=\"widget\" data-widget_type=\"text-editor.default\">\n\t\t\t\t<div class=\"elementor-widget-container\">\n\t\t\t\t\t\t\t\t\t<p>Ausstellungen, kulturelle Veranstaltungen und F\u00fchrungen der Palazzina di Caccia di Stupinigi: verpassen Sie keine Aktualisierungen.<\/p>\n\t\t\t\t\t\t\t\t<\/div>\n\t\t\t\t<\/div>\n\t\t\t\t<div class=\"elementor-element elementor-element-99cd946 elementor-widget__width-inherit animation_type_block sc_fly_static elementor-widget elementor-widget-trx_sc_button\" data-id=\"99cd946\" data-element_type=\"widget\" data-e-type=\"widget\" data-widget_type=\"trx_sc_button.default\">\n\t\t\t\t<div class=\"elementor-widget-container\">\n\t\t\t\t\t<div id=\"trx_sc_button_1616409864\"\tclass=\"sc_item_button sc_button_wrap\"><a href=\"https:\/\/www.ordinemauriziano.it\/eventi\/\" class=\"sc_button sc_button_simple sc_button_size_normal sc_button_icon_left color_style_dark\"><span class=\"sc_button_text\"><span class=\"sc_button_title\">Alle Veranstaltungen entdecken<\/span><\/span><!-- \/.sc_button_text --><\/a><!-- \/.sc_button --><\/div><!-- \/.sc_item_button -->\t\t\t\t<\/div>\n\t\t\t\t<\/div>\n\t\t\t\t\t<\/div>\n\t\t\t\t<\/div>\n\t\t<div class=\"elementor-element elementor-element-79dce89 e-flex e-con-boxed e-con e-parent\" data-id=\"79dce89\" data-element_type=\"container\" data-e-type=\"container\" data-settings=\"{&quot;background_background&quot;:&quot;classic&quot;}\">\n\t\t\t\t\t<div class=\"e-con-inner\">\n\t\t<div class=\"elementor-element elementor-element-118b6f1 e-con-full e-flex e-con e-child\" data-id=\"118b6f1\" data-element_type=\"container\" data-e-type=\"container\">\n\t\t\t\t<div class=\"elementor-element elementor-element-b6778e9 elementor-widget__width-inherit animation_type_block sc_fly_static elementor-widget elementor-widget-heading\" data-id=\"b6778e9\" data-element_type=\"widget\" data-e-type=\"widget\" data-widget_type=\"heading.default\">\n\t\t\t\t<div class=\"elementor-widget-container\">\n\t\t\t\t\t<h3 class=\"elementor-heading-title elementor-size-default\">Die neuesten Nachrichten und Informationen der Fondazione Ordine Mauriziano einsehen<\/h3>\t\t\t\t<\/div>\n\t\t\t\t<\/div>\n\t\t\t\t<div class=\"elementor-element elementor-element-1ee3702 animation_type_block sc_fly_static elementor-widget elementor-widget-image\" data-id=\"1ee3702\" data-element_type=\"widget\" data-e-type=\"widget\" data-widget_type=\"image.default\">\n\t\t\t\t<div class=\"elementor-widget-container\">\n\t\t\t\t\t\t\t\t\t\t\t\t\t\t\t<img loading=\"lazy\" decoding=\"async\" width=\"519\" height=\"360\" src=\"https:\/\/www.ordinemauriziano.it\/wp-content\/uploads\/2023\/07\/23-fom-corno-avvisi.png\" class=\"attachment-medium_large size-medium_large wp-image-13502\" alt=\"Icona notizie fondazione ordine mauriziano\" srcset=\"https:\/\/www.ordinemauriziano.it\/wp-content\/uploads\/2023\/07\/23-fom-corno-avvisi.png 519w, https:\/\/www.ordinemauriziano.it\/wp-content\/uploads\/2023\/07\/23-fom-corno-avvisi-300x208.png 300w, https:\/\/www.ordinemauriziano.it\/wp-content\/uploads\/2023\/07\/23-fom-corno-avvisi-370x257.png 370w\" sizes=\"(max-width: 519px) 100vw, 519px\" \/>\t\t\t\t\t\t\t\t\t\t\t\t\t\t\t<\/div>\n\t\t\t\t<\/div>\n\t\t\t\t<\/div>\n\t\t<div class=\"elementor-element elementor-element-db625d6 e-con-full e-flex e-con e-child\" data-id=\"db625d6\" data-element_type=\"container\" data-e-type=\"container\">\n\t\t\t\t<div class=\"elementor-element elementor-element-fbcfb72 elementor-grid-1 elementor-posts--thumbnail-none elementor-grid-tablet-1 elementor-grid-mobile-1 animation_type_block sc_fly_static elementor-widget elementor-widget-posts\" data-id=\"fbcfb72\" data-element_type=\"widget\" data-e-type=\"widget\" data-settings=\"{&quot;classic_columns&quot;:&quot;1&quot;,&quot;classic_columns_tablet&quot;:&quot;1&quot;,&quot;classic_columns_mobile&quot;:&quot;1&quot;,&quot;classic_row_gap&quot;:{&quot;unit&quot;:&quot;px&quot;,&quot;size&quot;:35,&quot;sizes&quot;:[]},&quot;classic_row_gap_tablet&quot;:{&quot;unit&quot;:&quot;px&quot;,&quot;size&quot;:&quot;&quot;,&quot;sizes&quot;:[]},&quot;classic_row_gap_mobile&quot;:{&quot;unit&quot;:&quot;px&quot;,&quot;size&quot;:&quot;&quot;,&quot;sizes&quot;:[]}}\" data-widget_type=\"posts.classic\">\n\t\t\t\t<div class=\"elementor-widget-container\">\n\t\t\t\t\t\t\t<div class=\"elementor-posts-container elementor-posts elementor-posts--skin-classic elementor-grid\" role=\"list\">\n\t\t\t\t<article class=\"elementor-post elementor-grid-item post-17120 avvisi type-avvisi status-publish hentry categorie-avvisi-palazzina-caccia-stupinigi\" role=\"listitem\">\n\t\t\t\t<div class=\"elementor-post__text\">\n\t\t\t\t<h3 class=\"elementor-post__title\">\n\t\t\t<a href=\"https:\/\/www.ordinemauriziano.it\/avvisi\/18-e-19-aprile-interruzione-dei-pagamenti-con-carte-a-stupinigi\/\" >\n\t\t\t\t18 e 19 aprile &#8211; Interruzione dei pagamenti con carte a Stupinigi\t\t\t<\/a>\n\t\t<\/h3>\n\t\t\t\t<div class=\"elementor-post__excerpt\">\n\t\t\t<p>A causa di un disservizio del sistema Nexi, nelle giornate di sabato 18 e domenica 19 aprile non sar\u00e0 possibile<\/p>\n\t\t<\/div>\n\t\t\t\t<\/div>\n\t\t\t\t<\/article>\n\t\t\t\t<article class=\"elementor-post elementor-grid-item post-17084 avvisi type-avvisi status-publish hentry categorie-avvisi-palazzina-caccia-stupinigi\" role=\"listitem\">\n\t\t\t\t<div class=\"elementor-post__text\">\n\t\t\t\t<h3 class=\"elementor-post__title\">\n\t\t\t<a href=\"https:\/\/www.ordinemauriziano.it\/avvisi\/allerta-meteo-chiusura-giardino-di-levante\/\" >\n\t\t\t\tAllerta meteo &#8211; Chiusura Giardino di levante\t\t\t<\/a>\n\t\t<\/h3>\n\t\t\t\t<div class=\"elementor-post__excerpt\">\n\t\t\t<p>Viste le condizioni di allerta meteo per venti forti gi\u00e0 in atto, nella giornata di gioved\u00ec 26 marzo e fino<\/p>\n\t\t<\/div>\n\t\t\t\t<\/div>\n\t\t\t\t<\/article>\n\t\t\t\t<\/div>\n\t\t\n\t\t\t\t\t\t<\/div>\n\t\t\t\t<\/div>\n\t\t\t\t<div class=\"elementor-element elementor-element-d576078 animation_type_block sc_fly_static elementor-widget elementor-widget-trx_sc_button\" data-id=\"d576078\" data-element_type=\"widget\" data-e-type=\"widget\" data-widget_type=\"trx_sc_button.default\">\n\t\t\t\t<div class=\"elementor-widget-container\">\n\t\t\t\t\t<div id=\"trx_sc_button_1336393081\"\tclass=\"sc_item_button sc_button_wrap sc_align_right\"><a href=\"#\" class=\"sc_button sc_button_simple sc_button_size_normal sc_button_icon_left color_style_dark\"><span class=\"sc_button_text\"><span class=\"sc_button_title\">Alle Neuigkeiten entdecken<\/span><\/span><!-- \/.sc_button_text --><\/a><!-- \/.sc_button --><\/div><!-- \/.sc_item_button -->\t\t\t\t<\/div>\n\t\t\t\t<\/div>\n\t\t\t\t<div class=\"elementor-element elementor-element-d050e4b animation_type_block sc_fly_static elementor-widget elementor-widget-spacer\" data-id=\"d050e4b\" data-element_type=\"widget\" data-e-type=\"widget\" data-widget_type=\"spacer.default\">\n\t\t\t\t<div class=\"elementor-widget-container\">\n\t\t\t\t\t\t\t<div class=\"elementor-spacer\">\n\t\t\t<div class=\"elementor-spacer-inner\"><\/div>\n\t\t<\/div>\n\t\t\t\t\t\t<\/div>\n\t\t\t\t<\/div>\n\t\t\t\t<\/div>\n\t\t\t\t\t<\/div>\n\t\t\t\t<\/div>\n\t\t<div class=\"elementor-element elementor-element-5068d80 e-flex e-con-boxed e-con e-parent\" data-id=\"5068d80\" data-element_type=\"container\" data-e-type=\"container\" data-settings=\"{&quot;background_background&quot;:&quot;classic&quot;}\">\n\t\t\t\t\t<div class=\"e-con-inner\">\n\t\t<div class=\"elementor-element elementor-element-e2e1dcf e-con-full e-flex e-con e-child\" data-id=\"e2e1dcf\" data-element_type=\"container\" data-e-type=\"container\">\n\t\t\t\t<div class=\"elementor-element elementor-element-ea2738b animation_type_block sc_fly_static elementor-widget elementor-widget-image\" data-id=\"ea2738b\" data-element_type=\"widget\" data-e-type=\"widget\" data-widget_type=\"image.default\">\n\t\t\t\t<div class=\"elementor-widget-container\">\n\t\t\t\t\t\t\t\t\t\t\t\t\t\t\t<img loading=\"lazy\" decoding=\"async\" width=\"380\" height=\"354\" src=\"https:\/\/www.ordinemauriziano.it\/wp-content\/uploads\/2023\/07\/23-fom-sito-web-eventi-famiglie.jpg\" class=\"attachment-large size-large wp-image-13442\" alt=\"Eventi per famiglie\" srcset=\"https:\/\/www.ordinemauriziano.it\/wp-content\/uploads\/2023\/07\/23-fom-sito-web-eventi-famiglie.jpg 380w, https:\/\/www.ordinemauriziano.it\/wp-content\/uploads\/2023\/07\/23-fom-sito-web-eventi-famiglie-300x279.jpg 300w, https:\/\/www.ordinemauriziano.it\/wp-content\/uploads\/2023\/07\/23-fom-sito-web-eventi-famiglie-370x345.jpg 370w\" sizes=\"(max-width: 380px) 100vw, 380px\" \/>\t\t\t\t\t\t\t\t\t\t\t\t\t\t\t<\/div>\n\t\t\t\t<\/div>\n\t\t\t\t<div class=\"elementor-element elementor-element-adc84e4 animation_type_block sc_fly_static elementor-widget elementor-widget-heading\" data-id=\"adc84e4\" data-element_type=\"widget\" data-e-type=\"widget\" data-widget_type=\"heading.default\">\n\t\t\t\t<div class=\"elementor-widget-container\">\n\t\t\t\t\t<h3 class=\"elementor-heading-title elementor-size-default\">Familienveranstaltungen<\/h3>\t\t\t\t<\/div>\n\t\t\t\t<\/div>\n\t\t\t\t<div class=\"elementor-element elementor-element-0f779d4 animation_type_block sc_fly_static elementor-widget elementor-widget-text-editor\" data-id=\"0f779d4\" data-element_type=\"widget\" data-e-type=\"widget\" data-widget_type=\"text-editor.default\">\n\t\t\t\t<div class=\"elementor-widget-container\">\n\t\t\t\t\t\t\t\t\t<section class=\"text-token-text-primary w-full focus:outline-none [--shadow-height:45px] has-data-writing-block:pointer-events-none has-data-writing-block:-mt-(--shadow-height) has-data-writing-block:pt-(--shadow-height) [&amp;:has([data-writing-block])&gt;*]:pointer-events-auto [content-visibility:auto] supports-[content-visibility:auto]:[contain-intrinsic-size:auto_100lvh] R6Vx5W_threadScrollVars scroll-mb-[calc(var(--scroll-root-safe-area-inset-bottom,0px)+var(--thread-response-height))] scroll-mt-[calc(var(--header-height)+min(200px,max(70px,20svh)))]\" dir=\"auto\" data-turn-id=\"request-WEB:4884fbaa-3325-4105-8769-5bd892b1249c-38\" data-testid=\"conversation-turn-78\" data-scroll-anchor=\"false\" data-turn=\"assistant\">\n<div class=\"text-base my-auto mx-auto pb-10 [--thread-content-margin:var(--thread-content-margin-xs,calc(var(--spacing)*4))] @w-sm\/main:[--thread-content-margin:var(--thread-content-margin-sm,calc(var(--spacing)*6))] @w-lg\/main:[--thread-content-margin:var(--thread-content-margin-lg,calc(var(--spacing)*16))] px-(--thread-content-margin)\">\n<div class=\"[--thread-content-max-width:40rem] @w-lg\/main:[--thread-content-max-width:48rem] mx-auto max-w-(--thread-content-max-width) flex-1 group\/turn-messages focus-visible:outline-hidden relative flex w-full min-w-0 flex-col agent-turn\">\n<div class=\"flex max-w-full flex-col gap-4 grow\">\n<div class=\"min-h-8 text-message relative flex w-full flex-col items-end gap-2 text-start break-words whitespace-normal outline-none keyboard-focused:focus-ring [.text-message+&amp;]:mt-1\" dir=\"auto\" tabindex=\"0\" data-message-author-role=\"assistant\" data-message-id=\"dce1e066-987f-4f3d-9638-d5ba52f057fd\" data-message-model-slug=\"gpt-5-3-mini\" data-turn-start-message=\"true\">\n<div class=\"flex w-full flex-col gap-1 empty:hidden\">\n<div class=\"streaming-animation markdown prose dark:prose-invert w-full wrap-break-word light markdown-new-styling\">\n<p data-start=\"221\" data-end=\"330\" data-is-last-node=\"\" data-is-only-node=\"\">Erlebnisse f\u00fcr die ganze Familie mit speziellen Besuchswegen, die f\u00fcr Kinder entwickelt wurden.<\/p>\n<\/div>\n<\/div>\n<\/div>\n<\/div>\n<\/div>\n<\/div>\n<\/section>\n<p><\/p>\n<div class=\"pointer-events-none -mt-px h-px translate-y-[calc(var(--scroll-root-safe-area-inset-bottom)-14*var(--spacing))]\" aria-hidden=\"true\"><\/div>\n\t\t\t\t\t\t\t\t<\/div>\n\t\t\t\t<\/div>\n\t\t\t\t<\/div>\n\t\t<div class=\"elementor-element elementor-element-2226ffe e-con-full e-flex e-con e-child\" data-id=\"2226ffe\" data-element_type=\"container\" data-e-type=\"container\">\n\t\t\t\t<div class=\"elementor-element elementor-element-ea5e3cd animation_type_block sc_fly_static elementor-widget elementor-widget-image\" data-id=\"ea5e3cd\" data-element_type=\"widget\" data-e-type=\"widget\" data-widget_type=\"image.default\">\n\t\t\t\t<div class=\"elementor-widget-container\">\n\t\t\t\t\t\t\t\t\t\t\t\t\t\t\t<img loading=\"lazy\" decoding=\"async\" width=\"380\" height=\"354\" src=\"https:\/\/www.ordinemauriziano.it\/wp-content\/uploads\/2023\/07\/23-fom-sito-web-eventi-culturali.jpg\" class=\"attachment-large size-large wp-image-13441\" alt=\"Visite tematiche\" srcset=\"https:\/\/www.ordinemauriziano.it\/wp-content\/uploads\/2023\/07\/23-fom-sito-web-eventi-culturali.jpg 380w, https:\/\/www.ordinemauriziano.it\/wp-content\/uploads\/2023\/07\/23-fom-sito-web-eventi-culturali-300x279.jpg 300w, https:\/\/www.ordinemauriziano.it\/wp-content\/uploads\/2023\/07\/23-fom-sito-web-eventi-culturali-370x345.jpg 370w\" sizes=\"(max-width: 380px) 100vw, 380px\" \/>\t\t\t\t\t\t\t\t\t\t\t\t\t\t\t<\/div>\n\t\t\t\t<\/div>\n\t\t\t\t<div class=\"elementor-element elementor-element-047b2f6 animation_type_block sc_fly_static elementor-widget elementor-widget-heading\" data-id=\"047b2f6\" data-element_type=\"widget\" data-e-type=\"widget\" data-widget_type=\"heading.default\">\n\t\t\t\t<div class=\"elementor-widget-container\">\n\t\t\t\t\t<h3 class=\"elementor-heading-title elementor-size-default\">Themenf\u00fchrungen<\/h3>\t\t\t\t<\/div>\n\t\t\t\t<\/div>\n\t\t\t\t<div class=\"elementor-element elementor-element-ad4256b animation_type_block sc_fly_static elementor-widget elementor-widget-text-editor\" data-id=\"ad4256b\" data-element_type=\"widget\" data-e-type=\"widget\" data-widget_type=\"text-editor.default\">\n\t\t\t\t<div class=\"elementor-widget-container\">\n\t\t\t\t\t\t\t\t\t<p>Eine Reihe gef\u00fchrter kultureller Besichtigungen, um interessante Aspekte der Palazzina und des h\u00f6fischen Lebens zu vertiefen.<\/p>\n\t\t\t\t\t\t\t\t<\/div>\n\t\t\t\t<\/div>\n\t\t\t\t<\/div>\n\t\t<div class=\"elementor-element elementor-element-11e57f4 e-con-full e-flex e-con e-child\" data-id=\"11e57f4\" data-element_type=\"container\" data-e-type=\"container\">\n\t\t\t\t<div class=\"elementor-element elementor-element-38a3ca6 animation_type_block sc_fly_static elementor-widget elementor-widget-image\" data-id=\"38a3ca6\" data-element_type=\"widget\" data-e-type=\"widget\" data-widget_type=\"image.default\">\n\t\t\t\t<div class=\"elementor-widget-container\">\n\t\t\t\t\t\t\t\t\t\t\t\t\t\t\t<img loading=\"lazy\" decoding=\"async\" width=\"380\" height=\"354\" src=\"https:\/\/www.ordinemauriziano.it\/wp-content\/uploads\/2023\/07\/23-fom-sito-web-eventi-scuole.jpg\" class=\"attachment-large size-large wp-image-13440\" alt=\"Attivit\u00e0 per le scuole\" srcset=\"https:\/\/www.ordinemauriziano.it\/wp-content\/uploads\/2023\/07\/23-fom-sito-web-eventi-scuole.jpg 380w, https:\/\/www.ordinemauriziano.it\/wp-content\/uploads\/2023\/07\/23-fom-sito-web-eventi-scuole-300x279.jpg 300w, https:\/\/www.ordinemauriziano.it\/wp-content\/uploads\/2023\/07\/23-fom-sito-web-eventi-scuole-370x345.jpg 370w\" sizes=\"(max-width: 380px) 100vw, 380px\" \/>\t\t\t\t\t\t\t\t\t\t\t\t\t\t\t<\/div>\n\t\t\t\t<\/div>\n\t\t\t\t<div class=\"elementor-element elementor-element-4319cd0 animation_type_block sc_fly_static elementor-widget elementor-widget-heading\" data-id=\"4319cd0\" data-element_type=\"widget\" data-e-type=\"widget\" data-widget_type=\"heading.default\">\n\t\t\t\t<div class=\"elementor-widget-container\">\n\t\t\t\t\t<h3 class=\"elementor-heading-title elementor-size-default\">Schulaktivit\u00e4ten<\/h3>\t\t\t\t<\/div>\n\t\t\t\t<\/div>\n\t\t\t\t<div class=\"elementor-element elementor-element-e163c8a animation_type_block sc_fly_static elementor-widget elementor-widget-text-editor\" data-id=\"e163c8a\" data-element_type=\"widget\" data-e-type=\"widget\" data-widget_type=\"text-editor.default\">\n\t\t\t\t<div class=\"elementor-widget-container\">\n\t\t\t\t\t\t\t\t\t<p>Schulausfl\u00fcge und speziell entwickelte Lernwege, um Geschichte auf originelle und unterhaltsame Weise zu lernen.<\/p>\n\t\t\t\t\t\t\t\t<\/div>\n\t\t\t\t<\/div>\n\t\t\t\t<\/div>\n\t\t\t\t\t<\/div>\n\t\t\t\t<\/div>\n\t\t<div class=\"elementor-element elementor-element-b433b3e e-con-full e-flex e-con e-parent\" data-id=\"b433b3e\" data-element_type=\"container\" data-e-type=\"container\" data-settings=\"{&quot;background_background&quot;:&quot;classic&quot;}\">\n\t\t<div class=\"elementor-element elementor-element-d203c25 e-con-full e-flex e-con e-child\" data-id=\"d203c25\" data-element_type=\"container\" data-e-type=\"container\">\n\t\t\t\t<div class=\"elementor-element elementor-element-d837417 animation_type_block sc_fly_static elementor-widget elementor-widget-google_maps\" data-id=\"d837417\" data-element_type=\"widget\" data-e-type=\"widget\" data-widget_type=\"google_maps.default\">\n\t\t\t\t<div class=\"elementor-widget-container\">\n\t\t\t\t\t\t\t<div class=\"elementor-custom-embed\">\n\t\t\t<iframe loading=\"lazy\"\n\t\t\t\t\tsrc=\"https:\/\/maps.google.com\/maps?q=Palazzina%20di%20Caccia%20di%20Stupinigi&#038;t=m&#038;z=15&#038;output=embed&#038;iwloc=near\"\n\t\t\t\t\ttitle=\"Palazzina di Caccia di Stupinigi\"\n\t\t\t\t\taria-label=\"Palazzina di Caccia di Stupinigi\"\n\t\t\t><\/iframe>\n\t\t<\/div>\n\t\t\t\t\t\t<\/div>\n\t\t\t\t<\/div>\n\t\t\t\t<\/div>\n\t\t<div class=\"elementor-element elementor-element-843e83c e-con-full e-flex e-con e-child\" data-id=\"843e83c\" data-element_type=\"container\" data-e-type=\"container\">\n\t\t\t\t<div class=\"elementor-element elementor-element-ebd3339 animation_type_block sc_fly_static elementor-widget elementor-widget-heading\" data-id=\"ebd3339\" data-element_type=\"widget\" data-e-type=\"widget\" data-widget_type=\"heading.default\">\n\t\t\t\t<div class=\"elementor-widget-container\">\n\t\t\t\t\t<h2 class=\"elementor-heading-title elementor-size-default\">Infos und Kontakte<\/h2>\t\t\t\t<\/div>\n\t\t\t\t<\/div>\n\t\t\t\t<div class=\"elementor-element elementor-element-6580f93 animation_type_block sc_fly_static elementor-widget elementor-widget-text-editor\" data-id=\"6580f93\" data-element_type=\"widget\" data-e-type=\"widget\" data-widget_type=\"text-editor.default\">\n\t\t\t\t<div class=\"elementor-widget-container\">\n\t\t\t\t\t\t\t\t\t<p><strong>Piazza Principe Amedeo, 7<\/strong><br \/><strong>10042 Stupinigi &#8211; Nichelino (TO)<\/strong><\/p>\n<p>tel. +39 011 6200601<br \/>stupinigi@biglietteria.ordinemauriziano.it<\/p>\n\t\t\t\t\t\t\t\t<\/div>\n\t\t\t\t<\/div>\n\t\t\t\t<\/div>\n\t\t\t\t<\/div>\n\t\t\t\t<\/div>\n\t\t","protected":false},"excerpt":{"rendered":"<p>Besuchszeiten Dienstag bis Freitag10:00 \u2013 17:30 Uhr (letzter Einlass um 17:00 Uhr) Samstag, Sonntag und Feiertage10:00 \u2013 18:30 Uhr (letzter Einlass um 18:00 Uhr) Montags geschlossen Der letzte Einlass erfolgt immer 30 Minuten vor Schlie\u00dfung.Zwischen 12:00 und 13:00 Uhr kann der Ticketverkauf vor\u00fcbergehend ausgesetzt sein.&hellip;<\/p>\n","protected":false},"author":1,"featured_media":15729,"parent":13434,"menu_order":0,"comment_status":"closed","ping_status":"closed","template":"","meta":{"give_campaign_id":0,"footnotes":""},"class_list":["post-13452","page","type-page","status-publish","has-post-thumbnail","hentry"],"yoast_head":"<!-- This site is optimized with the Yoast SEO plugin v27.2 - https:\/\/yoast.com\/product\/yoast-seo-wordpress\/ -->\n<title>Stupinigi besuchen: \u00d6ffnungszeiten und Informationen - Fondazione Ordine Mauriziano<\/title>\n<meta name=\"description\" content=\"Besuchszeiten Dienstag bis Freitag10:00 \u2013 17:30 Uhr (letzter Einlass um 17:00 Uhr) Samstag, Sonntag und Feiertage10:00 \u2013 18:30 Uhr (letzter Einlass um - Fondazione Ordine Mauriziano\" \/>\n<meta name=\"robots\" content=\"index, follow, max-snippet:-1, max-image-preview:large, max-video-preview:-1\" \/>\n<link rel=\"canonical\" href=\"https:\/\/www.ordinemauriziano.it\/de\/palazzina-di-caccia-di-stupinigi\/besuchen-sie-stupinigi\/\" \/>\n<meta property=\"og:locale\" content=\"de_DE\" \/>\n<meta property=\"og:type\" content=\"article\" \/>\n<meta property=\"og:title\" content=\"Stupinigi besuchen: \u00d6ffnungszeiten und Informationen - Fondazione Ordine Mauriziano\" \/>\n<meta property=\"og:description\" content=\"Besuchszeiten Dienstag bis Freitag10:00 \u2013 17:30 Uhr (letzter Einlass um 17:00 Uhr) Samstag, Sonntag und Feiertage10:00 \u2013 18:30 Uhr (letzter Einlass um - Fondazione Ordine Mauriziano\" \/>\n<meta property=\"og:url\" content=\"https:\/\/www.ordinemauriziano.it\/de\/palazzina-di-caccia-di-stupinigi\/besuchen-sie-stupinigi\/\" \/>\n<meta property=\"og:site_name\" content=\"Fondazione Ordine Mauriziano\" \/>\n<meta property=\"article:publisher\" content=\"https:\/\/www.facebook.com\/PalazzinaStupinigi.Mauriziano\" \/>\n<meta property=\"article:modified_time\" content=\"2026-04-28T08:52:56+00:00\" \/>\n<meta property=\"og:image\" content=\"https:\/\/www.ordinemauriziano.it\/wp-content\/uploads\/2023\/06\/hero-image-palazzina-di-caccia-di-stupinigi-1024x433.png\" \/>\n\t<meta property=\"og:image:width\" content=\"1024\" \/>\n\t<meta property=\"og:image:height\" content=\"433\" \/>\n\t<meta property=\"og:image:type\" content=\"image\/png\" \/>\n<script type=\"application\/ld+json\" class=\"yoast-schema-graph\">{\"@context\":\"https:\/\/schema.org\",\"@graph\":[{\"@type\":\"WebPage\",\"@id\":\"https:\/\/www.ordinemauriziano.it\/de\/palazzina-di-caccia-di-stupinigi\/besuchen-sie-stupinigi\/\",\"url\":\"https:\/\/www.ordinemauriziano.it\/de\/palazzina-di-caccia-di-stupinigi\/besuchen-sie-stupinigi\/\",\"name\":\"Stupinigi besuchen: \u00d6ffnungszeiten und Informationen - Fondazione Ordine Mauriziano\",\"isPartOf\":{\"@id\":\"https:\/\/www.ordinemauriziano.it\/de\/#website\"},\"primaryImageOfPage\":{\"@id\":\"https:\/\/www.ordinemauriziano.it\/de\/palazzina-di-caccia-di-stupinigi\/besuchen-sie-stupinigi\/#primaryimage\"},\"image\":{\"@id\":\"https:\/\/www.ordinemauriziano.it\/de\/palazzina-di-caccia-di-stupinigi\/besuchen-sie-stupinigi\/#primaryimage\"},\"thumbnailUrl\":\"https:\/\/www.ordinemauriziano.it\/wp-content\/uploads\/2023\/06\/hero-image-palazzina-di-caccia-di-stupinigi.png\",\"datePublished\":\"2024-05-03T07:50:41+00:00\",\"dateModified\":\"2026-04-28T08:52:56+00:00\",\"description\":\"Besuchszeiten Dienstag bis Freitag10:00 \u2013 17:30 Uhr (letzter Einlass um 17:00 Uhr) Samstag, Sonntag und Feiertage10:00 \u2013 18:30 Uhr (letzter Einlass um - Fondazione Ordine Mauriziano\",\"breadcrumb\":{\"@id\":\"https:\/\/www.ordinemauriziano.it\/de\/palazzina-di-caccia-di-stupinigi\/besuchen-sie-stupinigi\/#breadcrumb\"},\"inLanguage\":\"de\",\"potentialAction\":[{\"@type\":\"ReadAction\",\"target\":[\"https:\/\/www.ordinemauriziano.it\/de\/palazzina-di-caccia-di-stupinigi\/besuchen-sie-stupinigi\/\"]}]},{\"@type\":\"ImageObject\",\"inLanguage\":\"de\",\"@id\":\"https:\/\/www.ordinemauriziano.it\/de\/palazzina-di-caccia-di-stupinigi\/besuchen-sie-stupinigi\/#primaryimage\",\"url\":\"https:\/\/www.ordinemauriziano.it\/wp-content\/uploads\/2023\/06\/hero-image-palazzina-di-caccia-di-stupinigi.png\",\"contentUrl\":\"https:\/\/www.ordinemauriziano.it\/wp-content\/uploads\/2023\/06\/hero-image-palazzina-di-caccia-di-stupinigi.png\",\"width\":1920,\"height\":811},{\"@type\":\"BreadcrumbList\",\"@id\":\"https:\/\/www.ordinemauriziano.it\/de\/palazzina-di-caccia-di-stupinigi\/besuchen-sie-stupinigi\/#breadcrumb\",\"itemListElement\":[{\"@type\":\"ListItem\",\"position\":1,\"name\":\"Home\",\"item\":\"https:\/\/www.ordinemauriziano.it\/de\/\"},{\"@type\":\"ListItem\",\"position\":2,\"name\":\"Palazzina di Caccia di Stupinigi (Stupinigi Jagdhaus)\",\"item\":\"https:\/\/www.ordinemauriziano.it\/de\/palazzina-di-caccia-di-stupinigi\/\"},{\"@type\":\"ListItem\",\"position\":3,\"name\":\"Stupinigi besuchen: \u00d6ffnungszeiten und Informationen\"}]},{\"@type\":\"WebSite\",\"@id\":\"https:\/\/www.ordinemauriziano.it\/de\/#website\",\"url\":\"https:\/\/www.ordinemauriziano.it\/de\/\",\"name\":\"Fondazione Ordine Mauriziano\",\"description\":\"\",\"publisher\":{\"@id\":\"https:\/\/www.ordinemauriziano.it\/de\/#organization\"},\"potentialAction\":[{\"@type\":\"SearchAction\",\"target\":{\"@type\":\"EntryPoint\",\"urlTemplate\":\"https:\/\/www.ordinemauriziano.it\/de\/?s={search_term_string}\"},\"query-input\":{\"@type\":\"PropertyValueSpecification\",\"valueRequired\":true,\"valueName\":\"search_term_string\"}}],\"inLanguage\":\"de\"},{\"@type\":\"Organization\",\"@id\":\"https:\/\/www.ordinemauriziano.it\/de\/#organization\",\"name\":\"Fondazione Torino Musei\",\"url\":\"https:\/\/www.ordinemauriziano.it\/de\/\",\"logo\":{\"@type\":\"ImageObject\",\"inLanguage\":\"de\",\"@id\":\"https:\/\/www.ordinemauriziano.it\/de\/#\/schema\/logo\/image\/\",\"url\":\"https:\/\/www.ordinemauriziano.it\/wp-content\/uploads\/2022\/05\/Fondazione-Ordine-Mauriziano.png\",\"contentUrl\":\"https:\/\/www.ordinemauriziano.it\/wp-content\/uploads\/2022\/05\/Fondazione-Ordine-Mauriziano.png\",\"width\":233,\"height\":76,\"caption\":\"Fondazione Torino Musei\"},\"image\":{\"@id\":\"https:\/\/www.ordinemauriziano.it\/de\/#\/schema\/logo\/image\/\"},\"sameAs\":[\"https:\/\/www.facebook.com\/PalazzinaStupinigi.Mauriziano\",\"https:\/\/x.com\/Stupinigi_OM\",\"https:\/\/www.youtube.com\/user\/stupinigimauriziano\"]}]}<\/script>\n<!-- \/ Yoast SEO plugin. -->","yoast_head_json":{"title":"Stupinigi besuchen: \u00d6ffnungszeiten und Informationen - Fondazione Ordine Mauriziano","description":"Besuchszeiten Dienstag bis Freitag10:00 \u2013 17:30 Uhr (letzter Einlass um 17:00 Uhr) Samstag, Sonntag und Feiertage10:00 \u2013 18:30 Uhr (letzter Einlass um - Fondazione Ordine Mauriziano","robots":{"index":"index","follow":"follow","max-snippet":"max-snippet:-1","max-image-preview":"max-image-preview:large","max-video-preview":"max-video-preview:-1"},"canonical":"https:\/\/www.ordinemauriziano.it\/de\/palazzina-di-caccia-di-stupinigi\/besuchen-sie-stupinigi\/","og_locale":"de_DE","og_type":"article","og_title":"Stupinigi besuchen: \u00d6ffnungszeiten und Informationen - Fondazione Ordine Mauriziano","og_description":"Besuchszeiten Dienstag bis Freitag10:00 \u2013 17:30 Uhr (letzter Einlass um 17:00 Uhr) Samstag, Sonntag und Feiertage10:00 \u2013 18:30 Uhr (letzter Einlass um - Fondazione Ordine Mauriziano","og_url":"https:\/\/www.ordinemauriziano.it\/de\/palazzina-di-caccia-di-stupinigi\/besuchen-sie-stupinigi\/","og_site_name":"Fondazione Ordine Mauriziano","article_publisher":"https:\/\/www.facebook.com\/PalazzinaStupinigi.Mauriziano","article_modified_time":"2026-04-28T08:52:56+00:00","og_image":[{"width":1024,"height":433,"url":"https:\/\/www.ordinemauriziano.it\/wp-content\/uploads\/2023\/06\/hero-image-palazzina-di-caccia-di-stupinigi-1024x433.png","type":"image\/png"}],"schema":{"@context":"https:\/\/schema.org","@graph":[{"@type":"WebPage","@id":"https:\/\/www.ordinemauriziano.it\/de\/palazzina-di-caccia-di-stupinigi\/besuchen-sie-stupinigi\/","url":"https:\/\/www.ordinemauriziano.it\/de\/palazzina-di-caccia-di-stupinigi\/besuchen-sie-stupinigi\/","name":"Stupinigi besuchen: \u00d6ffnungszeiten und Informationen - Fondazione Ordine Mauriziano","isPartOf":{"@id":"https:\/\/www.ordinemauriziano.it\/de\/#website"},"primaryImageOfPage":{"@id":"https:\/\/www.ordinemauriziano.it\/de\/palazzina-di-caccia-di-stupinigi\/besuchen-sie-stupinigi\/#primaryimage"},"image":{"@id":"https:\/\/www.ordinemauriziano.it\/de\/palazzina-di-caccia-di-stupinigi\/besuchen-sie-stupinigi\/#primaryimage"},"thumbnailUrl":"https:\/\/www.ordinemauriziano.it\/wp-content\/uploads\/2023\/06\/hero-image-palazzina-di-caccia-di-stupinigi.png","datePublished":"2024-05-03T07:50:41+00:00","dateModified":"2026-04-28T08:52:56+00:00","description":"Besuchszeiten Dienstag bis Freitag10:00 \u2013 17:30 Uhr (letzter Einlass um 17:00 Uhr) Samstag, Sonntag und Feiertage10:00 \u2013 18:30 Uhr (letzter Einlass um - Fondazione Ordine Mauriziano","breadcrumb":{"@id":"https:\/\/www.ordinemauriziano.it\/de\/palazzina-di-caccia-di-stupinigi\/besuchen-sie-stupinigi\/#breadcrumb"},"inLanguage":"de","potentialAction":[{"@type":"ReadAction","target":["https:\/\/www.ordinemauriziano.it\/de\/palazzina-di-caccia-di-stupinigi\/besuchen-sie-stupinigi\/"]}]},{"@type":"ImageObject","inLanguage":"de","@id":"https:\/\/www.ordinemauriziano.it\/de\/palazzina-di-caccia-di-stupinigi\/besuchen-sie-stupinigi\/#primaryimage","url":"https:\/\/www.ordinemauriziano.it\/wp-content\/uploads\/2023\/06\/hero-image-palazzina-di-caccia-di-stupinigi.png","contentUrl":"https:\/\/www.ordinemauriziano.it\/wp-content\/uploads\/2023\/06\/hero-image-palazzina-di-caccia-di-stupinigi.png","width":1920,"height":811},{"@type":"BreadcrumbList","@id":"https:\/\/www.ordinemauriziano.it\/de\/palazzina-di-caccia-di-stupinigi\/besuchen-sie-stupinigi\/#breadcrumb","itemListElement":[{"@type":"ListItem","position":1,"name":"Home","item":"https:\/\/www.ordinemauriziano.it\/de\/"},{"@type":"ListItem","position":2,"name":"Palazzina di Caccia di Stupinigi (Stupinigi Jagdhaus)","item":"https:\/\/www.ordinemauriziano.it\/de\/palazzina-di-caccia-di-stupinigi\/"},{"@type":"ListItem","position":3,"name":"Stupinigi besuchen: \u00d6ffnungszeiten und Informationen"}]},{"@type":"WebSite","@id":"https:\/\/www.ordinemauriziano.it\/de\/#website","url":"https:\/\/www.ordinemauriziano.it\/de\/","name":"Fondazione Ordine Mauriziano","description":"","publisher":{"@id":"https:\/\/www.ordinemauriziano.it\/de\/#organization"},"potentialAction":[{"@type":"SearchAction","target":{"@type":"EntryPoint","urlTemplate":"https:\/\/www.ordinemauriziano.it\/de\/?s={search_term_string}"},"query-input":{"@type":"PropertyValueSpecification","valueRequired":true,"valueName":"search_term_string"}}],"inLanguage":"de"},{"@type":"Organization","@id":"https:\/\/www.ordinemauriziano.it\/de\/#organization","name":"Fondazione Torino Musei","url":"https:\/\/www.ordinemauriziano.it\/de\/","logo":{"@type":"ImageObject","inLanguage":"de","@id":"https:\/\/www.ordinemauriziano.it\/de\/#\/schema\/logo\/image\/","url":"https:\/\/www.ordinemauriziano.it\/wp-content\/uploads\/2022\/05\/Fondazione-Ordine-Mauriziano.png","contentUrl":"https:\/\/www.ordinemauriziano.it\/wp-content\/uploads\/2022\/05\/Fondazione-Ordine-Mauriziano.png","width":233,"height":76,"caption":"Fondazione Torino Musei"},"image":{"@id":"https:\/\/www.ordinemauriziano.it\/de\/#\/schema\/logo\/image\/"},"sameAs":["https:\/\/www.facebook.com\/PalazzinaStupinigi.Mauriziano","https:\/\/x.com\/Stupinigi_OM","https:\/\/www.youtube.com\/user\/stupinigimauriziano"]}]}},"campaignId":"","_links":{"self":[{"href":"https:\/\/www.ordinemauriziano.it\/de\/wp-json\/wp\/v2\/pages\/13452","targetHints":{"allow":["GET"]}}],"collection":[{"href":"https:\/\/www.ordinemauriziano.it\/de\/wp-json\/wp\/v2\/pages"}],"about":[{"href":"https:\/\/www.ordinemauriziano.it\/de\/wp-json\/wp\/v2\/types\/page"}],"author":[{"embeddable":true,"href":"https:\/\/www.ordinemauriziano.it\/de\/wp-json\/wp\/v2\/users\/1"}],"replies":[{"embeddable":true,"href":"https:\/\/www.ordinemauriziano.it\/de\/wp-json\/wp\/v2\/comments?post=13452"}],"version-history":[{"count":41,"href":"https:\/\/www.ordinemauriziano.it\/de\/wp-json\/wp\/v2\/pages\/13452\/revisions"}],"predecessor-version":[{"id":17207,"href":"https:\/\/www.ordinemauriziano.it\/de\/wp-json\/wp\/v2\/pages\/13452\/revisions\/17207"}],"up":[{"embeddable":true,"href":"https:\/\/www.ordinemauriziano.it\/de\/wp-json\/wp\/v2\/pages\/13434"}],"wp:featuredmedia":[{"embeddable":true,"href":"https:\/\/www.ordinemauriziano.it\/de\/wp-json\/wp\/v2\/media\/15729"}],"wp:attachment":[{"href":"https:\/\/www.ordinemauriziano.it\/de\/wp-json\/wp\/v2\/media?parent=13452"}],"curies":[{"name":"wp","href":"https:\/\/api.w.org\/{rel}","templated":true}]}}