{"id":13488,"date":"2024-05-03T10:30:04","date_gmt":"2024-05-03T08:30:04","guid":{"rendered":"https:\/\/www.ordinemauriziano.it\/?page_id=13488"},"modified":"2024-05-03T11:07:19","modified_gmt":"2024-05-03T09:07:19","slug":"stiftung-des-mauritischen-ordens","status":"publish","type":"page","link":"https:\/\/www.ordinemauriziano.it\/de\/","title":{"rendered":"STIFTUNG DES MAURITISCHEN ORDENS"},"content":{"rendered":"\t\t<div data-elementor-type=\"wp-page\" data-elementor-id=\"13488\" class=\"elementor elementor-13488 elementor-7\" data-elementor-post-type=\"page\">\n\t\t\t\t<div class=\"elementor-element elementor-element-de62a2b e-flex e-con-boxed e-con e-parent\" data-id=\"de62a2b\" data-element_type=\"container\" data-e-type=\"container\" data-settings=\"{&quot;background_background&quot;:&quot;classic&quot;}\">\n\t\t\t\t\t<div class=\"e-con-inner\">\n\t\t<div class=\"elementor-element elementor-element-de7ca11 e-con-full e-flex e-con e-child\" data-id=\"de7ca11\" data-element_type=\"container\" data-e-type=\"container\">\n\t\t\t\t<div class=\"elementor-element elementor-element-cdbcba6 elementor-widget__width-inherit animation_type_block sc_fly_static elementor-widget elementor-widget-image\" data-id=\"cdbcba6\" data-element_type=\"widget\" data-e-type=\"widget\" data-widget_type=\"image.default\">\n\t\t\t\t<div class=\"elementor-widget-container\">\n\t\t\t\t\t\t\t\t\t\t\t\t\t\t\t<img fetchpriority=\"high\" decoding=\"async\" width=\"768\" height=\"185\" src=\"https:\/\/www.ordinemauriziano.it\/wp-content\/uploads\/2023\/07\/23-fom-fondazione-ordine-mauriziano-logo-principale-orizzontale-768x185.png\" class=\"attachment-medium_large size-medium_large wp-image-16926\" alt=\"Logo completo di Fondazione Ordine Mauriziano\" srcset=\"https:\/\/www.ordinemauriziano.it\/wp-content\/uploads\/2023\/07\/23-fom-fondazione-ordine-mauriziano-logo-principale-orizzontale-768x185.png 768w, https:\/\/www.ordinemauriziano.it\/wp-content\/uploads\/2023\/07\/23-fom-fondazione-ordine-mauriziano-logo-principale-orizzontale-300x72.png 300w, https:\/\/www.ordinemauriziano.it\/wp-content\/uploads\/2023\/07\/23-fom-fondazione-ordine-mauriziano-logo-principale-orizzontale-1024x247.png 1024w, https:\/\/www.ordinemauriziano.it\/wp-content\/uploads\/2023\/07\/23-fom-fondazione-ordine-mauriziano-logo-principale-orizzontale-1536x370.png 1536w, https:\/\/www.ordinemauriziano.it\/wp-content\/uploads\/2023\/07\/23-fom-fondazione-ordine-mauriziano-logo-principale-orizzontale-370x89.png 370w, https:\/\/www.ordinemauriziano.it\/wp-content\/uploads\/2023\/07\/23-fom-fondazione-ordine-mauriziano-logo-principale-orizzontale-770x186.png 770w, https:\/\/www.ordinemauriziano.it\/wp-content\/uploads\/2023\/07\/23-fom-fondazione-ordine-mauriziano-logo-principale-orizzontale-600x145.png 600w, https:\/\/www.ordinemauriziano.it\/wp-content\/uploads\/2023\/07\/23-fom-fondazione-ordine-mauriziano-logo-principale-orizzontale.png 1920w\" sizes=\"(max-width: 768px) 100vw, 768px\" \/>\t\t\t\t\t\t\t\t\t\t\t\t\t\t\t<\/div>\n\t\t\t\t<\/div>\n\t\t\t\t<div class=\"elementor-element elementor-element-00c2360 animation_type_block sc_fly_static elementor-widget elementor-widget-heading\" data-id=\"00c2360\" data-element_type=\"widget\" data-e-type=\"widget\" data-widget_type=\"heading.default\">\n\t\t\t\t<div class=\"elementor-widget-container\">\n\t\t\t\t\t<h2 class=\"elementor-heading-title elementor-size-default\">Seit 1572 H\u00fcterin der Kultur und Sch\u00f6nheit.<\/h2>\t\t\t\t<\/div>\n\t\t\t\t<\/div>\n\t\t\t\t<div class=\"elementor-element elementor-element-9f89608 animation_type_block sc_fly_static elementor-widget elementor-widget-text-editor\" data-id=\"9f89608\" data-element_type=\"widget\" data-e-type=\"widget\" data-widget_type=\"text-editor.default\">\n\t\t\t\t<div class=\"elementor-widget-container\">\n\t\t\t\t\t\t\t\t\t<p>Die Fondazione Ordine Mauriziano (auch als Stiftung des mauritischen Ordens bekannt ) in Turin befasst sich mit der <strong>Erhaltung und Aufwertung des mauritischen Kulturerbes:<\/strong> eine Sammlung von Denkm\u00e4lern, Gottesh\u00e4usern, Archiven, Dokumenten, Zeugnisse und immateriellen Verm\u00f6genswerten, die die Geschichte Italiens im Laufe der Jahrhunderte erz\u00e4hlen.<\/p>\t\t\t\t\t\t\t\t<\/div>\n\t\t\t\t<\/div>\n\t\t\t\t<div class=\"elementor-element elementor-element-5bbeacc animation_type_block sc_fly_static elementor-widget elementor-widget-image-carousel\" data-id=\"5bbeacc\" data-element_type=\"widget\" data-e-type=\"widget\" data-settings=\"{&quot;slides_to_show&quot;:&quot;5&quot;,&quot;navigation&quot;:&quot;none&quot;,&quot;autoplay&quot;:&quot;yes&quot;,&quot;pause_on_hover&quot;:&quot;yes&quot;,&quot;pause_on_interaction&quot;:&quot;yes&quot;,&quot;autoplay_speed&quot;:5000,&quot;infinite&quot;:&quot;yes&quot;,&quot;speed&quot;:500}\" data-widget_type=\"image-carousel.default\">\n\t\t\t\t<div class=\"elementor-widget-container\">\n\t\t\t\t\t\t\t<div class=\"elementor-image-carousel-wrapper swiper\" role=\"region\" aria-roledescription=\"carousel\" aria-label=\"Bild Karussell\" dir=\"ltr\">\n\t\t\t<div class=\"elementor-image-carousel swiper-wrapper\" aria-live=\"off\">\n\t\t\t\t\t\t\t\t<div class=\"swiper-slide\" role=\"group\" aria-roledescription=\"slide\" aria-label=\"1 von 12\"><figure class=\"swiper-slide-inner\"><img decoding=\"async\" class=\"swiper-slide-image\" src=\"https:\/\/www.ordinemauriziano.it\/wp-content\/uploads\/2023\/09\/23-fom-ranverso-foto-10-300x300.jpg\" alt=\"Foto dell&#039;abbazia di ranverso vista frontale\" \/><\/figure><\/div><div class=\"swiper-slide\" role=\"group\" aria-roledescription=\"slide\" aria-label=\"2 von 12\"><figure class=\"swiper-slide-inner\"><img decoding=\"async\" class=\"swiper-slide-image\" src=\"https:\/\/www.ordinemauriziano.it\/wp-content\/uploads\/2023\/09\/23-fom-ranverso-foto-11-300x300.jpg\" alt=\"Dettaglio foto tetto ranverso\" \/><\/figure><\/div><div class=\"swiper-slide\" role=\"group\" aria-roledescription=\"slide\" aria-label=\"3 von 12\"><figure class=\"swiper-slide-inner\"><img decoding=\"async\" class=\"swiper-slide-image\" src=\"https:\/\/www.ordinemauriziano.it\/wp-content\/uploads\/2023\/09\/23-fom-ranverso-foto-12-300x300.jpg\" alt=\"Foto di Ranverso innevata\" \/><\/figure><\/div><div class=\"swiper-slide\" role=\"group\" aria-roledescription=\"slide\" aria-label=\"4 von 12\"><figure class=\"swiper-slide-inner\"><img decoding=\"async\" class=\"swiper-slide-image\" src=\"https:\/\/www.ordinemauriziano.it\/wp-content\/uploads\/2023\/09\/23-fom-staffarda-foto-7-300x300.jpg\" alt=\"Foto laterale di Staffarda\" \/><\/figure><\/div><div class=\"swiper-slide\" role=\"group\" aria-roledescription=\"slide\" aria-label=\"5 von 12\"><figure class=\"swiper-slide-inner\"><img decoding=\"async\" class=\"swiper-slide-image\" src=\"https:\/\/www.ordinemauriziano.it\/wp-content\/uploads\/2023\/09\/23-fom-staffarda-foto-8-300x300.jpg\" alt=\"Foto cortile interno di Staffarda\" \/><\/figure><\/div><div class=\"swiper-slide\" role=\"group\" aria-roledescription=\"slide\" aria-label=\"6 von 12\"><figure class=\"swiper-slide-inner\"><img decoding=\"async\" class=\"swiper-slide-image\" src=\"https:\/\/www.ordinemauriziano.it\/wp-content\/uploads\/2023\/09\/23-fom-staffarda-foto-9-300x300.jpg\" alt=\"Dettaglio arcate di Staffarda\" \/><\/figure><\/div><div class=\"swiper-slide\" role=\"group\" aria-roledescription=\"slide\" aria-label=\"7 von 12\"><figure class=\"swiper-slide-inner\"><img decoding=\"async\" class=\"swiper-slide-image\" src=\"https:\/\/www.ordinemauriziano.it\/wp-content\/uploads\/2023\/09\/23-fom-stupinigi-foto-1-300x300.jpg\" alt=\"Vista frontale Palazzina di Caccia di Stupinigi\" \/><\/figure><\/div><div class=\"swiper-slide\" role=\"group\" aria-roledescription=\"slide\" aria-label=\"8 von 12\"><figure class=\"swiper-slide-inner\"><img decoding=\"async\" class=\"swiper-slide-image\" src=\"https:\/\/www.ordinemauriziano.it\/wp-content\/uploads\/2023\/09\/23-fom-stupinigi-foto-2-300x300.jpg\" alt=\"Vista aerea della Palazzina ritratta dal parco\" \/><\/figure><\/div><div class=\"swiper-slide\" role=\"group\" aria-roledescription=\"slide\" aria-label=\"9 von 12\"><figure class=\"swiper-slide-inner\"><img decoding=\"async\" class=\"swiper-slide-image\" src=\"https:\/\/www.ordinemauriziano.it\/wp-content\/uploads\/2023\/09\/23-fom-stupinigi-foto-3-300x300.jpg\" alt=\"Vista Aerea della Palazzina di Caccia di Stupinigi\" \/><\/figure><\/div><div class=\"swiper-slide\" role=\"group\" aria-roledescription=\"slide\" aria-label=\"10 von 12\"><figure class=\"swiper-slide-inner\"><img decoding=\"async\" class=\"swiper-slide-image\" src=\"https:\/\/www.ordinemauriziano.it\/wp-content\/uploads\/2023\/09\/23-fom-stupinigi-foto-4-300x300.jpg\" alt=\"Dettaglio vista frontale della Palazzina\" \/><\/figure><\/div><div class=\"swiper-slide\" role=\"group\" aria-roledescription=\"slide\" aria-label=\"11 von 12\"><figure class=\"swiper-slide-inner\"><img decoding=\"async\" class=\"swiper-slide-image\" src=\"https:\/\/www.ordinemauriziano.it\/wp-content\/uploads\/2023\/09\/23-fom-stupinigi-foto-5-300x300.jpg\" alt=\"Vista aerea della Palazzina di Caccia frontale\" \/><\/figure><\/div><div class=\"swiper-slide\" role=\"group\" aria-roledescription=\"slide\" aria-label=\"12 von 12\"><figure class=\"swiper-slide-inner\"><img decoding=\"async\" class=\"swiper-slide-image\" src=\"https:\/\/www.ordinemauriziano.it\/wp-content\/uploads\/2023\/09\/23-fom-stupinigi-foto-6-300x300.jpg\" alt=\"Vista notturna della palazzina di caccia\" \/><\/figure><\/div>\t\t\t<\/div>\n\t\t\t\t\t\t\t\n\t\t\t\t\t\t\t\t\t<\/div>\n\t\t\t\t\t\t<\/div>\n\t\t\t\t<\/div>\n\t\t\t\t<div class=\"elementor-element elementor-element-8970d82 elementor-widget__width-inherit animation_type_block sc_fly_static elementor-widget elementor-widget-heading\" data-id=\"8970d82\" data-element_type=\"widget\" data-e-type=\"widget\" data-widget_type=\"heading.default\">\n\t\t\t\t<div class=\"elementor-widget-container\">\n\t\t\t\t\t<h3 class=\"elementor-heading-title elementor-size-default\">Entdecken Sie das k\u00fcnstlerische Erbe der Fondazione Ordine Mauriziano<\/h3>\t\t\t\t<\/div>\n\t\t\t\t<\/div>\n\t\t<div class=\"elementor-element elementor-element-4374de8 e-con-full e-flex e-con e-child\" data-id=\"4374de8\" data-element_type=\"container\" data-e-type=\"container\">\n\t\t\t\t<div class=\"elementor-element elementor-element-4857130 e-transform animation_type_block sc_fly_static elementor-widget elementor-widget-image\" data-id=\"4857130\" data-element_type=\"widget\" data-e-type=\"widget\" data-settings=\"{&quot;_transform_scale_effect_hover&quot;:{&quot;unit&quot;:&quot;px&quot;,&quot;size&quot;:0.9,&quot;sizes&quot;:[]},&quot;_transform_scale_effect_hover_tablet&quot;:{&quot;unit&quot;:&quot;px&quot;,&quot;size&quot;:&quot;&quot;,&quot;sizes&quot;:[]},&quot;_transform_scale_effect_hover_mobile&quot;:{&quot;unit&quot;:&quot;px&quot;,&quot;size&quot;:&quot;&quot;,&quot;sizes&quot;:[]}}\" data-widget_type=\"image.default\">\n\t\t\t\t<div class=\"elementor-widget-container\">\n\t\t\t\t\t\t\t\t\t\t\t\t\t\t\t\t<a href=\"https:\/\/www.ordinemauriziano.it\/de\/palazzina-di-caccia-di-stupinigi\/\">\n\t\t\t\t\t\t\t<img decoding=\"async\" width=\"300\" height=\"279\" src=\"https:\/\/www.ordinemauriziano.it\/wp-content\/uploads\/2023\/07\/23-fom-fondazione-palazzina-300x279.png\" class=\"attachment-medium size-medium wp-image-13499\" alt=\"Icona stilizzata palazzina di caccia\" srcset=\"https:\/\/www.ordinemauriziano.it\/wp-content\/uploads\/2023\/07\/23-fom-fondazione-palazzina-300x279.png 300w, https:\/\/www.ordinemauriziano.it\/wp-content\/uploads\/2023\/07\/23-fom-fondazione-palazzina-370x345.png 370w, https:\/\/www.ordinemauriziano.it\/wp-content\/uploads\/2023\/07\/23-fom-fondazione-palazzina.png 380w\" sizes=\"(max-width: 300px) 100vw, 300px\" \/>\t\t\t\t\t\t\t\t<\/a>\n\t\t\t\t\t\t\t\t\t\t\t\t\t\t\t<\/div>\n\t\t\t\t<\/div>\n\t\t\t\t<div class=\"elementor-element elementor-element-075b041 animation_type_block sc_fly_static elementor-widget elementor-widget-heading\" data-id=\"075b041\" data-element_type=\"widget\" data-e-type=\"widget\" data-widget_type=\"heading.default\">\n\t\t\t\t<div class=\"elementor-widget-container\">\n\t\t\t\t\t<h5 class=\"elementor-heading-title elementor-size-default\">Palazzina di Caccia di Stupinigi<\/h5>\t\t\t\t<\/div>\n\t\t\t\t<\/div>\n\t\t\t\t<div class=\"elementor-element elementor-element-eb0e9f4 animation_type_block sc_fly_static elementor-widget elementor-widget-text-editor\" data-id=\"eb0e9f4\" data-element_type=\"widget\" data-e-type=\"widget\" data-widget_type=\"text-editor.default\">\n\t\t\t\t<div class=\"elementor-widget-container\">\n\t\t\t\t\t\t\t\t\t<p>Ein monumentaler Schatz<\/p>\t\t\t\t\t\t\t\t<\/div>\n\t\t\t\t<\/div>\n\t\t\t\t<div class=\"elementor-element elementor-element-42ea8d5 animation_type_block sc_fly_static elementor-widget elementor-widget-spacer\" data-id=\"42ea8d5\" data-element_type=\"widget\" data-e-type=\"widget\" data-widget_type=\"spacer.default\">\n\t\t\t\t<div class=\"elementor-widget-container\">\n\t\t\t\t\t\t\t<div class=\"elementor-spacer\">\n\t\t\t<div class=\"elementor-spacer-inner\"><\/div>\n\t\t<\/div>\n\t\t\t\t\t\t<\/div>\n\t\t\t\t<\/div>\n\t\t\t\t<\/div>\n\t\t<div class=\"elementor-element elementor-element-1b95a56 e-con-full e-flex e-con e-child\" data-id=\"1b95a56\" data-element_type=\"container\" data-e-type=\"container\">\n\t\t\t\t<div class=\"elementor-element elementor-element-9756939 e-transform animation_type_block sc_fly_static elementor-widget elementor-widget-image\" data-id=\"9756939\" data-element_type=\"widget\" data-e-type=\"widget\" data-settings=\"{&quot;_transform_scale_effect_hover&quot;:{&quot;unit&quot;:&quot;px&quot;,&quot;size&quot;:0.9,&quot;sizes&quot;:[]},&quot;_transform_scale_effect_hover_tablet&quot;:{&quot;unit&quot;:&quot;px&quot;,&quot;size&quot;:&quot;&quot;,&quot;sizes&quot;:[]},&quot;_transform_scale_effect_hover_mobile&quot;:{&quot;unit&quot;:&quot;px&quot;,&quot;size&quot;:&quot;&quot;,&quot;sizes&quot;:[]}}\" data-widget_type=\"image.default\">\n\t\t\t\t<div class=\"elementor-widget-container\">\n\t\t\t\t\t\t\t\t\t\t\t\t\t\t\t\t<a href=\"https:\/\/www.ordinemauriziano.it\/de\/precettoria-von-santantonio-di-ranverso\/\">\n\t\t\t\t\t\t\t<img decoding=\"async\" width=\"300\" height=\"279\" src=\"https:\/\/www.ordinemauriziano.it\/wp-content\/uploads\/2023\/07\/23-fom-fondazione-ranverso-300x279.png\" class=\"attachment-medium size-medium wp-image-13500\" alt=\"Icona stilizzata ranverso\" srcset=\"https:\/\/www.ordinemauriziano.it\/wp-content\/uploads\/2023\/07\/23-fom-fondazione-ranverso-300x279.png 300w, https:\/\/www.ordinemauriziano.it\/wp-content\/uploads\/2023\/07\/23-fom-fondazione-ranverso-370x345.png 370w, https:\/\/www.ordinemauriziano.it\/wp-content\/uploads\/2023\/07\/23-fom-fondazione-ranverso.png 380w\" sizes=\"(max-width: 300px) 100vw, 300px\" \/>\t\t\t\t\t\t\t\t<\/a>\n\t\t\t\t\t\t\t\t\t\t\t\t\t\t\t<\/div>\n\t\t\t\t<\/div>\n\t\t\t\t<div class=\"elementor-element elementor-element-371ef97 animation_type_block sc_fly_static elementor-widget elementor-widget-heading\" data-id=\"371ef97\" data-element_type=\"widget\" data-e-type=\"widget\" data-widget_type=\"heading.default\">\n\t\t\t\t<div class=\"elementor-widget-container\">\n\t\t\t\t\t<h5 class=\"elementor-heading-title elementor-size-default\">Precettoria di Sant\u2019Antonio di Ranverso<\/h5>\t\t\t\t<\/div>\n\t\t\t\t<\/div>\n\t\t\t\t<div class=\"elementor-element elementor-element-7b910bb animation_type_block sc_fly_static elementor-widget elementor-widget-text-editor\" data-id=\"7b910bb\" data-element_type=\"widget\" data-e-type=\"widget\" data-widget_type=\"text-editor.default\">\n\t\t\t\t<div class=\"elementor-widget-container\">\n\t\t\t\t\t\t\t\t\t<p>Kostbare gotiche Kunst<\/p>\t\t\t\t\t\t\t\t<\/div>\n\t\t\t\t<\/div>\n\t\t\t\t<div class=\"elementor-element elementor-element-c4ebeb1 animation_type_block sc_fly_static elementor-widget elementor-widget-spacer\" data-id=\"c4ebeb1\" data-element_type=\"widget\" data-e-type=\"widget\" data-widget_type=\"spacer.default\">\n\t\t\t\t<div class=\"elementor-widget-container\">\n\t\t\t\t\t\t\t<div class=\"elementor-spacer\">\n\t\t\t<div class=\"elementor-spacer-inner\"><\/div>\n\t\t<\/div>\n\t\t\t\t\t\t<\/div>\n\t\t\t\t<\/div>\n\t\t\t\t<\/div>\n\t\t<div class=\"elementor-element elementor-element-8630067 e-con-full e-flex e-con e-child\" data-id=\"8630067\" data-element_type=\"container\" data-e-type=\"container\">\n\t\t\t\t<div class=\"elementor-element elementor-element-9c28c1b e-transform animation_type_block sc_fly_static elementor-widget elementor-widget-image\" data-id=\"9c28c1b\" data-element_type=\"widget\" data-e-type=\"widget\" data-settings=\"{&quot;_transform_scale_effect_hover&quot;:{&quot;unit&quot;:&quot;px&quot;,&quot;size&quot;:0.9,&quot;sizes&quot;:[]},&quot;_transform_scale_effect_hover_tablet&quot;:{&quot;unit&quot;:&quot;px&quot;,&quot;size&quot;:&quot;&quot;,&quot;sizes&quot;:[]},&quot;_transform_scale_effect_hover_mobile&quot;:{&quot;unit&quot;:&quot;px&quot;,&quot;size&quot;:&quot;&quot;,&quot;sizes&quot;:[]}}\" data-widget_type=\"image.default\">\n\t\t\t\t<div class=\"elementor-widget-container\">\n\t\t\t\t\t\t\t\t\t\t\t\t\t\t\t\t<a href=\"https:\/\/www.ordinemauriziano.it\/de\/santa-maria-di-staffarda-abtei\/\">\n\t\t\t\t\t\t\t<img loading=\"lazy\" decoding=\"async\" width=\"300\" height=\"279\" src=\"https:\/\/www.ordinemauriziano.it\/wp-content\/uploads\/2023\/07\/23-fom-fondazione-staffarda-300x279.png\" class=\"attachment-medium size-medium wp-image-13501\" alt=\"Icona stilizzata staffarda\" srcset=\"https:\/\/www.ordinemauriziano.it\/wp-content\/uploads\/2023\/07\/23-fom-fondazione-staffarda-300x279.png 300w, https:\/\/www.ordinemauriziano.it\/wp-content\/uploads\/2023\/07\/23-fom-fondazione-staffarda-370x345.png 370w, https:\/\/www.ordinemauriziano.it\/wp-content\/uploads\/2023\/07\/23-fom-fondazione-staffarda.png 380w\" sizes=\"(max-width: 300px) 100vw, 300px\" \/>\t\t\t\t\t\t\t\t<\/a>\n\t\t\t\t\t\t\t\t\t\t\t\t\t\t\t<\/div>\n\t\t\t\t<\/div>\n\t\t\t\t<div class=\"elementor-element elementor-element-95605f1 animation_type_block sc_fly_static elementor-widget elementor-widget-heading\" data-id=\"95605f1\" data-element_type=\"widget\" data-e-type=\"widget\" data-widget_type=\"heading.default\">\n\t\t\t\t<div class=\"elementor-widget-container\">\n\t\t\t\t\t<h5 class=\"elementor-heading-title elementor-size-default\">Abbazia di Santa Maria di Staffarda<\/h5>\t\t\t\t<\/div>\n\t\t\t\t<\/div>\n\t\t\t\t<div class=\"elementor-element elementor-element-9d7e412 animation_type_block sc_fly_static elementor-widget elementor-widget-text-editor\" data-id=\"9d7e412\" data-element_type=\"widget\" data-e-type=\"widget\" data-widget_type=\"text-editor.default\">\n\t\t\t\t<div class=\"elementor-widget-container\">\n\t\t\t\t\t\t\t\t\t<p>Zisterzienser Arbeitsamkeit<\/p>\t\t\t\t\t\t\t\t<\/div>\n\t\t\t\t<\/div>\n\t\t\t\t<div class=\"elementor-element elementor-element-b47edb7 animation_type_block sc_fly_static elementor-widget elementor-widget-spacer\" data-id=\"b47edb7\" data-element_type=\"widget\" data-e-type=\"widget\" data-widget_type=\"spacer.default\">\n\t\t\t\t<div class=\"elementor-widget-container\">\n\t\t\t\t\t\t\t<div class=\"elementor-spacer\">\n\t\t\t<div class=\"elementor-spacer-inner\"><\/div>\n\t\t<\/div>\n\t\t\t\t\t\t<\/div>\n\t\t\t\t<\/div>\n\t\t\t\t<\/div>\n\t\t<div class=\"elementor-element elementor-element-e80f11c e-con-full e-flex e-con e-child\" data-id=\"e80f11c\" data-element_type=\"container\" data-e-type=\"container\">\n\t\t\t\t<div class=\"elementor-element elementor-element-4e114e6 elementor-arrows-position-inside elementor-pagination-position-outside animation_type_block sc_fly_static elementor-widget elementor-widget-image-carousel\" data-id=\"4e114e6\" data-element_type=\"widget\" data-e-type=\"widget\" data-settings=\"{&quot;slides_to_show&quot;:&quot;1&quot;,&quot;autoplay_speed&quot;:3000,&quot;effect&quot;:&quot;fade&quot;,&quot;speed&quot;:1000,&quot;navigation&quot;:&quot;both&quot;,&quot;autoplay&quot;:&quot;yes&quot;,&quot;pause_on_hover&quot;:&quot;yes&quot;,&quot;pause_on_interaction&quot;:&quot;yes&quot;,&quot;infinite&quot;:&quot;yes&quot;}\" data-widget_type=\"image-carousel.default\">\n\t\t\t\t<div class=\"elementor-widget-container\">\n\t\t\t\t\t\t\t<div class=\"elementor-image-carousel-wrapper swiper\" role=\"region\" aria-roledescription=\"carousel\" aria-label=\"Bild Karussell\" dir=\"ltr\">\n\t\t\t<div class=\"elementor-image-carousel swiper-wrapper\" aria-live=\"off\">\n\t\t\t\t\t\t\t\t<div class=\"swiper-slide\" role=\"group\" aria-roledescription=\"slide\" aria-label=\"1 von 10\"><figure class=\"swiper-slide-inner\"><img decoding=\"async\" class=\"swiper-slide-image\" src=\"https:\/\/www.ordinemauriziano.it\/wp-content\/uploads\/2023\/09\/01-stupinigi.jpg\" alt=\"Vista in dettaglio della palazzina frontale\" \/><\/figure><\/div><div class=\"swiper-slide\" role=\"group\" aria-roledescription=\"slide\" aria-label=\"2 von 10\"><figure class=\"swiper-slide-inner\"><img decoding=\"async\" class=\"swiper-slide-image\" src=\"https:\/\/www.ordinemauriziano.it\/wp-content\/uploads\/2023\/09\/02-ranverso.jpg\" alt=\"Vista frontale estiva di ranverso\" \/><\/figure><\/div><div class=\"swiper-slide\" role=\"group\" aria-roledescription=\"slide\" aria-label=\"3 von 10\"><figure class=\"swiper-slide-inner\"><img decoding=\"async\" class=\"swiper-slide-image\" src=\"https:\/\/www.ordinemauriziano.it\/wp-content\/uploads\/2023\/09\/03-staffarda.jpg\" alt=\"Interno cortile di ranverso\" \/><\/figure><\/div><div class=\"swiper-slide\" role=\"group\" aria-roledescription=\"slide\" aria-label=\"4 von 10\"><figure class=\"swiper-slide-inner\"><img decoding=\"async\" class=\"swiper-slide-image\" src=\"https:\/\/www.ordinemauriziano.it\/wp-content\/uploads\/2023\/09\/04-ranverso.jpg\" alt=\"Dettaglio del tetto di ranverso\" \/><\/figure><\/div><div class=\"swiper-slide\" role=\"group\" aria-roledescription=\"slide\" aria-label=\"5 von 10\"><figure class=\"swiper-slide-inner\"><img decoding=\"async\" class=\"swiper-slide-image\" src=\"https:\/\/www.ordinemauriziano.it\/wp-content\/uploads\/2023\/09\/05-stupinigi.jpg\" alt=\"Foto di vista aerea palazzina frontale\" \/><\/figure><\/div><div class=\"swiper-slide\" role=\"group\" aria-roledescription=\"slide\" aria-label=\"6 von 10\"><figure class=\"swiper-slide-inner\"><img decoding=\"async\" class=\"swiper-slide-image\" src=\"https:\/\/www.ordinemauriziano.it\/wp-content\/uploads\/2023\/09\/06-staffarda.jpg\" alt=\"Staffarda in inverno\" \/><\/figure><\/div><div class=\"swiper-slide\" role=\"group\" aria-roledescription=\"slide\" aria-label=\"7 von 10\"><figure class=\"swiper-slide-inner\"><img decoding=\"async\" class=\"swiper-slide-image\" src=\"https:\/\/www.ordinemauriziano.it\/wp-content\/uploads\/2023\/09\/07-stupinigi.jpg\" alt=\"Palazzina di Caccia fotografia notturna\" \/><\/figure><\/div><div class=\"swiper-slide\" role=\"group\" aria-roledescription=\"slide\" aria-label=\"8 von 10\"><figure class=\"swiper-slide-inner\"><img decoding=\"async\" class=\"swiper-slide-image\" src=\"https:\/\/www.ordinemauriziano.it\/wp-content\/uploads\/2023\/09\/08-staffarda.jpg\" alt=\"Dettaglio degli archi interno cortile di Staffarda\" \/><\/figure><\/div><div class=\"swiper-slide\" role=\"group\" aria-roledescription=\"slide\" aria-label=\"9 von 10\"><figure class=\"swiper-slide-inner\"><img decoding=\"async\" class=\"swiper-slide-image\" src=\"https:\/\/www.ordinemauriziano.it\/wp-content\/uploads\/2023\/09\/09-ranverso.jpg\" alt=\"Ranverso ripresa in inverno\" \/><\/figure><\/div><div class=\"swiper-slide\" role=\"group\" aria-roledescription=\"slide\" aria-label=\"10 von 10\"><figure class=\"swiper-slide-inner\"><img decoding=\"async\" class=\"swiper-slide-image\" src=\"https:\/\/www.ordinemauriziano.it\/wp-content\/uploads\/2023\/09\/10-stupinigi.jpg\" alt=\"La Palazzina di Caccia fotografia aerea\" \/><\/figure><\/div>\t\t\t<\/div>\n\t\t\t\t\t\t\t\t\t\t\t\t<div class=\"elementor-swiper-button elementor-swiper-button-prev\" role=\"button\" tabindex=\"0\">\n\t\t\t\t\t\t<i aria-hidden=\"true\" class=\"eicon-chevron-left\"><\/i>\t\t\t\t\t<\/div>\n\t\t\t\t\t<div class=\"elementor-swiper-button elementor-swiper-button-next\" role=\"button\" tabindex=\"0\">\n\t\t\t\t\t\t<i aria-hidden=\"true\" class=\"eicon-chevron-right\"><\/i>\t\t\t\t\t<\/div>\n\t\t\t\t\n\t\t\t\t\t\t\t\t\t<div class=\"swiper-pagination\"><\/div>\n\t\t\t\t\t\t\t\t\t<\/div>\n\t\t\t\t\t\t<\/div>\n\t\t\t\t<\/div>\n\t\t\t\t<\/div>\n\t\t<div class=\"elementor-element elementor-element-9abd197 e-con-full e-flex e-con e-child\" data-id=\"9abd197\" data-element_type=\"container\" data-e-type=\"container\">\n\t\t\t\t<div class=\"elementor-element elementor-element-473e5b5 animation_type_block sc_fly_static elementor-widget elementor-widget-text-editor\" data-id=\"473e5b5\" data-element_type=\"widget\" data-e-type=\"widget\" data-widget_type=\"text-editor.default\">\n\t\t\t\t<div class=\"elementor-widget-container\">\n\t\t\t\t\t\t\t\t\t<p>Die Kunst- und Immobilienerbe des alten Ordens der Heiligen Mauritius und Lazarus (Maurizio und Lazzaro) \u2013 heute in der <strong>Fondazione Ordine Mauriziano (Stiftung des mauritischen Ordens)<\/strong> zusammengef\u00fchrt \u2013 umfasst das Historische Archiv, die mauritische Basilika in Turin, einige <strong>Meisterwerke<\/strong> wie die Pr\u00e4zeptorei von Sant&#8216; Antonio di Ranverso, ein Triumph der gotischen Kunst an der Via Francigena, und die Abtei Santa Maria di Staffarda, die zwischen 1122 und 1138 von Zisterzienserm\u00f6nchen gegr\u00fcndet wurde.<\/p><p>Die <strong>Palazzina di Caccia di Stupinigi (Stupinigi Jagdhaus)<\/strong>, ein Savoyer Jagdschloss aus dem 18. Jahrhundert, ist das <strong>Flaggschiff <\/strong>des architektonischen Erbes der Stiftung und geh\u00f6rt heute zum UNESCO- Weltkulturerbe.<\/p><p>In den drei Geb\u00e4uden, die sich im Besitz der Stiftung befinden, finden <strong>Ausstellungen, Veranstaltungen <\/strong><strong>und kulturelle Initiativen verschiedener Art<\/strong> statt, mit einem sich st\u00e4ndig weiterentwickelnden Kalender mit Vorschl\u00e4gen, die sich an Geschichtsinteressierte, Kunstliebhaber, Familien und Schulen richten. Dar\u00fcber hinaus, Sie sind Orte von gro\u00dfem k\u00fcnstlerischem und historischem Interesse.<\/p>\t\t\t\t\t\t\t\t<\/div>\n\t\t\t\t<\/div>\n\t\t\t\t<div class=\"elementor-element elementor-element-ac1c5c1 animation_type_block sc_fly_static elementor-widget elementor-widget-trx_sc_button\" data-id=\"ac1c5c1\" data-element_type=\"widget\" data-e-type=\"widget\" data-widget_type=\"trx_sc_button.default\">\n\t\t\t\t<div class=\"elementor-widget-container\">\n\t\t\t\t\t<div id=\"trx_sc_button_771881048\"\tclass=\"sc_item_button sc_button_wrap\"><a href=\"https:\/\/www.ordinemauriziano.it\/de\/kontaktieren-sie-uns\/\" class=\"sc_button sc_button_simple sc_button_size_normal sc_button_icon_left color_style_dark\"><span class=\"sc_button_text\"><span class=\"sc_button_title\">FORDERN SIE WEITERE INFORMATIONEN AN<\/span><\/span><!-- \/.sc_button_text --><\/a><!-- \/.sc_button --><\/div><!-- \/.sc_item_button -->\t\t\t\t<\/div>\n\t\t\t\t<\/div>\n\t\t\t\t<\/div>\n\t\t\t\t<\/div>\n\t\t\t\t\t<\/div>\n\t\t\t\t<\/div>\n\t\t<div class=\"elementor-element elementor-element-4bde6a7 e-flex e-con-boxed e-con e-parent\" data-id=\"4bde6a7\" data-element_type=\"container\" data-e-type=\"container\" data-settings=\"{&quot;background_background&quot;:&quot;classic&quot;}\">\n\t\t\t\t\t<div class=\"e-con-inner\">\n\t\t\t\t<div class=\"elementor-element elementor-element-0ea5f40 elementor-widget__width-inherit animation_type_block sc_fly_static elementor-widget elementor-widget-heading\" data-id=\"0ea5f40\" data-element_type=\"widget\" data-e-type=\"widget\" data-widget_type=\"heading.default\">\n\t\t\t\t<div class=\"elementor-widget-container\">\n\t\t\t\t\t<h3 class=\"elementor-heading-title elementor-size-default\">Die Geschichte der Stiftung<\/h3>\t\t\t\t<\/div>\n\t\t\t\t<\/div>\n\t\t\t\t<div class=\"elementor-element elementor-element-b757b3f animation_type_block sc_fly_static elementor-widget elementor-widget-text-editor\" data-id=\"b757b3f\" data-element_type=\"widget\" data-e-type=\"widget\" data-widget_type=\"text-editor.default\">\n\t\t\t\t<div class=\"elementor-widget-container\">\n\t\t\t\t\t\t\t\t\t<p>Die Fondazione Ordine Mauriziano wurde im November 2004 per Gesetz gegr\u00fcndet, um die <strong>unsch\u00e4tzbaren k\u00fcnstlerischen Besitzt\u00fcmer<\/strong> des \u201cOrdine dei Santi Mauriziano und Lazzaro\u201d zu verwalten, einer alten prestigetr\u00e4chtigen Institution, die in 1572 von Herzog Emanuele Filiberto di Savoia in Italien gegr\u00fcndet wurde.<\/p><p>Seine Geschichte liegt noch weiter zur\u00fcck. Im Jahr <strong>1090<\/strong> wurde in Jerusalem der Ritterorden St. Lazzaro gegr\u00fcndet, ein Hospitalorden zur Unterst\u00fctzung von Auss\u00e4tzigen und Kranken. Im Jahr <strong>1434<\/strong> gr\u00fcndete Amedeo VIII. von Savoyen in Ripaille-Chablais einen religi\u00f6sen Orden, den Ritterorden St. Mauritius, der sich aus Einsiedlerrittern zusammensetzte, die den F\u00fcrsten bei seinen Entscheidungen beraten sollten.<\/p><p>Im Laufe der Jahrhunderte sind <strong>die Geschichte und die Vereinigung der beiden Orden mit der <\/strong><strong>italienischen verflochten<\/strong>. Die Hauptfunktion der Mauritian Order Foundation besteht heute darin, die Werte, die Kultur und die Traditionen einer tausend Jahre alten Institution zu bewahren \u2013 eine Aufgabe, die mit gro\u00dfer Anstrengung und Leidenschaft ausge\u00fcbt wird.<\/p>\t\t\t\t\t\t\t\t<\/div>\n\t\t\t\t<\/div>\n\t\t\t\t<div class=\"elementor-element elementor-element-c2be20c animation_type_block sc_fly_static elementor-widget elementor-widget-trx_sc_button\" data-id=\"c2be20c\" data-element_type=\"widget\" data-e-type=\"widget\" data-widget_type=\"trx_sc_button.default\">\n\t\t\t\t<div class=\"elementor-widget-container\">\n\t\t\t\t\t<div id=\"trx_sc_button_1617159674\"\tclass=\"sc_item_button sc_button_wrap\"><a href=\"https:\/\/www.ordinemauriziano.it\/de\/die-stiftung\/\" class=\"sc_button sc_button_simple sc_button_size_normal sc_button_icon_left color_style_dark\"><span class=\"sc_button_text\"><span class=\"sc_button_title\">WEITERE INFORMATIONEN<\/span><\/span><!-- \/.sc_button_text --><\/a><!-- \/.sc_button --><\/div><!-- \/.sc_item_button -->\t\t\t\t<\/div>\n\t\t\t\t<\/div>\n\t\t\t\t<div class=\"elementor-element elementor-element-8d3aa02 animation_type_block sc_fly_static elementor-widget elementor-widget-image\" data-id=\"8d3aa02\" data-element_type=\"widget\" data-e-type=\"widget\" data-widget_type=\"image.default\">\n\t\t\t\t<div class=\"elementor-widget-container\">\n\t\t\t\t\t\t\t\t\t\t\t\t\t\t\t<img loading=\"lazy\" decoding=\"async\" width=\"1173\" height=\"500\" src=\"https:\/\/www.ordinemauriziano.it\/wp-content\/uploads\/2023\/07\/23-fom-mauriziano-banner-storia.jpg\" class=\"attachment-full size-full wp-image-13506\" alt=\"La storia della fondazione\" srcset=\"https:\/\/www.ordinemauriziano.it\/wp-content\/uploads\/2023\/07\/23-fom-mauriziano-banner-storia.jpg 1173w, https:\/\/www.ordinemauriziano.it\/wp-content\/uploads\/2023\/07\/23-fom-mauriziano-banner-storia-300x128.jpg 300w, https:\/\/www.ordinemauriziano.it\/wp-content\/uploads\/2023\/07\/23-fom-mauriziano-banner-storia-1024x436.jpg 1024w, https:\/\/www.ordinemauriziano.it\/wp-content\/uploads\/2023\/07\/23-fom-mauriziano-banner-storia-768x327.jpg 768w, https:\/\/www.ordinemauriziano.it\/wp-content\/uploads\/2023\/07\/23-fom-mauriziano-banner-storia-370x158.jpg 370w, https:\/\/www.ordinemauriziano.it\/wp-content\/uploads\/2023\/07\/23-fom-mauriziano-banner-storia-1170x500.jpg 1170w, https:\/\/www.ordinemauriziano.it\/wp-content\/uploads\/2023\/07\/23-fom-mauriziano-banner-storia-770x328.jpg 770w, https:\/\/www.ordinemauriziano.it\/wp-content\/uploads\/2023\/07\/23-fom-mauriziano-banner-storia-600x256.jpg 600w\" sizes=\"(max-width: 1173px) 100vw, 1173px\" \/>\t\t\t\t\t\t\t\t\t\t\t\t\t\t\t<\/div>\n\t\t\t\t<\/div>\n\t\t\t\t\t<\/div>\n\t\t\t\t<\/div>\n\t\t\t\t<\/div>\n\t\t","protected":false},"excerpt":{"rendered":"<p>Seit 1572 H\u00fcterin der Kultur und Sch\u00f6nheit. Die Fondazione Ordine Mauriziano (auch als Stiftung des mauritischen Ordens bekannt ) in Turin befasst sich mit der Erhaltung und Aufwertung des mauritischen Kulturerbes: eine Sammlung von Denkm\u00e4lern, Gottesh\u00e4usern, Archiven, Dokumenten, Zeugnisse und immateriellen Verm\u00f6genswerten, die die Geschichte&hellip;<\/p>\n","protected":false},"author":1,"featured_media":7593,"parent":0,"menu_order":0,"comment_status":"closed","ping_status":"closed","template":"","meta":{"give_campaign_id":0,"footnotes":""},"class_list":["post-13488","page","type-page","status-publish","has-post-thumbnail","hentry"],"yoast_head":"<!-- This site is optimized with the Yoast SEO plugin v27.2 - https:\/\/yoast.com\/product\/yoast-seo-wordpress\/ -->\n<title>STIFTUNG DES MAURITISCHEN ORDENS - Fondazione Ordine Mauriziano<\/title>\n<meta name=\"description\" content=\"The Fondazione Ordine Mauriziano deals with the conservation and enhancement of the Palazzina di Caccia di Stupinigi, l\u2019Abbazia di S.Maria di Staffarda, la Precettoria di S.Antonio di Ranverso, l\u2019Archivio Storico, in addition to the Basilica Mauriziana di Torino - Fondazione Ordine Mauriziano\" \/>\n<meta name=\"robots\" content=\"index, follow, max-snippet:-1, max-image-preview:large, max-video-preview:-1\" \/>\n<link rel=\"canonical\" href=\"https:\/\/www.ordinemauriziano.it\/de\/\" \/>\n<meta property=\"og:locale\" content=\"de_DE\" \/>\n<meta property=\"og:type\" content=\"article\" \/>\n<meta property=\"og:title\" content=\"STIFTUNG DES MAURITISCHEN ORDENS - Fondazione Ordine Mauriziano\" \/>\n<meta property=\"og:description\" content=\"The Fondazione Ordine Mauriziano deals with the conservation and enhancement of the Palazzina di Caccia di Stupinigi, l\u2019Abbazia di S.Maria di Staffarda, la Precettoria di S.Antonio di Ranverso, l\u2019Archivio Storico, in addition to the Basilica Mauriziana di Torino - Fondazione Ordine Mauriziano\" \/>\n<meta property=\"og:url\" content=\"https:\/\/www.ordinemauriziano.it\/de\/\" \/>\n<meta property=\"og:site_name\" content=\"Fondazione Ordine Mauriziano\" \/>\n<meta property=\"article:publisher\" content=\"https:\/\/www.facebook.com\/PalazzinaStupinigi.Mauriziano\" \/>\n<meta property=\"article:modified_time\" content=\"2024-05-03T09:07:19+00:00\" \/>\n<meta property=\"og:image\" content=\"https:\/\/www.ordinemauriziano.it\/wp-content\/uploads\/2023\/07\/23-fom-fondazione-header.jpg\" \/>\n\t<meta property=\"og:image:width\" content=\"1920\" \/>\n\t<meta property=\"og:image:height\" content=\"1080\" \/>\n\t<meta property=\"og:image:type\" content=\"image\/jpeg\" \/>\n<script type=\"application\/ld+json\" class=\"yoast-schema-graph\">{\"@context\":\"https:\/\/schema.org\",\"@graph\":[{\"@type\":\"WebPage\",\"@id\":\"https:\/\/www.ordinemauriziano.it\/de\/\",\"url\":\"https:\/\/www.ordinemauriziano.it\/de\/\",\"name\":\"STIFTUNG DES MAURITISCHEN ORDENS - Fondazione Ordine Mauriziano\",\"isPartOf\":{\"@id\":\"https:\/\/www.ordinemauriziano.it\/de\/#website\"},\"primaryImageOfPage\":{\"@id\":\"https:\/\/www.ordinemauriziano.it\/de\/#primaryimage\"},\"image\":{\"@id\":\"https:\/\/www.ordinemauriziano.it\/de\/#primaryimage\"},\"thumbnailUrl\":\"https:\/\/www.ordinemauriziano.it\/wp-content\/uploads\/2023\/07\/23-fom-fondazione-header.jpg\",\"datePublished\":\"2024-05-03T08:30:04+00:00\",\"dateModified\":\"2024-05-03T09:07:19+00:00\",\"description\":\"The Fondazione Ordine Mauriziano deals with the conservation and enhancement of the Palazzina di Caccia di Stupinigi, l\u2019Abbazia di S.Maria di Staffarda, la Precettoria di S.Antonio di Ranverso, l\u2019Archivio Storico, in addition to the Basilica Mauriziana di Torino - Fondazione Ordine Mauriziano\",\"breadcrumb\":{\"@id\":\"https:\/\/www.ordinemauriziano.it\/de\/#breadcrumb\"},\"inLanguage\":\"de\",\"potentialAction\":[{\"@type\":\"ReadAction\",\"target\":[\"https:\/\/www.ordinemauriziano.it\/de\/\"]}]},{\"@type\":\"ImageObject\",\"inLanguage\":\"de\",\"@id\":\"https:\/\/www.ordinemauriziano.it\/de\/#primaryimage\",\"url\":\"https:\/\/www.ordinemauriziano.it\/wp-content\/uploads\/2023\/07\/23-fom-fondazione-header.jpg\",\"contentUrl\":\"https:\/\/www.ordinemauriziano.it\/wp-content\/uploads\/2023\/07\/23-fom-fondazione-header.jpg\",\"width\":1920,\"height\":1080},{\"@type\":\"BreadcrumbList\",\"@id\":\"https:\/\/www.ordinemauriziano.it\/de\/#breadcrumb\",\"itemListElement\":[{\"@type\":\"ListItem\",\"position\":1,\"name\":\"Home\",\"item\":\"https:\/\/www.ordinemauriziano.it\/de\/\"},{\"@type\":\"ListItem\",\"position\":2,\"name\":\"STIFTUNG DES MAURITISCHEN ORDENS\"}]},{\"@type\":\"WebSite\",\"@id\":\"https:\/\/www.ordinemauriziano.it\/de\/#website\",\"url\":\"https:\/\/www.ordinemauriziano.it\/de\/\",\"name\":\"Fondazione Ordine Mauriziano\",\"description\":\"\",\"publisher\":{\"@id\":\"https:\/\/www.ordinemauriziano.it\/de\/#organization\"},\"potentialAction\":[{\"@type\":\"SearchAction\",\"target\":{\"@type\":\"EntryPoint\",\"urlTemplate\":\"https:\/\/www.ordinemauriziano.it\/de\/?s={search_term_string}\"},\"query-input\":{\"@type\":\"PropertyValueSpecification\",\"valueRequired\":true,\"valueName\":\"search_term_string\"}}],\"inLanguage\":\"de\"},{\"@type\":\"Organization\",\"@id\":\"https:\/\/www.ordinemauriziano.it\/de\/#organization\",\"name\":\"Fondazione Torino Musei\",\"url\":\"https:\/\/www.ordinemauriziano.it\/de\/\",\"logo\":{\"@type\":\"ImageObject\",\"inLanguage\":\"de\",\"@id\":\"https:\/\/www.ordinemauriziano.it\/de\/#\/schema\/logo\/image\/\",\"url\":\"https:\/\/www.ordinemauriziano.it\/wp-content\/uploads\/2022\/05\/Fondazione-Ordine-Mauriziano.png\",\"contentUrl\":\"https:\/\/www.ordinemauriziano.it\/wp-content\/uploads\/2022\/05\/Fondazione-Ordine-Mauriziano.png\",\"width\":233,\"height\":76,\"caption\":\"Fondazione Torino Musei\"},\"image\":{\"@id\":\"https:\/\/www.ordinemauriziano.it\/de\/#\/schema\/logo\/image\/\"},\"sameAs\":[\"https:\/\/www.facebook.com\/PalazzinaStupinigi.Mauriziano\",\"https:\/\/x.com\/Stupinigi_OM\",\"https:\/\/www.youtube.com\/user\/stupinigimauriziano\"]}]}<\/script>\n<!-- \/ Yoast SEO plugin. -->","yoast_head_json":{"title":"STIFTUNG DES MAURITISCHEN ORDENS - Fondazione Ordine Mauriziano","description":"The Fondazione Ordine Mauriziano deals with the conservation and enhancement of the Palazzina di Caccia di Stupinigi, l\u2019Abbazia di S.Maria di Staffarda, la Precettoria di S.Antonio di Ranverso, l\u2019Archivio Storico, in addition to the Basilica Mauriziana di Torino - Fondazione Ordine Mauriziano","robots":{"index":"index","follow":"follow","max-snippet":"max-snippet:-1","max-image-preview":"max-image-preview:large","max-video-preview":"max-video-preview:-1"},"canonical":"https:\/\/www.ordinemauriziano.it\/de\/","og_locale":"de_DE","og_type":"article","og_title":"STIFTUNG DES MAURITISCHEN ORDENS - Fondazione Ordine Mauriziano","og_description":"The Fondazione Ordine Mauriziano deals with the conservation and enhancement of the Palazzina di Caccia di Stupinigi, l\u2019Abbazia di S.Maria di Staffarda, la Precettoria di S.Antonio di Ranverso, l\u2019Archivio Storico, in addition to the Basilica Mauriziana di Torino - Fondazione Ordine Mauriziano","og_url":"https:\/\/www.ordinemauriziano.it\/de\/","og_site_name":"Fondazione Ordine Mauriziano","article_publisher":"https:\/\/www.facebook.com\/PalazzinaStupinigi.Mauriziano","article_modified_time":"2024-05-03T09:07:19+00:00","og_image":[{"width":1920,"height":1080,"url":"https:\/\/www.ordinemauriziano.it\/wp-content\/uploads\/2023\/07\/23-fom-fondazione-header.jpg","type":"image\/jpeg"}],"schema":{"@context":"https:\/\/schema.org","@graph":[{"@type":"WebPage","@id":"https:\/\/www.ordinemauriziano.it\/de\/","url":"https:\/\/www.ordinemauriziano.it\/de\/","name":"STIFTUNG DES MAURITISCHEN ORDENS - Fondazione Ordine Mauriziano","isPartOf":{"@id":"https:\/\/www.ordinemauriziano.it\/de\/#website"},"primaryImageOfPage":{"@id":"https:\/\/www.ordinemauriziano.it\/de\/#primaryimage"},"image":{"@id":"https:\/\/www.ordinemauriziano.it\/de\/#primaryimage"},"thumbnailUrl":"https:\/\/www.ordinemauriziano.it\/wp-content\/uploads\/2023\/07\/23-fom-fondazione-header.jpg","datePublished":"2024-05-03T08:30:04+00:00","dateModified":"2024-05-03T09:07:19+00:00","description":"The Fondazione Ordine Mauriziano deals with the conservation and enhancement of the Palazzina di Caccia di Stupinigi, l\u2019Abbazia di S.Maria di Staffarda, la Precettoria di S.Antonio di Ranverso, l\u2019Archivio Storico, in addition to the Basilica Mauriziana di Torino - Fondazione Ordine Mauriziano","breadcrumb":{"@id":"https:\/\/www.ordinemauriziano.it\/de\/#breadcrumb"},"inLanguage":"de","potentialAction":[{"@type":"ReadAction","target":["https:\/\/www.ordinemauriziano.it\/de\/"]}]},{"@type":"ImageObject","inLanguage":"de","@id":"https:\/\/www.ordinemauriziano.it\/de\/#primaryimage","url":"https:\/\/www.ordinemauriziano.it\/wp-content\/uploads\/2023\/07\/23-fom-fondazione-header.jpg","contentUrl":"https:\/\/www.ordinemauriziano.it\/wp-content\/uploads\/2023\/07\/23-fom-fondazione-header.jpg","width":1920,"height":1080},{"@type":"BreadcrumbList","@id":"https:\/\/www.ordinemauriziano.it\/de\/#breadcrumb","itemListElement":[{"@type":"ListItem","position":1,"name":"Home","item":"https:\/\/www.ordinemauriziano.it\/de\/"},{"@type":"ListItem","position":2,"name":"STIFTUNG DES MAURITISCHEN ORDENS"}]},{"@type":"WebSite","@id":"https:\/\/www.ordinemauriziano.it\/de\/#website","url":"https:\/\/www.ordinemauriziano.it\/de\/","name":"Fondazione Ordine Mauriziano","description":"","publisher":{"@id":"https:\/\/www.ordinemauriziano.it\/de\/#organization"},"potentialAction":[{"@type":"SearchAction","target":{"@type":"EntryPoint","urlTemplate":"https:\/\/www.ordinemauriziano.it\/de\/?s={search_term_string}"},"query-input":{"@type":"PropertyValueSpecification","valueRequired":true,"valueName":"search_term_string"}}],"inLanguage":"de"},{"@type":"Organization","@id":"https:\/\/www.ordinemauriziano.it\/de\/#organization","name":"Fondazione Torino Musei","url":"https:\/\/www.ordinemauriziano.it\/de\/","logo":{"@type":"ImageObject","inLanguage":"de","@id":"https:\/\/www.ordinemauriziano.it\/de\/#\/schema\/logo\/image\/","url":"https:\/\/www.ordinemauriziano.it\/wp-content\/uploads\/2022\/05\/Fondazione-Ordine-Mauriziano.png","contentUrl":"https:\/\/www.ordinemauriziano.it\/wp-content\/uploads\/2022\/05\/Fondazione-Ordine-Mauriziano.png","width":233,"height":76,"caption":"Fondazione Torino Musei"},"image":{"@id":"https:\/\/www.ordinemauriziano.it\/de\/#\/schema\/logo\/image\/"},"sameAs":["https:\/\/www.facebook.com\/PalazzinaStupinigi.Mauriziano","https:\/\/x.com\/Stupinigi_OM","https:\/\/www.youtube.com\/user\/stupinigimauriziano"]}]}},"campaignId":"","_links":{"self":[{"href":"https:\/\/www.ordinemauriziano.it\/de\/wp-json\/wp\/v2\/pages\/13488","targetHints":{"allow":["GET"]}}],"collection":[{"href":"https:\/\/www.ordinemauriziano.it\/de\/wp-json\/wp\/v2\/pages"}],"about":[{"href":"https:\/\/www.ordinemauriziano.it\/de\/wp-json\/wp\/v2\/types\/page"}],"author":[{"embeddable":true,"href":"https:\/\/www.ordinemauriziano.it\/de\/wp-json\/wp\/v2\/users\/1"}],"replies":[{"embeddable":true,"href":"https:\/\/www.ordinemauriziano.it\/de\/wp-json\/wp\/v2\/comments?post=13488"}],"version-history":[{"count":10,"href":"https:\/\/www.ordinemauriziano.it\/de\/wp-json\/wp\/v2\/pages\/13488\/revisions"}],"predecessor-version":[{"id":13576,"href":"https:\/\/www.ordinemauriziano.it\/de\/wp-json\/wp\/v2\/pages\/13488\/revisions\/13576"}],"wp:featuredmedia":[{"embeddable":true,"href":"https:\/\/www.ordinemauriziano.it\/de\/wp-json\/wp\/v2\/media\/7593"}],"wp:attachment":[{"href":"https:\/\/www.ordinemauriziano.it\/de\/wp-json\/wp\/v2\/media?parent=13488"}],"curies":[{"name":"wp","href":"https:\/\/api.w.org\/{rel}","templated":true}]}}