{"id":11159,"date":"2023-09-21T18:31:24","date_gmt":"2023-09-21T16:31:24","guid":{"rendered":"https:\/\/www.ordinemauriziano.it\/fondation-de-lordre-mauricien\/"},"modified":"2023-11-22T16:58:46","modified_gmt":"2023-11-22T15:58:46","slug":"fondation-de-lordre-mauricien","status":"publish","type":"page","link":"https:\/\/www.ordinemauriziano.it\/fr\/","title":{"rendered":"Fondation de l\u2019Ordre Mauricien"},"content":{"rendered":"\t\t<div data-elementor-type=\"wp-page\" data-elementor-id=\"11159\" class=\"elementor elementor-11159 elementor-7\" data-elementor-post-type=\"page\">\n\t\t\t\t<div class=\"elementor-element elementor-element-de62a2b e-flex e-con-boxed e-con e-parent\" data-id=\"de62a2b\" data-element_type=\"container\" data-e-type=\"container\" data-settings=\"{&quot;background_background&quot;:&quot;classic&quot;}\">\n\t\t\t\t\t<div class=\"e-con-inner\">\n\t\t<div class=\"elementor-element elementor-element-de7ca11 e-con-full e-flex e-con e-child\" data-id=\"de7ca11\" data-element_type=\"container\" data-e-type=\"container\">\n\t\t\t\t<div class=\"elementor-element elementor-element-cdbcba6 elementor-widget__width-inherit animation_type_block sc_fly_static elementor-widget elementor-widget-image\" data-id=\"cdbcba6\" data-element_type=\"widget\" data-e-type=\"widget\" data-widget_type=\"image.default\">\n\t\t\t\t<div class=\"elementor-widget-container\">\n\t\t\t\t\t\t\t\t\t\t\t\t\t\t\t<img fetchpriority=\"high\" decoding=\"async\" width=\"768\" height=\"185\" src=\"https:\/\/www.ordinemauriziano.it\/wp-content\/uploads\/2023\/07\/23-fom-fondazione-ordine-mauriziano-logo-principale-orizzontale-768x185.png\" class=\"attachment-medium_large size-medium_large wp-image-11034\" alt=\"Logo completo di Fondazione Ordine Mauriziano\" srcset=\"https:\/\/www.ordinemauriziano.it\/wp-content\/uploads\/2023\/07\/23-fom-fondazione-ordine-mauriziano-logo-principale-orizzontale-768x185.png 768w, https:\/\/www.ordinemauriziano.it\/wp-content\/uploads\/2023\/07\/23-fom-fondazione-ordine-mauriziano-logo-principale-orizzontale-300x72.png 300w, https:\/\/www.ordinemauriziano.it\/wp-content\/uploads\/2023\/07\/23-fom-fondazione-ordine-mauriziano-logo-principale-orizzontale-1024x247.png 1024w, https:\/\/www.ordinemauriziano.it\/wp-content\/uploads\/2023\/07\/23-fom-fondazione-ordine-mauriziano-logo-principale-orizzontale-1536x370.png 1536w, https:\/\/www.ordinemauriziano.it\/wp-content\/uploads\/2023\/07\/23-fom-fondazione-ordine-mauriziano-logo-principale-orizzontale-370x89.png 370w, https:\/\/www.ordinemauriziano.it\/wp-content\/uploads\/2023\/07\/23-fom-fondazione-ordine-mauriziano-logo-principale-orizzontale-770x186.png 770w, https:\/\/www.ordinemauriziano.it\/wp-content\/uploads\/2023\/07\/23-fom-fondazione-ordine-mauriziano-logo-principale-orizzontale-600x145.png 600w, https:\/\/www.ordinemauriziano.it\/wp-content\/uploads\/2023\/07\/23-fom-fondazione-ordine-mauriziano-logo-principale-orizzontale.png 1920w\" sizes=\"(max-width: 768px) 100vw, 768px\" \/>\t\t\t\t\t\t\t\t\t\t\t\t\t\t\t<\/div>\n\t\t\t\t<\/div>\n\t\t\t\t<div class=\"elementor-element elementor-element-00c2360 animation_type_block sc_fly_static elementor-widget elementor-widget-heading\" data-id=\"00c2360\" data-element_type=\"widget\" data-e-type=\"widget\" data-widget_type=\"heading.default\">\n\t\t\t\t<div class=\"elementor-widget-container\">\n\t\t\t\t\t<h2 class=\"elementor-heading-title elementor-size-default\">Depuis 1572 gardien de la culture et de la beaut\u00e9<\/h2>\t\t\t\t<\/div>\n\t\t\t\t<\/div>\n\t\t\t\t<div class=\"elementor-element elementor-element-9f89608 animation_type_block sc_fly_static elementor-widget elementor-widget-text-editor\" data-id=\"9f89608\" data-element_type=\"widget\" data-e-type=\"widget\" data-widget_type=\"text-editor.default\">\n\t\t\t\t<div class=\"elementor-widget-container\">\n\t\t\t\t\t\t\t\t\tLa Fondation de l\u2019Ordre Mauricien de Turin veille \u00e0 la <strong>conservation et \u00e0 la mise en valeur du Patrimoine Culturel Mauricien:<\/strong> une collection de monuments, lieux de culte, archives, documents, t\u00e9moignages et biens immat\u00e9riels qui racontent l\u2019histoire de l\u2019Italie au fil des si\u00e8cles.\t\t\t\t\t\t\t\t<\/div>\n\t\t\t\t<\/div>\n\t\t\t\t<div class=\"elementor-element elementor-element-5bbeacc animation_type_block sc_fly_static elementor-widget elementor-widget-image-carousel\" data-id=\"5bbeacc\" data-element_type=\"widget\" data-e-type=\"widget\" data-settings=\"{&quot;slides_to_show&quot;:&quot;5&quot;,&quot;navigation&quot;:&quot;none&quot;,&quot;autoplay&quot;:&quot;yes&quot;,&quot;pause_on_hover&quot;:&quot;yes&quot;,&quot;pause_on_interaction&quot;:&quot;yes&quot;,&quot;autoplay_speed&quot;:5000,&quot;infinite&quot;:&quot;yes&quot;,&quot;speed&quot;:500}\" data-widget_type=\"image-carousel.default\">\n\t\t\t\t<div class=\"elementor-widget-container\">\n\t\t\t\t\t\t\t<div class=\"elementor-image-carousel-wrapper swiper\" role=\"region\" aria-roledescription=\"carousel\" aria-label=\"Carrousel d\u2019images\" dir=\"ltr\">\n\t\t\t<div class=\"elementor-image-carousel swiper-wrapper\" aria-live=\"off\">\n\t\t\t\t\t\t\t\t<div class=\"swiper-slide\" role=\"group\" aria-roledescription=\"slide\" aria-label=\"1 sur 12\"><figure class=\"swiper-slide-inner\"><img decoding=\"async\" class=\"swiper-slide-image\" src=\"https:\/\/www.ordinemauriziano.it\/wp-content\/uploads\/2023\/09\/23-fom-ranverso-foto-10-300x300.jpg\" alt=\"Foto dell&#039;abbazia di ranverso vista frontale\" \/><\/figure><\/div><div class=\"swiper-slide\" role=\"group\" aria-roledescription=\"slide\" aria-label=\"2 sur 12\"><figure class=\"swiper-slide-inner\"><img decoding=\"async\" class=\"swiper-slide-image\" src=\"https:\/\/www.ordinemauriziano.it\/wp-content\/uploads\/2023\/09\/23-fom-ranverso-foto-11-300x300.jpg\" alt=\"Dettaglio foto tetto ranverso\" \/><\/figure><\/div><div class=\"swiper-slide\" role=\"group\" aria-roledescription=\"slide\" aria-label=\"3 sur 12\"><figure class=\"swiper-slide-inner\"><img decoding=\"async\" class=\"swiper-slide-image\" src=\"https:\/\/www.ordinemauriziano.it\/wp-content\/uploads\/2023\/09\/23-fom-ranverso-foto-12-300x300.jpg\" alt=\"Foto di Ranverso innevata\" \/><\/figure><\/div><div class=\"swiper-slide\" role=\"group\" aria-roledescription=\"slide\" aria-label=\"4 sur 12\"><figure class=\"swiper-slide-inner\"><img decoding=\"async\" class=\"swiper-slide-image\" src=\"https:\/\/www.ordinemauriziano.it\/wp-content\/uploads\/2023\/09\/23-fom-staffarda-foto-7-300x300.jpg\" alt=\"Foto laterale di Staffarda\" \/><\/figure><\/div><div class=\"swiper-slide\" role=\"group\" aria-roledescription=\"slide\" aria-label=\"5 sur 12\"><figure class=\"swiper-slide-inner\"><img decoding=\"async\" class=\"swiper-slide-image\" src=\"https:\/\/www.ordinemauriziano.it\/wp-content\/uploads\/2023\/09\/23-fom-staffarda-foto-8-300x300.jpg\" alt=\"Foto cortile interno di Staffarda\" \/><\/figure><\/div><div class=\"swiper-slide\" role=\"group\" aria-roledescription=\"slide\" aria-label=\"6 sur 12\"><figure class=\"swiper-slide-inner\"><img decoding=\"async\" class=\"swiper-slide-image\" src=\"https:\/\/www.ordinemauriziano.it\/wp-content\/uploads\/2023\/09\/23-fom-staffarda-foto-9-300x300.jpg\" alt=\"Dettaglio arcate di Staffarda\" \/><\/figure><\/div><div class=\"swiper-slide\" role=\"group\" aria-roledescription=\"slide\" aria-label=\"7 sur 12\"><figure class=\"swiper-slide-inner\"><img decoding=\"async\" class=\"swiper-slide-image\" src=\"https:\/\/www.ordinemauriziano.it\/wp-content\/uploads\/2023\/09\/23-fom-stupinigi-foto-1-300x300.jpg\" alt=\"Vista frontale Palazzina di Caccia di Stupinigi\" \/><\/figure><\/div><div class=\"swiper-slide\" role=\"group\" aria-roledescription=\"slide\" aria-label=\"8 sur 12\"><figure class=\"swiper-slide-inner\"><img decoding=\"async\" class=\"swiper-slide-image\" src=\"https:\/\/www.ordinemauriziano.it\/wp-content\/uploads\/2023\/09\/23-fom-stupinigi-foto-2-300x300.jpg\" alt=\"Vista aerea della Palazzina ritratta dal parco\" \/><\/figure><\/div><div class=\"swiper-slide\" role=\"group\" aria-roledescription=\"slide\" aria-label=\"9 sur 12\"><figure class=\"swiper-slide-inner\"><img decoding=\"async\" class=\"swiper-slide-image\" src=\"https:\/\/www.ordinemauriziano.it\/wp-content\/uploads\/2023\/09\/23-fom-stupinigi-foto-3-300x300.jpg\" alt=\"Vista Aerea della Palazzina di Caccia di Stupinigi\" \/><\/figure><\/div><div class=\"swiper-slide\" role=\"group\" aria-roledescription=\"slide\" aria-label=\"10 sur 12\"><figure class=\"swiper-slide-inner\"><img decoding=\"async\" class=\"swiper-slide-image\" src=\"https:\/\/www.ordinemauriziano.it\/wp-content\/uploads\/2023\/09\/23-fom-stupinigi-foto-4-300x300.jpg\" alt=\"Dettaglio vista frontale della Palazzina\" \/><\/figure><\/div><div class=\"swiper-slide\" role=\"group\" aria-roledescription=\"slide\" aria-label=\"11 sur 12\"><figure class=\"swiper-slide-inner\"><img decoding=\"async\" class=\"swiper-slide-image\" src=\"https:\/\/www.ordinemauriziano.it\/wp-content\/uploads\/2023\/09\/23-fom-stupinigi-foto-5-300x300.jpg\" alt=\"Vista aerea della Palazzina di Caccia frontale\" \/><\/figure><\/div><div class=\"swiper-slide\" role=\"group\" aria-roledescription=\"slide\" aria-label=\"12 sur 12\"><figure class=\"swiper-slide-inner\"><img decoding=\"async\" class=\"swiper-slide-image\" src=\"https:\/\/www.ordinemauriziano.it\/wp-content\/uploads\/2023\/09\/23-fom-stupinigi-foto-6-300x300.jpg\" alt=\"Vista notturna della palazzina di caccia\" \/><\/figure><\/div>\t\t\t<\/div>\n\t\t\t\t\t\t\t\n\t\t\t\t\t\t\t\t\t<\/div>\n\t\t\t\t\t\t<\/div>\n\t\t\t\t<\/div>\n\t\t\t\t<div class=\"elementor-element elementor-element-8970d82 elementor-widget__width-inherit animation_type_block sc_fly_static elementor-widget elementor-widget-heading\" data-id=\"8970d82\" data-element_type=\"widget\" data-e-type=\"widget\" data-widget_type=\"heading.default\">\n\t\t\t\t<div class=\"elementor-widget-container\">\n\t\t\t\t\t<h3 class=\"elementor-heading-title elementor-size-default\">D\u00e9couvrez le patrimoine artistique de la Fondation de l\u2019Ordre Mauricien<\/h3>\t\t\t\t<\/div>\n\t\t\t\t<\/div>\n\t\t<div class=\"elementor-element elementor-element-4374de8 e-con-full e-flex e-con e-child\" data-id=\"4374de8\" data-element_type=\"container\" data-e-type=\"container\">\n\t\t\t\t<div class=\"elementor-element elementor-element-4857130 e-transform animation_type_block sc_fly_static elementor-widget elementor-widget-image\" data-id=\"4857130\" data-element_type=\"widget\" data-e-type=\"widget\" data-settings=\"{&quot;_transform_scale_effect_hover&quot;:{&quot;unit&quot;:&quot;px&quot;,&quot;size&quot;:0.9,&quot;sizes&quot;:[]},&quot;_transform_scale_effect_hover_tablet&quot;:{&quot;unit&quot;:&quot;px&quot;,&quot;size&quot;:&quot;&quot;,&quot;sizes&quot;:[]},&quot;_transform_scale_effect_hover_mobile&quot;:{&quot;unit&quot;:&quot;px&quot;,&quot;size&quot;:&quot;&quot;,&quot;sizes&quot;:[]}}\" data-widget_type=\"image.default\">\n\t\t\t\t<div class=\"elementor-widget-container\">\n\t\t\t\t\t\t\t\t\t\t\t\t\t\t\t\t<a href=\"https:\/\/www.ordinemauriziano.it\/fr\/pavillon-de-chasse-de-stupinigi\/\">\n\t\t\t\t\t\t\t<img decoding=\"async\" width=\"300\" height=\"279\" src=\"https:\/\/www.ordinemauriziano.it\/wp-content\/uploads\/2023\/07\/23-fom-fondazione-palazzina-300x279.png\" class=\"attachment-medium size-medium wp-image-11041\" alt=\"Icona stilizzata palazzina di caccia\" srcset=\"https:\/\/www.ordinemauriziano.it\/wp-content\/uploads\/2023\/07\/23-fom-fondazione-palazzina-300x279.png 300w, https:\/\/www.ordinemauriziano.it\/wp-content\/uploads\/2023\/07\/23-fom-fondazione-palazzina-370x345.png 370w, https:\/\/www.ordinemauriziano.it\/wp-content\/uploads\/2023\/07\/23-fom-fondazione-palazzina.png 380w\" sizes=\"(max-width: 300px) 100vw, 300px\" \/>\t\t\t\t\t\t\t\t<\/a>\n\t\t\t\t\t\t\t\t\t\t\t\t\t\t\t<\/div>\n\t\t\t\t<\/div>\n\t\t\t\t<div class=\"elementor-element elementor-element-075b041 animation_type_block sc_fly_static elementor-widget elementor-widget-heading\" data-id=\"075b041\" data-element_type=\"widget\" data-e-type=\"widget\" data-widget_type=\"heading.default\">\n\t\t\t\t<div class=\"elementor-widget-container\">\n\t\t\t\t\t<h5 class=\"elementor-heading-title elementor-size-default\">Pavillon de Chasse de Stupinigi<\/h5>\t\t\t\t<\/div>\n\t\t\t\t<\/div>\n\t\t\t\t<div class=\"elementor-element elementor-element-eb0e9f4 animation_type_block sc_fly_static elementor-widget elementor-widget-text-editor\" data-id=\"eb0e9f4\" data-element_type=\"widget\" data-e-type=\"widget\" data-widget_type=\"text-editor.default\">\n\t\t\t\t<div class=\"elementor-widget-container\">\n\t\t\t\t\t\t\t\t\t<p>Un joyau monumental<\/p>\n\t\t\t\t\t\t\t\t<\/div>\n\t\t\t\t<\/div>\n\t\t\t\t<div class=\"elementor-element elementor-element-42ea8d5 animation_type_block sc_fly_static elementor-widget elementor-widget-spacer\" data-id=\"42ea8d5\" data-element_type=\"widget\" data-e-type=\"widget\" data-widget_type=\"spacer.default\">\n\t\t\t\t<div class=\"elementor-widget-container\">\n\t\t\t\t\t\t\t<div class=\"elementor-spacer\">\n\t\t\t<div class=\"elementor-spacer-inner\"><\/div>\n\t\t<\/div>\n\t\t\t\t\t\t<\/div>\n\t\t\t\t<\/div>\n\t\t\t\t<\/div>\n\t\t<div class=\"elementor-element elementor-element-1b95a56 e-con-full e-flex e-con e-child\" data-id=\"1b95a56\" data-element_type=\"container\" data-e-type=\"container\">\n\t\t\t\t<div class=\"elementor-element elementor-element-9756939 e-transform animation_type_block sc_fly_static elementor-widget elementor-widget-image\" data-id=\"9756939\" data-element_type=\"widget\" data-e-type=\"widget\" data-settings=\"{&quot;_transform_scale_effect_hover&quot;:{&quot;unit&quot;:&quot;px&quot;,&quot;size&quot;:0.9,&quot;sizes&quot;:[]},&quot;_transform_scale_effect_hover_tablet&quot;:{&quot;unit&quot;:&quot;px&quot;,&quot;size&quot;:&quot;&quot;,&quot;sizes&quot;:[]},&quot;_transform_scale_effect_hover_mobile&quot;:{&quot;unit&quot;:&quot;px&quot;,&quot;size&quot;:&quot;&quot;,&quot;sizes&quot;:[]}}\" data-widget_type=\"image.default\">\n\t\t\t\t<div class=\"elementor-widget-container\">\n\t\t\t\t\t\t\t\t\t\t\t\t\t\t\t\t<a href=\"https:\/\/www.ordinemauriziano.it\/fr\/commanderie-de-saint-antoine-de-ranvers\/\">\n\t\t\t\t\t\t\t<img decoding=\"async\" width=\"300\" height=\"279\" src=\"https:\/\/www.ordinemauriziano.it\/wp-content\/uploads\/2023\/07\/23-fom-fondazione-ranverso-300x279.png\" class=\"attachment-medium size-medium wp-image-11042\" alt=\"Icona stilizzata ranverso\" srcset=\"https:\/\/www.ordinemauriziano.it\/wp-content\/uploads\/2023\/07\/23-fom-fondazione-ranverso-300x279.png 300w, https:\/\/www.ordinemauriziano.it\/wp-content\/uploads\/2023\/07\/23-fom-fondazione-ranverso-370x345.png 370w, https:\/\/www.ordinemauriziano.it\/wp-content\/uploads\/2023\/07\/23-fom-fondazione-ranverso.png 380w\" sizes=\"(max-width: 300px) 100vw, 300px\" \/>\t\t\t\t\t\t\t\t<\/a>\n\t\t\t\t\t\t\t\t\t\t\t\t\t\t\t<\/div>\n\t\t\t\t<\/div>\n\t\t\t\t<div class=\"elementor-element elementor-element-371ef97 animation_type_block sc_fly_static elementor-widget elementor-widget-heading\" data-id=\"371ef97\" data-element_type=\"widget\" data-e-type=\"widget\" data-widget_type=\"heading.default\">\n\t\t\t\t<div class=\"elementor-widget-container\">\n\t\t\t\t\t<h5 class=\"elementor-heading-title elementor-size-default\">Commanderie de Saint-Antoine de Ranvers<\/h5>\t\t\t\t<\/div>\n\t\t\t\t<\/div>\n\t\t\t\t<div class=\"elementor-element elementor-element-7b910bb animation_type_block sc_fly_static elementor-widget elementor-widget-text-editor\" data-id=\"7b910bb\" data-element_type=\"widget\" data-e-type=\"widget\" data-widget_type=\"text-editor.default\">\n\t\t\t\t<div class=\"elementor-widget-container\">\n\t\t\t\t\t\t\t\t\t<p>Pr\u00e9cieux art gothique<\/p>\n\t\t\t\t\t\t\t\t<\/div>\n\t\t\t\t<\/div>\n\t\t\t\t<div class=\"elementor-element elementor-element-c4ebeb1 animation_type_block sc_fly_static elementor-widget elementor-widget-spacer\" data-id=\"c4ebeb1\" data-element_type=\"widget\" data-e-type=\"widget\" data-widget_type=\"spacer.default\">\n\t\t\t\t<div class=\"elementor-widget-container\">\n\t\t\t\t\t\t\t<div class=\"elementor-spacer\">\n\t\t\t<div class=\"elementor-spacer-inner\"><\/div>\n\t\t<\/div>\n\t\t\t\t\t\t<\/div>\n\t\t\t\t<\/div>\n\t\t\t\t<\/div>\n\t\t<div class=\"elementor-element elementor-element-8630067 e-con-full e-flex e-con e-child\" data-id=\"8630067\" data-element_type=\"container\" data-e-type=\"container\">\n\t\t\t\t<div class=\"elementor-element elementor-element-9c28c1b e-transform animation_type_block sc_fly_static elementor-widget elementor-widget-image\" data-id=\"9c28c1b\" data-element_type=\"widget\" data-e-type=\"widget\" data-settings=\"{&quot;_transform_scale_effect_hover&quot;:{&quot;unit&quot;:&quot;px&quot;,&quot;size&quot;:0.9,&quot;sizes&quot;:[]},&quot;_transform_scale_effect_hover_tablet&quot;:{&quot;unit&quot;:&quot;px&quot;,&quot;size&quot;:&quot;&quot;,&quot;sizes&quot;:[]},&quot;_transform_scale_effect_hover_mobile&quot;:{&quot;unit&quot;:&quot;px&quot;,&quot;size&quot;:&quot;&quot;,&quot;sizes&quot;:[]}}\" data-widget_type=\"image.default\">\n\t\t\t\t<div class=\"elementor-widget-container\">\n\t\t\t\t\t\t\t\t\t\t\t\t\t\t\t\t<a href=\"https:\/\/www.ordinemauriziano.it\/fr\/abbaye-de-sainte-marie-de-staffarda\/\">\n\t\t\t\t\t\t\t<img loading=\"lazy\" decoding=\"async\" width=\"300\" height=\"279\" src=\"https:\/\/www.ordinemauriziano.it\/wp-content\/uploads\/2023\/07\/23-fom-fondazione-staffarda-300x279.png\" class=\"attachment-medium size-medium wp-image-11043\" alt=\"Icona stilizzata staffarda\" srcset=\"https:\/\/www.ordinemauriziano.it\/wp-content\/uploads\/2023\/07\/23-fom-fondazione-staffarda-300x279.png 300w, https:\/\/www.ordinemauriziano.it\/wp-content\/uploads\/2023\/07\/23-fom-fondazione-staffarda-370x345.png 370w, https:\/\/www.ordinemauriziano.it\/wp-content\/uploads\/2023\/07\/23-fom-fondazione-staffarda.png 380w\" sizes=\"(max-width: 300px) 100vw, 300px\" \/>\t\t\t\t\t\t\t\t<\/a>\n\t\t\t\t\t\t\t\t\t\t\t\t\t\t\t<\/div>\n\t\t\t\t<\/div>\n\t\t\t\t<div class=\"elementor-element elementor-element-95605f1 animation_type_block sc_fly_static elementor-widget elementor-widget-heading\" data-id=\"95605f1\" data-element_type=\"widget\" data-e-type=\"widget\" data-widget_type=\"heading.default\">\n\t\t\t\t<div class=\"elementor-widget-container\">\n\t\t\t\t\t<h5 class=\"elementor-heading-title elementor-size-default\">Abbaye de Sainte-Marie de Staffarda<\/h5>\t\t\t\t<\/div>\n\t\t\t\t<\/div>\n\t\t\t\t<div class=\"elementor-element elementor-element-9d7e412 animation_type_block sc_fly_static elementor-widget elementor-widget-text-editor\" data-id=\"9d7e412\" data-element_type=\"widget\" data-e-type=\"widget\" data-widget_type=\"text-editor.default\">\n\t\t\t\t<div class=\"elementor-widget-container\">\n\t\t\t\t\t\t\t\t\t<p>L\u2019activit\u00e9 cistercienne<\/p>\n\t\t\t\t\t\t\t\t<\/div>\n\t\t\t\t<\/div>\n\t\t\t\t<div class=\"elementor-element elementor-element-b47edb7 animation_type_block sc_fly_static elementor-widget elementor-widget-spacer\" data-id=\"b47edb7\" data-element_type=\"widget\" data-e-type=\"widget\" data-widget_type=\"spacer.default\">\n\t\t\t\t<div class=\"elementor-widget-container\">\n\t\t\t\t\t\t\t<div class=\"elementor-spacer\">\n\t\t\t<div class=\"elementor-spacer-inner\"><\/div>\n\t\t<\/div>\n\t\t\t\t\t\t<\/div>\n\t\t\t\t<\/div>\n\t\t\t\t<\/div>\n\t\t<div class=\"elementor-element elementor-element-e80f11c e-con-full e-flex e-con e-child\" data-id=\"e80f11c\" data-element_type=\"container\" data-e-type=\"container\">\n\t\t\t\t<div class=\"elementor-element elementor-element-4e114e6 elementor-arrows-position-inside elementor-pagination-position-outside animation_type_block sc_fly_static elementor-widget elementor-widget-image-carousel\" data-id=\"4e114e6\" data-element_type=\"widget\" data-e-type=\"widget\" data-settings=\"{&quot;slides_to_show&quot;:&quot;1&quot;,&quot;autoplay_speed&quot;:3000,&quot;effect&quot;:&quot;fade&quot;,&quot;speed&quot;:1000,&quot;navigation&quot;:&quot;both&quot;,&quot;autoplay&quot;:&quot;yes&quot;,&quot;pause_on_hover&quot;:&quot;yes&quot;,&quot;pause_on_interaction&quot;:&quot;yes&quot;,&quot;infinite&quot;:&quot;yes&quot;}\" data-widget_type=\"image-carousel.default\">\n\t\t\t\t<div class=\"elementor-widget-container\">\n\t\t\t\t\t\t\t<div class=\"elementor-image-carousel-wrapper swiper\" role=\"region\" aria-roledescription=\"carousel\" aria-label=\"Carrousel d\u2019images\" dir=\"ltr\">\n\t\t\t<div class=\"elementor-image-carousel swiper-wrapper\" aria-live=\"off\">\n\t\t\t\t\t\t\t\t<div class=\"swiper-slide\" role=\"group\" aria-roledescription=\"slide\" aria-label=\"1 sur 10\"><figure class=\"swiper-slide-inner\"><img decoding=\"async\" class=\"swiper-slide-image\" src=\"https:\/\/www.ordinemauriziano.it\/wp-content\/uploads\/2023\/09\/01-stupinigi.jpg\" alt=\"Vista in dettaglio della palazzina frontale\" \/><\/figure><\/div><div class=\"swiper-slide\" role=\"group\" aria-roledescription=\"slide\" aria-label=\"2 sur 10\"><figure class=\"swiper-slide-inner\"><img decoding=\"async\" class=\"swiper-slide-image\" src=\"https:\/\/www.ordinemauriziano.it\/wp-content\/uploads\/2023\/09\/02-ranverso.jpg\" alt=\"Vista frontale estiva di ranverso\" \/><\/figure><\/div><div class=\"swiper-slide\" role=\"group\" aria-roledescription=\"slide\" aria-label=\"3 sur 10\"><figure class=\"swiper-slide-inner\"><img decoding=\"async\" class=\"swiper-slide-image\" src=\"https:\/\/www.ordinemauriziano.it\/wp-content\/uploads\/2023\/09\/03-staffarda.jpg\" alt=\"Interno cortile di ranverso\" \/><\/figure><\/div><div class=\"swiper-slide\" role=\"group\" aria-roledescription=\"slide\" aria-label=\"4 sur 10\"><figure class=\"swiper-slide-inner\"><img decoding=\"async\" class=\"swiper-slide-image\" src=\"https:\/\/www.ordinemauriziano.it\/wp-content\/uploads\/2023\/09\/04-ranverso.jpg\" alt=\"Dettaglio del tetto di ranverso\" \/><\/figure><\/div><div class=\"swiper-slide\" role=\"group\" aria-roledescription=\"slide\" aria-label=\"5 sur 10\"><figure class=\"swiper-slide-inner\"><img decoding=\"async\" class=\"swiper-slide-image\" src=\"https:\/\/www.ordinemauriziano.it\/wp-content\/uploads\/2023\/09\/05-stupinigi.jpg\" alt=\"Foto di vista aerea palazzina frontale\" \/><\/figure><\/div><div class=\"swiper-slide\" role=\"group\" aria-roledescription=\"slide\" aria-label=\"6 sur 10\"><figure class=\"swiper-slide-inner\"><img decoding=\"async\" class=\"swiper-slide-image\" src=\"https:\/\/www.ordinemauriziano.it\/wp-content\/uploads\/2023\/09\/06-staffarda.jpg\" alt=\"Staffarda in inverno\" \/><\/figure><\/div><div class=\"swiper-slide\" role=\"group\" aria-roledescription=\"slide\" aria-label=\"7 sur 10\"><figure class=\"swiper-slide-inner\"><img decoding=\"async\" class=\"swiper-slide-image\" src=\"https:\/\/www.ordinemauriziano.it\/wp-content\/uploads\/2023\/09\/07-stupinigi.jpg\" alt=\"Palazzina di Caccia fotografia notturna\" \/><\/figure><\/div><div class=\"swiper-slide\" role=\"group\" aria-roledescription=\"slide\" aria-label=\"8 sur 10\"><figure class=\"swiper-slide-inner\"><img decoding=\"async\" class=\"swiper-slide-image\" src=\"https:\/\/www.ordinemauriziano.it\/wp-content\/uploads\/2023\/09\/08-staffarda.jpg\" alt=\"Dettaglio degli archi interno cortile di Staffarda\" \/><\/figure><\/div><div class=\"swiper-slide\" role=\"group\" aria-roledescription=\"slide\" aria-label=\"9 sur 10\"><figure class=\"swiper-slide-inner\"><img decoding=\"async\" class=\"swiper-slide-image\" src=\"https:\/\/www.ordinemauriziano.it\/wp-content\/uploads\/2023\/09\/09-ranverso.jpg\" alt=\"Ranverso ripresa in inverno\" \/><\/figure><\/div><div class=\"swiper-slide\" role=\"group\" aria-roledescription=\"slide\" aria-label=\"10 sur 10\"><figure class=\"swiper-slide-inner\"><img decoding=\"async\" class=\"swiper-slide-image\" src=\"https:\/\/www.ordinemauriziano.it\/wp-content\/uploads\/2023\/09\/10-stupinigi.jpg\" alt=\"La Palazzina di Caccia fotografia aerea\" \/><\/figure><\/div>\t\t\t<\/div>\n\t\t\t\t\t\t\t\t\t\t\t\t<div class=\"elementor-swiper-button elementor-swiper-button-prev\" role=\"button\" tabindex=\"0\">\n\t\t\t\t\t\t<i aria-hidden=\"true\" class=\"eicon-chevron-left\"><\/i>\t\t\t\t\t<\/div>\n\t\t\t\t\t<div class=\"elementor-swiper-button elementor-swiper-button-next\" role=\"button\" tabindex=\"0\">\n\t\t\t\t\t\t<i aria-hidden=\"true\" class=\"eicon-chevron-right\"><\/i>\t\t\t\t\t<\/div>\n\t\t\t\t\n\t\t\t\t\t\t\t\t\t<div class=\"swiper-pagination\"><\/div>\n\t\t\t\t\t\t\t\t\t<\/div>\n\t\t\t\t\t\t<\/div>\n\t\t\t\t<\/div>\n\t\t\t\t<\/div>\n\t\t<div class=\"elementor-element elementor-element-9abd197 e-con-full e-flex e-con e-child\" data-id=\"9abd197\" data-element_type=\"container\" data-e-type=\"container\">\n\t\t\t\t<div class=\"elementor-element elementor-element-473e5b5 animation_type_block sc_fly_static elementor-widget elementor-widget-text-editor\" data-id=\"473e5b5\" data-element_type=\"widget\" data-e-type=\"widget\" data-widget_type=\"text-editor.default\">\n\t\t\t\t<div class=\"elementor-widget-container\">\n\t\t\t\t\t\t\t\t\t<p>Le <strong>patrimoine artistique et immobilier<\/strong> de l\u2019ancien ordre des Saints-Maurice-et-Lazare, aujourd\u2019hui partie int\u00e9grante de la Fondation de l\u2019Ordre Mauricien, comprend les Archives Historiques, la Basilique Mauricienne de Turin et des <strong>chefs-d\u2019oeuvre<\/strong> tels que la Commanderie de Saint-Antoine de Ranvers, magnifique expression d\u2019art gothique sur la voie Francig\u00e8ne, ainsi que l\u2019abbaye de Sainte-Marie de Staffarda, fond\u00e9e par les moines cisterciens entre 1122 et 1138.<\/p><p>Le <strong>Pavillon de Chasse de Stupinigi, <\/strong>r\u00e9sidence savoyarde du XVIII si\u00e8cle class\u00e9e au patrimoine mondial de l\u2019Unesco, constitue le<strong> fleuron<\/strong> de l\u2019ensemble architectural de la Fondation.<\/p><p>Les trois structures de la Fondation, en plus de constituer des <strong>complexes de grand int\u00e9r\u00eat artistique et historique<\/strong>, accueillent des expositions, des \u00e9v\u00e8nements et des initiatives culturelles en tout genre selon un calendrier qui<strong> \u00e9volue constamment avec des propositions d\u2019activit\u00e9s <\/strong>con\u00e7ues pour les passionn\u00e9s d\u2019histoire, les amateurs d\u2019art, les familles et les \u00e9coles.<\/p>\t\t\t\t\t\t\t\t<\/div>\n\t\t\t\t<\/div>\n\t\t\t\t<div class=\"elementor-element elementor-element-83a8f7b animation_type_block sc_fly_static elementor-widget elementor-widget-trx_sc_button\" data-id=\"83a8f7b\" data-element_type=\"widget\" data-e-type=\"widget\" data-widget_type=\"trx_sc_button.default\">\n\t\t\t\t<div class=\"elementor-widget-container\">\n\t\t\t\t\t<div id=\"trx_sc_button_1609882067\"\tclass=\"sc_item_button sc_button_wrap\"><a href=\"https:\/\/www.ordinemauriziano.it\/fr\/contacts\/\" class=\"sc_button sc_button_simple sc_button_size_normal sc_button_icon_left color_style_dark\"><span class=\"sc_button_text\"><span class=\"sc_button_title\">PLUS D\u2019INFORMATIONS<\/span><\/span><!-- \/.sc_button_text --><\/a><!-- \/.sc_button --><\/div><!-- \/.sc_item_button -->\t\t\t\t<\/div>\n\t\t\t\t<\/div>\n\t\t\t\t<\/div>\n\t\t\t\t<\/div>\n\t\t\t\t\t<\/div>\n\t\t\t\t<\/div>\n\t\t<div class=\"elementor-element elementor-element-4bde6a7 e-flex e-con-boxed e-con e-parent\" data-id=\"4bde6a7\" data-element_type=\"container\" data-e-type=\"container\" data-settings=\"{&quot;background_background&quot;:&quot;classic&quot;}\">\n\t\t\t\t\t<div class=\"e-con-inner\">\n\t\t\t\t<div class=\"elementor-element elementor-element-0ea5f40 elementor-widget__width-inherit animation_type_block sc_fly_static elementor-widget elementor-widget-heading\" data-id=\"0ea5f40\" data-element_type=\"widget\" data-e-type=\"widget\" data-widget_type=\"heading.default\">\n\t\t\t\t<div class=\"elementor-widget-container\">\n\t\t\t\t\t<h3 class=\"elementor-heading-title elementor-size-default\">L\u2019histoire de la Fondation<\/h3>\t\t\t\t<\/div>\n\t\t\t\t<\/div>\n\t\t\t\t<div class=\"elementor-element elementor-element-b757b3f animation_type_block sc_fly_static elementor-widget elementor-widget-text-editor\" data-id=\"b757b3f\" data-element_type=\"widget\" data-e-type=\"widget\" data-widget_type=\"text-editor.default\">\n\t\t\t\t<div class=\"elementor-widget-container\">\n\t\t\t\t\t\t\t\t\t<p>La Fondation de l\u2019Ordre Mauricien est institu\u00e9e par la loi en novembre 2004 avec pour mission de g\u00e9rer <strong>les propri\u00e9t\u00e9s artistiques d\u2019une valeur inestimable<\/strong> appartenant \u00e0 l\u2019Ordre des Saints-Maurice-et-Lazare, une institution prestigieuse tr\u00e8s ancienne fond\u00e9e en 1572 par la volont\u00e9 du duc Emmanuel-Philibert de Savoie. Cependant, l\u2019histoire de l\u2019Ordre Mauricien trouve son origine encore plus loin dans le temps.<\/p><p>En <strong>1090<\/strong> l\u2019Ordre des Chevaliers de Saint-Lazare voit le jour \u00e0 J\u00e9rusalem, il s\u2019agit d\u2019un ordre hospitalier destin\u00e9 \u00e0 l\u2019assistance des l\u00e9preux et des infirmes. Par ailleurs, en <strong>1434, <\/strong><span id=\"E913\" style=\"font-size: 1rem;\">l\u2019Ordre<\/span><span id=\"E914\" style=\"font-size: 1rem;\"> <\/span><span id=\"E915\" style=\"font-size: 1rem;\">Chev<\/span><span id=\"E916\" style=\"font-size: 1rem;\">aleresque et Religieux de Saint-<\/span><span id=\"E917\" style=\"font-size: 1rem;\">Maurice est fond\u00e9<\/span><span id=\"E918\" style=\"font-size: 1rem;\"> par Am\u00e9d\u00e9e VIII <\/span><span style=\"font-size: 1rem;\">de Savoie<\/span><span id=\"E919\" style=\"font-size: 1rem;\"> \u00e0 Ripaille-<\/span><span id=\"E920\" style=\"font-size: 1rem;\">Chablais<\/span><span id=\"E921\" style=\"font-size: 1rem;\">; celui-ci est compos\u00e9 de chevaliers ermites<\/span><span id=\"E922\" style=\"font-size: 1rem;\"> <\/span><span id=\"E923\" style=\"font-size: 1rem;\">qui \u00e9taient <\/span><span id=\"E924\" style=\"font-size: 1rem;\">charg\u00e9s de conseiller le prince dans sa prise de d\u00e9cisions.<\/span><\/p><p>Au cours des si\u00e8cles, <strong>l\u2019histoire des deux Ordres et de leur unification se croise avec celle de l\u2019Italie<\/strong>. Si nous pensons \u00e0 la Fondation de l\u2019Ordre Mauricien, \u00e0 ce qu\u2019elle repr\u00e9sente et \u00e0 ce qu\u2019elle est aujourd\u2019hui, son r\u00f4le principal est sans doute celui de garantir la conservation des valeurs, de la culture et des traditions d\u2019une institution qui compte presque mille ans d\u2019histoire. Une mission que nous accomplissons avec tout notre engagement et notre passion.<\/p>\t\t\t\t\t\t\t\t<\/div>\n\t\t\t\t<\/div>\n\t\t\t\t<div class=\"elementor-element elementor-element-c2be20c animation_type_block sc_fly_static elementor-widget elementor-widget-trx_sc_button\" data-id=\"c2be20c\" data-element_type=\"widget\" data-e-type=\"widget\" data-widget_type=\"trx_sc_button.default\">\n\t\t\t\t<div class=\"elementor-widget-container\">\n\t\t\t\t\t<div id=\"trx_sc_button_707834376\"\tclass=\"sc_item_button sc_button_wrap\"><a href=\"https:\/\/www.ordinemauriziano.it\/fr\/fondation\/\" class=\"sc_button sc_button_simple sc_button_size_normal sc_button_icon_left color_style_dark\"><span class=\"sc_button_text\"><span class=\"sc_button_title\">APPROFONDISSEZ L\u2019HISTOIRE &gt;&gt;<\/span><\/span><!-- \/.sc_button_text --><\/a><!-- \/.sc_button --><\/div><!-- \/.sc_item_button -->\t\t\t\t<\/div>\n\t\t\t\t<\/div>\n\t\t\t\t<div class=\"elementor-element elementor-element-8d3aa02 animation_type_block sc_fly_static elementor-widget elementor-widget-image\" data-id=\"8d3aa02\" data-element_type=\"widget\" data-e-type=\"widget\" data-widget_type=\"image.default\">\n\t\t\t\t<div class=\"elementor-widget-container\">\n\t\t\t\t\t\t\t\t\t\t\t\t\t\t\t<img loading=\"lazy\" decoding=\"async\" width=\"1173\" height=\"500\" src=\"https:\/\/www.ordinemauriziano.it\/wp-content\/uploads\/2023\/07\/23-fom-mauriziano-banner-storia.jpg\" class=\"attachment-full size-full wp-image-11088\" alt=\"La storia della fondazione\" srcset=\"https:\/\/www.ordinemauriziano.it\/wp-content\/uploads\/2023\/07\/23-fom-mauriziano-banner-storia.jpg 1173w, https:\/\/www.ordinemauriziano.it\/wp-content\/uploads\/2023\/07\/23-fom-mauriziano-banner-storia-300x128.jpg 300w, https:\/\/www.ordinemauriziano.it\/wp-content\/uploads\/2023\/07\/23-fom-mauriziano-banner-storia-1024x436.jpg 1024w, https:\/\/www.ordinemauriziano.it\/wp-content\/uploads\/2023\/07\/23-fom-mauriziano-banner-storia-768x327.jpg 768w, https:\/\/www.ordinemauriziano.it\/wp-content\/uploads\/2023\/07\/23-fom-mauriziano-banner-storia-370x158.jpg 370w, https:\/\/www.ordinemauriziano.it\/wp-content\/uploads\/2023\/07\/23-fom-mauriziano-banner-storia-1170x500.jpg 1170w, https:\/\/www.ordinemauriziano.it\/wp-content\/uploads\/2023\/07\/23-fom-mauriziano-banner-storia-770x328.jpg 770w, https:\/\/www.ordinemauriziano.it\/wp-content\/uploads\/2023\/07\/23-fom-mauriziano-banner-storia-600x256.jpg 600w\" sizes=\"(max-width: 1173px) 100vw, 1173px\" \/>\t\t\t\t\t\t\t\t\t\t\t\t\t\t\t<\/div>\n\t\t\t\t<\/div>\n\t\t\t\t\t<\/div>\n\t\t\t\t<\/div>\n\t\t\t\t<\/div>\n\t\t","protected":false},"excerpt":{"rendered":"<p>Depuis 1572 gardien de la culture et de la beaut\u00e9 La Fondation de l\u2019Ordre Mauricien de Turin veille \u00e0 la conservation et \u00e0 la mise en valeur du Patrimoine Culturel Mauricien: une collection de monuments, lieux de culte, archives, documents, t\u00e9moignages et biens immat\u00e9riels qui&hellip;<\/p>\n","protected":false},"author":1,"featured_media":11033,"parent":0,"menu_order":0,"comment_status":"closed","ping_status":"closed","template":"","meta":{"give_campaign_id":0,"footnotes":""},"class_list":["post-11159","page","type-page","status-publish","has-post-thumbnail","hentry"],"yoast_head":"<!-- This site is optimized with the Yoast SEO plugin v27.2 - https:\/\/yoast.com\/product\/yoast-seo-wordpress\/ -->\n<title>Fondation de l\u2019Ordre Mauricien - Fondazione Ordine Mauriziano<\/title>\n<meta name=\"description\" content=\"La Fondation de l\u2019Ordre Mauricien s\u2019occupe de la conservation et de la mise en valeur du patrimoine culturel mauricien, qui comprend la Palazzina di Caccia di Stupinigi, l\u2019abbaye de Santa Maria di Staffarda, le pr\u00e9ceptoire de S. Antonio di Ranverso, les archives historiques, en plus de la basilique mauricienne de Turin\" \/>\n<meta name=\"robots\" content=\"index, follow, max-snippet:-1, max-image-preview:large, max-video-preview:-1\" \/>\n<link rel=\"canonical\" href=\"https:\/\/www.ordinemauriziano.it\/fr\/\" \/>\n<meta property=\"og:locale\" content=\"fr_FR\" \/>\n<meta property=\"og:type\" content=\"article\" \/>\n<meta property=\"og:title\" content=\"Fondation de l\u2019Ordre Mauricien - Fondazione Ordine Mauriziano\" \/>\n<meta property=\"og:description\" content=\"La Fondation de l\u2019Ordre Mauricien s\u2019occupe de la conservation et de la mise en valeur du patrimoine culturel mauricien, qui comprend la Palazzina di Caccia di Stupinigi, l\u2019abbaye de Santa Maria di Staffarda, le pr\u00e9ceptoire de S. Antonio di Ranverso, les archives historiques, en plus de la basilique mauricienne de Turin\" \/>\n<meta property=\"og:url\" content=\"https:\/\/www.ordinemauriziano.it\/fr\/\" \/>\n<meta property=\"og:site_name\" content=\"Fondazione Ordine Mauriziano\" \/>\n<meta property=\"article:publisher\" content=\"https:\/\/www.facebook.com\/PalazzinaStupinigi.Mauriziano\" \/>\n<meta property=\"article:modified_time\" content=\"2023-11-22T15:58:46+00:00\" \/>\n<meta property=\"og:image\" content=\"https:\/\/www.ordinemauriziano.it\/wp-content\/uploads\/2023\/07\/23-fom-fondazione-header.jpg\" \/>\n\t<meta property=\"og:image:width\" content=\"1920\" \/>\n\t<meta property=\"og:image:height\" content=\"1080\" \/>\n\t<meta property=\"og:image:type\" content=\"image\/jpeg\" \/>\n<script type=\"application\/ld+json\" class=\"yoast-schema-graph\">{\"@context\":\"https:\/\/schema.org\",\"@graph\":[{\"@type\":\"WebPage\",\"@id\":\"https:\/\/www.ordinemauriziano.it\/fr\/\",\"url\":\"https:\/\/www.ordinemauriziano.it\/fr\/\",\"name\":\"Fondation de l\u2019Ordre Mauricien - Fondazione Ordine Mauriziano\",\"isPartOf\":{\"@id\":\"https:\/\/www.ordinemauriziano.it\/fr\/#website\"},\"primaryImageOfPage\":{\"@id\":\"https:\/\/www.ordinemauriziano.it\/fr\/#primaryimage\"},\"image\":{\"@id\":\"https:\/\/www.ordinemauriziano.it\/fr\/#primaryimage\"},\"thumbnailUrl\":\"https:\/\/www.ordinemauriziano.it\/wp-content\/uploads\/2023\/07\/23-fom-fondazione-header.jpg\",\"datePublished\":\"2023-09-21T16:31:24+00:00\",\"dateModified\":\"2023-11-22T15:58:46+00:00\",\"description\":\"La Fondation de l\u2019Ordre Mauricien s\u2019occupe de la conservation et de la mise en valeur du patrimoine culturel mauricien, qui comprend la Palazzina di Caccia di Stupinigi, l\u2019abbaye de Santa Maria di Staffarda, le pr\u00e9ceptoire de S. Antonio di Ranverso, les archives historiques, en plus de la basilique mauricienne de Turin\",\"breadcrumb\":{\"@id\":\"https:\/\/www.ordinemauriziano.it\/fr\/#breadcrumb\"},\"inLanguage\":\"fr-FR\",\"potentialAction\":[{\"@type\":\"ReadAction\",\"target\":[\"https:\/\/www.ordinemauriziano.it\/fr\/\"]}]},{\"@type\":\"ImageObject\",\"inLanguage\":\"fr-FR\",\"@id\":\"https:\/\/www.ordinemauriziano.it\/fr\/#primaryimage\",\"url\":\"https:\/\/www.ordinemauriziano.it\/wp-content\/uploads\/2023\/07\/23-fom-fondazione-header.jpg\",\"contentUrl\":\"https:\/\/www.ordinemauriziano.it\/wp-content\/uploads\/2023\/07\/23-fom-fondazione-header.jpg\",\"width\":1920,\"height\":1080},{\"@type\":\"BreadcrumbList\",\"@id\":\"https:\/\/www.ordinemauriziano.it\/fr\/#breadcrumb\",\"itemListElement\":[{\"@type\":\"ListItem\",\"position\":1,\"name\":\"Home\",\"item\":\"https:\/\/www.ordinemauriziano.it\/fr\/\"},{\"@type\":\"ListItem\",\"position\":2,\"name\":\"Fondation de l\u2019Ordre Mauricien\"}]},{\"@type\":\"WebSite\",\"@id\":\"https:\/\/www.ordinemauriziano.it\/fr\/#website\",\"url\":\"https:\/\/www.ordinemauriziano.it\/fr\/\",\"name\":\"Fondazione Ordine Mauriziano\",\"description\":\"\",\"publisher\":{\"@id\":\"https:\/\/www.ordinemauriziano.it\/fr\/#organization\"},\"potentialAction\":[{\"@type\":\"SearchAction\",\"target\":{\"@type\":\"EntryPoint\",\"urlTemplate\":\"https:\/\/www.ordinemauriziano.it\/fr\/?s={search_term_string}\"},\"query-input\":{\"@type\":\"PropertyValueSpecification\",\"valueRequired\":true,\"valueName\":\"search_term_string\"}}],\"inLanguage\":\"fr-FR\"},{\"@type\":\"Organization\",\"@id\":\"https:\/\/www.ordinemauriziano.it\/fr\/#organization\",\"name\":\"Fondazione Torino Musei\",\"url\":\"https:\/\/www.ordinemauriziano.it\/fr\/\",\"logo\":{\"@type\":\"ImageObject\",\"inLanguage\":\"fr-FR\",\"@id\":\"https:\/\/www.ordinemauriziano.it\/fr\/#\/schema\/logo\/image\/\",\"url\":\"https:\/\/www.ordinemauriziano.it\/wp-content\/uploads\/2022\/05\/Fondazione-Ordine-Mauriziano.png\",\"contentUrl\":\"https:\/\/www.ordinemauriziano.it\/wp-content\/uploads\/2022\/05\/Fondazione-Ordine-Mauriziano.png\",\"width\":233,\"height\":76,\"caption\":\"Fondazione Torino Musei\"},\"image\":{\"@id\":\"https:\/\/www.ordinemauriziano.it\/fr\/#\/schema\/logo\/image\/\"},\"sameAs\":[\"https:\/\/www.facebook.com\/PalazzinaStupinigi.Mauriziano\",\"https:\/\/x.com\/Stupinigi_OM\",\"https:\/\/www.youtube.com\/user\/stupinigimauriziano\"]}]}<\/script>\n<!-- \/ Yoast SEO plugin. -->","yoast_head_json":{"title":"Fondation de l\u2019Ordre Mauricien - Fondazione Ordine Mauriziano","description":"La Fondation de l\u2019Ordre Mauricien s\u2019occupe de la conservation et de la mise en valeur du patrimoine culturel mauricien, qui comprend la Palazzina di Caccia di Stupinigi, l\u2019abbaye de Santa Maria di Staffarda, le pr\u00e9ceptoire de S. Antonio di Ranverso, les archives historiques, en plus de la basilique mauricienne de Turin","robots":{"index":"index","follow":"follow","max-snippet":"max-snippet:-1","max-image-preview":"max-image-preview:large","max-video-preview":"max-video-preview:-1"},"canonical":"https:\/\/www.ordinemauriziano.it\/fr\/","og_locale":"fr_FR","og_type":"article","og_title":"Fondation de l\u2019Ordre Mauricien - Fondazione Ordine Mauriziano","og_description":"La Fondation de l\u2019Ordre Mauricien s\u2019occupe de la conservation et de la mise en valeur du patrimoine culturel mauricien, qui comprend la Palazzina di Caccia di Stupinigi, l\u2019abbaye de Santa Maria di Staffarda, le pr\u00e9ceptoire de S. Antonio di Ranverso, les archives historiques, en plus de la basilique mauricienne de Turin","og_url":"https:\/\/www.ordinemauriziano.it\/fr\/","og_site_name":"Fondazione Ordine Mauriziano","article_publisher":"https:\/\/www.facebook.com\/PalazzinaStupinigi.Mauriziano","article_modified_time":"2023-11-22T15:58:46+00:00","og_image":[{"width":1920,"height":1080,"url":"https:\/\/www.ordinemauriziano.it\/wp-content\/uploads\/2023\/07\/23-fom-fondazione-header.jpg","type":"image\/jpeg"}],"schema":{"@context":"https:\/\/schema.org","@graph":[{"@type":"WebPage","@id":"https:\/\/www.ordinemauriziano.it\/fr\/","url":"https:\/\/www.ordinemauriziano.it\/fr\/","name":"Fondation de l\u2019Ordre Mauricien - Fondazione Ordine Mauriziano","isPartOf":{"@id":"https:\/\/www.ordinemauriziano.it\/fr\/#website"},"primaryImageOfPage":{"@id":"https:\/\/www.ordinemauriziano.it\/fr\/#primaryimage"},"image":{"@id":"https:\/\/www.ordinemauriziano.it\/fr\/#primaryimage"},"thumbnailUrl":"https:\/\/www.ordinemauriziano.it\/wp-content\/uploads\/2023\/07\/23-fom-fondazione-header.jpg","datePublished":"2023-09-21T16:31:24+00:00","dateModified":"2023-11-22T15:58:46+00:00","description":"La Fondation de l\u2019Ordre Mauricien s\u2019occupe de la conservation et de la mise en valeur du patrimoine culturel mauricien, qui comprend la Palazzina di Caccia di Stupinigi, l\u2019abbaye de Santa Maria di Staffarda, le pr\u00e9ceptoire de S. Antonio di Ranverso, les archives historiques, en plus de la basilique mauricienne de Turin","breadcrumb":{"@id":"https:\/\/www.ordinemauriziano.it\/fr\/#breadcrumb"},"inLanguage":"fr-FR","potentialAction":[{"@type":"ReadAction","target":["https:\/\/www.ordinemauriziano.it\/fr\/"]}]},{"@type":"ImageObject","inLanguage":"fr-FR","@id":"https:\/\/www.ordinemauriziano.it\/fr\/#primaryimage","url":"https:\/\/www.ordinemauriziano.it\/wp-content\/uploads\/2023\/07\/23-fom-fondazione-header.jpg","contentUrl":"https:\/\/www.ordinemauriziano.it\/wp-content\/uploads\/2023\/07\/23-fom-fondazione-header.jpg","width":1920,"height":1080},{"@type":"BreadcrumbList","@id":"https:\/\/www.ordinemauriziano.it\/fr\/#breadcrumb","itemListElement":[{"@type":"ListItem","position":1,"name":"Home","item":"https:\/\/www.ordinemauriziano.it\/fr\/"},{"@type":"ListItem","position":2,"name":"Fondation de l\u2019Ordre Mauricien"}]},{"@type":"WebSite","@id":"https:\/\/www.ordinemauriziano.it\/fr\/#website","url":"https:\/\/www.ordinemauriziano.it\/fr\/","name":"Fondazione Ordine Mauriziano","description":"","publisher":{"@id":"https:\/\/www.ordinemauriziano.it\/fr\/#organization"},"potentialAction":[{"@type":"SearchAction","target":{"@type":"EntryPoint","urlTemplate":"https:\/\/www.ordinemauriziano.it\/fr\/?s={search_term_string}"},"query-input":{"@type":"PropertyValueSpecification","valueRequired":true,"valueName":"search_term_string"}}],"inLanguage":"fr-FR"},{"@type":"Organization","@id":"https:\/\/www.ordinemauriziano.it\/fr\/#organization","name":"Fondazione Torino Musei","url":"https:\/\/www.ordinemauriziano.it\/fr\/","logo":{"@type":"ImageObject","inLanguage":"fr-FR","@id":"https:\/\/www.ordinemauriziano.it\/fr\/#\/schema\/logo\/image\/","url":"https:\/\/www.ordinemauriziano.it\/wp-content\/uploads\/2022\/05\/Fondazione-Ordine-Mauriziano.png","contentUrl":"https:\/\/www.ordinemauriziano.it\/wp-content\/uploads\/2022\/05\/Fondazione-Ordine-Mauriziano.png","width":233,"height":76,"caption":"Fondazione Torino Musei"},"image":{"@id":"https:\/\/www.ordinemauriziano.it\/fr\/#\/schema\/logo\/image\/"},"sameAs":["https:\/\/www.facebook.com\/PalazzinaStupinigi.Mauriziano","https:\/\/x.com\/Stupinigi_OM","https:\/\/www.youtube.com\/user\/stupinigimauriziano"]}]}},"campaignId":"","_links":{"self":[{"href":"https:\/\/www.ordinemauriziano.it\/fr\/wp-json\/wp\/v2\/pages\/11159","targetHints":{"allow":["GET"]}}],"collection":[{"href":"https:\/\/www.ordinemauriziano.it\/fr\/wp-json\/wp\/v2\/pages"}],"about":[{"href":"https:\/\/www.ordinemauriziano.it\/fr\/wp-json\/wp\/v2\/types\/page"}],"author":[{"embeddable":true,"href":"https:\/\/www.ordinemauriziano.it\/fr\/wp-json\/wp\/v2\/users\/1"}],"replies":[{"embeddable":true,"href":"https:\/\/www.ordinemauriziano.it\/fr\/wp-json\/wp\/v2\/comments?post=11159"}],"version-history":[{"count":36,"href":"https:\/\/www.ordinemauriziano.it\/fr\/wp-json\/wp\/v2\/pages\/11159\/revisions"}],"predecessor-version":[{"id":12409,"href":"https:\/\/www.ordinemauriziano.it\/fr\/wp-json\/wp\/v2\/pages\/11159\/revisions\/12409"}],"wp:featuredmedia":[{"embeddable":true,"href":"https:\/\/www.ordinemauriziano.it\/fr\/wp-json\/wp\/v2\/media\/11033"}],"wp:attachment":[{"href":"https:\/\/www.ordinemauriziano.it\/fr\/wp-json\/wp\/v2\/media?parent=11159"}],"curies":[{"name":"wp","href":"https:\/\/api.w.org\/{rel}","templated":true}]}}