{"id":11379,"date":"2023-09-25T17:50:57","date_gmt":"2023-09-25T15:50:57","guid":{"rendered":"https:\/\/www.ordinemauriziano.it\/pavillon-de-chasse-de-stupinigi\/visiter-stupinigi-horaires-et-informations-utiles\/"},"modified":"2026-04-28T10:42:55","modified_gmt":"2026-04-28T08:42:55","slug":"visiter-stupinigi-horaires-et-informations-utiles","status":"publish","type":"page","link":"https:\/\/www.ordinemauriziano.it\/fr\/palazzina-di-caccia-di-stupinigi\/visiter-stupinigi\/","title":{"rendered":"Visiter Stupinigi: horaires et informations utiles"},"content":{"rendered":"\t\t<div data-elementor-type=\"wp-page\" data-elementor-id=\"11379\" class=\"elementor elementor-11379 elementor-8255\" data-elementor-post-type=\"page\">\n\t\t\t\t<div class=\"elementor-element elementor-element-8158ec6 e-flex e-con-boxed e-con e-parent\" data-id=\"8158ec6\" data-element_type=\"container\" data-e-type=\"container\" data-settings=\"{&quot;background_background&quot;:&quot;classic&quot;}\">\n\t\t\t\t\t<div class=\"e-con-inner\">\n\t\t\t\t<div class=\"elementor-element elementor-element-8d0e086 elementor-widget__width-inherit animation_type_block sc_fly_static elementor-widget elementor-widget-heading\" data-id=\"8d0e086\" data-element_type=\"widget\" data-e-type=\"widget\" data-widget_type=\"heading.default\">\n\t\t\t\t<div class=\"elementor-widget-container\">\n\t\t\t\t\t<h2 class=\"elementor-heading-title elementor-size-default\">Horaires de visite<\/h2>\t\t\t\t<\/div>\n\t\t\t\t<\/div>\n\t\t\t\t<div class=\"elementor-element elementor-element-8df6378 elementor-widget__width-initial animation_type_block sc_fly_static elementor-widget elementor-widget-text-editor\" data-id=\"8df6378\" data-element_type=\"widget\" data-e-type=\"widget\" data-widget_type=\"text-editor.default\">\n\t\t\t\t<div class=\"elementor-widget-container\">\n\t\t\t\t\t\t\t\t\t<p><strong><u>Du mardi au vendredi<br \/>\n<\/u><\/strong><\/p>\n<p data-start=\"559\" data-end=\"620\"><strong data-start=\"574\" data-end=\"618\">OUVERTURES ET FERMETURES EXCEPTIONNELLES<\/strong><\/p>\n<p><\/p>\n<p data-start=\"622\" data-end=\"1074\">Lundi 16 f\u00e9vrier : ouvert de 10h00 \u00e0 17h30 (derni\u00e8re entr\u00e9e \u00e0 17h00)<br data-start=\"690\" data-end=\"693\" \/>Lundi 6 avril : ouvert de 10h00 \u00e0 18h30 (derni\u00e8re entr\u00e9e \u00e0 18h00)<br data-start=\"758\" data-end=\"761\" \/>Dimanche 10 mai : ouvert de 12h30 \u00e0 18h30 (derni\u00e8re entr\u00e9e \u00e0 18h00)<br data-start=\"828\" data-end=\"831\" \/>Lundi 1er juin : ouvert de 10h00 \u00e0 17h30 (derni\u00e8re entr\u00e9e \u00e0 17h00)<br data-start=\"897\" data-end=\"900\" data-is-only-node=\"\" \/>Jeudi 24 d\u00e9cembre : ouvert de 10h00 \u00e0 14h00 (derni\u00e8re entr\u00e9e \u00e0 13h30)<br data-start=\"969\" data-end=\"972\" \/>Vendredi 25 d\u00e9cembre : FERM\u00c9<br data-start=\"1000\" data-end=\"1003\" \/>Jeudi 31 d\u00e9cembre : ouvert de 10h00 \u00e0 14h00 (derni\u00e8re entr\u00e9e \u00e0 13h30)<\/p>\n<p><\/p>\n<p data-start=\"622\" data-end=\"1074\"><a href=\"https:\/\/www.ordinemauriziano.it\/wp-content\/uploads\/2026\/04\/reglement-dacces-des-visiteurs-aux-parcours-museaux-et-expositifs.pdf\">T\u00e9l\u00e9charger le r\u00e8glement d\u2019acc\u00e8s des visiteurs &gt;&gt;<\/a><\/p>\n\t\t\t\t\t\t\t\t<\/div>\n\t\t\t\t<\/div>\n\t\t\t\t<div class=\"elementor-element elementor-element-dbcf56a elementor-widget__width-initial animation_type_block sc_fly_static elementor-widget elementor-widget-image\" data-id=\"dbcf56a\" data-element_type=\"widget\" data-e-type=\"widget\" data-widget_type=\"image.default\">\n\t\t\t\t<div class=\"elementor-widget-container\">\n\t\t\t\t\t\t\t\t\t\t\t\t\t\t\t<img fetchpriority=\"high\" decoding=\"async\" width=\"1024\" height=\"860\" src=\"https:\/\/www.ordinemauriziano.it\/wp-content\/uploads\/2025\/07\/visita-stupinigi-2025-1024x860.png\" class=\"attachment-large size-large wp-image-15783\" alt=\"Visita Stupinigi foto della palazzina vista dal cortile\" srcset=\"https:\/\/www.ordinemauriziano.it\/wp-content\/uploads\/2025\/07\/visita-stupinigi-2025-1024x860.png 1024w, https:\/\/www.ordinemauriziano.it\/wp-content\/uploads\/2025\/07\/visita-stupinigi-2025-300x252.png 300w, https:\/\/www.ordinemauriziano.it\/wp-content\/uploads\/2025\/07\/visita-stupinigi-2025-768x645.png 768w, https:\/\/www.ordinemauriziano.it\/wp-content\/uploads\/2025\/07\/visita-stupinigi-2025-1536x1289.png 1536w, https:\/\/www.ordinemauriziano.it\/wp-content\/uploads\/2025\/07\/visita-stupinigi-2025-370x311.png 370w, https:\/\/www.ordinemauriziano.it\/wp-content\/uploads\/2025\/07\/visita-stupinigi-2025-770x646.png 770w, https:\/\/www.ordinemauriziano.it\/wp-content\/uploads\/2025\/07\/visita-stupinigi-2025.png 1794w\" sizes=\"(max-width: 1024px) 100vw, 1024px\" \/>\t\t\t\t\t\t\t\t\t\t\t\t\t\t\t<\/div>\n\t\t\t\t<\/div>\n\t\t\t\t<div class=\"elementor-element elementor-element-d39db7a elementor-widget__width-initial elementor-widget-mobile__width-inherit animation_type_block sc_fly_static elementor-widget elementor-widget-image\" data-id=\"d39db7a\" data-element_type=\"widget\" data-e-type=\"widget\" data-widget_type=\"image.default\">\n\t\t\t\t<div class=\"elementor-widget-container\">\n\t\t\t\t\t\t\t\t\t\t\t\t\t\t\t<img decoding=\"async\" width=\"1024\" height=\"1007\" src=\"https:\/\/www.ordinemauriziano.it\/wp-content\/uploads\/2025\/07\/visita-stupinigi-2025-orari-e-info-utili-1024x1007.png\" class=\"attachment-large size-large wp-image-15798\" alt=\"Foto del giardino storico\" srcset=\"https:\/\/www.ordinemauriziano.it\/wp-content\/uploads\/2025\/07\/visita-stupinigi-2025-orari-e-info-utili-1024x1007.png 1024w, https:\/\/www.ordinemauriziano.it\/wp-content\/uploads\/2025\/07\/visita-stupinigi-2025-orari-e-info-utili-300x295.png 300w, https:\/\/www.ordinemauriziano.it\/wp-content\/uploads\/2025\/07\/visita-stupinigi-2025-orari-e-info-utili-768x755.png 768w, https:\/\/www.ordinemauriziano.it\/wp-content\/uploads\/2025\/07\/visita-stupinigi-2025-orari-e-info-utili-1536x1511.png 1536w, https:\/\/www.ordinemauriziano.it\/wp-content\/uploads\/2025\/07\/visita-stupinigi-2025-orari-e-info-utili-370x364.png 370w, https:\/\/www.ordinemauriziano.it\/wp-content\/uploads\/2025\/07\/visita-stupinigi-2025-orari-e-info-utili-90x90.png 90w, https:\/\/www.ordinemauriziano.it\/wp-content\/uploads\/2025\/07\/visita-stupinigi-2025-orari-e-info-utili-770x757.png 770w, https:\/\/www.ordinemauriziano.it\/wp-content\/uploads\/2025\/07\/visita-stupinigi-2025-orari-e-info-utili.png 1758w\" sizes=\"(max-width: 1024px) 100vw, 1024px\" \/>\t\t\t\t\t\t\t\t\t\t\t\t\t\t\t<\/div>\n\t\t\t\t<\/div>\n\t\t\t\t<div class=\"elementor-element elementor-element-da890fc elementor-widget__width-initial animation_type_block sc_fly_static elementor-widget elementor-widget-text-editor\" data-id=\"da890fc\" data-element_type=\"widget\" data-e-type=\"widget\" data-widget_type=\"text-editor.default\">\n\t\t\t\t<div class=\"elementor-widget-container\">\n\t\t\t\t\t\t\t\t\t<p data-start=\"374\" data-end=\"464\"><strong>Le Jardin Historique de la Palazzina est ouvert du 1er mars au 31 octobre<\/strong><\/p>\n<p><\/p>\n<p data-start=\"466\" data-end=\"507\">Du mardi au vendredi : de 10h00 \u00e0 16h30<\/p>\n<p><\/p>\n<p data-start=\"509\" data-end=\"562\">Samedi, dimanche et jours f\u00e9ri\u00e9s : de 10h00 \u00e0 17h30<\/p>\n<p><\/p>\n<p data-start=\"564\" data-end=\"621\">Ferm\u00e9 du 1er novembre au 28 f\u00e9vrier et tous les lundis.<\/p>\n<p><\/p>\n<p data-start=\"623\" data-end=\"687\"><a href=\"https:\/\/www.ordinemauriziano.it\/wp-content\/uploads\/2026\/04\/jardin-historique-reglement-des-modalites-dacces.pdf\">T\u00e9l\u00e9chargez le r\u00e8glement pour l\u2019acc\u00e8s au jardin historique &gt;&gt;&gt;<\/a><\/p>\n<p><\/p>\n<p data-start=\"689\" data-end=\"745\"><a href=\"https:\/\/www.ordinemauriziano.it\/wp-content\/uploads\/2026\/04\/wi-fi-du-parc-comment-se-connecter.pdf\">T\u00e9l\u00e9chargez les instructions pour acc\u00e9der au Wi-Fi &gt;&gt;&gt;<\/a><\/p>\n\t\t\t\t\t\t\t\t<\/div>\n\t\t\t\t<\/div>\n\t\t\t\t<div class=\"elementor-element elementor-element-1fca82f elementor-widget__width-initial animation_type_block sc_fly_static elementor-widget elementor-widget-text-editor\" data-id=\"1fca82f\" data-element_type=\"widget\" data-e-type=\"widget\" data-widget_type=\"text-editor.default\">\n\t\t\t\t<div class=\"elementor-widget-container\">\n\t\t\t\t\t\t\t\t\t<h3 data-start=\"832\" data-end=\"869\"><strong data-start=\"847\" data-end=\"867\">PHOTOS ET VID\u00c9OS<\/strong><\/h3>\n<p><\/p>\n<p data-start=\"871\" data-end=\"1001\">Les visiteurs sont autoris\u00e9s \u00e0 prendre des photographies et des vid\u00e9os du parcours mus\u00e9al exclusivement pour un usage personnel.<\/p>\n<p><\/p>\n<p data-start=\"1003\" data-end=\"1288\">Toute utilisation \u00e0 des fins commerciales et\/ou publicitaires est interdite, de m\u00eame que l\u2019utilisation d\u2019\u00e9quipements professionnels. Pour r\u00e9aliser des photos, vid\u00e9os ou s\u00e9ances photo, m\u00eame \u00e0 titre priv\u00e9, il est n\u00e9cessaire de demander une autorisation \u00e9crite pr\u00e9alable \u00e0 la Direction.<\/p>\n<p><\/p>\n<p data-start=\"1290\" data-end=\"1426\">Les prises de vue, y compris les mariages, fian\u00e7ailles et photos de mode, ne sont pas autoris\u00e9es sans autorisation explicite du mus\u00e9e.<\/p>\n<p><\/p>\n<p data-start=\"1428\" data-end=\"1520\">L\u2019utilisation du flash est interdite \u00e0 l\u2019int\u00e9rieur de la Palazzina di Caccia di Stupinigi.<\/p>\n<p><\/p>\n<p data-start=\"1522\" data-end=\"1739\">La Fondation se r\u00e9serve le droit d\u2019utiliser \u00e0 des fins promotionnelles toute photo, document ou mat\u00e9riel audiovisuel rendu public sur le web, dans lequel la Palazzina di Caccia et ses d\u00e9pendances sont identifiables.<\/p>\n\t\t\t\t\t\t\t\t<\/div>\n\t\t\t\t<\/div>\n\t\t\t\t<div class=\"elementor-element elementor-element-4d98a35 elementor-widget__width-inherit animation_type_block sc_fly_static elementor-widget elementor-widget-heading\" data-id=\"4d98a35\" data-element_type=\"widget\" data-e-type=\"widget\" data-widget_type=\"heading.default\">\n\t\t\t\t<div class=\"elementor-widget-container\">\n\t\t\t\t\t<h2 class=\"elementor-heading-title elementor-size-default\">Billets<\/h2>\t\t\t\t<\/div>\n\t\t\t\t<\/div>\n\t\t\t\t<div class=\"elementor-element elementor-element-839c2b9 elementor-widget__width-initial animation_type_block sc_fly_static elementor-widget elementor-widget-text-editor\" data-id=\"839c2b9\" data-element_type=\"widget\" data-e-type=\"widget\" data-widget_type=\"text-editor.default\">\n\t\t\t\t<div class=\"elementor-widget-container\">\n\t\t\t\t\t\t\t\t\t<h3 data-start=\"1103\" data-end=\"1130\"><strong data-start=\"1118\" data-end=\"1128\">TARIFS<\/strong><\/h3>\n<p><\/p>\n<p data-start=\"1132\" data-end=\"1410\"><strong data-start=\"1132\" data-end=\"1149\">PLEIN TARIF :<\/strong> 12 \u20ac<br data-start=\"1154\" data-end=\"1157\" \/><strong data-start=\"1157\" data-end=\"1169\">R\u00c9DUIT :<\/strong> 8 \u20ac<br data-start=\"1173\" data-end=\"1176\" \/>Groupes de 15 \u00e0 25 personnes (r\u00e9servation obligatoire pour les groupes), \u00e9tudiants de 18 \u00e0 moins de 26 ans, forces de l\u2019ordre, personnel enseignant et employ\u00e9s d\u2019entreprises\/organismes partenaires de la Fondazione Ordine Mauriziano.<\/p>\n<p><\/p>\n<p data-start=\"1451\" data-end=\"1562\"><strong data-start=\"1451\" data-end=\"1462\">JEUNE :<\/strong> 5 \u20ac<br data-start=\"1466\" data-end=\"1469\" \/>\u00c9l\u00e8ves des \u00e9coles primaires et secondaires de 6 \u00e0 moins de 18 ans, accompagn\u00e9s d\u2019un adulte.<\/p>\n<p><\/p>\n<p data-start=\"1564\" data-end=\"1868\"><strong data-start=\"1564\" data-end=\"1575\">GRATUIT<\/strong><br data-start=\"1575\" data-end=\"1578\" \/>Enfants de moins de 6 ans, personnes en situation de handicap avec accompagnateur, r\u00e9sidents de Nichelino le jour de leur anniversaire. D\u00e9tenteurs de la Piemonte Card, Abbonamento Musei, ICOM, Royal Pass et du Passeport Royal compl\u00e9t\u00e9 avec tous les tampons des Camminate Reali avant 2023.<\/p>\n<p><\/p>\n<p data-start=\"1909\" data-end=\"1932\"><strong data-start=\"1909\" data-end=\"1930\">JARDIN HISTORIQUE<\/strong><\/p>\n<p><\/p>\n<p data-start=\"1934\" data-end=\"2079\"><strong data-start=\"1934\" data-end=\"1951\">PLEIN TARIF :<\/strong> 5 \u20ac (billet combin\u00e9 avec la Palazzina et\/ou l\u2019exposition donnant droit au tarif r\u00e9duit)<br data-start=\"2039\" data-end=\"2042\" \/><strong data-start=\"2042\" data-end=\"2054\">R\u00c9DUIT :<\/strong> 3 \u20ac<br data-start=\"2058\" data-end=\"2061\" \/><strong data-start=\"2061\" data-end=\"2073\">\u00c9COLES :<\/strong> 2 \u20ac<\/p>\n<p><\/p>\n<p data-start=\"2081\" data-end=\"2120\"><strong data-start=\"2081\" data-end=\"2118\">EXPOSITION (du 6 mars au 28 juin)<\/strong><\/p>\n<p><\/p>\n<p data-start=\"2122\" data-end=\"2267\"><strong data-start=\"2122\" data-end=\"2139\">PLEIN TARIF :<\/strong> 8 \u20ac (billet combin\u00e9 avec la Palazzina et\/ou l\u2019exposition donnant droit au tarif r\u00e9duit)<br data-start=\"2227\" data-end=\"2230\" \/><strong data-start=\"2230\" data-end=\"2242\">R\u00c9DUIT :<\/strong> 6 \u20ac<br data-start=\"2246\" data-end=\"2249\" \/><strong data-start=\"2249\" data-end=\"2261\">\u00c9COLES :<\/strong> 3 \u20ac<\/p>\n\t\t\t\t\t\t\t\t<\/div>\n\t\t\t\t<\/div>\n\t\t\t\t<div class=\"elementor-element elementor-element-12b0f81 elementor-widget__width-initial animation_type_block sc_fly_static elementor-widget elementor-widget-text-editor\" data-id=\"12b0f81\" data-element_type=\"widget\" data-e-type=\"widget\" data-widget_type=\"text-editor.default\">\n\t\t\t\t<div class=\"elementor-widget-container\">\n\t\t\t\t\t\t\t\t\t<h3><strong><u>PR\u00c9VENTE EN LIGNE<\/u><\/strong><\/h3>\n<p>L\u2019achat du billet d\u2019entr\u00e9e peut s\u2019effectuer \u00e0 la billetterie du Pavillon ou sur les plateformes <a href=\"about:blank\"><strong>VivaTicket<\/strong><\/a> et <a href=\"about:blank\"><strong>Get Your Guide<\/strong><\/a>.<br \/>Attention: le prix des billets plein tarif, tarif r\u00e9duit et ceux pour les \u00e9coles achet\u00e9s en ligne est <strong>major\u00e9 de 15% en raison des droits de pr\u00e9vente<\/strong>.<\/p>\n<p><strong>Les d\u00e9tenteurs du \u201cAbbonamento Musei\u201d et \u201cTorino +Piemonte Card\u201d <\/strong>doivent acheter leur billet \u00e0 la billetterie et pr\u00e9senter leur carte \u00e0 l\u2019entr\u00e9e.<\/p>\n<p>Les billets achet\u00e9s NE POURRONT PAS \u00eatre modifi\u00e9s, annul\u00e9s ou rembours\u00e9s. Avant de confirmer l\u2019achat, nous vous conseillons de v\u00e9rifier attentivement la date et l\u2019heure.<\/p>\n<p><strong>La r\u00e9servation est obligatoire UNIQUEMENT pour les groupes. <\/strong><\/p>\n\t\t\t\t\t\t\t\t<\/div>\n\t\t\t\t<\/div>\n\t\t\t\t<div class=\"elementor-element elementor-element-b8a249a elementor-widget__width-initial animation_type_block sc_fly_static elementor-widget elementor-widget-text-editor\" data-id=\"b8a249a\" data-element_type=\"widget\" data-e-type=\"widget\" data-widget_type=\"text-editor.default\">\n\t\t\t\t<div class=\"elementor-widget-container\">\n\t\t\t\t\t\t\t\t\t<h3><strong><u>AUDIOGUIDE ET VISITES DE GROUPE<\/u><\/strong><\/h3><br>Il est possible de visiter avec un audioguide disponible gratuitement en plusieurs langues.<br><br><br data-start=\"384\" data-end=\"387\" \/>Les visites de groupe doivent \u00eatre r\u00e9serv\u00e9es par e-mail \u00e0 <strong data-start=\"445\" data-end=\"491\"><a class=\"decorated-link cursor-pointer\" rel=\"noopener\" data-start=\"447\" data-end=\"489\">biglietteria@stupinigi.ordinemauriziano.it<\/a><\/strong> au moins 4 semaines \u00e0 l\u2019avance, sous r\u00e9serve de disponibilit\u00e9.\t\t\t\t\t\t\t\t<\/div>\n\t\t\t\t<\/div>\n\t\t\t\t<div class=\"elementor-element elementor-element-a3cd6ce elementor-widget__width-initial animation_type_block sc_fly_static elementor-widget elementor-widget-image\" data-id=\"a3cd6ce\" data-element_type=\"widget\" data-e-type=\"widget\" data-widget_type=\"image.default\">\n\t\t\t\t<div class=\"elementor-widget-container\">\n\t\t\t\t\t\t\t\t\t\t\t\t\t\t\t<img decoding=\"async\" width=\"1024\" height=\"565\" src=\"https:\/\/www.ordinemauriziano.it\/wp-content\/uploads\/2025\/07\/visita-stupinigi-2025-orari-e-info-utili-3-1024x565.png\" class=\"attachment-large size-large wp-image-15790\" alt=\"Dettaglio stanza interna della palazzina con mobilio\" srcset=\"https:\/\/www.ordinemauriziano.it\/wp-content\/uploads\/2025\/07\/visita-stupinigi-2025-orari-e-info-utili-3-1024x565.png 1024w, https:\/\/www.ordinemauriziano.it\/wp-content\/uploads\/2025\/07\/visita-stupinigi-2025-orari-e-info-utili-3-300x165.png 300w, https:\/\/www.ordinemauriziano.it\/wp-content\/uploads\/2025\/07\/visita-stupinigi-2025-orari-e-info-utili-3-768x423.png 768w, https:\/\/www.ordinemauriziano.it\/wp-content\/uploads\/2025\/07\/visita-stupinigi-2025-orari-e-info-utili-3-1536x847.png 1536w, https:\/\/www.ordinemauriziano.it\/wp-content\/uploads\/2025\/07\/visita-stupinigi-2025-orari-e-info-utili-3-370x204.png 370w, https:\/\/www.ordinemauriziano.it\/wp-content\/uploads\/2025\/07\/visita-stupinigi-2025-orari-e-info-utili-3-770x425.png 770w, https:\/\/www.ordinemauriziano.it\/wp-content\/uploads\/2025\/07\/visita-stupinigi-2025-orari-e-info-utili-3.png 1799w\" sizes=\"(max-width: 1024px) 100vw, 1024px\" \/>\t\t\t\t\t\t\t\t\t\t\t\t\t\t\t<\/div>\n\t\t\t\t<\/div>\n\t\t\t\t\t<\/div>\n\t\t\t\t<\/div>\n\t\t<div class=\"elementor-element elementor-element-7ad5a73 e-flex e-con-boxed e-con e-parent\" data-id=\"7ad5a73\" data-element_type=\"container\" data-e-type=\"container\" data-settings=\"{&quot;background_background&quot;:&quot;classic&quot;}\">\n\t\t\t\t\t<div class=\"e-con-inner\">\n\t\t\t\t<div class=\"elementor-element elementor-element-ccba8e9 elementor-widget__width-initial animation_type_block sc_fly_static elementor-widget elementor-widget-image\" data-id=\"ccba8e9\" data-element_type=\"widget\" data-e-type=\"widget\" data-widget_type=\"image.default\">\n\t\t\t\t<div class=\"elementor-widget-container\">\n\t\t\t\t\t\t\t\t\t\t\t\t\t\t\t<img loading=\"lazy\" decoding=\"async\" width=\"519\" height=\"360\" src=\"https:\/\/www.ordinemauriziano.it\/wp-content\/uploads\/2023\/07\/23-fom-corno-avvisi.png\" class=\"attachment-large size-large wp-image-11045\" alt=\"Icona notizie fondazione ordine mauriziano\" srcset=\"https:\/\/www.ordinemauriziano.it\/wp-content\/uploads\/2023\/07\/23-fom-corno-avvisi.png 519w, https:\/\/www.ordinemauriziano.it\/wp-content\/uploads\/2023\/07\/23-fom-corno-avvisi-300x208.png 300w, https:\/\/www.ordinemauriziano.it\/wp-content\/uploads\/2023\/07\/23-fom-corno-avvisi-370x257.png 370w\" sizes=\"(max-width: 519px) 100vw, 519px\" \/>\t\t\t\t\t\t\t\t\t\t\t\t\t\t\t<\/div>\n\t\t\t\t<\/div>\n\t\t\t\t<div class=\"elementor-element elementor-element-a9ca030 elementor-widget__width-initial animation_type_block sc_fly_static elementor-widget elementor-widget-text-editor\" data-id=\"a9ca030\" data-element_type=\"widget\" data-e-type=\"widget\" data-widget_type=\"text-editor.default\">\n\t\t\t\t<div class=\"elementor-widget-container\">\n\t\t\t\t\t\t\t\t\t<h3><strong><u>BILLET UNIQUE<\/u><\/strong><\/h3>\n<p>Il est possible d\u2019acheter le billet unique qui ouvre un droit d\u2019acc\u00e8s aux trois sites mauriciens (<strong>Pavillon de Chasse de Stupinigi, Abbaye de Staffarda et Commanderie de Saint-Antoine de Ranvers<\/strong>) \u00e0 un tarif pr\u00e9f\u00e9rentiel dans l\u2019ann\u00e9e qui suit la date d\u2019\u00e9mission.<\/p>\n<p>Billet plein tarif au prix unique de 18\u20ac<br \/>Billet tarif r\u00e9duit au prix unique de 13\u20ac pour les personnes de moins de 18 ans, les plus de 65 ans, les personnes en situation de handicap ainsi que les groupes de 15 personnes minimum.<\/p>\n\t\t\t\t\t\t\t\t<\/div>\n\t\t\t\t<\/div>\n\t\t\t\t<div class=\"elementor-element elementor-element-f8c3da6 elementor-widget__width-initial animation_type_block sc_fly_static elementor-widget elementor-widget-text-editor\" data-id=\"f8c3da6\" data-element_type=\"widget\" data-e-type=\"widget\" data-widget_type=\"text-editor.default\">\n\t\t\t\t<div class=\"elementor-widget-container\">\n\t\t\t\t\t\t\t\t\t<h3><strong><u>ACCESSIBILIT\u00c9<\/u><\/strong><\/h3>\n<p>Si vous \u00eates un visiteur en situation de handicap, nous vous invitons \u00e0 nous contacter au pr\u00e9alable afin de vous offrir la meilleure assistance possible.<\/p>\n<p><strong>Indications pour les personnes \u00e0 mobilit\u00e9 r\u00e9duite:<\/strong><\/p>\n<ul>\n<li>Entr\u00e9e par le portail automatique situ\u00e9 sur le c\u00f4t\u00e9 gauche (en face de l\u2019\u00e9glise) avec un acc\u00e8s au parking int\u00e9rieur (cliquez ici pour visualiser le plan). <strong><u>Nous vous invitons \u00e0 contacter le concierge au 0116200635 pour l\u2019informer de la n\u00e9cessit\u00e9 d\u2019acc\u00e8s au parking int\u00e9rieur.<\/u><\/strong><\/li>\n<li>Notre personnel vous offrira son assistance durant tout le parcours de visite.<\/li>\n<li>Nous vous signalons la pr\u00e9sence de rev\u00eatement de gravier le long du parcours externe.<\/li>\n<li><strong>Dimensions du monte-charge <\/strong>pour l\u2019acc\u00e8s en fauteuil roulant: largeur maximale des portes d\u2019acc\u00e8s: 0,75m \/\/ longueur maximale de la cabine: 1,18m<\/li>\n<\/ul>\n\t\t\t\t\t\t\t\t<\/div>\n\t\t\t\t<\/div>\n\t\t\t\t<div class=\"elementor-element elementor-element-3d76fb3 elementor-widget__width-initial animation_type_block sc_fly_static elementor-widget elementor-widget-image\" data-id=\"3d76fb3\" data-element_type=\"widget\" data-e-type=\"widget\" data-widget_type=\"image.default\">\n\t\t\t\t<div class=\"elementor-widget-container\">\n\t\t\t\t\t\t\t\t\t\t\t\t\t\t\t<img loading=\"lazy\" decoding=\"async\" width=\"1024\" height=\"1010\" src=\"https:\/\/www.ordinemauriziano.it\/wp-content\/uploads\/2025\/07\/visita-stupinigi-2025-orari-e-info-utili-2-1024x1010.png\" class=\"attachment-large size-large wp-image-15794\" alt=\"Foto frontale estiva della palazzina vista dal giardino storico\" srcset=\"https:\/\/www.ordinemauriziano.it\/wp-content\/uploads\/2025\/07\/visita-stupinigi-2025-orari-e-info-utili-2-1024x1010.png 1024w, https:\/\/www.ordinemauriziano.it\/wp-content\/uploads\/2025\/07\/visita-stupinigi-2025-orari-e-info-utili-2-300x296.png 300w, https:\/\/www.ordinemauriziano.it\/wp-content\/uploads\/2025\/07\/visita-stupinigi-2025-orari-e-info-utili-2-768x758.png 768w, https:\/\/www.ordinemauriziano.it\/wp-content\/uploads\/2025\/07\/visita-stupinigi-2025-orari-e-info-utili-2-1536x1515.png 1536w, https:\/\/www.ordinemauriziano.it\/wp-content\/uploads\/2025\/07\/visita-stupinigi-2025-orari-e-info-utili-2-370x365.png 370w, https:\/\/www.ordinemauriziano.it\/wp-content\/uploads\/2025\/07\/visita-stupinigi-2025-orari-e-info-utili-2-90x90.png 90w, https:\/\/www.ordinemauriziano.it\/wp-content\/uploads\/2025\/07\/visita-stupinigi-2025-orari-e-info-utili-2-770x760.png 770w, https:\/\/www.ordinemauriziano.it\/wp-content\/uploads\/2025\/07\/visita-stupinigi-2025-orari-e-info-utili-2.png 1848w\" sizes=\"(max-width: 1024px) 100vw, 1024px\" \/>\t\t\t\t\t\t\t\t\t\t\t\t\t\t\t<\/div>\n\t\t\t\t<\/div>\n\t\t\t\t\t<\/div>\n\t\t\t\t<\/div>\n\t\t<div class=\"elementor-element elementor-element-2ac0288 e-flex e-con-boxed e-con e-parent\" data-id=\"2ac0288\" data-element_type=\"container\" data-e-type=\"container\" data-settings=\"{&quot;background_background&quot;:&quot;classic&quot;}\">\n\t\t\t\t\t<div class=\"e-con-inner\">\n\t\t<div class=\"elementor-element elementor-element-1bc16c2 e-con-full e-flex e-con e-child\" data-id=\"1bc16c2\" data-element_type=\"container\" data-e-type=\"container\">\n\t\t\t\t<div class=\"elementor-element elementor-element-cac887f animation_type_block sc_fly_static elementor-widget elementor-widget-heading\" data-id=\"cac887f\" data-element_type=\"widget\" data-e-type=\"widget\" data-widget_type=\"heading.default\">\n\t\t\t\t<div class=\"elementor-widget-container\">\n\t\t\t\t\t<h2 class=\"elementor-heading-title elementor-size-default\">Comment se rendre \u00e0 Stupinigi<\/h2>\t\t\t\t<\/div>\n\t\t\t\t<\/div>\n\t\t\t\t<div class=\"elementor-element elementor-element-7b45d95 animation_type_block sc_fly_static elementor-widget elementor-widget-text-editor\" data-id=\"7b45d95\" data-element_type=\"widget\" data-e-type=\"widget\" data-widget_type=\"text-editor.default\">\n\t\t\t\t<div class=\"elementor-widget-container\">\n\t\t\t\t\t\t\t\t\t<p data-start=\"1257\" data-end=\"1576\"><strong data-start=\"1257\" data-end=\"1273\">En voiture :<\/strong><br data-start=\"1273\" data-end=\"1276\" \/>Depuis le centre de Turin, emprunter Corso Unione Sovietica et, apr\u00e8s le quartier Lingotto, continuer sur Viale Torino jusqu\u2019\u00e0 la Palazzina. Depuis le p\u00e9riph\u00e9rique sud, prendre la sortie Stupinigi et suivre Viale Torino.<br data-start=\"1496\" data-end=\"1499\" \/>Un parking gratuit est disponible devant le complexe le long de Viale Torino.<\/p><br><p data-start=\"1578\" data-end=\"2218\"><strong data-start=\"1578\" data-end=\"1605\">En transports publics :<\/strong><br data-start=\"1605\" data-end=\"1608\" \/>Depuis Turin, gare Lingotto, la ligne GTT 41 en direction d\u2019Orbassano dessert les environs de la Palazzina (arr\u00eat Stupinigi) en environ 20 minutes.<br data-start=\"1755\" data-end=\"1758\" \/>Depuis le centre de Turin, prendre la ligne 18 jusqu\u2019\u00e0 l\u2019arr\u00eat Stadio del Baseball, puis changer pour la ligne 41 \u00e0 Passo Buole. Sinon, prendre le tram 4 jusqu\u2019\u00e0 Piazzale Caio Mario et changer pour la ligne 41, qui rejoint Stupinigi en environ 10 minutes.<br data-start=\"2013\" data-end=\"2016\" \/>La ligne extra-urbaine 282 (SADEM\/Arriva) relie la gare Porta Nuova \u00e0 Stupinigi en direction de Pinerolo.<br data-start=\"2121\" data-end=\"2124\" \/>Depuis Nichelino, le week-end, la navette circulaire 1N prolonge son trajet jusqu\u2019\u00e0 Stupinigi.<\/p><br><p data-start=\"2220\" data-end=\"2461\"><strong data-start=\"2220\" data-end=\"2233\">En taxi :<\/strong><br data-start=\"2233\" data-end=\"2236\" \/>La Fondazione Ordine Mauriziano est conventionn\u00e9e avec Pronto Taxi 011 5737 et la Coop\u00e9rative Radio Taxi Torino 011 5730. En pr\u00e9sentant le re\u00e7u de course \u00e0 la billetterie, l\u2019acc\u00e8s \u00e0 la Palazzina est possible \u00e0 tarif r\u00e9duit.<\/p>\t\t\t\t\t\t\t\t<\/div>\n\t\t\t\t<\/div>\n\t\t\t\t<div class=\"elementor-element elementor-element-e0fcda3 animation_type_block sc_fly_static elementor-widget elementor-widget-spacer\" data-id=\"e0fcda3\" data-element_type=\"widget\" data-e-type=\"widget\" data-widget_type=\"spacer.default\">\n\t\t\t\t<div class=\"elementor-widget-container\">\n\t\t\t\t\t\t\t<div class=\"elementor-spacer\">\n\t\t\t<div class=\"elementor-spacer-inner\"><\/div>\n\t\t<\/div>\n\t\t\t\t\t\t<\/div>\n\t\t\t\t<\/div>\n\t\t\t\t<\/div>\n\t\t<div class=\"elementor-element elementor-element-4d734b4 e-con-full e-flex e-con e-child\" data-id=\"4d734b4\" data-element_type=\"container\" data-e-type=\"container\">\n\t\t\t\t<div class=\"elementor-element elementor-element-1d293b0 animation_type_block sc_fly_static elementor-widget elementor-widget-image\" data-id=\"1d293b0\" data-element_type=\"widget\" data-e-type=\"widget\" data-widget_type=\"image.default\">\n\t\t\t\t<div class=\"elementor-widget-container\">\n\t\t\t\t\t\t\t\t\t\t\t\t\t\t\t<img loading=\"lazy\" decoding=\"async\" width=\"1024\" height=\"684\" src=\"https:\/\/www.ordinemauriziano.it\/wp-content\/uploads\/2025\/08\/come-arrivare-a-stupinigi-1024x684.jpg\" class=\"attachment-large size-large wp-image-15914\" alt=\"Dettaglio della cupola con cervo della palazzina\" srcset=\"https:\/\/www.ordinemauriziano.it\/wp-content\/uploads\/2025\/08\/come-arrivare-a-stupinigi-1024x684.jpg 1024w, https:\/\/www.ordinemauriziano.it\/wp-content\/uploads\/2025\/08\/come-arrivare-a-stupinigi-300x200.jpg 300w, https:\/\/www.ordinemauriziano.it\/wp-content\/uploads\/2025\/08\/come-arrivare-a-stupinigi-768x513.jpg 768w, https:\/\/www.ordinemauriziano.it\/wp-content\/uploads\/2025\/08\/come-arrivare-a-stupinigi-1536x1026.jpg 1536w, https:\/\/www.ordinemauriziano.it\/wp-content\/uploads\/2025\/08\/come-arrivare-a-stupinigi-370x247.jpg 370w, https:\/\/www.ordinemauriziano.it\/wp-content\/uploads\/2025\/08\/come-arrivare-a-stupinigi-770x514.jpg 770w, https:\/\/www.ordinemauriziano.it\/wp-content\/uploads\/2025\/08\/come-arrivare-a-stupinigi.jpg 1920w\" sizes=\"(max-width: 1024px) 100vw, 1024px\" \/>\t\t\t\t\t\t\t\t\t\t\t\t\t\t\t<\/div>\n\t\t\t\t<\/div>\n\t\t\t\t<\/div>\n\t\t\t\t\t<\/div>\n\t\t\t\t<\/div>\n\t\t<div class=\"elementor-element elementor-element-d7f2c7e e-flex e-con-boxed e-con e-parent\" data-id=\"d7f2c7e\" data-element_type=\"container\" data-e-type=\"container\" data-settings=\"{&quot;background_background&quot;:&quot;classic&quot;}\">\n\t\t\t\t\t<div class=\"e-con-inner\">\n\t\t<div class=\"elementor-element elementor-element-ae5a5f6 e-con-full e-flex e-con e-child\" data-id=\"ae5a5f6\" data-element_type=\"container\" data-e-type=\"container\">\n\t\t\t\t<div class=\"elementor-element elementor-element-d333ff5 animation_type_block sc_fly_static elementor-widget elementor-widget-heading\" data-id=\"d333ff5\" data-element_type=\"widget\" data-e-type=\"widget\" data-widget_type=\"heading.default\">\n\t\t\t\t<div class=\"elementor-widget-container\">\n\t\t\t\t\t<h3 class=\"elementor-heading-title elementor-size-default\">T\u00e9l\u00e9chargez l\u2019audioguide de Stupinigi<\/h3>\t\t\t\t<\/div>\n\t\t\t\t<\/div>\n\t\t\t\t<div class=\"elementor-element elementor-element-8944e5e animation_type_block sc_fly_static elementor-widget elementor-widget-text-editor\" data-id=\"8944e5e\" data-element_type=\"widget\" data-e-type=\"widget\" data-widget_type=\"text-editor.default\">\n\t\t\t\t<div class=\"elementor-widget-container\">\n\t\t\t\t\t\t\t\t\t<p>Explorez la Palazzina di Caccia di Stupinigi gr\u00e2ce \u00e0 un incroyable itin\u00e9raire num\u00e9rique sur votre smartphone.<br data-start=\"356\" data-end=\"359\" data-is-only-node=\"\" \/>D\u00e9couvrez 26 points d\u2019int\u00e9r\u00eat \u00e0 travers un audioguide de 65 minutes qui vous permettra de conna\u00eetre tous les secrets de la Palazzina.<\/p>\n\t\t\t\t\t\t\t\t<\/div>\n\t\t\t\t<\/div>\n\t\t\t\t<div class=\"elementor-element elementor-element-7ea6e24 animation_type_block sc_fly_static elementor-widget elementor-widget-trx_sc_button\" data-id=\"7ea6e24\" data-element_type=\"widget\" data-e-type=\"widget\" data-widget_type=\"trx_sc_button.default\">\n\t\t\t\t<div class=\"elementor-widget-container\">\n\t\t\t\t\t<div id=\"trx_sc_button_460371260\"\tclass=\"sc_item_button sc_button_wrap\"><a href=\"https:\/\/play.google.com\/store\/apps\/details?id=com.duvaworkshop.stupinigi&#038;hl=it&#038;gl=US\" class=\"sc_button sc_button_simple sc_button_size_normal sc_button_icon_left color_style_dark\" target=\"_blank\"><span class=\"sc_button_text\"><span class=\"sc_button_title\">Scarica da Google Play<\/span><\/span><!-- \/.sc_button_text --><\/a><!-- \/.sc_button --><\/div><!-- \/.sc_item_button -->\t\t\t\t<\/div>\n\t\t\t\t<\/div>\n\t\t\t\t<div class=\"elementor-element elementor-element-4469dd6 animation_type_block sc_fly_static elementor-widget elementor-widget-spacer\" data-id=\"4469dd6\" data-element_type=\"widget\" data-e-type=\"widget\" data-widget_type=\"spacer.default\">\n\t\t\t\t<div class=\"elementor-widget-container\">\n\t\t\t\t\t\t\t<div class=\"elementor-spacer\">\n\t\t\t<div class=\"elementor-spacer-inner\"><\/div>\n\t\t<\/div>\n\t\t\t\t\t\t<\/div>\n\t\t\t\t<\/div>\n\t\t\t\t<div class=\"elementor-element elementor-element-a5e9bb3 animation_type_block sc_fly_static elementor-widget elementor-widget-trx_sc_button\" data-id=\"a5e9bb3\" data-element_type=\"widget\" data-e-type=\"widget\" data-widget_type=\"trx_sc_button.default\">\n\t\t\t\t<div class=\"elementor-widget-container\">\n\t\t\t\t\t<div id=\"trx_sc_button_1108333750\"\tclass=\"sc_item_button sc_button_wrap\"><a href=\"https:\/\/apps.apple.com\/it\/app\/palazzina-di-caccia-stupinigi\/id1516814909\" class=\"sc_button sc_button_simple sc_button_size_normal sc_button_icon_left color_style_dark\" target=\"_blank\"><span class=\"sc_button_text\"><span class=\"sc_button_title\">Scarica da Apple store<\/span><\/span><!-- \/.sc_button_text --><\/a><!-- \/.sc_button --><\/div><!-- \/.sc_item_button -->\t\t\t\t<\/div>\n\t\t\t\t<\/div>\n\t\t\t\t<\/div>\n\t\t<div class=\"elementor-element elementor-element-281c359 e-con-full e-flex e-con e-child\" data-id=\"281c359\" data-element_type=\"container\" data-e-type=\"container\">\n\t\t\t\t<div class=\"elementor-element elementor-element-6a7763c animation_type_block sc_fly_static elementor-widget elementor-widget-image\" data-id=\"6a7763c\" data-element_type=\"widget\" data-e-type=\"widget\" data-widget_type=\"image.default\">\n\t\t\t\t<div class=\"elementor-widget-container\">\n\t\t\t\t\t\t\t\t\t\t\t\t\t\t\t<img loading=\"lazy\" decoding=\"async\" width=\"544\" height=\"500\" src=\"https:\/\/www.ordinemauriziano.it\/wp-content\/uploads\/2023\/07\/23-fom-app.png\" class=\"attachment-medium_large size-medium_large wp-image-11047\" alt=\"Scarica l&#039;audioguida di Stupinigi\" srcset=\"https:\/\/www.ordinemauriziano.it\/wp-content\/uploads\/2023\/07\/23-fom-app.png 544w, https:\/\/www.ordinemauriziano.it\/wp-content\/uploads\/2023\/07\/23-fom-app-300x276.png 300w, https:\/\/www.ordinemauriziano.it\/wp-content\/uploads\/2023\/07\/23-fom-app-370x340.png 370w\" sizes=\"(max-width: 544px) 100vw, 544px\" \/>\t\t\t\t\t\t\t\t\t\t\t\t\t\t\t<\/div>\n\t\t\t\t<\/div>\n\t\t\t\t<\/div>\n\t\t\t\t\t<\/div>\n\t\t\t\t<\/div>\n\t\t<div class=\"elementor-element elementor-element-349e0e3 e-flex e-con-boxed e-con e-parent\" data-id=\"349e0e3\" data-element_type=\"container\" data-e-type=\"container\" data-settings=\"{&quot;background_background&quot;:&quot;classic&quot;}\">\n\t\t\t\t\t<div class=\"e-con-inner\">\n\t\t<div class=\"elementor-element elementor-element-69fa2a9 e-con-full e-flex e-con e-child\" data-id=\"69fa2a9\" data-element_type=\"container\" data-e-type=\"container\">\n\t\t\t\t<div class=\"elementor-element elementor-element-cb81fe7 animation_type_block sc_fly_static elementor-widget elementor-widget-heading\" data-id=\"cb81fe7\" data-element_type=\"widget\" data-e-type=\"widget\" data-widget_type=\"heading.default\">\n\t\t\t\t<div class=\"elementor-widget-container\">\n\t\t\t\t\t<h3 class=\"elementor-heading-title elementor-size-default\">Exp\u00e9rience immersive \u00e0 360\u00b0<\/h3>\t\t\t\t<\/div>\n\t\t\t\t<\/div>\n\t\t\t\t<div class=\"elementor-element elementor-element-92dbdc6 animation_type_block sc_fly_static elementor-widget elementor-widget-text-editor\" data-id=\"92dbdc6\" data-element_type=\"widget\" data-e-type=\"widget\" data-widget_type=\"text-editor.default\">\n\t\t\t\t<div class=\"elementor-widget-container\">\n\t\t\t\t\t\t\t\t\t<p data-start=\"787\" data-end=\"1244\">Dans le Salon central, quatre points d\u2019activation ont \u00e9t\u00e9 am\u00e9nag\u00e9s : en scannant les QR codes avec votre smartphone, vous pouvez acc\u00e9der \u00e0 quatre \u00e9pisodes historiques diff\u00e9rents \u2014 1731, lorsque la construction de la Palazzina vient d\u2019\u00eatre achev\u00e9e ; 1778, lors d\u2019une chasse au cerf en pr\u00e9sence du roi Vittorio Amedeo III ; 1805, pendant les dix jours de s\u00e9jour de Napol\u00e9on \u00e0 Stupinigi ; 1909, pour un th\u00e9 en compagnie de la reine Marguerite.<\/p><br><p data-start=\"1246\" data-end=\"1395\">Une exp\u00e9rience immersive pour d\u00e9couvrir de mani\u00e8re in\u00e9dite le patrimoine historique, artistique et culturel de la Palazzina di Caccia di Stupinigi.<\/p><br><p data-start=\"1397\" data-end=\"1629\">Explorez la Palazzina di Caccia di Stupinigi gr\u00e2ce \u00e0 un incroyable parcours num\u00e9rique sur votre smartphone. D\u00e9couvrez 26 points d\u2019int\u00e9r\u00eat \u00e0 travers une visite audio de 65 minutes qui vous r\u00e9v\u00e9lera tous les secrets de la Palazzina.<\/p>\t\t\t\t\t\t\t\t<\/div>\n\t\t\t\t<\/div>\n\t\t\t\t<\/div>\n\t\t<div class=\"elementor-element elementor-element-f93a3a6 e-con-full e-flex e-con e-child\" data-id=\"f93a3a6\" data-element_type=\"container\" data-e-type=\"container\">\n\t\t\t\t<div class=\"elementor-element elementor-element-67852ae animation_type_block sc_fly_static elementor-widget elementor-widget-video\" data-id=\"67852ae\" data-element_type=\"widget\" data-e-type=\"widget\" data-settings=\"{&quot;youtube_url&quot;:&quot;https:\\\/\\\/youtu.be\\\/QskldrXexrQ?si=SkRMqmKnqDAXJqFe&quot;,&quot;autoplay&quot;:&quot;yes&quot;,&quot;mute&quot;:&quot;yes&quot;,&quot;loop&quot;:&quot;yes&quot;,&quot;yt_privacy&quot;:&quot;yes&quot;,&quot;video_type&quot;:&quot;youtube&quot;,&quot;controls&quot;:&quot;yes&quot;}\" data-widget_type=\"video.default\">\n\t\t\t\t<div class=\"elementor-widget-container\">\n\t\t\t\t\t\t\t<div class=\"elementor-wrapper elementor-open-inline\">\n\t\t\t<div class=\"elementor-video\"><\/div>\t\t<\/div>\n\t\t\t\t\t\t<\/div>\n\t\t\t\t<\/div>\n\t\t\t\t<\/div>\n\t\t\t\t\t<\/div>\n\t\t\t\t<\/div>\n\t\t<div class=\"elementor-element elementor-element-9b09cb5 e-flex e-con-boxed e-con e-parent\" data-id=\"9b09cb5\" data-element_type=\"container\" data-e-type=\"container\" data-settings=\"{&quot;background_background&quot;:&quot;classic&quot;}\">\n\t\t\t\t\t<div class=\"e-con-inner\">\n\t\t\t\t<div class=\"elementor-element elementor-element-79ffd6a animation_type_block sc_fly_static elementor-widget elementor-widget-text-editor\" data-id=\"79ffd6a\" data-element_type=\"widget\" data-e-type=\"widget\" data-widget_type=\"text-editor.default\">\n\t\t\t\t<div class=\"elementor-widget-container\">\n\t\t\t\t\t\t\t\t\t<p data-start=\"272\" data-end=\"311\"><strong data-start=\"287\" data-end=\"309\">PASSEPORT CULTUREL<\/strong><\/p>\n<p><\/p>\n<p data-start=\"313\" data-end=\"563\">La Palazzina di Caccia di Stupinigi est \u00e9galement accueillante pour les plus jeunes visiteurs et les familles, conform\u00e9ment aux standards partag\u00e9s du parcours \u00ab Nati con la cultura \u00bb, et propose l\u2019entr\u00e9e gratuite aux d\u00e9tenteurs du Passeport culturel.<\/p>\n\t\t\t\t\t\t\t\t<\/div>\n\t\t\t\t<\/div>\n\t\t\t\t<div class=\"elementor-element elementor-element-57c6172 animation_type_block sc_fly_static elementor-widget elementor-widget-trx_sc_button\" data-id=\"57c6172\" data-element_type=\"widget\" data-e-type=\"widget\" data-widget_type=\"trx_sc_button.default\">\n\t\t\t\t<div class=\"elementor-widget-container\">\n\t\t\t\t\t<div id=\"trx_sc_button_1997144094\"\tclass=\"sc_item_button sc_button_wrap\"><a href=\"https:\/\/www.naticonlacultura.it\/passaporto-culturale\/20primo%20anno%20d&#039;et%C3%A0.\" class=\"sc_button sc_button_simple sc_button_size_normal sc_button_icon_left color_style_dark\" target=\"_blank\"><span class=\"sc_button_text\"><span class=\"sc_button_title\">Scopri di pi\u00f9<\/span><\/span><!-- \/.sc_button_text --><\/a><!-- \/.sc_button --><\/div><!-- \/.sc_item_button -->\t\t\t\t<\/div>\n\t\t\t\t<\/div>\n\t\t<div class=\"elementor-element elementor-element-8721115 e-flex e-con-boxed e-con e-child\" data-id=\"8721115\" data-element_type=\"container\" data-e-type=\"container\" data-settings=\"{&quot;background_background&quot;:&quot;classic&quot;}\">\n\t\t\t\t\t<div class=\"e-con-inner\">\n\t\t\t\t\t<\/div>\n\t\t\t\t<\/div>\n\t\t\t\t\t<\/div>\n\t\t\t\t<\/div>\n\t\t<div class=\"elementor-element elementor-element-d5b7ee2 e-flex e-con-boxed e-con e-parent\" data-id=\"d5b7ee2\" data-element_type=\"container\" data-e-type=\"container\" data-settings=\"{&quot;background_background&quot;:&quot;classic&quot;}\">\n\t\t\t\t\t<div class=\"e-con-inner\">\n\t\t\t\t<div class=\"elementor-element elementor-element-ccf1f6a elementor-widget__width-inherit animation_type_block sc_fly_static elementor-widget elementor-widget-heading\" data-id=\"ccf1f6a\" data-element_type=\"widget\" data-e-type=\"widget\" data-widget_type=\"heading.default\">\n\t\t\t\t<div class=\"elementor-widget-container\">\n\t\t\t\t\t<h3 class=\"elementor-heading-title elementor-size-default\">Les prochains \u00e9v\u00e8nements pr\u00e9vus au Pavillon <\/h3>\t\t\t\t<\/div>\n\t\t\t\t<\/div>\n\t\t\t\t<div class=\"elementor-element elementor-element-5b91831 animation_type_block sc_fly_static elementor-widget elementor-widget-text-editor\" data-id=\"5b91831\" data-element_type=\"widget\" data-e-type=\"widget\" data-widget_type=\"text-editor.default\">\n\t\t\t\t<div class=\"elementor-widget-container\">\n\t\t\t\t\t\t\t\t\t<p>Le Pavillon ouvres ses portes au public en proposant de <strong>nombreux <\/strong><strong>rendez-vous culturels<\/strong>\u00a0o\u00f9 tradition et modernit\u00e9 se rencontrent, entre reconstitutions historiques, expositions de grands artistes, concerts, visites guid\u00e9es et parcours d\u2019approfondissement.<\/p>\n\t\t\t\t\t\t\t\t<\/div>\n\t\t\t\t<\/div>\n\t\t\t\t<div class=\"elementor-element elementor-element-99cd946 elementor-widget__width-inherit animation_type_block sc_fly_static elementor-widget elementor-widget-trx_sc_button\" data-id=\"99cd946\" data-element_type=\"widget\" data-e-type=\"widget\" data-widget_type=\"trx_sc_button.default\">\n\t\t\t\t<div class=\"elementor-widget-container\">\n\t\t\t\t\t<div id=\"trx_sc_button_1838856546\"\tclass=\"sc_item_button sc_button_wrap\"><a href=\"https:\/\/www.ordinemauriziano.it\/eventi\/\" class=\"sc_button sc_button_simple sc_button_size_normal sc_button_icon_left color_style_dark\"><span class=\"sc_button_text\"><span class=\"sc_button_title\">D\u00e9couvrez tous les \u00e9v\u00e9nements<\/span><\/span><!-- \/.sc_button_text --><\/a><!-- \/.sc_button --><\/div><!-- \/.sc_item_button -->\t\t\t\t<\/div>\n\t\t\t\t<\/div>\n\t\t\t\t\t<\/div>\n\t\t\t\t<\/div>\n\t\t<div class=\"elementor-element elementor-element-79dce89 e-flex e-con-boxed e-con e-parent\" data-id=\"79dce89\" data-element_type=\"container\" data-e-type=\"container\" data-settings=\"{&quot;background_background&quot;:&quot;classic&quot;}\">\n\t\t\t\t\t<div class=\"e-con-inner\">\n\t\t<div class=\"elementor-element elementor-element-118b6f1 e-con-full e-flex e-con e-child\" data-id=\"118b6f1\" data-element_type=\"container\" data-e-type=\"container\">\n\t\t\t\t<div class=\"elementor-element elementor-element-b6778e9 elementor-widget__width-inherit animation_type_block sc_fly_static elementor-widget elementor-widget-heading\" data-id=\"b6778e9\" data-element_type=\"widget\" data-e-type=\"widget\" data-widget_type=\"heading.default\">\n\t\t\t\t<div class=\"elementor-widget-container\">\n\t\t\t\t\t<h3 class=\"elementor-heading-title elementor-size-default\">Les derni\u00e8res nouvelles du Pavillon<\/h3>\t\t\t\t<\/div>\n\t\t\t\t<\/div>\n\t\t\t\t<div class=\"elementor-element elementor-element-1ee3702 animation_type_block sc_fly_static elementor-widget elementor-widget-image\" data-id=\"1ee3702\" data-element_type=\"widget\" data-e-type=\"widget\" data-widget_type=\"image.default\">\n\t\t\t\t<div class=\"elementor-widget-container\">\n\t\t\t\t\t\t\t\t\t\t\t\t\t\t\t<img loading=\"lazy\" decoding=\"async\" width=\"519\" height=\"360\" src=\"https:\/\/www.ordinemauriziano.it\/wp-content\/uploads\/2023\/07\/23-fom-corno-avvisi.png\" class=\"attachment-medium_large size-medium_large wp-image-11045\" alt=\"Icona notizie fondazione ordine mauriziano\" srcset=\"https:\/\/www.ordinemauriziano.it\/wp-content\/uploads\/2023\/07\/23-fom-corno-avvisi.png 519w, https:\/\/www.ordinemauriziano.it\/wp-content\/uploads\/2023\/07\/23-fom-corno-avvisi-300x208.png 300w, https:\/\/www.ordinemauriziano.it\/wp-content\/uploads\/2023\/07\/23-fom-corno-avvisi-370x257.png 370w\" sizes=\"(max-width: 519px) 100vw, 519px\" \/>\t\t\t\t\t\t\t\t\t\t\t\t\t\t\t<\/div>\n\t\t\t\t<\/div>\n\t\t\t\t<\/div>\n\t\t<div class=\"elementor-element elementor-element-db625d6 e-con-full e-flex e-con e-child\" data-id=\"db625d6\" data-element_type=\"container\" data-e-type=\"container\">\n\t\t\t\t<div class=\"elementor-element elementor-element-fbcfb72 elementor-grid-1 elementor-posts--thumbnail-none elementor-grid-tablet-1 elementor-grid-mobile-1 animation_type_block sc_fly_static elementor-widget elementor-widget-posts\" data-id=\"fbcfb72\" data-element_type=\"widget\" data-e-type=\"widget\" data-settings=\"{&quot;classic_columns&quot;:&quot;1&quot;,&quot;classic_columns_tablet&quot;:&quot;1&quot;,&quot;classic_columns_mobile&quot;:&quot;1&quot;,&quot;classic_row_gap&quot;:{&quot;unit&quot;:&quot;px&quot;,&quot;size&quot;:35,&quot;sizes&quot;:[]},&quot;classic_row_gap_tablet&quot;:{&quot;unit&quot;:&quot;px&quot;,&quot;size&quot;:&quot;&quot;,&quot;sizes&quot;:[]},&quot;classic_row_gap_mobile&quot;:{&quot;unit&quot;:&quot;px&quot;,&quot;size&quot;:&quot;&quot;,&quot;sizes&quot;:[]}}\" data-widget_type=\"posts.classic\">\n\t\t\t\t<div class=\"elementor-widget-container\">\n\t\t\t\t\t\t\t<div class=\"elementor-posts-container elementor-posts elementor-posts--skin-classic elementor-grid\" role=\"list\">\n\t\t\t\t<article class=\"elementor-post elementor-grid-item post-17120 avvisi type-avvisi status-publish hentry categorie-avvisi-palazzina-caccia-stupinigi\" role=\"listitem\">\n\t\t\t\t<div class=\"elementor-post__text\">\n\t\t\t\t<h3 class=\"elementor-post__title\">\n\t\t\t<a href=\"https:\/\/www.ordinemauriziano.it\/avvisi\/18-e-19-aprile-interruzione-dei-pagamenti-con-carte-a-stupinigi\/\" >\n\t\t\t\t18 e 19 aprile &#8211; Interruzione dei pagamenti con carte a Stupinigi\t\t\t<\/a>\n\t\t<\/h3>\n\t\t\t\t<div class=\"elementor-post__excerpt\">\n\t\t\t<p>A causa di un disservizio del sistema Nexi, nelle giornate di sabato 18 e domenica 19 aprile non sar\u00e0 possibile<\/p>\n\t\t<\/div>\n\t\t\t\t<\/div>\n\t\t\t\t<\/article>\n\t\t\t\t<article class=\"elementor-post elementor-grid-item post-17084 avvisi type-avvisi status-publish hentry categorie-avvisi-palazzina-caccia-stupinigi\" role=\"listitem\">\n\t\t\t\t<div class=\"elementor-post__text\">\n\t\t\t\t<h3 class=\"elementor-post__title\">\n\t\t\t<a href=\"https:\/\/www.ordinemauriziano.it\/avvisi\/allerta-meteo-chiusura-giardino-di-levante\/\" >\n\t\t\t\tAllerta meteo &#8211; Chiusura Giardino di levante\t\t\t<\/a>\n\t\t<\/h3>\n\t\t\t\t<div class=\"elementor-post__excerpt\">\n\t\t\t<p>Viste le condizioni di allerta meteo per venti forti gi\u00e0 in atto, nella giornata di gioved\u00ec 26 marzo e fino<\/p>\n\t\t<\/div>\n\t\t\t\t<\/div>\n\t\t\t\t<\/article>\n\t\t\t\t<\/div>\n\t\t\n\t\t\t\t\t\t<\/div>\n\t\t\t\t<\/div>\n\t\t\t\t<div class=\"elementor-element elementor-element-d576078 animation_type_block sc_fly_static elementor-widget elementor-widget-trx_sc_button\" data-id=\"d576078\" data-element_type=\"widget\" data-e-type=\"widget\" data-widget_type=\"trx_sc_button.default\">\n\t\t\t\t<div class=\"elementor-widget-container\">\n\t\t\t\t\t<div id=\"trx_sc_button_1060849769\"\tclass=\"sc_item_button sc_button_wrap sc_align_right\"><a href=\"#\" class=\"sc_button sc_button_simple sc_button_size_normal sc_button_icon_left color_style_dark\"><span class=\"sc_button_text\"><span class=\"sc_button_title\">D\u00c9COUVREZ TOUTES LES ACTUALIT\u00c9S<\/span><\/span><!-- \/.sc_button_text --><\/a><!-- \/.sc_button --><\/div><!-- \/.sc_item_button -->\t\t\t\t<\/div>\n\t\t\t\t<\/div>\n\t\t\t\t<div class=\"elementor-element elementor-element-d050e4b animation_type_block sc_fly_static elementor-widget elementor-widget-spacer\" data-id=\"d050e4b\" data-element_type=\"widget\" data-e-type=\"widget\" data-widget_type=\"spacer.default\">\n\t\t\t\t<div class=\"elementor-widget-container\">\n\t\t\t\t\t\t\t<div class=\"elementor-spacer\">\n\t\t\t<div class=\"elementor-spacer-inner\"><\/div>\n\t\t<\/div>\n\t\t\t\t\t\t<\/div>\n\t\t\t\t<\/div>\n\t\t\t\t<\/div>\n\t\t\t\t\t<\/div>\n\t\t\t\t<\/div>\n\t\t<div class=\"elementor-element elementor-element-5068d80 e-flex e-con-boxed e-con e-parent\" data-id=\"5068d80\" data-element_type=\"container\" data-e-type=\"container\" data-settings=\"{&quot;background_background&quot;:&quot;classic&quot;}\">\n\t\t\t\t\t<div class=\"e-con-inner\">\n\t\t<div class=\"elementor-element elementor-element-e2e1dcf e-con-full e-flex e-con e-child\" data-id=\"e2e1dcf\" data-element_type=\"container\" data-e-type=\"container\">\n\t\t\t\t<div class=\"elementor-element elementor-element-ea2738b animation_type_block sc_fly_static elementor-widget elementor-widget-image\" data-id=\"ea2738b\" data-element_type=\"widget\" data-e-type=\"widget\" data-widget_type=\"image.default\">\n\t\t\t\t<div class=\"elementor-widget-container\">\n\t\t\t\t\t\t\t\t\t\t\t\t\t\t\t<img loading=\"lazy\" decoding=\"async\" width=\"380\" height=\"354\" src=\"https:\/\/www.ordinemauriziano.it\/wp-content\/uploads\/2023\/07\/23-fom-sito-web-eventi-famiglie.jpg\" class=\"attachment-large size-large wp-image-11051\" alt=\"Eventi per famiglie\" srcset=\"https:\/\/www.ordinemauriziano.it\/wp-content\/uploads\/2023\/07\/23-fom-sito-web-eventi-famiglie.jpg 380w, https:\/\/www.ordinemauriziano.it\/wp-content\/uploads\/2023\/07\/23-fom-sito-web-eventi-famiglie-300x279.jpg 300w, https:\/\/www.ordinemauriziano.it\/wp-content\/uploads\/2023\/07\/23-fom-sito-web-eventi-famiglie-370x345.jpg 370w\" sizes=\"(max-width: 380px) 100vw, 380px\" \/>\t\t\t\t\t\t\t\t\t\t\t\t\t\t\t<\/div>\n\t\t\t\t<\/div>\n\t\t\t\t<div class=\"elementor-element elementor-element-adc84e4 animation_type_block sc_fly_static elementor-widget elementor-widget-heading\" data-id=\"adc84e4\" data-element_type=\"widget\" data-e-type=\"widget\" data-widget_type=\"heading.default\">\n\t\t\t\t<div class=\"elementor-widget-container\">\n\t\t\t\t\t<h3 class=\"elementor-heading-title elementor-size-default\">\u00c9v\u00e9nements pour les familles<\/h3>\t\t\t\t<\/div>\n\t\t\t\t<\/div>\n\t\t\t\t<div class=\"elementor-element elementor-element-0f779d4 animation_type_block sc_fly_static elementor-widget elementor-widget-text-editor\" data-id=\"0f779d4\" data-element_type=\"widget\" data-e-type=\"widget\" data-widget_type=\"text-editor.default\">\n\t\t\t\t<div class=\"elementor-widget-container\">\n\t\t\t\t\t\t\t\t\t<p data-start=\"99\" data-end=\"219\">Des exp\u00e9riences pour toute la famille avec des parcours de visite sp\u00e9ciaux con\u00e7us pour les plus petits.<\/p>\n<p><\/p>\n<p data-start=\"221\" data-end=\"330\" data-is-last-node=\"\" data-is-only-node=\"\">\n\t\t\t\t\t\t\t\t<\/div>\n\t\t\t\t<\/div>\n\t\t\t\t<\/div>\n\t\t<div class=\"elementor-element elementor-element-2226ffe e-con-full e-flex e-con e-child\" data-id=\"2226ffe\" data-element_type=\"container\" data-e-type=\"container\">\n\t\t\t\t<div class=\"elementor-element elementor-element-ea5e3cd animation_type_block sc_fly_static elementor-widget elementor-widget-image\" data-id=\"ea5e3cd\" data-element_type=\"widget\" data-e-type=\"widget\" data-widget_type=\"image.default\">\n\t\t\t\t<div class=\"elementor-widget-container\">\n\t\t\t\t\t\t\t\t\t\t\t\t\t\t\t<img loading=\"lazy\" decoding=\"async\" width=\"380\" height=\"354\" src=\"https:\/\/www.ordinemauriziano.it\/wp-content\/uploads\/2023\/07\/23-fom-sito-web-eventi-culturali.jpg\" class=\"attachment-large size-large wp-image-11050\" alt=\"Visite tematiche\" srcset=\"https:\/\/www.ordinemauriziano.it\/wp-content\/uploads\/2023\/07\/23-fom-sito-web-eventi-culturali.jpg 380w, https:\/\/www.ordinemauriziano.it\/wp-content\/uploads\/2023\/07\/23-fom-sito-web-eventi-culturali-300x279.jpg 300w, https:\/\/www.ordinemauriziano.it\/wp-content\/uploads\/2023\/07\/23-fom-sito-web-eventi-culturali-370x345.jpg 370w\" sizes=\"(max-width: 380px) 100vw, 380px\" \/>\t\t\t\t\t\t\t\t\t\t\t\t\t\t\t<\/div>\n\t\t\t\t<\/div>\n\t\t\t\t<div class=\"elementor-element elementor-element-047b2f6 animation_type_block sc_fly_static elementor-widget elementor-widget-heading\" data-id=\"047b2f6\" data-element_type=\"widget\" data-e-type=\"widget\" data-widget_type=\"heading.default\">\n\t\t\t\t<div class=\"elementor-widget-container\">\n\t\t\t\t\t<h3 class=\"elementor-heading-title elementor-size-default\">Visite tematiche<\/h3>\t\t\t\t<\/div>\n\t\t\t\t<\/div>\n\t\t\t\t<div class=\"elementor-element elementor-element-ad4256b animation_type_block sc_fly_static elementor-widget elementor-widget-text-editor\" data-id=\"ad4256b\" data-element_type=\"widget\" data-e-type=\"widget\" data-widget_type=\"text-editor.default\">\n\t\t\t\t<div class=\"elementor-widget-container\">\n\t\t\t\t\t\t\t\t\t<p>Une s\u00e9rie de visites culturelles guid\u00e9es pour approfondir des aspects int\u00e9ressants de la Palazzina et de la vie de cour.<\/p>\n\t\t\t\t\t\t\t\t<\/div>\n\t\t\t\t<\/div>\n\t\t\t\t<\/div>\n\t\t<div class=\"elementor-element elementor-element-11e57f4 e-con-full e-flex e-con e-child\" data-id=\"11e57f4\" data-element_type=\"container\" data-e-type=\"container\">\n\t\t\t\t<div class=\"elementor-element elementor-element-38a3ca6 animation_type_block sc_fly_static elementor-widget elementor-widget-image\" data-id=\"38a3ca6\" data-element_type=\"widget\" data-e-type=\"widget\" data-widget_type=\"image.default\">\n\t\t\t\t<div class=\"elementor-widget-container\">\n\t\t\t\t\t\t\t\t\t\t\t\t\t\t\t<img loading=\"lazy\" decoding=\"async\" width=\"380\" height=\"354\" src=\"https:\/\/www.ordinemauriziano.it\/wp-content\/uploads\/2023\/07\/23-fom-sito-web-eventi-scuole.jpg\" class=\"attachment-large size-large wp-image-11049\" alt=\"Attivit\u00e0 per le scuole\" srcset=\"https:\/\/www.ordinemauriziano.it\/wp-content\/uploads\/2023\/07\/23-fom-sito-web-eventi-scuole.jpg 380w, https:\/\/www.ordinemauriziano.it\/wp-content\/uploads\/2023\/07\/23-fom-sito-web-eventi-scuole-300x279.jpg 300w, https:\/\/www.ordinemauriziano.it\/wp-content\/uploads\/2023\/07\/23-fom-sito-web-eventi-scuole-370x345.jpg 370w\" sizes=\"(max-width: 380px) 100vw, 380px\" \/>\t\t\t\t\t\t\t\t\t\t\t\t\t\t\t<\/div>\n\t\t\t\t<\/div>\n\t\t\t\t<div class=\"elementor-element elementor-element-4319cd0 animation_type_block sc_fly_static elementor-widget elementor-widget-heading\" data-id=\"4319cd0\" data-element_type=\"widget\" data-e-type=\"widget\" data-widget_type=\"heading.default\">\n\t\t\t\t<div class=\"elementor-widget-container\">\n\t\t\t\t\t<h3 class=\"elementor-heading-title elementor-size-default\">Activit\u00e9s pour les \u00e9coles<\/h3>\t\t\t\t<\/div>\n\t\t\t\t<\/div>\n\t\t\t\t<div class=\"elementor-element elementor-element-e163c8a animation_type_block sc_fly_static elementor-widget elementor-widget-text-editor\" data-id=\"e163c8a\" data-element_type=\"widget\" data-e-type=\"widget\" data-widget_type=\"text-editor.default\">\n\t\t\t\t<div class=\"elementor-widget-container\">\n\t\t\t\t\t\t\t\t\t<p data-start=\"95\" data-end=\"207\">Sorties scolaires et parcours con\u00e7us pour apprendre l\u2019histoire de mani\u00e8re originale et ludique.<\/p>\n<p><\/p>\n<p data-start=\"209\" data-end=\"335\" data-is-last-node=\"\" data-is-only-node=\"\">\n\t\t\t\t\t\t\t\t<\/div>\n\t\t\t\t<\/div>\n\t\t\t\t<\/div>\n\t\t\t\t\t<\/div>\n\t\t\t\t<\/div>\n\t\t<div class=\"elementor-element elementor-element-b433b3e e-con-full e-flex e-con e-parent\" data-id=\"b433b3e\" data-element_type=\"container\" data-e-type=\"container\" data-settings=\"{&quot;background_background&quot;:&quot;classic&quot;}\">\n\t\t<div class=\"elementor-element elementor-element-d203c25 e-con-full e-flex e-con e-child\" data-id=\"d203c25\" data-element_type=\"container\" data-e-type=\"container\">\n\t\t\t\t<div class=\"elementor-element elementor-element-d837417 animation_type_block sc_fly_static elementor-widget elementor-widget-google_maps\" data-id=\"d837417\" data-element_type=\"widget\" data-e-type=\"widget\" data-widget_type=\"google_maps.default\">\n\t\t\t\t<div class=\"elementor-widget-container\">\n\t\t\t\t\t\t\t<div class=\"elementor-custom-embed\">\n\t\t\t<iframe loading=\"lazy\"\n\t\t\t\t\tsrc=\"https:\/\/maps.google.com\/maps?q=Palazzina%20di%20Caccia%20di%20Stupinigi&#038;t=m&#038;z=15&#038;output=embed&#038;iwloc=near\"\n\t\t\t\t\ttitle=\"Palazzina di Caccia di Stupinigi\"\n\t\t\t\t\taria-label=\"Palazzina di Caccia di Stupinigi\"\n\t\t\t><\/iframe>\n\t\t<\/div>\n\t\t\t\t\t\t<\/div>\n\t\t\t\t<\/div>\n\t\t\t\t<\/div>\n\t\t<div class=\"elementor-element elementor-element-843e83c e-con-full e-flex e-con e-child\" data-id=\"843e83c\" data-element_type=\"container\" data-e-type=\"container\">\n\t\t\t\t<div class=\"elementor-element elementor-element-ebd3339 animation_type_block sc_fly_static elementor-widget elementor-widget-heading\" data-id=\"ebd3339\" data-element_type=\"widget\" data-e-type=\"widget\" data-widget_type=\"heading.default\">\n\t\t\t\t<div class=\"elementor-widget-container\">\n\t\t\t\t\t<h2 class=\"elementor-heading-title elementor-size-default\">Infos et Contacts<\/h2>\t\t\t\t<\/div>\n\t\t\t\t<\/div>\n\t\t\t\t<div class=\"elementor-element elementor-element-6580f93 animation_type_block sc_fly_static elementor-widget elementor-widget-text-editor\" data-id=\"6580f93\" data-element_type=\"widget\" data-e-type=\"widget\" data-widget_type=\"text-editor.default\">\n\t\t\t\t<div class=\"elementor-widget-container\">\n\t\t\t\t\t\t\t\t\t<p><strong>Piazza Principe Amedeo, 7<\/strong><br \/><strong>10042 Stupinigi &#8211; Nichelino (TO)<\/strong><\/p>\n<p>tel. +39 011 6200601<br \/>stupinigi@biglietteria.ordinemauriziano.it<\/p>\n\t\t\t\t\t\t\t\t<\/div>\n\t\t\t\t<\/div>\n\t\t\t\t<\/div>\n\t\t\t\t<\/div>\n\t\t\t\t<\/div>\n\t\t","protected":false},"excerpt":{"rendered":"<p>Horaires de visite Du mardi au vendredi OUVERTURES ET FERMETURES EXCEPTIONNELLES Lundi 16 f\u00e9vrier : ouvert de 10h00 \u00e0 17h30 (derni\u00e8re entr\u00e9e \u00e0 17h00)Lundi 6 avril : ouvert de 10h00 \u00e0 18h30 (derni\u00e8re entr\u00e9e \u00e0 18h00)Dimanche 10 mai : ouvert de 12h30 \u00e0 18h30 (derni\u00e8re&hellip;<\/p>\n","protected":false},"author":1,"featured_media":15728,"parent":11374,"menu_order":0,"comment_status":"closed","ping_status":"closed","template":"","meta":{"give_campaign_id":0,"footnotes":""},"class_list":["post-11379","page","type-page","status-publish","has-post-thumbnail","hentry"],"yoast_head":"<!-- This site is optimized with the Yoast SEO plugin v27.2 - https:\/\/yoast.com\/product\/yoast-seo-wordpress\/ -->\n<title>Visiter Stupinigi: horaires et informations utiles - Fondazione Ordine Mauriziano<\/title>\n<meta name=\"description\" content=\"Horaires de visite Du mardi au vendredi OUVERTURES ET FERMETURES EXCEPTIONNELLES Lundi 16 f\u00e9vrier : ouvert de 10h00 \u00e0 17h30 (derni\u00e8re entr\u00e9e \u00e0 17h00)Lundi - Fondazione Ordine Mauriziano\" \/>\n<meta name=\"robots\" content=\"index, follow, max-snippet:-1, max-image-preview:large, max-video-preview:-1\" \/>\n<link rel=\"canonical\" href=\"https:\/\/www.ordinemauriziano.it\/fr\/palazzina-di-caccia-di-stupinigi\/visiter-stupinigi\/\" \/>\n<meta property=\"og:locale\" content=\"fr_FR\" \/>\n<meta property=\"og:type\" content=\"article\" \/>\n<meta property=\"og:title\" content=\"Visiter Stupinigi: horaires et informations utiles - Fondazione Ordine Mauriziano\" \/>\n<meta property=\"og:description\" content=\"Horaires de visite Du mardi au vendredi OUVERTURES ET FERMETURES EXCEPTIONNELLES Lundi 16 f\u00e9vrier : ouvert de 10h00 \u00e0 17h30 (derni\u00e8re entr\u00e9e \u00e0 17h00)Lundi - Fondazione Ordine Mauriziano\" \/>\n<meta property=\"og:url\" content=\"https:\/\/www.ordinemauriziano.it\/fr\/palazzina-di-caccia-di-stupinigi\/visiter-stupinigi\/\" \/>\n<meta property=\"og:site_name\" content=\"Fondazione Ordine Mauriziano\" \/>\n<meta property=\"article:publisher\" content=\"https:\/\/www.facebook.com\/PalazzinaStupinigi.Mauriziano\" \/>\n<meta property=\"article:modified_time\" content=\"2026-04-28T08:42:55+00:00\" \/>\n<meta property=\"og:image\" content=\"https:\/\/www.ordinemauriziano.it\/wp-content\/uploads\/2023\/06\/hero-image-palazzina-di-caccia-di-stupinigi-1024x433.png\" \/>\n\t<meta property=\"og:image:width\" content=\"1024\" \/>\n\t<meta property=\"og:image:height\" content=\"433\" \/>\n\t<meta property=\"og:image:type\" content=\"image\/png\" \/>\n<script type=\"application\/ld+json\" class=\"yoast-schema-graph\">{\"@context\":\"https:\/\/schema.org\",\"@graph\":[{\"@type\":\"WebPage\",\"@id\":\"https:\/\/www.ordinemauriziano.it\/fr\/palazzina-di-caccia-di-stupinigi\/visiter-stupinigi\/\",\"url\":\"https:\/\/www.ordinemauriziano.it\/fr\/palazzina-di-caccia-di-stupinigi\/visiter-stupinigi\/\",\"name\":\"Visiter Stupinigi: horaires et informations utiles - Fondazione Ordine Mauriziano\",\"isPartOf\":{\"@id\":\"https:\/\/www.ordinemauriziano.it\/fr\/#website\"},\"primaryImageOfPage\":{\"@id\":\"https:\/\/www.ordinemauriziano.it\/fr\/palazzina-di-caccia-di-stupinigi\/visiter-stupinigi\/#primaryimage\"},\"image\":{\"@id\":\"https:\/\/www.ordinemauriziano.it\/fr\/palazzina-di-caccia-di-stupinigi\/visiter-stupinigi\/#primaryimage\"},\"thumbnailUrl\":\"https:\/\/www.ordinemauriziano.it\/wp-content\/uploads\/2023\/06\/hero-image-palazzina-di-caccia-di-stupinigi.png\",\"datePublished\":\"2023-09-25T15:50:57+00:00\",\"dateModified\":\"2026-04-28T08:42:55+00:00\",\"description\":\"Horaires de visite Du mardi au vendredi OUVERTURES ET FERMETURES EXCEPTIONNELLES Lundi 16 f\u00e9vrier : ouvert de 10h00 \u00e0 17h30 (derni\u00e8re entr\u00e9e \u00e0 17h00)Lundi - Fondazione Ordine Mauriziano\",\"breadcrumb\":{\"@id\":\"https:\/\/www.ordinemauriziano.it\/fr\/palazzina-di-caccia-di-stupinigi\/visiter-stupinigi\/#breadcrumb\"},\"inLanguage\":\"fr-FR\",\"potentialAction\":[{\"@type\":\"ReadAction\",\"target\":[\"https:\/\/www.ordinemauriziano.it\/fr\/palazzina-di-caccia-di-stupinigi\/visiter-stupinigi\/\"]}]},{\"@type\":\"ImageObject\",\"inLanguage\":\"fr-FR\",\"@id\":\"https:\/\/www.ordinemauriziano.it\/fr\/palazzina-di-caccia-di-stupinigi\/visiter-stupinigi\/#primaryimage\",\"url\":\"https:\/\/www.ordinemauriziano.it\/wp-content\/uploads\/2023\/06\/hero-image-palazzina-di-caccia-di-stupinigi.png\",\"contentUrl\":\"https:\/\/www.ordinemauriziano.it\/wp-content\/uploads\/2023\/06\/hero-image-palazzina-di-caccia-di-stupinigi.png\",\"width\":1920,\"height\":811},{\"@type\":\"BreadcrumbList\",\"@id\":\"https:\/\/www.ordinemauriziano.it\/fr\/palazzina-di-caccia-di-stupinigi\/visiter-stupinigi\/#breadcrumb\",\"itemListElement\":[{\"@type\":\"ListItem\",\"position\":1,\"name\":\"Home\",\"item\":\"https:\/\/www.ordinemauriziano.it\/fr\/\"},{\"@type\":\"ListItem\",\"position\":2,\"name\":\"Pavillon de Chasse de Stupinigi\",\"item\":\"https:\/\/www.ordinemauriziano.it\/fr\/palazzina-di-caccia-di-stupinigi\/\"},{\"@type\":\"ListItem\",\"position\":3,\"name\":\"Visiter Stupinigi: horaires et informations utiles\"}]},{\"@type\":\"WebSite\",\"@id\":\"https:\/\/www.ordinemauriziano.it\/fr\/#website\",\"url\":\"https:\/\/www.ordinemauriziano.it\/fr\/\",\"name\":\"Fondazione Ordine Mauriziano\",\"description\":\"\",\"publisher\":{\"@id\":\"https:\/\/www.ordinemauriziano.it\/fr\/#organization\"},\"potentialAction\":[{\"@type\":\"SearchAction\",\"target\":{\"@type\":\"EntryPoint\",\"urlTemplate\":\"https:\/\/www.ordinemauriziano.it\/fr\/?s={search_term_string}\"},\"query-input\":{\"@type\":\"PropertyValueSpecification\",\"valueRequired\":true,\"valueName\":\"search_term_string\"}}],\"inLanguage\":\"fr-FR\"},{\"@type\":\"Organization\",\"@id\":\"https:\/\/www.ordinemauriziano.it\/fr\/#organization\",\"name\":\"Fondazione Torino Musei\",\"url\":\"https:\/\/www.ordinemauriziano.it\/fr\/\",\"logo\":{\"@type\":\"ImageObject\",\"inLanguage\":\"fr-FR\",\"@id\":\"https:\/\/www.ordinemauriziano.it\/fr\/#\/schema\/logo\/image\/\",\"url\":\"https:\/\/www.ordinemauriziano.it\/wp-content\/uploads\/2022\/05\/Fondazione-Ordine-Mauriziano.png\",\"contentUrl\":\"https:\/\/www.ordinemauriziano.it\/wp-content\/uploads\/2022\/05\/Fondazione-Ordine-Mauriziano.png\",\"width\":233,\"height\":76,\"caption\":\"Fondazione Torino Musei\"},\"image\":{\"@id\":\"https:\/\/www.ordinemauriziano.it\/fr\/#\/schema\/logo\/image\/\"},\"sameAs\":[\"https:\/\/www.facebook.com\/PalazzinaStupinigi.Mauriziano\",\"https:\/\/x.com\/Stupinigi_OM\",\"https:\/\/www.youtube.com\/user\/stupinigimauriziano\"]}]}<\/script>\n<!-- \/ Yoast SEO plugin. -->","yoast_head_json":{"title":"Visiter Stupinigi: horaires et informations utiles - Fondazione Ordine Mauriziano","description":"Horaires de visite Du mardi au vendredi OUVERTURES ET FERMETURES EXCEPTIONNELLES Lundi 16 f\u00e9vrier : ouvert de 10h00 \u00e0 17h30 (derni\u00e8re entr\u00e9e \u00e0 17h00)Lundi - Fondazione Ordine Mauriziano","robots":{"index":"index","follow":"follow","max-snippet":"max-snippet:-1","max-image-preview":"max-image-preview:large","max-video-preview":"max-video-preview:-1"},"canonical":"https:\/\/www.ordinemauriziano.it\/fr\/palazzina-di-caccia-di-stupinigi\/visiter-stupinigi\/","og_locale":"fr_FR","og_type":"article","og_title":"Visiter Stupinigi: horaires et informations utiles - Fondazione Ordine Mauriziano","og_description":"Horaires de visite Du mardi au vendredi OUVERTURES ET FERMETURES EXCEPTIONNELLES Lundi 16 f\u00e9vrier : ouvert de 10h00 \u00e0 17h30 (derni\u00e8re entr\u00e9e \u00e0 17h00)Lundi - Fondazione Ordine Mauriziano","og_url":"https:\/\/www.ordinemauriziano.it\/fr\/palazzina-di-caccia-di-stupinigi\/visiter-stupinigi\/","og_site_name":"Fondazione Ordine Mauriziano","article_publisher":"https:\/\/www.facebook.com\/PalazzinaStupinigi.Mauriziano","article_modified_time":"2026-04-28T08:42:55+00:00","og_image":[{"width":1024,"height":433,"url":"https:\/\/www.ordinemauriziano.it\/wp-content\/uploads\/2023\/06\/hero-image-palazzina-di-caccia-di-stupinigi-1024x433.png","type":"image\/png"}],"schema":{"@context":"https:\/\/schema.org","@graph":[{"@type":"WebPage","@id":"https:\/\/www.ordinemauriziano.it\/fr\/palazzina-di-caccia-di-stupinigi\/visiter-stupinigi\/","url":"https:\/\/www.ordinemauriziano.it\/fr\/palazzina-di-caccia-di-stupinigi\/visiter-stupinigi\/","name":"Visiter Stupinigi: horaires et informations utiles - Fondazione Ordine Mauriziano","isPartOf":{"@id":"https:\/\/www.ordinemauriziano.it\/fr\/#website"},"primaryImageOfPage":{"@id":"https:\/\/www.ordinemauriziano.it\/fr\/palazzina-di-caccia-di-stupinigi\/visiter-stupinigi\/#primaryimage"},"image":{"@id":"https:\/\/www.ordinemauriziano.it\/fr\/palazzina-di-caccia-di-stupinigi\/visiter-stupinigi\/#primaryimage"},"thumbnailUrl":"https:\/\/www.ordinemauriziano.it\/wp-content\/uploads\/2023\/06\/hero-image-palazzina-di-caccia-di-stupinigi.png","datePublished":"2023-09-25T15:50:57+00:00","dateModified":"2026-04-28T08:42:55+00:00","description":"Horaires de visite Du mardi au vendredi OUVERTURES ET FERMETURES EXCEPTIONNELLES Lundi 16 f\u00e9vrier : ouvert de 10h00 \u00e0 17h30 (derni\u00e8re entr\u00e9e \u00e0 17h00)Lundi - Fondazione Ordine Mauriziano","breadcrumb":{"@id":"https:\/\/www.ordinemauriziano.it\/fr\/palazzina-di-caccia-di-stupinigi\/visiter-stupinigi\/#breadcrumb"},"inLanguage":"fr-FR","potentialAction":[{"@type":"ReadAction","target":["https:\/\/www.ordinemauriziano.it\/fr\/palazzina-di-caccia-di-stupinigi\/visiter-stupinigi\/"]}]},{"@type":"ImageObject","inLanguage":"fr-FR","@id":"https:\/\/www.ordinemauriziano.it\/fr\/palazzina-di-caccia-di-stupinigi\/visiter-stupinigi\/#primaryimage","url":"https:\/\/www.ordinemauriziano.it\/wp-content\/uploads\/2023\/06\/hero-image-palazzina-di-caccia-di-stupinigi.png","contentUrl":"https:\/\/www.ordinemauriziano.it\/wp-content\/uploads\/2023\/06\/hero-image-palazzina-di-caccia-di-stupinigi.png","width":1920,"height":811},{"@type":"BreadcrumbList","@id":"https:\/\/www.ordinemauriziano.it\/fr\/palazzina-di-caccia-di-stupinigi\/visiter-stupinigi\/#breadcrumb","itemListElement":[{"@type":"ListItem","position":1,"name":"Home","item":"https:\/\/www.ordinemauriziano.it\/fr\/"},{"@type":"ListItem","position":2,"name":"Pavillon de Chasse de Stupinigi","item":"https:\/\/www.ordinemauriziano.it\/fr\/palazzina-di-caccia-di-stupinigi\/"},{"@type":"ListItem","position":3,"name":"Visiter Stupinigi: horaires et informations utiles"}]},{"@type":"WebSite","@id":"https:\/\/www.ordinemauriziano.it\/fr\/#website","url":"https:\/\/www.ordinemauriziano.it\/fr\/","name":"Fondazione Ordine Mauriziano","description":"","publisher":{"@id":"https:\/\/www.ordinemauriziano.it\/fr\/#organization"},"potentialAction":[{"@type":"SearchAction","target":{"@type":"EntryPoint","urlTemplate":"https:\/\/www.ordinemauriziano.it\/fr\/?s={search_term_string}"},"query-input":{"@type":"PropertyValueSpecification","valueRequired":true,"valueName":"search_term_string"}}],"inLanguage":"fr-FR"},{"@type":"Organization","@id":"https:\/\/www.ordinemauriziano.it\/fr\/#organization","name":"Fondazione Torino Musei","url":"https:\/\/www.ordinemauriziano.it\/fr\/","logo":{"@type":"ImageObject","inLanguage":"fr-FR","@id":"https:\/\/www.ordinemauriziano.it\/fr\/#\/schema\/logo\/image\/","url":"https:\/\/www.ordinemauriziano.it\/wp-content\/uploads\/2022\/05\/Fondazione-Ordine-Mauriziano.png","contentUrl":"https:\/\/www.ordinemauriziano.it\/wp-content\/uploads\/2022\/05\/Fondazione-Ordine-Mauriziano.png","width":233,"height":76,"caption":"Fondazione Torino Musei"},"image":{"@id":"https:\/\/www.ordinemauriziano.it\/fr\/#\/schema\/logo\/image\/"},"sameAs":["https:\/\/www.facebook.com\/PalazzinaStupinigi.Mauriziano","https:\/\/x.com\/Stupinigi_OM","https:\/\/www.youtube.com\/user\/stupinigimauriziano"]}]}},"campaignId":"","_links":{"self":[{"href":"https:\/\/www.ordinemauriziano.it\/fr\/wp-json\/wp\/v2\/pages\/11379","targetHints":{"allow":["GET"]}}],"collection":[{"href":"https:\/\/www.ordinemauriziano.it\/fr\/wp-json\/wp\/v2\/pages"}],"about":[{"href":"https:\/\/www.ordinemauriziano.it\/fr\/wp-json\/wp\/v2\/types\/page"}],"author":[{"embeddable":true,"href":"https:\/\/www.ordinemauriziano.it\/fr\/wp-json\/wp\/v2\/users\/1"}],"replies":[{"embeddable":true,"href":"https:\/\/www.ordinemauriziano.it\/fr\/wp-json\/wp\/v2\/comments?post=11379"}],"version-history":[{"count":60,"href":"https:\/\/www.ordinemauriziano.it\/fr\/wp-json\/wp\/v2\/pages\/11379\/revisions"}],"predecessor-version":[{"id":17201,"href":"https:\/\/www.ordinemauriziano.it\/fr\/wp-json\/wp\/v2\/pages\/11379\/revisions\/17201"}],"up":[{"embeddable":true,"href":"https:\/\/www.ordinemauriziano.it\/fr\/wp-json\/wp\/v2\/pages\/11374"}],"wp:featuredmedia":[{"embeddable":true,"href":"https:\/\/www.ordinemauriziano.it\/fr\/wp-json\/wp\/v2\/media\/15728"}],"wp:attachment":[{"href":"https:\/\/www.ordinemauriziano.it\/fr\/wp-json\/wp\/v2\/media?parent=11379"}],"curies":[{"name":"wp","href":"https:\/\/api.w.org\/{rel}","templated":true}]}}