{"id":11386,"date":"2023-09-25T18:12:51","date_gmt":"2023-09-25T16:12:51","guid":{"rendered":"https:\/\/www.ordinemauriziano.it\/?page_id=11386"},"modified":"2023-11-23T14:19:03","modified_gmt":"2023-11-23T13:19:03","slug":"spazi-per-eventi","status":"publish","type":"page","link":"https:\/\/www.ordinemauriziano.it\/fr\/palazzina-di-caccia-di-stupinigi\/les-espaces-evenementiels\/","title":{"rendered":"Pavillon de Chasse de Stupinigi: les espaces \u00e9v\u00e8nementiels"},"content":{"rendered":"\t\t<div data-elementor-type=\"wp-page\" data-elementor-id=\"11386\" class=\"elementor elementor-11386 elementor-7887\" data-elementor-post-type=\"page\">\n\t\t\t\t<div class=\"elementor-element elementor-element-90e47c8 e-flex e-con-boxed e-con e-parent\" data-id=\"90e47c8\" data-element_type=\"container\" data-e-type=\"container\" data-settings=\"{&quot;background_background&quot;:&quot;classic&quot;}\">\n\t\t\t\t\t<div class=\"e-con-inner\">\n\t\t\t\t<div class=\"elementor-element elementor-element-2a2f268 elementor-widget__width-inherit animation_type_block sc_fly_static elementor-widget elementor-widget-heading\" data-id=\"2a2f268\" data-element_type=\"widget\" data-e-type=\"widget\" data-widget_type=\"heading.default\">\n\t\t\t\t<div class=\"elementor-widget-container\">\n\t\t\t\t\t<h3 class=\"elementor-heading-title elementor-size-default\">Stupinigi, un joyau baroque \u00e0 vivre pleinement<\/h3>\t\t\t\t<\/div>\n\t\t\t\t<\/div>\n\t\t\t\t<div class=\"elementor-element elementor-element-90024fb animation_type_block sc_fly_static elementor-widget elementor-widget-text-editor\" data-id=\"90024fb\" data-element_type=\"widget\" data-e-type=\"widget\" data-widget_type=\"text-editor.default\">\n\t\t\t\t<div class=\"elementor-widget-container\">\n\t\t\t\t\t\t\t\t\t<p>A seulement <strong>10 km du centre-ville de Turin, <\/strong>plong\u00e9 dans un contexte de beaut\u00e9 royale, le Pavillon de Chasse de Stupinigi propose des salles et des espaces tr\u00e8s \u00e9l\u00e9gants pr\u00eats \u00e0 \u00eatre transform\u00e9s en emplacements pour vos \u00e9v\u00e8nements.<\/p>\t\t\t\t\t\t\t\t<\/div>\n\t\t\t\t<\/div>\n\t\t\t\t\t<\/div>\n\t\t\t\t<\/div>\n\t\t<div class=\"elementor-element elementor-element-ccd4e5f e-flex e-con-boxed e-con e-parent\" data-id=\"ccd4e5f\" data-element_type=\"container\" data-e-type=\"container\">\n\t\t\t\t\t<div class=\"e-con-inner\">\n\t\t\t\t<div class=\"elementor-element elementor-element-4476f52 animation_type_block sc_fly_static elementor-widget elementor-widget-image-carousel\" data-id=\"4476f52\" data-element_type=\"widget\" data-e-type=\"widget\" data-settings=\"{&quot;slides_to_show&quot;:&quot;5&quot;,&quot;slides_to_scroll&quot;:&quot;1&quot;,&quot;navigation&quot;:&quot;none&quot;,&quot;image_spacing_custom&quot;:{&quot;unit&quot;:&quot;px&quot;,&quot;size&quot;:5,&quot;sizes&quot;:[]},&quot;slides_to_show_tablet&quot;:&quot;3&quot;,&quot;slides_to_show_mobile&quot;:&quot;2&quot;,&quot;image_spacing_custom_tablet&quot;:{&quot;unit&quot;:&quot;px&quot;,&quot;size&quot;:4,&quot;sizes&quot;:[]},&quot;autoplay&quot;:&quot;yes&quot;,&quot;pause_on_hover&quot;:&quot;yes&quot;,&quot;pause_on_interaction&quot;:&quot;yes&quot;,&quot;autoplay_speed&quot;:5000,&quot;infinite&quot;:&quot;yes&quot;,&quot;speed&quot;:500,&quot;image_spacing_custom_mobile&quot;:{&quot;unit&quot;:&quot;px&quot;,&quot;size&quot;:&quot;&quot;,&quot;sizes&quot;:[]}}\" data-widget_type=\"image-carousel.default\">\n\t\t\t\t<div class=\"elementor-widget-container\">\n\t\t\t\t\t\t\t<div class=\"elementor-image-carousel-wrapper swiper\" role=\"region\" aria-roledescription=\"carousel\" aria-label=\"Carrousel d\u2019images\" dir=\"ltr\">\n\t\t\t<div class=\"elementor-image-carousel swiper-wrapper\" aria-live=\"off\">\n\t\t\t\t\t\t\t\t<div class=\"swiper-slide\" role=\"group\" aria-roledescription=\"slide\" aria-label=\"1 sur 5\"><figure class=\"swiper-slide-inner\"><img decoding=\"async\" class=\"swiper-slide-image\" src=\"https:\/\/www.ordinemauriziano.it\/wp-content\/uploads\/2023\/07\/23-fom-sito-web-asset-stupinigi-carosello-5-300x251.jpg\" alt=\"23 FOM _ Sito Web _ Asset Stupinigi - Carosello 5\" \/><\/figure><\/div><div class=\"swiper-slide\" role=\"group\" aria-roledescription=\"slide\" aria-label=\"2 sur 5\"><figure class=\"swiper-slide-inner\"><img decoding=\"async\" class=\"swiper-slide-image\" src=\"https:\/\/www.ordinemauriziano.it\/wp-content\/uploads\/2023\/07\/23-fom-sito-web-asset-stupinigi-carosello-3-300x251.jpg\" alt=\"23 FOM _ Sito Web _ Asset Stupinigi - Carosello 3\" \/><\/figure><\/div><div class=\"swiper-slide\" role=\"group\" aria-roledescription=\"slide\" aria-label=\"3 sur 5\"><figure class=\"swiper-slide-inner\"><img decoding=\"async\" class=\"swiper-slide-image\" src=\"https:\/\/www.ordinemauriziano.it\/wp-content\/uploads\/2023\/07\/23-fom-sito-web-asset-stupinigi-carosello-2-300x251.jpg\" alt=\"23 FOM _ Sito Web _ Asset Stupinigi - Carosello 2\" \/><\/figure><\/div><div class=\"swiper-slide\" role=\"group\" aria-roledescription=\"slide\" aria-label=\"4 sur 5\"><figure class=\"swiper-slide-inner\"><img decoding=\"async\" class=\"swiper-slide-image\" src=\"https:\/\/www.ordinemauriziano.it\/wp-content\/uploads\/2023\/07\/23-fom-sito-web-asset-stupinigi-carosello-4-300x251.jpg\" alt=\"23 FOM _ Sito Web _ Asset Stupinigi - Carosello 4\" \/><\/figure><\/div><div class=\"swiper-slide\" role=\"group\" aria-roledescription=\"slide\" aria-label=\"5 sur 5\"><figure class=\"swiper-slide-inner\"><img decoding=\"async\" class=\"swiper-slide-image\" src=\"https:\/\/www.ordinemauriziano.it\/wp-content\/uploads\/2023\/07\/23-fom-sito-web-asset-stupinigi-carosello-1-300x251.jpg\" alt=\"23 FOM _ Sito Web _ Asset Stupinigi - Carosello 1\" \/><\/figure><\/div>\t\t\t<\/div>\n\t\t\t\t\t\t\t\n\t\t\t\t\t\t\t\t\t<\/div>\n\t\t\t\t\t\t<\/div>\n\t\t\t\t<\/div>\n\t\t\t\t\t<\/div>\n\t\t\t\t<\/div>\n\t\t<div class=\"elementor-element elementor-element-4031611 e-flex e-con-boxed e-con e-parent\" data-id=\"4031611\" data-element_type=\"container\" data-e-type=\"container\" data-settings=\"{&quot;background_background&quot;:&quot;classic&quot;}\">\n\t\t\t\t\t<div class=\"e-con-inner\">\n\t\t\t\t<div class=\"elementor-element elementor-element-1ec8a31 elementor-widget__width-inherit animation_type_block sc_fly_static elementor-widget elementor-widget-heading\" data-id=\"1ec8a31\" data-element_type=\"widget\" data-e-type=\"widget\" data-widget_type=\"heading.default\">\n\t\t\t\t<div class=\"elementor-widget-container\">\n\t\t\t\t\t<h3 class=\"elementor-heading-title elementor-size-default\">Les espaces disponibles <\/h3>\t\t\t\t<\/div>\n\t\t\t\t<\/div>\n\t\t\t\t<div class=\"elementor-element elementor-element-c58a020 animation_type_block sc_fly_static elementor-widget elementor-widget-text-editor\" data-id=\"c58a020\" data-element_type=\"widget\" data-e-type=\"widget\" data-widget_type=\"text-editor.default\">\n\t\t\t\t<div class=\"elementor-widget-container\">\n\t\t\t\t\t\t\t\t\t<p>Des orangeries au Salon Central, jusqu\u2019\u00e0 l\u2019exceptionnelle Cour d\u2019honneur: choisissez le meilleur emplacement pour organiser vos \u00e9v\u00e8nements au Pavillon de Chasse de Stupinigi.<\/p>\t\t\t\t\t\t\t\t<\/div>\n\t\t\t\t<\/div>\n\t\t<div class=\"elementor-element elementor-element-b42802d e-con-full e-flex e-con e-child\" data-id=\"b42802d\" data-element_type=\"container\" data-e-type=\"container\">\n\t\t\t\t<div class=\"elementor-element elementor-element-b2ab6b3 animation_type_block sc_fly_static elementor-widget elementor-widget-image\" data-id=\"b2ab6b3\" data-element_type=\"widget\" data-e-type=\"widget\" data-widget_type=\"image.default\">\n\t\t\t\t<div class=\"elementor-widget-container\">\n\t\t\t\t\t\t\t\t\t\t\t\t\t\t\t<img fetchpriority=\"high\" decoding=\"async\" width=\"584\" height=\"462\" src=\"https:\/\/www.ordinemauriziano.it\/wp-content\/uploads\/2023\/07\/23-fom-sito-web-stupinigi-affitti-1.jpg\" class=\"attachment-large size-large wp-image-11077\" alt=\"\" srcset=\"https:\/\/www.ordinemauriziano.it\/wp-content\/uploads\/2023\/07\/23-fom-sito-web-stupinigi-affitti-1.jpg 584w, https:\/\/www.ordinemauriziano.it\/wp-content\/uploads\/2023\/07\/23-fom-sito-web-stupinigi-affitti-1-300x237.jpg 300w, https:\/\/www.ordinemauriziano.it\/wp-content\/uploads\/2023\/07\/23-fom-sito-web-stupinigi-affitti-1-370x293.jpg 370w\" sizes=\"(max-width: 584px) 100vw, 584px\" \/>\t\t\t\t\t\t\t\t\t\t\t\t\t\t\t<\/div>\n\t\t\t\t<\/div>\n\t\t\t\t<\/div>\n\t\t<div class=\"elementor-element elementor-element-054e4ae e-con-full e-flex e-con e-child\" data-id=\"054e4ae\" data-element_type=\"container\" data-e-type=\"container\">\n\t\t\t\t<div class=\"elementor-element elementor-element-2af80e9 elementor-widget__width-inherit animation_type_block sc_fly_static elementor-widget elementor-widget-heading\" data-id=\"2af80e9\" data-element_type=\"widget\" data-e-type=\"widget\" data-widget_type=\"heading.default\">\n\t\t\t\t<div class=\"elementor-widget-container\">\n\t\t\t\t\t<h3 class=\"elementor-heading-title elementor-size-default\">L\u2019Orangerie, l\u2019Ecurie et la salle semi-circulaire de Levante <\/h3>\t\t\t\t<\/div>\n\t\t\t\t<\/div>\n\t\t\t\t<div class=\"elementor-element elementor-element-b5677bb animation_type_block sc_fly_static elementor-widget elementor-widget-text-editor\" data-id=\"b5677bb\" data-element_type=\"widget\" data-e-type=\"widget\" data-widget_type=\"text-editor.default\">\n\t\t\t\t<div class=\"elementor-widget-container\">\n\t\t\t\t\t\t\t\t\t<p>Les espaces pour accueillir des f\u00eates et des \u00e9v\u00e8nements dans l\u2019<strong>aile de Levante <\/strong>du Pavillon de Chasse de Stupinigi ont connu diff\u00e9rentes utilisations et finalit\u00e9s au fil des ann\u00e9es. Le projet initial pr\u00e9voyait que ces espaces soient utilis\u00e9s comme chenils et logements pour le personnel de service, ils seront finalement utilis\u00e9s comme \u00e9curies avec des sols en terre cuite, des b\u00e2tis, des mangeoires et des r\u00e2teliers en bois. En 1826, avec la cr\u00e9ation de la m\u00e9nagerie de Stupinigi, la salle semi-circulaire a m\u00eame \u00e9t\u00e9 utilis\u00e9e comme <strong>demeure de Fritz, l\u2019\u00e9l\u00e9phant du Pavillon<\/strong>. A partir de 1850 les espaces ont \u00e9t\u00e9 r\u00e9nov\u00e9s et r\u00e9\u00e9quip\u00e9s pour \u00eatre utilis\u00e9s comme orangeries et accueillir les arbres \u00e0 agrumes du Pavillon.<\/p><p>Aujourd\u2019hui ces grandes salles constituent des <strong>emplacements \u00e9v\u00e8nementiels pr\u00e8s de Turin <\/strong>parfaits pour c\u00e9l\u00e9brer vos moments privil\u00e9gi\u00e9s dans un contexte plein de charme et d\u2019histoire.<\/p><p>Oggi tutte queste ampie sale rappresentano <strong>location per eventi vicino Torino<\/strong>, ideali per accogliere i tuoi momenti speciali in un contesto ricco di fascino e storia.<\/p>\t\t\t\t\t\t\t\t<\/div>\n\t\t\t\t<\/div>\n\t\t\t\t<div class=\"elementor-element elementor-element-ffe23f5 animation_type_block sc_fly_static elementor-widget elementor-widget-trx_sc_button\" data-id=\"ffe23f5\" data-element_type=\"widget\" data-e-type=\"widget\" data-widget_type=\"trx_sc_button.default\">\n\t\t\t\t<div class=\"elementor-widget-container\">\n\t\t\t\t\t<div id=\"trx_sc_button_449008600\"\tclass=\"sc_item_button sc_button_wrap sc_align_left\"><a href=\"https:\/\/www.ordinemauriziano.it\/wp-content\/uploads\/2022\/07\/Citroniera-di-Levante.pdf\" class=\"sc_button sc_button_simple sc_button_size_normal sc_button_icon_left color_style_dark\"><span class=\"sc_button_text\"><span class=\"sc_button_title\">T\u00c9L\u00c9CHARGEZ LE PLAN DE L\u2019ORANGERIE DE LEVANTE <\/span><\/span><!-- \/.sc_button_text --><\/a><!-- \/.sc_button --><\/div><!-- \/.sc_item_button -->\t\t\t\t<\/div>\n\t\t\t\t<\/div>\n\t\t\t\t<\/div>\n\t\t\t\t\t<\/div>\n\t\t\t\t<\/div>\n\t\t<div class=\"elementor-element elementor-element-edf259c e-flex e-con-boxed e-con e-parent\" data-id=\"edf259c\" data-element_type=\"container\" data-e-type=\"container\" data-settings=\"{&quot;background_background&quot;:&quot;classic&quot;}\">\n\t\t\t\t\t<div class=\"e-con-inner\">\n\t\t<div class=\"elementor-element elementor-element-ad1b8d5 e-con-full e-flex e-con e-child\" data-id=\"ad1b8d5\" data-element_type=\"container\" data-e-type=\"container\">\n\t\t\t\t<div class=\"elementor-element elementor-element-3dd116e elementor-widget__width-inherit animation_type_block sc_fly_static elementor-widget elementor-widget-heading\" data-id=\"3dd116e\" data-element_type=\"widget\" data-e-type=\"widget\" data-widget_type=\"heading.default\">\n\t\t\t\t<div class=\"elementor-widget-container\">\n\t\t\t\t\t<h3 class=\"elementor-heading-title elementor-size-default\">L\u2019Orangerie, l\u2019\u00c9curie et la salle semi-circulaire de Ponente<\/h3>\t\t\t\t<\/div>\n\t\t\t\t<\/div>\n\t\t\t\t<div class=\"elementor-element elementor-element-0258792 animation_type_block sc_fly_static elementor-widget elementor-widget-text-editor\" data-id=\"0258792\" data-element_type=\"widget\" data-e-type=\"widget\" data-widget_type=\"text-editor.default\">\n\t\t\t\t<div class=\"elementor-widget-container\">\n\t\t\t\t\t\t\t\t\t<p>Du c\u00f4t\u00e9 oppos\u00e9 au Pavillon, l\u2019Orangerie de Ponente a \u00e9t\u00e9 r\u00e9alis\u00e9e entre 1791 et 1797 avec les m\u00eames mat\u00e9riaux que celle de Levante. Apr\u00e8s avoir accueilli diff\u00e9rents logements de service, elle a trouv\u00e9 sa vocation principale dans la mise au repos des citronniers et orangers. Il s\u2019agit de plusieurs <strong>locaux d\u2019une \u00e9l\u00e9gance simple<\/strong>, qui peuvent \u00eatre lou\u00e9s comme emplacements pour des \u00e9v\u00e8nements en tout genre, des f\u00eates priv\u00e9es aux conf\u00e9rences.<\/p>\t\t\t\t\t\t\t\t<\/div>\n\t\t\t\t<\/div>\n\t\t\t\t<div class=\"elementor-element elementor-element-9983914 animation_type_block sc_fly_static elementor-widget elementor-widget-trx_sc_button\" data-id=\"9983914\" data-element_type=\"widget\" data-e-type=\"widget\" data-widget_type=\"trx_sc_button.default\">\n\t\t\t\t<div class=\"elementor-widget-container\">\n\t\t\t\t\t<div id=\"trx_sc_button_756786683\"\tclass=\"sc_item_button sc_button_wrap sc_align_left\"><a href=\"https:\/\/www.ordinemauriziano.it\/wp-content\/uploads\/2022\/07\/Citroniera-di-Ponente-1.pdf\" class=\"sc_button sc_button_simple sc_button_size_normal sc_button_icon_left color_style_dark\"><span class=\"sc_button_text\"><span class=\"sc_button_title\">T\u00c9L\u00c9CHARGEZ LE PLAN DE L\u2019ORANGERIE DE PONENTE <\/span><\/span><!-- \/.sc_button_text --><\/a><!-- \/.sc_button --><\/div><!-- \/.sc_item_button -->\t\t\t\t<\/div>\n\t\t\t\t<\/div>\n\t\t\t\t<\/div>\n\t\t<div class=\"elementor-element elementor-element-d168349 e-con-full e-flex e-con e-child\" data-id=\"d168349\" data-element_type=\"container\" data-e-type=\"container\">\n\t\t\t\t<div class=\"elementor-element elementor-element-ec89914 animation_type_block sc_fly_static elementor-widget elementor-widget-image\" data-id=\"ec89914\" data-element_type=\"widget\" data-e-type=\"widget\" data-widget_type=\"image.default\">\n\t\t\t\t<div class=\"elementor-widget-container\">\n\t\t\t\t\t\t\t\t\t\t\t\t\t\t\t<img decoding=\"async\" width=\"584\" height=\"462\" src=\"https:\/\/www.ordinemauriziano.it\/wp-content\/uploads\/2023\/07\/23-fom-sito-web-stupinigi-affitti-2.jpg\" class=\"attachment-large size-large wp-image-11078\" alt=\"\" srcset=\"https:\/\/www.ordinemauriziano.it\/wp-content\/uploads\/2023\/07\/23-fom-sito-web-stupinigi-affitti-2.jpg 584w, https:\/\/www.ordinemauriziano.it\/wp-content\/uploads\/2023\/07\/23-fom-sito-web-stupinigi-affitti-2-300x237.jpg 300w, https:\/\/www.ordinemauriziano.it\/wp-content\/uploads\/2023\/07\/23-fom-sito-web-stupinigi-affitti-2-370x293.jpg 370w\" sizes=\"(max-width: 584px) 100vw, 584px\" \/>\t\t\t\t\t\t\t\t\t\t\t\t\t\t\t<\/div>\n\t\t\t\t<\/div>\n\t\t\t\t<\/div>\n\t\t\t\t\t<\/div>\n\t\t\t\t<\/div>\n\t\t<div class=\"elementor-element elementor-element-95a0bb7 e-flex e-con-boxed e-con e-parent\" data-id=\"95a0bb7\" data-element_type=\"container\" data-e-type=\"container\" data-settings=\"{&quot;background_background&quot;:&quot;classic&quot;}\">\n\t\t\t\t\t<div class=\"e-con-inner\">\n\t\t<div class=\"elementor-element elementor-element-a683e66 e-con-full e-flex e-con e-child\" data-id=\"a683e66\" data-element_type=\"container\" data-e-type=\"container\">\n\t\t\t\t<div class=\"elementor-element elementor-element-c338ee6 animation_type_block sc_fly_static elementor-widget elementor-widget-image\" data-id=\"c338ee6\" data-element_type=\"widget\" data-e-type=\"widget\" data-widget_type=\"image.default\">\n\t\t\t\t<div class=\"elementor-widget-container\">\n\t\t\t\t\t\t\t\t\t\t\t\t\t\t\t<img decoding=\"async\" width=\"584\" height=\"462\" src=\"https:\/\/www.ordinemauriziano.it\/wp-content\/uploads\/2023\/07\/23-fom-sito-web-stupinigi-affitti-3.jpg\" class=\"attachment-large size-large wp-image-11079\" alt=\"\" srcset=\"https:\/\/www.ordinemauriziano.it\/wp-content\/uploads\/2023\/07\/23-fom-sito-web-stupinigi-affitti-3.jpg 584w, https:\/\/www.ordinemauriziano.it\/wp-content\/uploads\/2023\/07\/23-fom-sito-web-stupinigi-affitti-3-300x237.jpg 300w, https:\/\/www.ordinemauriziano.it\/wp-content\/uploads\/2023\/07\/23-fom-sito-web-stupinigi-affitti-3-370x293.jpg 370w\" sizes=\"(max-width: 584px) 100vw, 584px\" \/>\t\t\t\t\t\t\t\t\t\t\t\t\t\t\t<\/div>\n\t\t\t\t<\/div>\n\t\t\t\t<\/div>\n\t\t<div class=\"elementor-element elementor-element-2c2ac69 e-con-full e-flex e-con e-child\" data-id=\"2c2ac69\" data-element_type=\"container\" data-e-type=\"container\">\n\t\t\t\t<div class=\"elementor-element elementor-element-da798e6 elementor-widget__width-inherit animation_type_block sc_fly_static elementor-widget elementor-widget-heading\" data-id=\"da798e6\" data-element_type=\"widget\" data-e-type=\"widget\" data-widget_type=\"heading.default\">\n\t\t\t\t<div class=\"elementor-widget-container\">\n\t\t\t\t\t<h3 class=\"elementor-heading-title elementor-size-default\">Votre \u00e9v\u00e8nement dans le Salon Central <\/h3>\t\t\t\t<\/div>\n\t\t\t\t<\/div>\n\t\t\t\t<div class=\"elementor-element elementor-element-8911d6f animation_type_block sc_fly_static elementor-widget elementor-widget-text-editor\" data-id=\"8911d6f\" data-element_type=\"widget\" data-e-type=\"widget\" data-widget_type=\"text-editor.default\">\n\t\t\t\t<div class=\"elementor-widget-container\">\n\t\t\t\t\t\t\t\t\t<p><strong>Coeur et \u00e2me du Pavillon<\/strong>, cet endroit accueillait les grandes soir\u00e9es dansantes ainsi que les mariages de la maison de Savoie. Projet\u00e9 par Filippo Juvarra dans chaque d\u00e9tail, de l\u2019architecture aux d\u00e9corations, le Salon Central est <strong>enrichi de magnifiques fresques sur le th\u00e8me de la chasse<\/strong> r\u00e9alis\u00e9es entre 1731 et 1733 par les fr\u00e8res Domenico et Giuseppe Valeriani. Cet espace est pr\u00eat \u00e0 se transformer en emplacement somptueux pour \u00e9v\u00e8nements, concerts, conf\u00e9rences et spectacles.<\/p>\t\t\t\t\t\t\t\t<\/div>\n\t\t\t\t<\/div>\n\t\t\t\t<div class=\"elementor-element elementor-element-bc3bc41 animation_type_block sc_fly_static elementor-widget elementor-widget-trx_sc_button\" data-id=\"bc3bc41\" data-element_type=\"widget\" data-e-type=\"widget\" data-widget_type=\"trx_sc_button.default\">\n\t\t\t\t<div class=\"elementor-widget-container\">\n\t\t\t\t\t<div id=\"trx_sc_button_916289433\"\tclass=\"sc_item_button sc_button_wrap sc_align_left\"><a href=\"https:\/\/www.ordinemauriziano.it\/wp-content\/uploads\/2022\/07\/Salone.pdf\" class=\"sc_button sc_button_simple sc_button_size_normal sc_button_icon_left color_style_dark\"><span class=\"sc_button_text\"><span class=\"sc_button_title\">T\u00c9L\u00c9CHARGEZ LE PLAN DU SALON CENTRAL <\/span><\/span><!-- \/.sc_button_text --><\/a><!-- \/.sc_button --><\/div><!-- \/.sc_item_button -->\t\t\t\t<\/div>\n\t\t\t\t<\/div>\n\t\t\t\t<\/div>\n\t\t\t\t\t<\/div>\n\t\t\t\t<\/div>\n\t\t<div class=\"elementor-element elementor-element-91f4088 e-flex e-con-boxed e-con e-parent\" data-id=\"91f4088\" data-element_type=\"container\" data-e-type=\"container\" data-settings=\"{&quot;background_background&quot;:&quot;classic&quot;}\">\n\t\t\t\t\t<div class=\"e-con-inner\">\n\t\t<div class=\"elementor-element elementor-element-58102a6 e-con-full e-flex e-con e-child\" data-id=\"58102a6\" data-element_type=\"container\" data-e-type=\"container\">\n\t\t\t\t<div class=\"elementor-element elementor-element-9c8d4d6 elementor-widget__width-inherit animation_type_block sc_fly_static elementor-widget elementor-widget-heading\" data-id=\"9c8d4d6\" data-element_type=\"widget\" data-e-type=\"widget\" data-widget_type=\"heading.default\">\n\t\t\t\t<div class=\"elementor-widget-container\">\n\t\t\t\t\t<h3 class=\"elementor-heading-title elementor-size-default\">La Salle du Cerf<\/h3>\t\t\t\t<\/div>\n\t\t\t\t<\/div>\n\t\t\t\t<div class=\"elementor-element elementor-element-b90d62f animation_type_block sc_fly_static elementor-widget elementor-widget-text-editor\" data-id=\"b90d62f\" data-element_type=\"widget\" data-e-type=\"widget\" data-widget_type=\"text-editor.default\">\n\t\t\t\t<div class=\"elementor-widget-container\">\n\t\t\t\t\t\t\t\t\t<p>L\u2019\u00e9curie Juvarrienne du dix-huiti\u00e8me si\u00e8cle a \u00e9t\u00e9 transform\u00e9e, dans un premier temps, en salle de divertissement pour la cour et, au vingti\u00e8me si\u00e8cle, en <strong>galerie de portraits<\/strong>. Accroch\u00e9s au mur on y trouve douze m\u00e9daillons ovales sculpt\u00e9s en bois qui datent de la fin du dix-huiti\u00e8me si\u00e8cle et qui repr\u00e9sentent l\u2019arbre g\u00e9n\u00e9alogique des anciens comtes savoyards. Au centre du salon se trouve <strong>l\u2019imposante sculpture originale du Cerf, r\u00e9alis\u00e9e par Francesco Ladatte<\/strong> en 1766 en bronze, cuivre et feuille d\u2019or. Jusqu\u2019en 1992, la statue a veill\u00e9 sur le Pavillon depuis le toit en croupe, avant d\u2019\u00eatre remplac\u00e9e, dans la m\u00eame ann\u00e9e, par une copie model\u00e9e par Riccardo Cordero. Aujourd\u2019hui la salle et le cerf vous attendent pour devenir \u2013 par exemple \u2013 l\u2019un des espaces de r\u00e9ception pour votre mariage au Pavillon de Chasse de Stupinigi.<\/p>\t\t\t\t\t\t\t\t<\/div>\n\t\t\t\t<\/div>\n\t\t\t\t<div class=\"elementor-element elementor-element-3a04bc3 animation_type_block sc_fly_static elementor-widget elementor-widget-trx_sc_button\" data-id=\"3a04bc3\" data-element_type=\"widget\" data-e-type=\"widget\" data-widget_type=\"trx_sc_button.default\">\n\t\t\t\t<div class=\"elementor-widget-container\">\n\t\t\t\t\t<div id=\"trx_sc_button_1858952014\"\tclass=\"sc_item_button sc_button_wrap sc_align_left\"><a href=\"https:\/\/www.ordinemauriziano.it\/wp-content\/uploads\/2022\/07\/Sala-Cervo.pdf\" class=\"sc_button sc_button_simple sc_button_size_normal sc_button_icon_left color_style_dark\"><span class=\"sc_button_text\"><span class=\"sc_button_title\"> T\u00c9L\u00c9CHARGEZ LE PLAN DE LA SALLE DU CERF <\/span><\/span><!-- \/.sc_button_text --><\/a><!-- \/.sc_button --><\/div><!-- \/.sc_item_button -->\t\t\t\t<\/div>\n\t\t\t\t<\/div>\n\t\t\t\t<\/div>\n\t\t<div class=\"elementor-element elementor-element-4298fd8 e-con-full e-flex e-con e-child\" data-id=\"4298fd8\" data-element_type=\"container\" data-e-type=\"container\">\n\t\t\t\t<div class=\"elementor-element elementor-element-36cfc8f animation_type_block sc_fly_static elementor-widget elementor-widget-image\" data-id=\"36cfc8f\" data-element_type=\"widget\" data-e-type=\"widget\" data-widget_type=\"image.default\">\n\t\t\t\t<div class=\"elementor-widget-container\">\n\t\t\t\t\t\t\t\t\t\t\t\t\t\t\t<img loading=\"lazy\" decoding=\"async\" width=\"584\" height=\"462\" src=\"https:\/\/www.ordinemauriziano.it\/wp-content\/uploads\/2023\/07\/23-fom-sito-web-stupinigi-affitti-4.jpg\" class=\"attachment-large size-large wp-image-11080\" alt=\"\" srcset=\"https:\/\/www.ordinemauriziano.it\/wp-content\/uploads\/2023\/07\/23-fom-sito-web-stupinigi-affitti-4.jpg 584w, https:\/\/www.ordinemauriziano.it\/wp-content\/uploads\/2023\/07\/23-fom-sito-web-stupinigi-affitti-4-300x237.jpg 300w, https:\/\/www.ordinemauriziano.it\/wp-content\/uploads\/2023\/07\/23-fom-sito-web-stupinigi-affitti-4-370x293.jpg 370w\" sizes=\"(max-width: 584px) 100vw, 584px\" \/>\t\t\t\t\t\t\t\t\t\t\t\t\t\t\t<\/div>\n\t\t\t\t<\/div>\n\t\t\t\t<\/div>\n\t\t\t\t\t<\/div>\n\t\t\t\t<\/div>\n\t\t<div class=\"elementor-element elementor-element-da6e7b1 e-flex e-con-boxed e-con e-parent\" data-id=\"da6e7b1\" data-element_type=\"container\" data-e-type=\"container\" data-settings=\"{&quot;background_background&quot;:&quot;classic&quot;}\">\n\t\t\t\t\t<div class=\"e-con-inner\">\n\t\t<div class=\"elementor-element elementor-element-ec3156d e-con-full e-flex e-con e-child\" data-id=\"ec3156d\" data-element_type=\"container\" data-e-type=\"container\">\n\t\t\t\t<div class=\"elementor-element elementor-element-e5b9d2f animation_type_block sc_fly_static elementor-widget elementor-widget-image\" data-id=\"e5b9d2f\" data-element_type=\"widget\" data-e-type=\"widget\" data-widget_type=\"image.default\">\n\t\t\t\t<div class=\"elementor-widget-container\">\n\t\t\t\t\t\t\t\t\t\t\t\t\t\t\t<img loading=\"lazy\" decoding=\"async\" width=\"584\" height=\"462\" src=\"https:\/\/www.ordinemauriziano.it\/wp-content\/uploads\/2023\/07\/23-fom-sito-web-stupinigi-affitti-5.jpg\" class=\"attachment-large size-large wp-image-11081\" alt=\"\" srcset=\"https:\/\/www.ordinemauriziano.it\/wp-content\/uploads\/2023\/07\/23-fom-sito-web-stupinigi-affitti-5.jpg 584w, https:\/\/www.ordinemauriziano.it\/wp-content\/uploads\/2023\/07\/23-fom-sito-web-stupinigi-affitti-5-300x237.jpg 300w, https:\/\/www.ordinemauriziano.it\/wp-content\/uploads\/2023\/07\/23-fom-sito-web-stupinigi-affitti-5-370x293.jpg 370w\" sizes=\"(max-width: 584px) 100vw, 584px\" \/>\t\t\t\t\t\t\t\t\t\t\t\t\t\t\t<\/div>\n\t\t\t\t<\/div>\n\t\t\t\t<\/div>\n\t\t<div class=\"elementor-element elementor-element-cdf0cb8 e-con-full e-flex e-con e-child\" data-id=\"cdf0cb8\" data-element_type=\"container\" data-e-type=\"container\">\n\t\t\t\t<div class=\"elementor-element elementor-element-fd0091a elementor-widget__width-inherit animation_type_block sc_fly_static elementor-widget elementor-widget-heading\" data-id=\"fd0091a\" data-element_type=\"widget\" data-e-type=\"widget\" data-widget_type=\"heading.default\">\n\t\t\t\t<div class=\"elementor-widget-container\">\n\t\t\t\t\t<h3 class=\"elementor-heading-title elementor-size-default\">La Salle des Chemin\u00e9es<\/h3>\t\t\t\t<\/div>\n\t\t\t\t<\/div>\n\t\t\t\t<div class=\"elementor-element elementor-element-726ade8 animation_type_block sc_fly_static elementor-widget elementor-widget-text-editor\" data-id=\"726ade8\" data-element_type=\"widget\" data-e-type=\"widget\" data-widget_type=\"text-editor.default\">\n\t\t\t\t<div class=\"elementor-widget-container\">\n\t\t\t\t\t\t\t\t\t<p class=\"MsoNormal\" style=\"margin-bottom: 19.0pt; text-align: justify;\"><span lang=\"it\" style=\"line-height: 115%; background-image: initial; background-position: initial; background-size: initial; background-repeat: initial; background-attachment: initial; background-origin: initial; background-clip: initial;\">R\u00e9alis\u00e9 d\u2019apr\u00e8s le projet de Ludovico Bo entre 1788 et 1792, dans la<b> m\u00eame p\u00e9riode que les \u00e9curies de Levante<\/b>, l\u2019endroit qui aujourd\u2019hui est d\u00e9nomm\u00e9 \u201cSala Camini\u201d (Salle des Chemin\u00e9es) est le lieu initialement destin\u00e9 aux logements pour les seigneurs de la cour et leurs valets. Apr\u00e8s une importante restructuration r\u00e9alis\u00e9e en d\u00e9but du vingti\u00e8me si\u00e8cle, elle est devenue un espace unique et a conserv\u00e9 sa vo\u00fbte originale \u00e0 caissons ainsi que ses magnifiques chemin\u00e9es en marbre dont chaque appartement \u00e9tait dot\u00e9 et qui lui donnent son nom actuel. Sa structure la rend parfaite comme<b> lieu de conf\u00e9rences ou c\u00e9r\u00e9monies.<\/b> <\/span><\/p>\t\t\t\t\t\t\t\t<\/div>\n\t\t\t\t<\/div>\n\t\t\t\t<div class=\"elementor-element elementor-element-f2d732f animation_type_block sc_fly_static elementor-widget elementor-widget-trx_sc_button\" data-id=\"f2d732f\" data-element_type=\"widget\" data-e-type=\"widget\" data-widget_type=\"trx_sc_button.default\">\n\t\t\t\t<div class=\"elementor-widget-container\">\n\t\t\t\t\t<div id=\"trx_sc_button_1924698102\"\tclass=\"sc_item_button sc_button_wrap sc_align_left\"><a href=\"https:\/\/www.ordinemauriziano.it\/wp-content\/uploads\/2022\/07\/Sala-Camini.pdf\" class=\"sc_button sc_button_simple sc_button_size_normal sc_button_icon_left color_style_dark\"><span class=\"sc_button_text\"><span class=\"sc_button_title\"> T\u00c9L\u00c9CHARGEZ LE PLAN DE LA SALLE DES CHEMINEES <\/span><\/span><!-- \/.sc_button_text --><\/a><!-- \/.sc_button --><\/div><!-- \/.sc_item_button -->\t\t\t\t<\/div>\n\t\t\t\t<\/div>\n\t\t\t\t<\/div>\n\t\t\t\t\t<\/div>\n\t\t\t\t<\/div>\n\t\t<div class=\"elementor-element elementor-element-187a25d e-flex e-con-boxed e-con e-parent\" data-id=\"187a25d\" data-element_type=\"container\" data-e-type=\"container\" data-settings=\"{&quot;background_background&quot;:&quot;classic&quot;}\">\n\t\t\t\t\t<div class=\"e-con-inner\">\n\t\t<div class=\"elementor-element elementor-element-05bd61c e-con-full e-flex e-con e-child\" data-id=\"05bd61c\" data-element_type=\"container\" data-e-type=\"container\">\n\t\t\t\t<div class=\"elementor-element elementor-element-744bf83 elementor-widget__width-inherit animation_type_block sc_fly_static elementor-widget elementor-widget-heading\" data-id=\"744bf83\" data-element_type=\"widget\" data-e-type=\"widget\" data-widget_type=\"heading.default\">\n\t\t\t\t<div class=\"elementor-widget-container\">\n\t\t\t\t\t<h3 class=\"elementor-heading-title elementor-size-default\">Les cuisines <\/h3>\t\t\t\t<\/div>\n\t\t\t\t<\/div>\n\t\t\t\t<div class=\"elementor-element elementor-element-3b07069 animation_type_block sc_fly_static elementor-widget elementor-widget-text-editor\" data-id=\"3b07069\" data-element_type=\"widget\" data-e-type=\"widget\" data-widget_type=\"text-editor.default\">\n\t\t\t\t<div class=\"elementor-widget-container\">\n\t\t\t\t\t\t\t\t\t<p>Les lieux du d\u00e9nomm\u00e9 \u201cBureau de Bouche\u201d \u00e9taient utilis\u00e9s pour la pr\u00e9paration des repas et la conservation de la nourriture, avec une partie destin\u00e9e au cellier et \u00e0 l\u2019office. Remani\u00e9s au cours du dix-neuvi\u00e8me si\u00e8cle, ces locaux <strong>conservent encore les structures et les d\u00e9corations historiques de service<\/strong> comme les chemin\u00e9es, les cuisini\u00e8res, les po\u00eales, les \u00e9viers et les centrales thermiques employ\u00e9es pour chauffer l\u2019appartement \u00e0 l\u2019\u00e9tage sup\u00e9rieur. La <strong>grande cuisine<\/strong>, autour de laquelle se ramifient les autres pi\u00e8ces, est directement li\u00e9e avec un escalier et un monte-plat \u00e0 la salle \u00e0 manger et \u00e0 la salle de jeux de l\u2019appartement de Levante qui est juste \u00e0 c\u00f4t\u00e9. Un ensemble de pi\u00e8ces id\u00e9al pour des \u00e9v\u00e8nements ou parcours pour accueillir des expositions temporaires.<\/p>\t\t\t\t\t\t\t\t<\/div>\n\t\t\t\t<\/div>\n\t\t\t\t<div class=\"elementor-element elementor-element-4d00da0 animation_type_block sc_fly_static elementor-widget elementor-widget-trx_sc_button\" data-id=\"4d00da0\" data-element_type=\"widget\" data-e-type=\"widget\" data-widget_type=\"trx_sc_button.default\">\n\t\t\t\t<div class=\"elementor-widget-container\">\n\t\t\t\t\t<div id=\"trx_sc_button_8911374\"\tclass=\"sc_item_button sc_button_wrap sc_align_left\"><a href=\"https:\/\/www.ordinemauriziano.it\/wp-content\/uploads\/2022\/07\/Area-Ex-Cucine.pdf\" class=\"sc_button sc_button_simple sc_button_size_normal sc_button_icon_left color_style_dark\"><span class=\"sc_button_text\"><span class=\"sc_button_title\"> T\u00c9L\u00c9CHARGEZ LE PLAN DES CUISINES <\/span><\/span><!-- \/.sc_button_text --><\/a><!-- \/.sc_button --><\/div><!-- \/.sc_item_button -->\t\t\t\t<\/div>\n\t\t\t\t<\/div>\n\t\t\t\t<\/div>\n\t\t<div class=\"elementor-element elementor-element-6f38383 e-con-full e-flex e-con e-child\" data-id=\"6f38383\" data-element_type=\"container\" data-e-type=\"container\">\n\t\t\t\t<div class=\"elementor-element elementor-element-487564d animation_type_block sc_fly_static elementor-widget elementor-widget-image\" data-id=\"487564d\" data-element_type=\"widget\" data-e-type=\"widget\" data-widget_type=\"image.default\">\n\t\t\t\t<div class=\"elementor-widget-container\">\n\t\t\t\t\t\t\t\t\t\t\t\t\t\t\t<img loading=\"lazy\" decoding=\"async\" width=\"584\" height=\"462\" src=\"https:\/\/www.ordinemauriziano.it\/wp-content\/uploads\/2023\/07\/23-fom-sito-web-stupinigi-affitti-6.jpg\" class=\"attachment-large size-large wp-image-11082\" alt=\"\" srcset=\"https:\/\/www.ordinemauriziano.it\/wp-content\/uploads\/2023\/07\/23-fom-sito-web-stupinigi-affitti-6.jpg 584w, https:\/\/www.ordinemauriziano.it\/wp-content\/uploads\/2023\/07\/23-fom-sito-web-stupinigi-affitti-6-300x237.jpg 300w, https:\/\/www.ordinemauriziano.it\/wp-content\/uploads\/2023\/07\/23-fom-sito-web-stupinigi-affitti-6-370x293.jpg 370w\" sizes=\"(max-width: 584px) 100vw, 584px\" \/>\t\t\t\t\t\t\t\t\t\t\t\t\t\t\t<\/div>\n\t\t\t\t<\/div>\n\t\t\t\t<\/div>\n\t\t\t\t\t<\/div>\n\t\t\t\t<\/div>\n\t\t<div class=\"elementor-element elementor-element-f473d05 e-flex e-con-boxed e-con e-parent\" data-id=\"f473d05\" data-element_type=\"container\" data-e-type=\"container\" data-settings=\"{&quot;background_background&quot;:&quot;classic&quot;}\">\n\t\t\t\t\t<div class=\"e-con-inner\">\n\t\t<div class=\"elementor-element elementor-element-ebae460 e-con-full e-flex e-con e-child\" data-id=\"ebae460\" data-element_type=\"container\" data-e-type=\"container\">\n\t\t\t\t<div class=\"elementor-element elementor-element-efaed01 animation_type_block sc_fly_static elementor-widget elementor-widget-image\" data-id=\"efaed01\" data-element_type=\"widget\" data-e-type=\"widget\" data-widget_type=\"image.default\">\n\t\t\t\t<div class=\"elementor-widget-container\">\n\t\t\t\t\t\t\t\t\t\t\t\t\t\t\t<img loading=\"lazy\" decoding=\"async\" width=\"584\" height=\"462\" src=\"https:\/\/www.ordinemauriziano.it\/wp-content\/uploads\/2023\/07\/23-fom-sito-web-stupinigi-affitti-7.jpg\" class=\"attachment-large size-large wp-image-11076\" alt=\"\" srcset=\"https:\/\/www.ordinemauriziano.it\/wp-content\/uploads\/2023\/07\/23-fom-sito-web-stupinigi-affitti-7.jpg 584w, https:\/\/www.ordinemauriziano.it\/wp-content\/uploads\/2023\/07\/23-fom-sito-web-stupinigi-affitti-7-300x237.jpg 300w, https:\/\/www.ordinemauriziano.it\/wp-content\/uploads\/2023\/07\/23-fom-sito-web-stupinigi-affitti-7-370x293.jpg 370w\" sizes=\"(max-width: 584px) 100vw, 584px\" \/>\t\t\t\t\t\t\t\t\t\t\t\t\t\t\t<\/div>\n\t\t\t\t<\/div>\n\t\t\t\t<\/div>\n\t\t<div class=\"elementor-element elementor-element-d3c7e3a e-con-full e-flex e-con e-child\" data-id=\"d3c7e3a\" data-element_type=\"container\" data-e-type=\"container\">\n\t\t\t\t<div class=\"elementor-element elementor-element-cedde7e elementor-widget__width-inherit animation_type_block sc_fly_static elementor-widget elementor-widget-heading\" data-id=\"cedde7e\" data-element_type=\"widget\" data-e-type=\"widget\" data-widget_type=\"heading.default\">\n\t\t\t\t<div class=\"elementor-widget-container\">\n\t\t\t\t\t<h3 class=\"elementor-heading-title elementor-size-default\">La Cour d\u2019honneur<\/h3>\t\t\t\t<\/div>\n\t\t\t\t<\/div>\n\t\t\t\t<div class=\"elementor-element elementor-element-7d4476c animation_type_block sc_fly_static elementor-widget elementor-widget-text-editor\" data-id=\"7d4476c\" data-element_type=\"widget\" data-e-type=\"widget\" data-widget_type=\"text-editor.default\">\n\t\t\t\t<div class=\"elementor-widget-container\">\n\t\t\t\t\t\t\t\t\t<p><strong>L\u2019espace situ\u00e9 \u00e0 l\u2019ext\u00e9rieur du Salon Central<\/strong>, d\u00e9limit\u00e9 par un magnifique portail en fer, accueille aujourd\u2019hui des concerts, des f\u00eates priv\u00e9es, des spectacles et des rendez-vous culturels dans l\u2019incroyable environnement ext\u00e9rieur du Pavillon.<\/p>\t\t\t\t\t\t\t\t<\/div>\n\t\t\t\t<\/div>\n\t\t\t\t<div class=\"elementor-element elementor-element-58a48dd animation_type_block sc_fly_static elementor-widget elementor-widget-trx_sc_button\" data-id=\"58a48dd\" data-element_type=\"widget\" data-e-type=\"widget\" data-widget_type=\"trx_sc_button.default\">\n\t\t\t\t<div class=\"elementor-widget-container\">\n\t\t\t\t\t<div id=\"trx_sc_button_1146031625\"\tclass=\"sc_item_button sc_button_wrap sc_align_left\"><a href=\"https:\/\/www.ordinemauriziano.it\/wp-content\/uploads\/2022\/07\/Cortile-donore.pdf\" class=\"sc_button sc_button_simple sc_button_size_normal sc_button_icon_left color_style_dark\"><span class=\"sc_button_text\"><span class=\"sc_button_title\"> T\u00c9L\u00c9CHARGEZ LE PLAN DE LA COUR D\u2019HONNEUR <\/span><\/span><!-- \/.sc_button_text --><\/a><!-- \/.sc_button --><\/div><!-- \/.sc_item_button -->\t\t\t\t<\/div>\n\t\t\t\t<\/div>\n\t\t\t\t<\/div>\n\t\t\t\t\t<\/div>\n\t\t\t\t<\/div>\n\t\t<div class=\"elementor-element elementor-element-aad4024 e-flex e-con-boxed e-con e-parent\" data-id=\"aad4024\" data-element_type=\"container\" data-e-type=\"container\" data-settings=\"{&quot;background_background&quot;:&quot;classic&quot;}\">\n\t\t\t\t\t<div class=\"e-con-inner\">\n\t\t\t\t<div class=\"elementor-element elementor-element-2c130b0 elementor-widget__width-inherit animation_type_block sc_fly_static elementor-widget elementor-widget-heading\" data-id=\"2c130b0\" data-element_type=\"widget\" data-e-type=\"widget\" data-widget_type=\"heading.default\">\n\t\t\t\t<div class=\"elementor-widget-container\">\n\t\t\t\t\t<h3 class=\"elementor-heading-title elementor-size-default\">Organisez vos visites exclusives <\/h3>\t\t\t\t<\/div>\n\t\t\t\t<\/div>\n\t\t\t\t<div class=\"elementor-element elementor-element-43d3dfa animation_type_block sc_fly_static elementor-widget elementor-widget-text-editor\" data-id=\"43d3dfa\" data-element_type=\"widget\" data-e-type=\"widget\" data-widget_type=\"text-editor.default\">\n\t\t\t\t<div class=\"elementor-widget-container\">\n\t\t\t\t\t\t\t\t\t<p>Si vous recherchez une exp\u00e9rience unique \u00e0 vivre \u00e0 Stupinigi, sachez que vous avez la <strong>possibilit\u00e9 de visiter le Pavillon en dehors des horaires habituels d\u2019ouverture<\/strong> pour plonger dans le charme de l\u2019histoire en compagnie d\u2019un guide exclusivement \u00e0 votre service. Contactez-nous pour r\u00e9server et d\u00e9finir les d\u00e9tails.<\/p>\t\t\t\t\t\t\t\t<\/div>\n\t\t\t\t<\/div>\n\t\t\t\t\t<\/div>\n\t\t\t\t<\/div>\n\t\t<div class=\"elementor-element elementor-element-b433b3e e-con-full e-flex e-con e-parent\" data-id=\"b433b3e\" data-element_type=\"container\" data-e-type=\"container\" data-settings=\"{&quot;background_background&quot;:&quot;classic&quot;}\">\n\t\t<div class=\"elementor-element elementor-element-d203c25 e-con-full e-flex e-con e-child\" data-id=\"d203c25\" data-element_type=\"container\" data-e-type=\"container\">\n\t\t\t\t<div class=\"elementor-element elementor-element-d837417 animation_type_block sc_fly_static elementor-widget elementor-widget-google_maps\" data-id=\"d837417\" data-element_type=\"widget\" data-e-type=\"widget\" data-widget_type=\"google_maps.default\">\n\t\t\t\t<div class=\"elementor-widget-container\">\n\t\t\t\t\t\t\t<div class=\"elementor-custom-embed\">\n\t\t\t<iframe loading=\"lazy\"\n\t\t\t\t\tsrc=\"https:\/\/maps.google.com\/maps?q=Piazza%20Principe%20Amedeo%2C%207%20Stupinigi&#038;t=m&#038;z=15&#038;output=embed&#038;iwloc=near\"\n\t\t\t\t\ttitle=\"Piazza Principe Amedeo, 7 Stupinigi\"\n\t\t\t\t\taria-label=\"Piazza Principe Amedeo, 7 Stupinigi\"\n\t\t\t><\/iframe>\n\t\t<\/div>\n\t\t\t\t\t\t<\/div>\n\t\t\t\t<\/div>\n\t\t\t\t<\/div>\n\t\t<div class=\"elementor-element elementor-element-843e83c e-con-full e-flex e-con e-child\" data-id=\"843e83c\" data-element_type=\"container\" data-e-type=\"container\">\n\t\t\t\t<div class=\"elementor-element elementor-element-ebd3339 animation_type_block sc_fly_static elementor-widget elementor-widget-heading\" data-id=\"ebd3339\" data-element_type=\"widget\" data-e-type=\"widget\" data-widget_type=\"heading.default\">\n\t\t\t\t<div class=\"elementor-widget-container\">\n\t\t\t\t\t<h2 class=\"elementor-heading-title elementor-size-default\">Infos et Contacts<\/h2>\t\t\t\t<\/div>\n\t\t\t\t<\/div>\n\t\t\t\t<div class=\"elementor-element elementor-element-9fd2f71 animation_type_block sc_fly_static elementor-widget elementor-widget-text-editor\" data-id=\"9fd2f71\" data-element_type=\"widget\" data-e-type=\"widget\" data-widget_type=\"text-editor.default\">\n\t\t\t\t<div class=\"elementor-widget-container\">\n\t\t\t\t\t\t\t\t\t<p><b>Piazza Principe Amedeo, 7<\/b><b><br \/><\/b><b>10042 Stupinigi \u2013 Nichelino (TO)<\/b><\/p><p><span style=\"font-family: Metropolis, sans-serif; font-size: 15px; font-weight: 400; font-style: normal; background-color: #f7f5ee;\">+39 011 6200601<\/span><span style=\"font-family: Metropolis, sans-serif; font-size: 15px; font-weight: 400; font-style: normal; background-color: #f7f5ee;\"><br \/><\/span><span style=\"font-family: Metropolis, sans-serif; font-size: 15px; font-weight: 400; font-style: normal; background-color: #f7f5ee;\">stupinigi@biglietteria.ordinemauriziano.it<\/span><\/p>\t\t\t\t\t\t\t\t<\/div>\n\t\t\t\t<\/div>\n\t\t\t\t<\/div>\n\t\t\t\t<\/div>\n\t\t\t\t<\/div>\n\t\t","protected":false},"excerpt":{"rendered":"<p>Stupinigi, un joyau baroque \u00e0 vivre pleinement A seulement 10 km du centre-ville de Turin, plong\u00e9 dans un contexte de beaut\u00e9 royale, le Pavillon de Chasse de Stupinigi propose des salles et des espaces tr\u00e8s \u00e9l\u00e9gants pr\u00eats \u00e0 \u00eatre transform\u00e9s en emplacements pour vos \u00e9v\u00e8nements.&hellip;<\/p>\n","protected":false},"author":1,"featured_media":15728,"parent":11374,"menu_order":0,"comment_status":"closed","ping_status":"closed","template":"","meta":{"give_campaign_id":0,"footnotes":""},"class_list":["post-11386","page","type-page","status-publish","has-post-thumbnail","hentry"],"yoast_head":"<!-- This site is optimized with the Yoast SEO plugin v27.2 - https:\/\/yoast.com\/product\/yoast-seo-wordpress\/ -->\n<title>Pavillon de Chasse de Stupinigi: les espaces \u00e9v\u00e8nementiels - Fondazione Ordine Mauriziano<\/title>\n<meta name=\"description\" content=\"Stupinigi, un joyau baroque \u00e0 vivre pleinement A seulement 10 km du centre-ville de Turin, plong\u00e9 dans un contexte de beaut\u00e9 royale, le Pavillon de Chasse - Fondazione Ordine Mauriziano\" \/>\n<meta name=\"robots\" content=\"index, follow, max-snippet:-1, max-image-preview:large, max-video-preview:-1\" \/>\n<link rel=\"canonical\" href=\"https:\/\/www.ordinemauriziano.it\/fr\/palazzina-di-caccia-di-stupinigi\/les-espaces-evenementiels\/\" \/>\n<meta property=\"og:locale\" content=\"fr_FR\" \/>\n<meta property=\"og:type\" content=\"article\" \/>\n<meta property=\"og:title\" content=\"Pavillon de Chasse de Stupinigi: les espaces \u00e9v\u00e8nementiels - Fondazione Ordine Mauriziano\" \/>\n<meta property=\"og:description\" content=\"Stupinigi, un joyau baroque \u00e0 vivre pleinement A seulement 10 km du centre-ville de Turin, plong\u00e9 dans un contexte de beaut\u00e9 royale, le Pavillon de Chasse - Fondazione Ordine Mauriziano\" \/>\n<meta property=\"og:url\" content=\"https:\/\/www.ordinemauriziano.it\/fr\/palazzina-di-caccia-di-stupinigi\/les-espaces-evenementiels\/\" \/>\n<meta property=\"og:site_name\" content=\"Fondazione Ordine Mauriziano\" \/>\n<meta property=\"article:publisher\" content=\"https:\/\/www.facebook.com\/PalazzinaStupinigi.Mauriziano\" \/>\n<meta property=\"article:modified_time\" content=\"2023-11-23T13:19:03+00:00\" \/>\n<meta property=\"og:image\" content=\"https:\/\/www.ordinemauriziano.it\/wp-content\/uploads\/2023\/06\/23-fom-sito-web-stupinigi-header.jpg\" \/>\n\t<meta property=\"og:image:width\" content=\"1920\" \/>\n\t<meta property=\"og:image:height\" content=\"1080\" \/>\n\t<meta property=\"og:image:type\" content=\"image\/jpeg\" \/>\n<script type=\"application\/ld+json\" class=\"yoast-schema-graph\">{\"@context\":\"https:\/\/schema.org\",\"@graph\":[{\"@type\":\"WebPage\",\"@id\":\"https:\/\/www.ordinemauriziano.it\/fr\/palazzina-di-caccia-di-stupinigi\/les-espaces-evenementiels\/\",\"url\":\"https:\/\/www.ordinemauriziano.it\/fr\/palazzina-di-caccia-di-stupinigi\/les-espaces-evenementiels\/\",\"name\":\"Pavillon de Chasse de Stupinigi: les espaces \u00e9v\u00e8nementiels - Fondazione Ordine Mauriziano\",\"isPartOf\":{\"@id\":\"https:\/\/www.ordinemauriziano.it\/fr\/#website\"},\"primaryImageOfPage\":{\"@id\":\"https:\/\/www.ordinemauriziano.it\/fr\/palazzina-di-caccia-di-stupinigi\/les-espaces-evenementiels\/#primaryimage\"},\"image\":{\"@id\":\"https:\/\/www.ordinemauriziano.it\/fr\/palazzina-di-caccia-di-stupinigi\/les-espaces-evenementiels\/#primaryimage\"},\"thumbnailUrl\":\"https:\/\/www.ordinemauriziano.it\/wp-content\/uploads\/2023\/06\/hero-image-palazzina-di-caccia-di-stupinigi.png\",\"datePublished\":\"2023-09-25T16:12:51+00:00\",\"dateModified\":\"2023-11-23T13:19:03+00:00\",\"description\":\"Stupinigi, un joyau baroque \u00e0 vivre pleinement A seulement 10 km du centre-ville de Turin, plong\u00e9 dans un contexte de beaut\u00e9 royale, le Pavillon de Chasse - Fondazione Ordine Mauriziano\",\"breadcrumb\":{\"@id\":\"https:\/\/www.ordinemauriziano.it\/fr\/palazzina-di-caccia-di-stupinigi\/les-espaces-evenementiels\/#breadcrumb\"},\"inLanguage\":\"fr-FR\",\"potentialAction\":[{\"@type\":\"ReadAction\",\"target\":[\"https:\/\/www.ordinemauriziano.it\/fr\/palazzina-di-caccia-di-stupinigi\/les-espaces-evenementiels\/\"]}]},{\"@type\":\"ImageObject\",\"inLanguage\":\"fr-FR\",\"@id\":\"https:\/\/www.ordinemauriziano.it\/fr\/palazzina-di-caccia-di-stupinigi\/les-espaces-evenementiels\/#primaryimage\",\"url\":\"https:\/\/www.ordinemauriziano.it\/wp-content\/uploads\/2023\/06\/hero-image-palazzina-di-caccia-di-stupinigi.png\",\"contentUrl\":\"https:\/\/www.ordinemauriziano.it\/wp-content\/uploads\/2023\/06\/hero-image-palazzina-di-caccia-di-stupinigi.png\",\"width\":1920,\"height\":811},{\"@type\":\"BreadcrumbList\",\"@id\":\"https:\/\/www.ordinemauriziano.it\/fr\/palazzina-di-caccia-di-stupinigi\/les-espaces-evenementiels\/#breadcrumb\",\"itemListElement\":[{\"@type\":\"ListItem\",\"position\":1,\"name\":\"Home\",\"item\":\"https:\/\/www.ordinemauriziano.it\/fr\/\"},{\"@type\":\"ListItem\",\"position\":2,\"name\":\"Pavillon de Chasse de Stupinigi\",\"item\":\"https:\/\/www.ordinemauriziano.it\/fr\/palazzina-di-caccia-di-stupinigi\/\"},{\"@type\":\"ListItem\",\"position\":3,\"name\":\"Pavillon de Chasse de Stupinigi: les espaces \u00e9v\u00e8nementiels\"}]},{\"@type\":\"WebSite\",\"@id\":\"https:\/\/www.ordinemauriziano.it\/fr\/#website\",\"url\":\"https:\/\/www.ordinemauriziano.it\/fr\/\",\"name\":\"Fondazione Ordine Mauriziano\",\"description\":\"\",\"publisher\":{\"@id\":\"https:\/\/www.ordinemauriziano.it\/fr\/#organization\"},\"potentialAction\":[{\"@type\":\"SearchAction\",\"target\":{\"@type\":\"EntryPoint\",\"urlTemplate\":\"https:\/\/www.ordinemauriziano.it\/fr\/?s={search_term_string}\"},\"query-input\":{\"@type\":\"PropertyValueSpecification\",\"valueRequired\":true,\"valueName\":\"search_term_string\"}}],\"inLanguage\":\"fr-FR\"},{\"@type\":\"Organization\",\"@id\":\"https:\/\/www.ordinemauriziano.it\/fr\/#organization\",\"name\":\"Fondazione Torino Musei\",\"url\":\"https:\/\/www.ordinemauriziano.it\/fr\/\",\"logo\":{\"@type\":\"ImageObject\",\"inLanguage\":\"fr-FR\",\"@id\":\"https:\/\/www.ordinemauriziano.it\/fr\/#\/schema\/logo\/image\/\",\"url\":\"https:\/\/www.ordinemauriziano.it\/wp-content\/uploads\/2022\/05\/Fondazione-Ordine-Mauriziano.png\",\"contentUrl\":\"https:\/\/www.ordinemauriziano.it\/wp-content\/uploads\/2022\/05\/Fondazione-Ordine-Mauriziano.png\",\"width\":233,\"height\":76,\"caption\":\"Fondazione Torino Musei\"},\"image\":{\"@id\":\"https:\/\/www.ordinemauriziano.it\/fr\/#\/schema\/logo\/image\/\"},\"sameAs\":[\"https:\/\/www.facebook.com\/PalazzinaStupinigi.Mauriziano\",\"https:\/\/x.com\/Stupinigi_OM\",\"https:\/\/www.youtube.com\/user\/stupinigimauriziano\"]}]}<\/script>\n<!-- \/ Yoast SEO plugin. -->","yoast_head_json":{"title":"Pavillon de Chasse de Stupinigi: les espaces \u00e9v\u00e8nementiels - Fondazione Ordine Mauriziano","description":"Stupinigi, un joyau baroque \u00e0 vivre pleinement A seulement 10 km du centre-ville de Turin, plong\u00e9 dans un contexte de beaut\u00e9 royale, le Pavillon de Chasse - Fondazione Ordine Mauriziano","robots":{"index":"index","follow":"follow","max-snippet":"max-snippet:-1","max-image-preview":"max-image-preview:large","max-video-preview":"max-video-preview:-1"},"canonical":"https:\/\/www.ordinemauriziano.it\/fr\/palazzina-di-caccia-di-stupinigi\/les-espaces-evenementiels\/","og_locale":"fr_FR","og_type":"article","og_title":"Pavillon de Chasse de Stupinigi: les espaces \u00e9v\u00e8nementiels - Fondazione Ordine Mauriziano","og_description":"Stupinigi, un joyau baroque \u00e0 vivre pleinement A seulement 10 km du centre-ville de Turin, plong\u00e9 dans un contexte de beaut\u00e9 royale, le Pavillon de Chasse - Fondazione Ordine Mauriziano","og_url":"https:\/\/www.ordinemauriziano.it\/fr\/palazzina-di-caccia-di-stupinigi\/les-espaces-evenementiels\/","og_site_name":"Fondazione Ordine Mauriziano","article_publisher":"https:\/\/www.facebook.com\/PalazzinaStupinigi.Mauriziano","article_modified_time":"2023-11-23T13:19:03+00:00","og_image":[{"width":1920,"height":1080,"url":"https:\/\/www.ordinemauriziano.it\/wp-content\/uploads\/2023\/06\/23-fom-sito-web-stupinigi-header.jpg","type":"image\/jpeg"}],"schema":{"@context":"https:\/\/schema.org","@graph":[{"@type":"WebPage","@id":"https:\/\/www.ordinemauriziano.it\/fr\/palazzina-di-caccia-di-stupinigi\/les-espaces-evenementiels\/","url":"https:\/\/www.ordinemauriziano.it\/fr\/palazzina-di-caccia-di-stupinigi\/les-espaces-evenementiels\/","name":"Pavillon de Chasse de Stupinigi: les espaces \u00e9v\u00e8nementiels - Fondazione Ordine Mauriziano","isPartOf":{"@id":"https:\/\/www.ordinemauriziano.it\/fr\/#website"},"primaryImageOfPage":{"@id":"https:\/\/www.ordinemauriziano.it\/fr\/palazzina-di-caccia-di-stupinigi\/les-espaces-evenementiels\/#primaryimage"},"image":{"@id":"https:\/\/www.ordinemauriziano.it\/fr\/palazzina-di-caccia-di-stupinigi\/les-espaces-evenementiels\/#primaryimage"},"thumbnailUrl":"https:\/\/www.ordinemauriziano.it\/wp-content\/uploads\/2023\/06\/hero-image-palazzina-di-caccia-di-stupinigi.png","datePublished":"2023-09-25T16:12:51+00:00","dateModified":"2023-11-23T13:19:03+00:00","description":"Stupinigi, un joyau baroque \u00e0 vivre pleinement A seulement 10 km du centre-ville de Turin, plong\u00e9 dans un contexte de beaut\u00e9 royale, le Pavillon de Chasse - Fondazione Ordine Mauriziano","breadcrumb":{"@id":"https:\/\/www.ordinemauriziano.it\/fr\/palazzina-di-caccia-di-stupinigi\/les-espaces-evenementiels\/#breadcrumb"},"inLanguage":"fr-FR","potentialAction":[{"@type":"ReadAction","target":["https:\/\/www.ordinemauriziano.it\/fr\/palazzina-di-caccia-di-stupinigi\/les-espaces-evenementiels\/"]}]},{"@type":"ImageObject","inLanguage":"fr-FR","@id":"https:\/\/www.ordinemauriziano.it\/fr\/palazzina-di-caccia-di-stupinigi\/les-espaces-evenementiels\/#primaryimage","url":"https:\/\/www.ordinemauriziano.it\/wp-content\/uploads\/2023\/06\/hero-image-palazzina-di-caccia-di-stupinigi.png","contentUrl":"https:\/\/www.ordinemauriziano.it\/wp-content\/uploads\/2023\/06\/hero-image-palazzina-di-caccia-di-stupinigi.png","width":1920,"height":811},{"@type":"BreadcrumbList","@id":"https:\/\/www.ordinemauriziano.it\/fr\/palazzina-di-caccia-di-stupinigi\/les-espaces-evenementiels\/#breadcrumb","itemListElement":[{"@type":"ListItem","position":1,"name":"Home","item":"https:\/\/www.ordinemauriziano.it\/fr\/"},{"@type":"ListItem","position":2,"name":"Pavillon de Chasse de Stupinigi","item":"https:\/\/www.ordinemauriziano.it\/fr\/palazzina-di-caccia-di-stupinigi\/"},{"@type":"ListItem","position":3,"name":"Pavillon de Chasse de Stupinigi: les espaces \u00e9v\u00e8nementiels"}]},{"@type":"WebSite","@id":"https:\/\/www.ordinemauriziano.it\/fr\/#website","url":"https:\/\/www.ordinemauriziano.it\/fr\/","name":"Fondazione Ordine Mauriziano","description":"","publisher":{"@id":"https:\/\/www.ordinemauriziano.it\/fr\/#organization"},"potentialAction":[{"@type":"SearchAction","target":{"@type":"EntryPoint","urlTemplate":"https:\/\/www.ordinemauriziano.it\/fr\/?s={search_term_string}"},"query-input":{"@type":"PropertyValueSpecification","valueRequired":true,"valueName":"search_term_string"}}],"inLanguage":"fr-FR"},{"@type":"Organization","@id":"https:\/\/www.ordinemauriziano.it\/fr\/#organization","name":"Fondazione Torino Musei","url":"https:\/\/www.ordinemauriziano.it\/fr\/","logo":{"@type":"ImageObject","inLanguage":"fr-FR","@id":"https:\/\/www.ordinemauriziano.it\/fr\/#\/schema\/logo\/image\/","url":"https:\/\/www.ordinemauriziano.it\/wp-content\/uploads\/2022\/05\/Fondazione-Ordine-Mauriziano.png","contentUrl":"https:\/\/www.ordinemauriziano.it\/wp-content\/uploads\/2022\/05\/Fondazione-Ordine-Mauriziano.png","width":233,"height":76,"caption":"Fondazione Torino Musei"},"image":{"@id":"https:\/\/www.ordinemauriziano.it\/fr\/#\/schema\/logo\/image\/"},"sameAs":["https:\/\/www.facebook.com\/PalazzinaStupinigi.Mauriziano","https:\/\/x.com\/Stupinigi_OM","https:\/\/www.youtube.com\/user\/stupinigimauriziano"]}]}},"campaignId":"","_links":{"self":[{"href":"https:\/\/www.ordinemauriziano.it\/fr\/wp-json\/wp\/v2\/pages\/11386","targetHints":{"allow":["GET"]}}],"collection":[{"href":"https:\/\/www.ordinemauriziano.it\/fr\/wp-json\/wp\/v2\/pages"}],"about":[{"href":"https:\/\/www.ordinemauriziano.it\/fr\/wp-json\/wp\/v2\/types\/page"}],"author":[{"embeddable":true,"href":"https:\/\/www.ordinemauriziano.it\/fr\/wp-json\/wp\/v2\/users\/1"}],"replies":[{"embeddable":true,"href":"https:\/\/www.ordinemauriziano.it\/fr\/wp-json\/wp\/v2\/comments?post=11386"}],"version-history":[{"count":15,"href":"https:\/\/www.ordinemauriziano.it\/fr\/wp-json\/wp\/v2\/pages\/11386\/revisions"}],"predecessor-version":[{"id":12507,"href":"https:\/\/www.ordinemauriziano.it\/fr\/wp-json\/wp\/v2\/pages\/11386\/revisions\/12507"}],"up":[{"embeddable":true,"href":"https:\/\/www.ordinemauriziano.it\/fr\/wp-json\/wp\/v2\/pages\/11374"}],"wp:featuredmedia":[{"embeddable":true,"href":"https:\/\/www.ordinemauriziano.it\/fr\/wp-json\/wp\/v2\/media\/15728"}],"wp:attachment":[{"href":"https:\/\/www.ordinemauriziano.it\/fr\/wp-json\/wp\/v2\/media?parent=11386"}],"curies":[{"name":"wp","href":"https:\/\/api.w.org\/{rel}","templated":true}]}}