{"id":11393,"date":"2023-09-25T18:29:00","date_gmt":"2023-09-25T16:29:00","guid":{"rendered":"https:\/\/www.ordinemauriziano.it\/commanderie-de-saint-antoine-de-ranvers\/"},"modified":"2023-09-27T08:48:11","modified_gmt":"2023-09-27T06:48:11","slug":"commanderie-de-saint-antoine-de-ranvers","status":"publish","type":"page","link":"https:\/\/www.ordinemauriziano.it\/fr\/precettoria-di-sant-antonio-ranverso\/","title":{"rendered":"Commanderie de Saint-Antoine de Ranvers"},"content":{"rendered":"\t\t<div data-elementor-type=\"wp-page\" data-elementor-id=\"11393\" class=\"elementor elementor-11393 elementor-7778\" data-elementor-post-type=\"page\">\n\t\t\t\t<div class=\"elementor-element elementor-element-90e47c8 e-flex e-con-boxed e-con e-parent\" data-id=\"90e47c8\" data-element_type=\"container\" data-e-type=\"container\" data-settings=\"{&quot;background_background&quot;:&quot;classic&quot;}\">\n\t\t\t\t\t<div class=\"e-con-inner\">\n\t\t\t\t<div class=\"elementor-element elementor-element-3f01730 elementor-widget__width-inherit animation_type_block sc_fly_static elementor-widget elementor-widget-heading\" data-id=\"3f01730\" data-element_type=\"widget\" data-e-type=\"widget\" data-widget_type=\"heading.default\">\n\t\t\t\t<div class=\"elementor-widget-container\">\n\t\t\t\t\t<h2 class=\"elementor-heading-title elementor-size-default\">L\u2019histoire de la Commanderie<\/h2>\t\t\t\t<\/div>\n\t\t\t\t<\/div>\n\t\t\t\t<div class=\"elementor-element elementor-element-90024fb animation_type_block sc_fly_static elementor-widget elementor-widget-text-editor\" data-id=\"90024fb\" data-element_type=\"widget\" data-e-type=\"widget\" data-widget_type=\"text-editor.default\">\n\t\t\t\t<div class=\"elementor-widget-container\">\n\t\t\t\t\t\t\t\t\tLa Commanderie de Saint-Antoine de Ranvers surgit avec ses traits uniques le long d\u2019un tron\u00e7on de l\u2019ancienne voie Francig\u00e8ne, dans la basse vall\u00e9e de Suse, entre la Buti\u00e8re Haute et Rosta, \u00e0 environ 20 km de Turin. Son <strong>style gothique<\/strong> d\u2019inspiration transalpine constitue une raret\u00e9 authentique dans le panorama artistique italien.\r\nLes origines du complexe remontent au <strong>XII si\u00e8cle<\/strong>, \u00e9poque o\u00f9 les premi\u00e8res implantations destin\u00e9es \u00e0 former la future Commanderie appara\u00eessent: un couvent, une maison d\u2019h\u00f4tes et un lazaret pour accueillir les plus d\u00e9munis et les personnes atteintes de <strong>zona<\/strong> ou \u201cFeu Sacr\u00e9\u201d (Ignis Sacer). Le parcours de la voie Francig\u00e8ne repr\u00e9sentait en effet une importante crois\u00e9e de chemins pour de nombreux p\u00e8lerins qui se mettaient en marche sur la voie de J\u00e9rusalem vers les principaux sanctuaires chr\u00e9tiens \u00e0 la recherche de la gr\u00e2ce.\r\n\r\n&nbsp;\t\t\t\t\t\t\t\t<\/div>\n\t\t\t\t<\/div>\n\t\t<div class=\"elementor-element elementor-element-1695b66 e-flex e-con-boxed e-con e-parent\" data-id=\"1695b66\" data-element_type=\"container\" data-e-type=\"container\" data-settings=\"{&quot;background_background&quot;:&quot;classic&quot;}\">\n\t\t\t\t\t<div class=\"e-con-inner\">\n\t\t\t\t<div class=\"elementor-element elementor-element-48fae36 animation_type_block sc_fly_static elementor-widget elementor-widget-heading\" data-id=\"48fae36\" data-element_type=\"widget\" data-e-type=\"widget\" data-widget_type=\"heading.default\">\n\t\t\t\t<div class=\"elementor-widget-container\">\n\t\t\t\t\t<h3 class=\"elementor-heading-title elementor-size-default\">Organisez votre visite \u00e0 Ranvers <\/h3>\t\t\t\t<\/div>\n\t\t\t\t<\/div>\n\t\t\t\t<div class=\"elementor-element elementor-element-5a0e9a5 animation_type_block sc_fly_static elementor-widget elementor-widget-spacer\" data-id=\"5a0e9a5\" data-element_type=\"widget\" data-e-type=\"widget\" data-widget_type=\"spacer.default\">\n\t\t\t\t<div class=\"elementor-widget-container\">\n\t\t\t\t\t\t\t<div class=\"elementor-spacer\">\n\t\t\t<div class=\"elementor-spacer-inner\"><\/div>\n\t\t<\/div>\n\t\t\t\t\t\t<\/div>\n\t\t\t\t<\/div>\n\t\t\t\t<div class=\"elementor-element elementor-element-d0b3251 animation_type_block sc_fly_static elementor-widget elementor-widget-trx_sc_button\" data-id=\"d0b3251\" data-element_type=\"widget\" data-e-type=\"widget\" data-widget_type=\"trx_sc_button.default\">\n\t\t\t\t<div class=\"elementor-widget-container\">\n\t\t\t\t\t<div id=\"trx_sc_button_1910240256\"\tclass=\"sc_item_button sc_button_wrap\"><a href=\"https:\/\/www.ordinemauriziano.it\/fr\/precettoria-sant-antonio-ranverso\/visita-ranverso\/\" class=\"sc_button sc_button_simple sc_button_size_normal sc_button_icon_left color_style_link2\"><span class=\"sc_button_text\"><span class=\"sc_button_title\">EN SAVOIR PLUS<\/span><\/span><!-- \/.sc_button_text --><\/a><!-- \/.sc_button --><\/div><!-- \/.sc_item_button -->\t\t\t\t<\/div>\n\t\t\t\t<\/div>\n\t\t\t\t\t<\/div>\n\t\t\t\t<\/div>\n\t\t\t\t<div class=\"elementor-element elementor-element-49275d7 elementor-widget__width-inherit animation_type_block sc_fly_static elementor-widget elementor-widget-heading\" data-id=\"49275d7\" data-element_type=\"widget\" data-e-type=\"widget\" data-widget_type=\"heading.default\">\n\t\t\t\t<div class=\"elementor-widget-container\">\n\t\t\t\t\t<h2 class=\"elementor-heading-title elementor-size-default\">L'architecture de Sant'Antonio di Ranverso<\/h2>\t\t\t\t<\/div>\n\t\t\t\t<\/div>\n\t\t\t\t<div class=\"elementor-element elementor-element-1c2971a animation_type_block sc_fly_static elementor-widget elementor-widget-text-editor\" data-id=\"1c2971a\" data-element_type=\"widget\" data-e-type=\"widget\" data-widget_type=\"text-editor.default\">\n\t\t\t\t<div class=\"elementor-widget-container\">\n\t\t\t\t\t\t\t\t\tAu cours des si\u00e8cles, l\u2019Abbaye de Ranvers qui s\u2019est d\u00e9velopp\u00e9e autour de l\u2019ancien h\u00f4pital a continu\u00e9 \u00e0 jouer un <strong>r\u00f4le important dans l\u2019accueil et le ravitaillement des malades<\/strong>, m\u00eame pendant les \u00e9pid\u00e9mies de peste qui se sont succ\u00e9d\u00e9es \u00e0 partir du XIV si\u00e8cle.\r\n\r\nAujourd\u2019hui il reste quelques traces du noyau original en style roman qui peuvent \u00eatre identifi\u00e9es dans le clocher et dans le couvent. <strong>Entre le XII et le XV si\u00e8cle<\/strong>, en effet, la Commanderie a subi plusieurs changements qui lui ont donn\u00e9 ses <strong>traits gothiques<\/strong> qui peuvent encore \u00eatre admir\u00e9s aujourd\u2019hui.\r\n\r\nLes constructions voisines constituent le \u201c<strong>concentrico<\/strong>\u201d, c\u2019est-\u00e0-dire le centre de l\u2019ancienne vie de Ranvers. Ici, l\u2019endroit le plus important \u00e9tait <strong>l\u2019H\u00f4pital<\/strong>, ou \u201cSpedale\u201d, dont aujourd\u2019hui on peut encore admirer la fa\u00e7ade avec des d\u00e9corations en terre-cuite du XV si\u00e8cle.\r\n\r\nA l\u2019int\u00e9rieur de l\u2019abbaye de Saint-Antoine de Ranvers, en regardant les piliers et les colonnes on peut appr\u00e9cier le <strong>style gothique d\u00e9clin\u00e9 en forme d\u00e9corative<\/strong>. Parmi les plus grands chefs-d\u2019oeuvre de l\u2019abbaye de Ranvers on peut admirer le <strong>\u201cPolittico della Nativit\u00e0\u201d<\/strong> (<strong>Polyptyque de la Nativit\u00e9)<\/strong>, r\u00e9alis\u00e9 en 1531 par <strong>Defendente Ferrari.<\/strong> On y trouve \u00e9galement les fresques qui d\u00e9corent la sacristie et le presbyt\u00e8re r\u00e9alis\u00e9es par le peintre turinois <strong>Giacomo Jaquerio<\/strong>, figure de proue du gothique international. Jaquerio, assist\u00e9 par ses artisans, a peint ici un grand nombre d\u2019oeuvres parmi lesquelles se d\u00e9marque la \u201cSalita al Calvario\u201d (\u201cMont\u00e9e au Calvaire\u201d) avec ses traits r\u00e9alistes et dramatiques. Pendant les restaurations de 1914, la seule signature autographe connue de Jaquerio a aussi \u00e9t\u00e9 d\u00e9couverte dans la marge de la fresque \u201cMadonna in trono\u201d (\u201cMadone sur le tr\u00f4ne\u201d).\t\t\t\t\t\t\t\t<\/div>\n\t\t\t\t<\/div>\n\t\t<div class=\"elementor-element elementor-element-5c39c96 e-flex e-con-boxed e-con e-parent\" data-id=\"5c39c96\" data-element_type=\"container\" data-e-type=\"container\">\n\t\t\t\t\t<div class=\"e-con-inner\">\n\t\t<div class=\"elementor-element elementor-element-3dedc33 e-con-full e-flex e-con e-parent\" data-id=\"3dedc33\" data-element_type=\"container\" data-e-type=\"container\">\n\t\t\t\t<div class=\"elementor-element elementor-element-d909dab animation_type_block sc_fly_static elementor-widget elementor-widget-heading\" data-id=\"d909dab\" data-element_type=\"widget\" data-e-type=\"widget\" data-widget_type=\"heading.default\">\n\t\t\t\t<div class=\"elementor-widget-container\">\n\t\t\t\t\t<h3 class=\"elementor-heading-title elementor-size-default\">Envoyez-nous un message <\/h3>\t\t\t\t<\/div>\n\t\t\t\t<\/div>\n\t\t\t\t<div class=\"elementor-element elementor-element-f002b3c animation_type_block sc_fly_static elementor-widget elementor-widget-text-editor\" data-id=\"f002b3c\" data-element_type=\"widget\" data-e-type=\"widget\" data-widget_type=\"text-editor.default\">\n\t\t\t\t<div class=\"elementor-widget-container\">\n\t\t\t\t\t\t\t\t\t<p>Vous voulez savoir comment rejoindre Saint-Antoine de Ranvers et connaitre les horaires d\u2019ouverture afin d\u2019organiser votre visite? Vous avez d\u2019autres questions?<\/p>\n<p>Envoyez-nous un message et nous serons heureux de vous r\u00e9pondre le plus vite possible.<\/p>\t\t\t\t\t\t\t\t<\/div>\n\t\t\t\t<\/div>\n\t\t\t\t<div class=\"elementor-element elementor-element-b4d4905 animation_type_block sc_fly_static elementor-widget elementor-widget-trx_sc_button\" data-id=\"b4d4905\" data-element_type=\"widget\" data-e-type=\"widget\" data-widget_type=\"trx_sc_button.default\">\n\t\t\t\t<div class=\"elementor-widget-container\">\n\t\t\t\t\t<div id=\"trx_sc_button_1158309780\"\tclass=\"sc_item_button sc_button_wrap\"><a href=\"https:\/\/www.ordinemauriziano.it\/fr\/precettoria-sant-antonio-ranverso\/spazi-per-eventi\/\" class=\"sc_button sc_button_simple sc_button_size_normal sc_button_icon_left color_style_dark\"><span class=\"sc_button_text\"><span class=\"sc_button_title\">D\u00e9couvrez les espaces<\/span><\/span><!-- \/.sc_button_text --><\/a><!-- \/.sc_button --><\/div><!-- \/.sc_item_button -->\t\t\t\t<\/div>\n\t\t\t\t<\/div>\n\t\t\t\t<\/div>\n\t\t<div class=\"elementor-element elementor-element-83dad0a e-con-full e-flex e-con e-parent\" data-id=\"83dad0a\" data-element_type=\"container\" data-e-type=\"container\">\n\t\t\t\t<div class=\"elementor-element elementor-element-f51dcdf animation_type_block sc_fly_static elementor-widget elementor-widget-image\" data-id=\"f51dcdf\" data-element_type=\"widget\" data-e-type=\"widget\" data-widget_type=\"image.default\">\n\t\t\t\t<div class=\"elementor-widget-container\">\n\t\t\t\t\t\t\t\t\t\t\t\t\t\t\t<img fetchpriority=\"high\" decoding=\"async\" width=\"544\" height=\"500\" src=\"https:\/\/www.ordinemauriziano.it\/wp-content\/uploads\/2023\/07\/23-fom-sito-web-asset-ranverso-eventi-speciali.jpg\" class=\"attachment-medium_large size-medium_large wp-image-11055\" alt=\"precettoria di ranverso vista frontale\" srcset=\"https:\/\/www.ordinemauriziano.it\/wp-content\/uploads\/2023\/07\/23-fom-sito-web-asset-ranverso-eventi-speciali.jpg 544w, https:\/\/www.ordinemauriziano.it\/wp-content\/uploads\/2023\/07\/23-fom-sito-web-asset-ranverso-eventi-speciali-300x276.jpg 300w, https:\/\/www.ordinemauriziano.it\/wp-content\/uploads\/2023\/07\/23-fom-sito-web-asset-ranverso-eventi-speciali-370x340.jpg 370w\" sizes=\"(max-width: 544px) 100vw, 544px\" \/>\t\t\t\t\t\t\t\t\t\t\t\t\t\t\t<\/div>\n\t\t\t\t<\/div>\n\t\t\t\t<\/div>\n\t\t\t\t\t<\/div>\n\t\t\t\t<\/div>\n\t\t\t\t\t<\/div>\n\t\t\t\t<\/div>\n\t\t<div class=\"elementor-element elementor-element-b433b3e e-con-full e-flex e-con e-parent\" data-id=\"b433b3e\" data-element_type=\"container\" data-e-type=\"container\" data-settings=\"{&quot;background_background&quot;:&quot;classic&quot;}\">\n\t\t<div class=\"elementor-element elementor-element-d203c25 e-con-full e-flex e-con e-parent\" data-id=\"d203c25\" data-element_type=\"container\" data-e-type=\"container\">\n\t\t\t\t<div class=\"elementor-element elementor-element-d837417 animation_type_block sc_fly_static elementor-widget elementor-widget-google_maps\" data-id=\"d837417\" data-element_type=\"widget\" data-e-type=\"widget\" data-widget_type=\"google_maps.default\">\n\t\t\t\t<div class=\"elementor-widget-container\">\n\t\t\t\t\t\t\t<div class=\"elementor-custom-embed\">\n\t\t\t<iframe loading=\"lazy\"\n\t\t\t\t\tsrc=\"https:\/\/maps.google.com\/maps?q=Palazzina%20di%20Sant%27Antonio%20Ranverso&#038;t=m&#038;z=15&#038;output=embed&#038;iwloc=near\"\n\t\t\t\t\ttitle=\"Palazzina di Sant&#039;Antonio Ranverso\"\n\t\t\t\t\taria-label=\"Palazzina di Sant&#039;Antonio Ranverso\"\n\t\t\t><\/iframe>\n\t\t<\/div>\n\t\t\t\t\t\t<\/div>\n\t\t\t\t<\/div>\n\t\t\t\t<\/div>\n\t\t<div class=\"elementor-element elementor-element-843e83c e-con-full e-flex e-con e-parent\" data-id=\"843e83c\" data-element_type=\"container\" data-e-type=\"container\">\n\t\t\t\t<div class=\"elementor-element elementor-element-ebd3339 animation_type_block sc_fly_static elementor-widget elementor-widget-heading\" data-id=\"ebd3339\" data-element_type=\"widget\" data-e-type=\"widget\" data-widget_type=\"heading.default\">\n\t\t\t\t<div class=\"elementor-widget-container\">\n\t\t\t\t\t<h2 class=\"elementor-heading-title elementor-size-default\">Infos e Contacts<\/h2>\t\t\t\t<\/div>\n\t\t\t\t<\/div>\n\t\t\t\t<div class=\"elementor-element elementor-element-9fd2f71 animation_type_block sc_fly_static elementor-widget elementor-widget-text-editor\" data-id=\"9fd2f71\" data-element_type=\"widget\" data-e-type=\"widget\" data-widget_type=\"text-editor.default\">\n\t\t\t\t<div class=\"elementor-widget-container\">\n\t\t\t\t\t\t\t\t\t<p><strong>Localit\u00e0 Sant&rsquo;Antonio di Ranverso<\/strong><br \/><strong>10090 Buttigliera Alta (TO)<\/strong><\/p>\n<p>tel. +39 011 6200603<br \/>ranverso@biglietteria.<wbr \/>ordinemauriziano.it<\/p>\n\t\t\t\t\t\t\t\t<\/div>\n\t\t\t\t<\/div>\n\t\t\t\t<\/div>\n\t\t\t\t<\/div>\n\t\t\t\t<\/div>\n\t\t","protected":false},"excerpt":{"rendered":"<p>L\u2019histoire de la Commanderie La Commanderie de Saint-Antoine de Ranvers surgit avec ses traits uniques le long d\u2019un tron\u00e7on de l\u2019ancienne voie Francig\u00e8ne, dans la basse vall\u00e9e de Suse, entre la Buti\u00e8re Haute et Rosta, \u00e0 environ 20 km de Turin. Son style gothique d\u2019inspiration&hellip;<\/p>\n","protected":false},"author":1,"featured_media":11099,"parent":0,"menu_order":0,"comment_status":"closed","ping_status":"closed","template":"","meta":{"give_campaign_id":0,"footnotes":""},"class_list":["post-11393","page","type-page","status-publish","has-post-thumbnail","hentry"],"yoast_head":"<!-- This site is optimized with the Yoast SEO plugin v27.2 - https:\/\/yoast.com\/product\/yoast-seo-wordpress\/ -->\n<title>Commanderie de Saint-Antoine de Ranvers - Fondazione Ordine Mauriziano<\/title>\n<meta name=\"description\" content=\"L\u2019histoire de la Commanderie La Commanderie de Saint-Antoine de Ranvers surgit avec ses traits uniques le long d\u2019un tron\u00e7on de l\u2019ancienne voie Francig\u00e8ne, - Fondazione Ordine Mauriziano\" \/>\n<meta name=\"robots\" content=\"index, follow, max-snippet:-1, max-image-preview:large, max-video-preview:-1\" \/>\n<link rel=\"canonical\" href=\"https:\/\/www.ordinemauriziano.it\/fr\/precettoria-di-sant-antonio-ranverso\/\" \/>\n<meta property=\"og:locale\" content=\"fr_FR\" \/>\n<meta property=\"og:type\" content=\"article\" \/>\n<meta property=\"og:title\" content=\"Commanderie de Saint-Antoine de Ranvers - Fondazione Ordine Mauriziano\" \/>\n<meta property=\"og:description\" content=\"L\u2019histoire de la Commanderie La Commanderie de Saint-Antoine de Ranvers surgit avec ses traits uniques le long d\u2019un tron\u00e7on de l\u2019ancienne voie Francig\u00e8ne, - Fondazione Ordine Mauriziano\" \/>\n<meta property=\"og:url\" content=\"https:\/\/www.ordinemauriziano.it\/fr\/precettoria-di-sant-antonio-ranverso\/\" \/>\n<meta property=\"og:site_name\" content=\"Fondazione Ordine Mauriziano\" \/>\n<meta property=\"article:publisher\" content=\"https:\/\/www.facebook.com\/PalazzinaStupinigi.Mauriziano\" \/>\n<meta property=\"article:modified_time\" content=\"2023-09-27T06:48:11+00:00\" \/>\n<meta property=\"og:image\" content=\"https:\/\/www.ordinemauriziano.it\/wp-content\/uploads\/2023\/08\/23-fom-ranverso-header-2.jpg\" \/>\n\t<meta property=\"og:image:width\" content=\"1920\" \/>\n\t<meta property=\"og:image:height\" content=\"1080\" \/>\n\t<meta property=\"og:image:type\" content=\"image\/jpeg\" \/>\n<script type=\"application\/ld+json\" class=\"yoast-schema-graph\">{\"@context\":\"https:\/\/schema.org\",\"@graph\":[{\"@type\":\"WebPage\",\"@id\":\"https:\/\/www.ordinemauriziano.it\/fr\/precettoria-di-sant-antonio-ranverso\/\",\"url\":\"https:\/\/www.ordinemauriziano.it\/fr\/precettoria-di-sant-antonio-ranverso\/\",\"name\":\"Commanderie de Saint-Antoine de Ranvers - Fondazione Ordine Mauriziano\",\"isPartOf\":{\"@id\":\"https:\/\/www.ordinemauriziano.it\/fr\/#website\"},\"primaryImageOfPage\":{\"@id\":\"https:\/\/www.ordinemauriziano.it\/fr\/precettoria-di-sant-antonio-ranverso\/#primaryimage\"},\"image\":{\"@id\":\"https:\/\/www.ordinemauriziano.it\/fr\/precettoria-di-sant-antonio-ranverso\/#primaryimage\"},\"thumbnailUrl\":\"https:\/\/www.ordinemauriziano.it\/wp-content\/uploads\/2023\/08\/23-fom-ranverso-header-2.jpg\",\"datePublished\":\"2023-09-25T16:29:00+00:00\",\"dateModified\":\"2023-09-27T06:48:11+00:00\",\"description\":\"L\u2019histoire de la Commanderie La Commanderie de Saint-Antoine de Ranvers surgit avec ses traits uniques le long d\u2019un tron\u00e7on de l\u2019ancienne voie Francig\u00e8ne, - Fondazione Ordine Mauriziano\",\"breadcrumb\":{\"@id\":\"https:\/\/www.ordinemauriziano.it\/fr\/precettoria-di-sant-antonio-ranverso\/#breadcrumb\"},\"inLanguage\":\"fr-FR\",\"potentialAction\":[{\"@type\":\"ReadAction\",\"target\":[\"https:\/\/www.ordinemauriziano.it\/fr\/precettoria-di-sant-antonio-ranverso\/\"]}]},{\"@type\":\"ImageObject\",\"inLanguage\":\"fr-FR\",\"@id\":\"https:\/\/www.ordinemauriziano.it\/fr\/precettoria-di-sant-antonio-ranverso\/#primaryimage\",\"url\":\"https:\/\/www.ordinemauriziano.it\/wp-content\/uploads\/2023\/08\/23-fom-ranverso-header-2.jpg\",\"contentUrl\":\"https:\/\/www.ordinemauriziano.it\/wp-content\/uploads\/2023\/08\/23-fom-ranverso-header-2.jpg\",\"width\":1920,\"height\":1080},{\"@type\":\"BreadcrumbList\",\"@id\":\"https:\/\/www.ordinemauriziano.it\/fr\/precettoria-di-sant-antonio-ranverso\/#breadcrumb\",\"itemListElement\":[{\"@type\":\"ListItem\",\"position\":1,\"name\":\"Home\",\"item\":\"https:\/\/www.ordinemauriziano.it\/fr\/\"},{\"@type\":\"ListItem\",\"position\":2,\"name\":\"Commanderie de Saint-Antoine de Ranvers\"}]},{\"@type\":\"WebSite\",\"@id\":\"https:\/\/www.ordinemauriziano.it\/fr\/#website\",\"url\":\"https:\/\/www.ordinemauriziano.it\/fr\/\",\"name\":\"Fondazione Ordine Mauriziano\",\"description\":\"\",\"publisher\":{\"@id\":\"https:\/\/www.ordinemauriziano.it\/fr\/#organization\"},\"potentialAction\":[{\"@type\":\"SearchAction\",\"target\":{\"@type\":\"EntryPoint\",\"urlTemplate\":\"https:\/\/www.ordinemauriziano.it\/fr\/?s={search_term_string}\"},\"query-input\":{\"@type\":\"PropertyValueSpecification\",\"valueRequired\":true,\"valueName\":\"search_term_string\"}}],\"inLanguage\":\"fr-FR\"},{\"@type\":\"Organization\",\"@id\":\"https:\/\/www.ordinemauriziano.it\/fr\/#organization\",\"name\":\"Fondazione Torino Musei\",\"url\":\"https:\/\/www.ordinemauriziano.it\/fr\/\",\"logo\":{\"@type\":\"ImageObject\",\"inLanguage\":\"fr-FR\",\"@id\":\"https:\/\/www.ordinemauriziano.it\/fr\/#\/schema\/logo\/image\/\",\"url\":\"https:\/\/www.ordinemauriziano.it\/wp-content\/uploads\/2022\/05\/Fondazione-Ordine-Mauriziano.png\",\"contentUrl\":\"https:\/\/www.ordinemauriziano.it\/wp-content\/uploads\/2022\/05\/Fondazione-Ordine-Mauriziano.png\",\"width\":233,\"height\":76,\"caption\":\"Fondazione Torino Musei\"},\"image\":{\"@id\":\"https:\/\/www.ordinemauriziano.it\/fr\/#\/schema\/logo\/image\/\"},\"sameAs\":[\"https:\/\/www.facebook.com\/PalazzinaStupinigi.Mauriziano\",\"https:\/\/x.com\/Stupinigi_OM\",\"https:\/\/www.youtube.com\/user\/stupinigimauriziano\"]}]}<\/script>\n<!-- \/ Yoast SEO plugin. -->","yoast_head_json":{"title":"Commanderie de Saint-Antoine de Ranvers - Fondazione Ordine Mauriziano","description":"L\u2019histoire de la Commanderie La Commanderie de Saint-Antoine de Ranvers surgit avec ses traits uniques le long d\u2019un tron\u00e7on de l\u2019ancienne voie Francig\u00e8ne, - Fondazione Ordine Mauriziano","robots":{"index":"index","follow":"follow","max-snippet":"max-snippet:-1","max-image-preview":"max-image-preview:large","max-video-preview":"max-video-preview:-1"},"canonical":"https:\/\/www.ordinemauriziano.it\/fr\/precettoria-di-sant-antonio-ranverso\/","og_locale":"fr_FR","og_type":"article","og_title":"Commanderie de Saint-Antoine de Ranvers - Fondazione Ordine Mauriziano","og_description":"L\u2019histoire de la Commanderie La Commanderie de Saint-Antoine de Ranvers surgit avec ses traits uniques le long d\u2019un tron\u00e7on de l\u2019ancienne voie Francig\u00e8ne, - Fondazione Ordine Mauriziano","og_url":"https:\/\/www.ordinemauriziano.it\/fr\/precettoria-di-sant-antonio-ranverso\/","og_site_name":"Fondazione Ordine Mauriziano","article_publisher":"https:\/\/www.facebook.com\/PalazzinaStupinigi.Mauriziano","article_modified_time":"2023-09-27T06:48:11+00:00","og_image":[{"width":1920,"height":1080,"url":"https:\/\/www.ordinemauriziano.it\/wp-content\/uploads\/2023\/08\/23-fom-ranverso-header-2.jpg","type":"image\/jpeg"}],"schema":{"@context":"https:\/\/schema.org","@graph":[{"@type":"WebPage","@id":"https:\/\/www.ordinemauriziano.it\/fr\/precettoria-di-sant-antonio-ranverso\/","url":"https:\/\/www.ordinemauriziano.it\/fr\/precettoria-di-sant-antonio-ranverso\/","name":"Commanderie de Saint-Antoine de Ranvers - Fondazione Ordine Mauriziano","isPartOf":{"@id":"https:\/\/www.ordinemauriziano.it\/fr\/#website"},"primaryImageOfPage":{"@id":"https:\/\/www.ordinemauriziano.it\/fr\/precettoria-di-sant-antonio-ranverso\/#primaryimage"},"image":{"@id":"https:\/\/www.ordinemauriziano.it\/fr\/precettoria-di-sant-antonio-ranverso\/#primaryimage"},"thumbnailUrl":"https:\/\/www.ordinemauriziano.it\/wp-content\/uploads\/2023\/08\/23-fom-ranverso-header-2.jpg","datePublished":"2023-09-25T16:29:00+00:00","dateModified":"2023-09-27T06:48:11+00:00","description":"L\u2019histoire de la Commanderie La Commanderie de Saint-Antoine de Ranvers surgit avec ses traits uniques le long d\u2019un tron\u00e7on de l\u2019ancienne voie Francig\u00e8ne, - Fondazione Ordine Mauriziano","breadcrumb":{"@id":"https:\/\/www.ordinemauriziano.it\/fr\/precettoria-di-sant-antonio-ranverso\/#breadcrumb"},"inLanguage":"fr-FR","potentialAction":[{"@type":"ReadAction","target":["https:\/\/www.ordinemauriziano.it\/fr\/precettoria-di-sant-antonio-ranverso\/"]}]},{"@type":"ImageObject","inLanguage":"fr-FR","@id":"https:\/\/www.ordinemauriziano.it\/fr\/precettoria-di-sant-antonio-ranverso\/#primaryimage","url":"https:\/\/www.ordinemauriziano.it\/wp-content\/uploads\/2023\/08\/23-fom-ranverso-header-2.jpg","contentUrl":"https:\/\/www.ordinemauriziano.it\/wp-content\/uploads\/2023\/08\/23-fom-ranverso-header-2.jpg","width":1920,"height":1080},{"@type":"BreadcrumbList","@id":"https:\/\/www.ordinemauriziano.it\/fr\/precettoria-di-sant-antonio-ranverso\/#breadcrumb","itemListElement":[{"@type":"ListItem","position":1,"name":"Home","item":"https:\/\/www.ordinemauriziano.it\/fr\/"},{"@type":"ListItem","position":2,"name":"Commanderie de Saint-Antoine de Ranvers"}]},{"@type":"WebSite","@id":"https:\/\/www.ordinemauriziano.it\/fr\/#website","url":"https:\/\/www.ordinemauriziano.it\/fr\/","name":"Fondazione Ordine Mauriziano","description":"","publisher":{"@id":"https:\/\/www.ordinemauriziano.it\/fr\/#organization"},"potentialAction":[{"@type":"SearchAction","target":{"@type":"EntryPoint","urlTemplate":"https:\/\/www.ordinemauriziano.it\/fr\/?s={search_term_string}"},"query-input":{"@type":"PropertyValueSpecification","valueRequired":true,"valueName":"search_term_string"}}],"inLanguage":"fr-FR"},{"@type":"Organization","@id":"https:\/\/www.ordinemauriziano.it\/fr\/#organization","name":"Fondazione Torino Musei","url":"https:\/\/www.ordinemauriziano.it\/fr\/","logo":{"@type":"ImageObject","inLanguage":"fr-FR","@id":"https:\/\/www.ordinemauriziano.it\/fr\/#\/schema\/logo\/image\/","url":"https:\/\/www.ordinemauriziano.it\/wp-content\/uploads\/2022\/05\/Fondazione-Ordine-Mauriziano.png","contentUrl":"https:\/\/www.ordinemauriziano.it\/wp-content\/uploads\/2022\/05\/Fondazione-Ordine-Mauriziano.png","width":233,"height":76,"caption":"Fondazione Torino Musei"},"image":{"@id":"https:\/\/www.ordinemauriziano.it\/fr\/#\/schema\/logo\/image\/"},"sameAs":["https:\/\/www.facebook.com\/PalazzinaStupinigi.Mauriziano","https:\/\/x.com\/Stupinigi_OM","https:\/\/www.youtube.com\/user\/stupinigimauriziano"]}]}},"campaignId":"","_links":{"self":[{"href":"https:\/\/www.ordinemauriziano.it\/fr\/wp-json\/wp\/v2\/pages\/11393","targetHints":{"allow":["GET"]}}],"collection":[{"href":"https:\/\/www.ordinemauriziano.it\/fr\/wp-json\/wp\/v2\/pages"}],"about":[{"href":"https:\/\/www.ordinemauriziano.it\/fr\/wp-json\/wp\/v2\/types\/page"}],"author":[{"embeddable":true,"href":"https:\/\/www.ordinemauriziano.it\/fr\/wp-json\/wp\/v2\/users\/1"}],"replies":[{"embeddable":true,"href":"https:\/\/www.ordinemauriziano.it\/fr\/wp-json\/wp\/v2\/comments?post=11393"}],"version-history":[{"count":7,"href":"https:\/\/www.ordinemauriziano.it\/fr\/wp-json\/wp\/v2\/pages\/11393\/revisions"}],"predecessor-version":[{"id":11488,"href":"https:\/\/www.ordinemauriziano.it\/fr\/wp-json\/wp\/v2\/pages\/11393\/revisions\/11488"}],"wp:featuredmedia":[{"embeddable":true,"href":"https:\/\/www.ordinemauriziano.it\/fr\/wp-json\/wp\/v2\/media\/11099"}],"wp:attachment":[{"href":"https:\/\/www.ordinemauriziano.it\/fr\/wp-json\/wp\/v2\/media?parent=11393"}],"curies":[{"name":"wp","href":"https:\/\/api.w.org\/{rel}","templated":true}]}}