{"id":11399,"date":"2023-09-25T18:37:45","date_gmt":"2023-09-25T16:37:45","guid":{"rendered":"https:\/\/www.ordinemauriziano.it\/commanderie-de-saint-antoine-de-ranvers\/visita-ranverso-orari-e-info-utili\/"},"modified":"2023-11-24T20:14:16","modified_gmt":"2023-11-24T19:14:16","slug":"visita-ranverso-orari-e-info-utili","status":"publish","type":"page","link":"https:\/\/www.ordinemauriziano.it\/fr\/precettoria-sant-antonio-ranverso\/visiter-ranvers\/","title":{"rendered":"Visiter Ranvers: horaires et informations utiles"},"content":{"rendered":"\t\t<div data-elementor-type=\"wp-page\" data-elementor-id=\"11399\" class=\"elementor elementor-11399 elementor-8306\" data-elementor-post-type=\"page\">\n\t\t\t\t<div class=\"elementor-element elementor-element-ed2ebe0 e-flex e-con-boxed e-con e-parent\" data-id=\"ed2ebe0\" data-element_type=\"container\" data-e-type=\"container\" data-settings=\"{&quot;background_background&quot;:&quot;classic&quot;}\">\n\t\t\t\t\t<div class=\"e-con-inner\">\n\t\t\t\t<div class=\"elementor-element elementor-element-00d2e76 elementor-widget__width-inherit animation_type_block sc_fly_static elementor-widget elementor-widget-heading\" data-id=\"00d2e76\" data-element_type=\"widget\" data-e-type=\"widget\" data-widget_type=\"heading.default\">\n\t\t\t\t<div class=\"elementor-widget-container\">\n\t\t\t\t\t<h2 class=\"elementor-heading-title elementor-size-default\">Horaires de visite<\/h2>\t\t\t\t<\/div>\n\t\t\t\t<\/div>\n\t\t\t\t<div class=\"elementor-element elementor-element-6edce7f elementor-widget__width-initial elementor-widget-mobile__width-inherit animation_type_block sc_fly_static elementor-widget elementor-widget-text-editor\" data-id=\"6edce7f\" data-element_type=\"widget\" data-e-type=\"widget\" data-widget_type=\"text-editor.default\">\n\t\t\t\t<div class=\"elementor-widget-container\">\n\t\t\t\t\t\t\t\t\t<p><strong><u>Du mercredi au dimanche<br \/><\/u><\/strong>De 9h30 \u00e0 13h00 (dernier acc\u00e8s \u00e0 12h30)<br \/>De 14h00 \u00e0 17h30 (dernier acc\u00e8s \u00e0 17h)<\/p><p><b><u>Lundi et mardi ferm\u00e9s<\/u><\/b><\/p><p><span style=\"font-family: Metropolis, sans-serif; font-size: 15px; font-weight: 400; font-style: normal;\">La Commanderie de Saint-Antoine de Ranvers restera ferm\u00e9 les\u00a0<\/span><span style=\"font-family: Metropolis, sans-serif; font-size: 15px; font-weight: 400; font-style: normal;\"><b><u>jours f\u00e9ri\u00e9s<\/u><\/b><\/span><span style=\"font-family: Metropolis, sans-serif; font-size: 15px; font-weight: 400; font-style: normal;\">, sauf indication contraire.<\/span><b><br \/><\/b><\/p><p><strong><u>OUVERTURES ET FERMETURES EXCEPTIONNELLES<br \/><\/u><\/strong><b style=\"font-family: inherit; font-style: inherit; text-align: var(--text-align);\">Dimanche 24\/12<\/b><span style=\"font-size: 15px; text-align: var(--text-align);\"> ouverts de 9h30 \u00e0 13h (<\/span><span style=\"font-family: Metropolis, sans-serif; font-size: 15px; font-style: normal; font-weight: 400; text-align: var(--text-align);\">dernier acc\u00e8s \u00e0 12h30<\/span><span style=\"font-size: 15px; text-align: var(--text-align);\">)<br \/><\/span><b style=\"font-family: inherit; font-style: inherit; text-align: var(--text-align);\">Marted\u00ec 26\/12<\/b><span style=\"font-size: 15px; text-align: var(--text-align);\">\u00a0<\/span><span style=\"font-family: Metropolis, sans-serif; font-size: 15px; font-style: normal; font-weight: 400; text-align: var(--text-align);\">ouverts de 9h30 \u00e0\u00a0<\/span><span style=\"font-size: 15px; text-align: var(--text-align);\">17h (<\/span><span style=\"font-family: Metropolis, sans-serif; font-size: 15px; font-style: normal; font-weight: 400; text-align: var(--text-align);\">dernier acc\u00e8s \u00e0 16h30<\/span><span style=\"font-size: 15px; text-align: var(--text-align);\">)<br \/><\/span><strong style=\"font-size: 15px; text-align: var(--text-align);\">Domenica 31\/12<\/strong><span style=\"font-size: 15px; text-align: var(--text-align);\">\u00a0\u00a0<\/span><span style=\"font-family: Metropolis, sans-serif; font-size: 15px; font-style: normal; font-weight: 400; text-align: var(--text-align);\">ouverts de 9h30 \u00e0\u00a0<\/span><span style=\"font-size: 15px; text-align: var(--text-align);\">13h (<\/span><span style=\"font-family: Metropolis, sans-serif; font-size: 15px; font-style: normal; font-weight: 400; text-align: var(--text-align);\">dernier acc\u00e8s \u00e0 12h30<\/span><span style=\"font-size: 15px; text-align: var(--text-align);\">)<\/span><\/p><p>Le parcours est accessible aux personnes en situation de handicap.<\/p>\t\t\t\t\t\t\t\t<\/div>\n\t\t\t\t<\/div>\n\t\t\t\t<div class=\"elementor-element elementor-element-694dc4a elementor-widget__width-initial elementor-widget-mobile__width-inherit animation_type_block sc_fly_static elementor-widget elementor-widget-image\" data-id=\"694dc4a\" data-element_type=\"widget\" data-e-type=\"widget\" data-widget_type=\"image.default\">\n\t\t\t\t<div class=\"elementor-widget-container\">\n\t\t\t\t\t\t\t\t\t\t\t\t\t\t\t<img fetchpriority=\"high\" decoding=\"async\" width=\"544\" height=\"500\" src=\"https:\/\/www.ordinemauriziano.it\/wp-content\/uploads\/2023\/07\/23-fom-sito-web-asset-ranverso-eventi-speciali.jpg\" class=\"attachment-large size-large wp-image-11055\" alt=\"precettoria di ranverso vista frontale\" srcset=\"https:\/\/www.ordinemauriziano.it\/wp-content\/uploads\/2023\/07\/23-fom-sito-web-asset-ranverso-eventi-speciali.jpg 544w, https:\/\/www.ordinemauriziano.it\/wp-content\/uploads\/2023\/07\/23-fom-sito-web-asset-ranverso-eventi-speciali-300x276.jpg 300w, https:\/\/www.ordinemauriziano.it\/wp-content\/uploads\/2023\/07\/23-fom-sito-web-asset-ranverso-eventi-speciali-370x340.jpg 370w\" sizes=\"(max-width: 544px) 100vw, 544px\" \/>\t\t\t\t\t\t\t\t\t\t\t\t\t\t\t<\/div>\n\t\t\t\t<\/div>\n\t\t\t\t<div class=\"elementor-element elementor-element-56da4c6 elementor-widget__width-inherit animation_type_block sc_fly_static elementor-widget elementor-widget-heading\" data-id=\"56da4c6\" data-element_type=\"widget\" data-e-type=\"widget\" data-widget_type=\"heading.default\">\n\t\t\t\t<div class=\"elementor-widget-container\">\n\t\t\t\t\t<h2 class=\"elementor-heading-title elementor-size-default\">Billets<\/h2>\t\t\t\t<\/div>\n\t\t\t\t<\/div>\n\t\t\t\t<div class=\"elementor-element elementor-element-ae0b2f9 elementor-widget__width-initial elementor-widget-mobile__width-inherit animation_type_block sc_fly_static elementor-widget elementor-widget-image\" data-id=\"ae0b2f9\" data-element_type=\"widget\" data-e-type=\"widget\" data-widget_type=\"image.default\">\n\t\t\t\t<div class=\"elementor-widget-container\">\n\t\t\t\t\t\t\t\t\t\t\t\t\t\t\t<img decoding=\"async\" width=\"595\" height=\"500\" src=\"https:\/\/www.ordinemauriziano.it\/wp-content\/uploads\/2023\/07\/23-fom-sito-web-asset-ranverso-didattica.jpg\" class=\"attachment-large size-large wp-image-11093\" alt=\"precettoria di ranverso vista aerea\" srcset=\"https:\/\/www.ordinemauriziano.it\/wp-content\/uploads\/2023\/07\/23-fom-sito-web-asset-ranverso-didattica.jpg 595w, https:\/\/www.ordinemauriziano.it\/wp-content\/uploads\/2023\/07\/23-fom-sito-web-asset-ranverso-didattica-300x252.jpg 300w, https:\/\/www.ordinemauriziano.it\/wp-content\/uploads\/2023\/07\/23-fom-sito-web-asset-ranverso-didattica-370x311.jpg 370w\" sizes=\"(max-width: 595px) 100vw, 595px\" \/>\t\t\t\t\t\t\t\t\t\t\t\t\t\t\t<\/div>\n\t\t\t\t<\/div>\n\t\t\t\t<div class=\"elementor-element elementor-element-f146f8b elementor-widget__width-initial elementor-widget-mobile__width-inherit animation_type_block sc_fly_static elementor-widget elementor-widget-text-editor\" data-id=\"f146f8b\" data-element_type=\"widget\" data-e-type=\"widget\" data-widget_type=\"text-editor.default\">\n\t\t\t\t<div class=\"elementor-widget-container\">\n\t\t\t\t\t\t\t\t\t<h3><strong><u>TARIFS<\/u><\/strong><\/h3>\n<ul>\n<li><strong>PLEIN TARIF: 5 euro<\/strong><strong>s<\/strong><\/li>\n<li><strong>TARIF R\u00c9DUIT: 4 euros<br \/>\n<em>Groupes<\/em><\/strong><em> de minimum 15 personnes (r\u00e9servation obligatoire), mineurs de <strong>6 \u00e0 18 ans<\/strong>, personnes en <strong>situation de handicap<\/strong>, <strong>Forces de l\u2019Ordre<\/strong>, Personnel <strong>enseignant<\/strong> et <strong>entreprises\/organismes conventionn\u00e9s<\/strong> avec la Fondation de l\u2019Ordre Mauricien. <\/em><\/li>\n<li><strong>\u00c9COLES: 2,50 euros<br \/>\n<\/strong><em>Ecoles primaires et secondaires.<\/em><\/li>\n<li><strong>GRATUIT<br \/>\n<em>El\u00e8ves d\u2019\u00e9cole maternelle, accompagnateur <\/em><\/strong><em>de personne en situation de handicap<strong>. <\/strong>Titulaires de <strong>\u201cAbbonamento Musei\u201d<\/strong>.<\/em><\/li>\n<\/ul>\n\t\t\t\t\t\t\t\t<\/div>\n\t\t\t\t<\/div>\n\t\t\t\t<div class=\"elementor-element elementor-element-968f7b7 elementor-widget__width-inherit animation_type_block sc_fly_static elementor-widget elementor-widget-spacer\" data-id=\"968f7b7\" data-element_type=\"widget\" data-e-type=\"widget\" data-widget_type=\"spacer.default\">\n\t\t\t\t<div class=\"elementor-widget-container\">\n\t\t\t\t\t\t\t<div class=\"elementor-spacer\">\n\t\t\t<div class=\"elementor-spacer-inner\"><\/div>\n\t\t<\/div>\n\t\t\t\t\t\t<\/div>\n\t\t\t\t<\/div>\n\t\t\t\t<div class=\"elementor-element elementor-element-542f568 elementor-widget__width-initial elementor-widget-mobile__width-inherit animation_type_block sc_fly_static elementor-widget elementor-widget-text-editor\" data-id=\"542f568\" data-element_type=\"widget\" data-e-type=\"widget\" data-widget_type=\"text-editor.default\">\n\t\t\t\t<div class=\"elementor-widget-container\">\n\t\t\t\t\t\t\t\t\t<h3><strong><u>VISITES GUID\u00c9ES<\/u><\/strong><\/h3><p>Des <strong><u>visites guid\u00e9es en langue italienne<\/u><\/strong> sont organis\u00e9es tous les jours \u00e0 10h30 et \u00e0 14h30. Le tarif est de <strong>3 euros<\/strong><strong>\u00a0par personne <\/strong>en plus du prix normal du billet.<\/p><p>Les groupes sont de <strong>25 personnes maximum<\/strong>.<\/p><p><strong><u>R\u00e9servation souhait\u00e9e en appelant le 011\/9367450<\/u><\/strong>.<\/p><p>Pour votre information, pendant la visite guid\u00e9e la billeterie restera temporairement ferm\u00e9e.<\/p><p><b>Pour les visites en langue \u00e9trang\u00e8re<\/b><span style=\"font-weight: 400;\">, merci de bien vouloir nous envoyer une demande \u00e9crite \u00e0 l&rsquo;adresse mail suivante: <a href=\"mailto:ranverso@biglietteria.ordinemauriziano.it\">ranverso@biglietteria.<wbr \/>ordinemauriziano.it<\/a><\/span><\/p>\t\t\t\t\t\t\t\t<\/div>\n\t\t\t\t<\/div>\n\t\t\t\t<div class=\"elementor-element elementor-element-15e1e20 elementor-widget__width-initial elementor-widget-mobile__width-inherit animation_type_block sc_fly_static elementor-widget elementor-widget-image\" data-id=\"15e1e20\" data-element_type=\"widget\" data-e-type=\"widget\" data-widget_type=\"image.default\">\n\t\t\t\t<div class=\"elementor-widget-container\">\n\t\t\t\t\t\t\t\t\t\t\t\t\t\t\t<img decoding=\"async\" width=\"1024\" height=\"768\" src=\"https:\/\/www.ordinemauriziano.it\/wp-content\/uploads\/2023\/07\/santonio-di-ranverso-min-scaled-1-1024x768.jpg\" class=\"attachment-large size-large wp-image-11096\" alt=\"\" srcset=\"https:\/\/www.ordinemauriziano.it\/wp-content\/uploads\/2023\/07\/santonio-di-ranverso-min-scaled-1-1024x768.jpg 1024w, https:\/\/www.ordinemauriziano.it\/wp-content\/uploads\/2023\/07\/santonio-di-ranverso-min-scaled-1-300x225.jpg 300w, https:\/\/www.ordinemauriziano.it\/wp-content\/uploads\/2023\/07\/santonio-di-ranverso-min-scaled-1-768x576.jpg 768w, https:\/\/www.ordinemauriziano.it\/wp-content\/uploads\/2023\/07\/santonio-di-ranverso-min-scaled-1-1536x1152.jpg 1536w, https:\/\/www.ordinemauriziano.it\/wp-content\/uploads\/2023\/07\/santonio-di-ranverso-min-scaled-1-370x278.jpg 370w, https:\/\/www.ordinemauriziano.it\/wp-content\/uploads\/2023\/07\/santonio-di-ranverso-min-scaled-1-770x578.jpg 770w, https:\/\/www.ordinemauriziano.it\/wp-content\/uploads\/2023\/07\/santonio-di-ranverso-min-scaled-1-600x450.jpg 600w, https:\/\/www.ordinemauriziano.it\/wp-content\/uploads\/2023\/07\/santonio-di-ranverso-min-scaled-1.jpg 1920w\" sizes=\"(max-width: 1024px) 100vw, 1024px\" \/>\t\t\t\t\t\t\t\t\t\t\t\t\t\t\t<\/div>\n\t\t\t\t<\/div>\n\t\t\t\t<div class=\"elementor-element elementor-element-7f3207b elementor-widget__width-inherit animation_type_block sc_fly_static elementor-widget elementor-widget-spacer\" data-id=\"7f3207b\" data-element_type=\"widget\" data-e-type=\"widget\" data-widget_type=\"spacer.default\">\n\t\t\t\t<div class=\"elementor-widget-container\">\n\t\t\t\t\t\t\t<div class=\"elementor-spacer\">\n\t\t\t<div class=\"elementor-spacer-inner\"><\/div>\n\t\t<\/div>\n\t\t\t\t\t\t<\/div>\n\t\t\t\t<\/div>\n\t\t\t\t<div class=\"elementor-element elementor-element-458d54b elementor-widget__width-initial elementor-widget-mobile__width-inherit animation_type_block sc_fly_static elementor-widget elementor-widget-image\" data-id=\"458d54b\" data-element_type=\"widget\" data-e-type=\"widget\" data-widget_type=\"image.default\">\n\t\t\t\t<div class=\"elementor-widget-container\">\n\t\t\t\t\t\t\t\t\t\t\t\t\t\t\t<img loading=\"lazy\" decoding=\"async\" width=\"519\" height=\"360\" src=\"https:\/\/www.ordinemauriziano.it\/wp-content\/uploads\/2023\/07\/23-fom-corno-avvisi.png\" class=\"attachment-large size-large wp-image-11045\" alt=\"Icona notizie fondazione ordine mauriziano\" srcset=\"https:\/\/www.ordinemauriziano.it\/wp-content\/uploads\/2023\/07\/23-fom-corno-avvisi.png 519w, https:\/\/www.ordinemauriziano.it\/wp-content\/uploads\/2023\/07\/23-fom-corno-avvisi-300x208.png 300w, https:\/\/www.ordinemauriziano.it\/wp-content\/uploads\/2023\/07\/23-fom-corno-avvisi-370x257.png 370w\" sizes=\"(max-width: 519px) 100vw, 519px\" \/>\t\t\t\t\t\t\t\t\t\t\t\t\t\t\t<\/div>\n\t\t\t\t<\/div>\n\t\t\t\t<div class=\"elementor-element elementor-element-a2c0aca elementor-widget__width-initial elementor-widget-mobile__width-inherit animation_type_block sc_fly_static elementor-widget elementor-widget-text-editor\" data-id=\"a2c0aca\" data-element_type=\"widget\" data-e-type=\"widget\" data-widget_type=\"text-editor.default\">\n\t\t\t\t<div class=\"elementor-widget-container\">\n\t\t\t\t\t\t\t\t\t<h3><strong><u>BILLET UNIQUE<\/u><\/strong><\/h3><p>Il est possible d\u2019acheter le billet unique qui ouvre un droit d\u2019acc\u00e8s aux trois sites mauriciens (<strong>Pavillon de Chasse de Stupinigi, Abbaye de Staffarda et Commanderie de Saint-Antoine de Ranvers<\/strong>) \u00e0 un tarif pr\u00e9f\u00e9rentiel dans l\u2019ann\u00e9e qui suit la date d\u2019\u00e9mission.<\/p><p>Billet plein tarif au prix unique de 18 euros<br \/>Billet tarif r\u00e9duit au prix unique de 13\u00a0<span style=\"font-family: Metropolis, sans-serif; font-size: 15px; font-style: normal; font-weight: 400; text-align: var(--text-align);\">euros<\/span><span style=\"font-size: 15px; text-align: var(--text-align);\">\u00a0pour les personnes de moins de 18 ans, les plus de 65 ans, les personnes en situation de handicap ainsi que les groupes de 15 personnes minimum.<\/span><\/p>\t\t\t\t\t\t\t\t<\/div>\n\t\t\t\t<\/div>\n\t\t\t\t\t<\/div>\n\t\t\t\t<\/div>\n\t\t<div class=\"elementor-element elementor-element-b433b3e e-con-full e-flex e-con e-parent\" data-id=\"b433b3e\" data-element_type=\"container\" data-e-type=\"container\" data-settings=\"{&quot;background_background&quot;:&quot;classic&quot;}\">\n\t\t<div class=\"elementor-element elementor-element-d203c25 e-con-full e-flex e-con e-child\" data-id=\"d203c25\" data-element_type=\"container\" data-e-type=\"container\">\n\t\t\t\t<div class=\"elementor-element elementor-element-d837417 animation_type_block sc_fly_static elementor-widget elementor-widget-google_maps\" data-id=\"d837417\" data-element_type=\"widget\" data-e-type=\"widget\" data-widget_type=\"google_maps.default\">\n\t\t\t\t<div class=\"elementor-widget-container\">\n\t\t\t\t\t\t\t<div class=\"elementor-custom-embed\">\n\t\t\t<iframe loading=\"lazy\"\n\t\t\t\t\tsrc=\"https:\/\/maps.google.com\/maps?q=precettoria%20ranverso&#038;t=m&#038;z=15&#038;output=embed&#038;iwloc=near\"\n\t\t\t\t\ttitle=\"precettoria ranverso\"\n\t\t\t\t\taria-label=\"precettoria ranverso\"\n\t\t\t><\/iframe>\n\t\t<\/div>\n\t\t\t\t\t\t<\/div>\n\t\t\t\t<\/div>\n\t\t\t\t<\/div>\n\t\t<div class=\"elementor-element elementor-element-843e83c e-con-full e-flex e-con e-child\" data-id=\"843e83c\" data-element_type=\"container\" data-e-type=\"container\">\n\t\t\t\t<div class=\"elementor-element elementor-element-ebd3339 animation_type_block sc_fly_static elementor-widget elementor-widget-heading\" data-id=\"ebd3339\" data-element_type=\"widget\" data-e-type=\"widget\" data-widget_type=\"heading.default\">\n\t\t\t\t<div class=\"elementor-widget-container\">\n\t\t\t\t\t<h2 class=\"elementor-heading-title elementor-size-default\">Infos et Contacts<\/h2>\t\t\t\t<\/div>\n\t\t\t\t<\/div>\n\t\t\t\t<div class=\"elementor-element elementor-element-125b0d6 animation_type_block sc_fly_static elementor-widget elementor-widget-text-editor\" data-id=\"125b0d6\" data-element_type=\"widget\" data-e-type=\"widget\" data-widget_type=\"text-editor.default\">\n\t\t\t\t<div class=\"elementor-widget-container\">\n\t\t\t\t\t\t\t\t\t<p><strong>Localit\u00e0 Sant&rsquo;Antonio di Ranverso<\/strong><br \/><strong>10090 Buttigliera Alta (TO)<\/strong><\/p><p>+39 011 6200603<br \/>ranverso@biglietteria.<wbr \/>ordinemauriziano.it<\/p>\t\t\t\t\t\t\t\t<\/div>\n\t\t\t\t<\/div>\n\t\t\t\t<\/div>\n\t\t\t\t<\/div>\n\t\t\t\t<\/div>\n\t\t","protected":false},"excerpt":{"rendered":"<p>Horaires de visite Du mercredi au dimancheDe 9h30 \u00e0 13h00 (dernier acc\u00e8s \u00e0 12h30)De 14h00 \u00e0 17h30 (dernier acc\u00e8s \u00e0 17h) Lundi et mardi ferm\u00e9s La Commanderie de Saint-Antoine de Ranvers restera ferm\u00e9 les\u00a0jours f\u00e9ri\u00e9s, sauf indication contraire. OUVERTURES ET FERMETURES EXCEPTIONNELLESDimanche 24\/12 ouverts de&hellip;<\/p>\n","protected":false},"author":1,"featured_media":11099,"parent":11393,"menu_order":0,"comment_status":"closed","ping_status":"closed","template":"","meta":{"give_campaign_id":0,"footnotes":""},"class_list":["post-11399","page","type-page","status-publish","has-post-thumbnail","hentry"],"yoast_head":"<!-- This site is optimized with the Yoast SEO plugin v27.2 - https:\/\/yoast.com\/product\/yoast-seo-wordpress\/ -->\n<title>Visiter Ranvers: horaires et informations utiles - Fondazione Ordine Mauriziano<\/title>\n<meta name=\"description\" content=\"Horaires de visite Du mercredi au dimancheDe 9h30 \u00e0 13h00 (dernier acc\u00e8s \u00e0 12h30)De 14h00 \u00e0 17h30 (dernier acc\u00e8s \u00e0 17h)Lundi et mardi ferm\u00e9sLa Commanderie - Fondazione Ordine Mauriziano\" \/>\n<meta name=\"robots\" content=\"index, follow, max-snippet:-1, max-image-preview:large, max-video-preview:-1\" \/>\n<link rel=\"canonical\" href=\"https:\/\/www.ordinemauriziano.it\/fr\/precettoria-sant-antonio-ranverso\/visiter-ranvers\/\" \/>\n<meta property=\"og:locale\" content=\"fr_FR\" \/>\n<meta property=\"og:type\" content=\"article\" \/>\n<meta property=\"og:title\" content=\"Visiter Ranvers: horaires et informations utiles - Fondazione Ordine Mauriziano\" \/>\n<meta property=\"og:description\" content=\"Horaires de visite Du mercredi au dimancheDe 9h30 \u00e0 13h00 (dernier acc\u00e8s \u00e0 12h30)De 14h00 \u00e0 17h30 (dernier acc\u00e8s \u00e0 17h)Lundi et mardi ferm\u00e9sLa Commanderie - Fondazione Ordine Mauriziano\" \/>\n<meta property=\"og:url\" content=\"https:\/\/www.ordinemauriziano.it\/fr\/precettoria-sant-antonio-ranverso\/visiter-ranvers\/\" \/>\n<meta property=\"og:site_name\" content=\"Fondazione Ordine Mauriziano\" \/>\n<meta property=\"article:publisher\" content=\"https:\/\/www.facebook.com\/PalazzinaStupinigi.Mauriziano\" \/>\n<meta property=\"article:modified_time\" content=\"2023-11-24T19:14:16+00:00\" \/>\n<meta property=\"og:image\" content=\"https:\/\/www.ordinemauriziano.it\/wp-content\/uploads\/2023\/08\/23-fom-ranverso-header-2.jpg\" \/>\n\t<meta property=\"og:image:width\" content=\"1920\" \/>\n\t<meta property=\"og:image:height\" content=\"1080\" \/>\n\t<meta property=\"og:image:type\" content=\"image\/jpeg\" \/>\n<script type=\"application\/ld+json\" class=\"yoast-schema-graph\">{\"@context\":\"https:\/\/schema.org\",\"@graph\":[{\"@type\":\"WebPage\",\"@id\":\"https:\/\/www.ordinemauriziano.it\/fr\/precettoria-sant-antonio-ranverso\/visiter-ranvers\/\",\"url\":\"https:\/\/www.ordinemauriziano.it\/fr\/precettoria-sant-antonio-ranverso\/visiter-ranvers\/\",\"name\":\"Visiter Ranvers: horaires et informations utiles - Fondazione Ordine Mauriziano\",\"isPartOf\":{\"@id\":\"https:\/\/www.ordinemauriziano.it\/fr\/#website\"},\"primaryImageOfPage\":{\"@id\":\"https:\/\/www.ordinemauriziano.it\/fr\/precettoria-sant-antonio-ranverso\/visiter-ranvers\/#primaryimage\"},\"image\":{\"@id\":\"https:\/\/www.ordinemauriziano.it\/fr\/precettoria-sant-antonio-ranverso\/visiter-ranvers\/#primaryimage\"},\"thumbnailUrl\":\"https:\/\/www.ordinemauriziano.it\/wp-content\/uploads\/2023\/08\/23-fom-ranverso-header-2.jpg\",\"datePublished\":\"2023-09-25T16:37:45+00:00\",\"dateModified\":\"2023-11-24T19:14:16+00:00\",\"description\":\"Horaires de visite Du mercredi au dimancheDe 9h30 \u00e0 13h00 (dernier acc\u00e8s \u00e0 12h30)De 14h00 \u00e0 17h30 (dernier acc\u00e8s \u00e0 17h)Lundi et mardi ferm\u00e9sLa Commanderie - Fondazione Ordine Mauriziano\",\"breadcrumb\":{\"@id\":\"https:\/\/www.ordinemauriziano.it\/fr\/precettoria-sant-antonio-ranverso\/visiter-ranvers\/#breadcrumb\"},\"inLanguage\":\"fr-FR\",\"potentialAction\":[{\"@type\":\"ReadAction\",\"target\":[\"https:\/\/www.ordinemauriziano.it\/fr\/precettoria-sant-antonio-ranverso\/visiter-ranvers\/\"]}]},{\"@type\":\"ImageObject\",\"inLanguage\":\"fr-FR\",\"@id\":\"https:\/\/www.ordinemauriziano.it\/fr\/precettoria-sant-antonio-ranverso\/visiter-ranvers\/#primaryimage\",\"url\":\"https:\/\/www.ordinemauriziano.it\/wp-content\/uploads\/2023\/08\/23-fom-ranverso-header-2.jpg\",\"contentUrl\":\"https:\/\/www.ordinemauriziano.it\/wp-content\/uploads\/2023\/08\/23-fom-ranverso-header-2.jpg\",\"width\":1920,\"height\":1080},{\"@type\":\"BreadcrumbList\",\"@id\":\"https:\/\/www.ordinemauriziano.it\/fr\/precettoria-sant-antonio-ranverso\/visiter-ranvers\/#breadcrumb\",\"itemListElement\":[{\"@type\":\"ListItem\",\"position\":1,\"name\":\"Home\",\"item\":\"https:\/\/www.ordinemauriziano.it\/fr\/\"},{\"@type\":\"ListItem\",\"position\":2,\"name\":\"Commanderie de Saint-Antoine de Ranvers\",\"item\":\"https:\/\/www.ordinemauriziano.it\/fr\/commanderie-de-saint-antoine-de-ranvers\/\"},{\"@type\":\"ListItem\",\"position\":3,\"name\":\"Visiter Ranvers: horaires et informations utiles\"}]},{\"@type\":\"WebSite\",\"@id\":\"https:\/\/www.ordinemauriziano.it\/fr\/#website\",\"url\":\"https:\/\/www.ordinemauriziano.it\/fr\/\",\"name\":\"Fondazione Ordine Mauriziano\",\"description\":\"\",\"publisher\":{\"@id\":\"https:\/\/www.ordinemauriziano.it\/fr\/#organization\"},\"potentialAction\":[{\"@type\":\"SearchAction\",\"target\":{\"@type\":\"EntryPoint\",\"urlTemplate\":\"https:\/\/www.ordinemauriziano.it\/fr\/?s={search_term_string}\"},\"query-input\":{\"@type\":\"PropertyValueSpecification\",\"valueRequired\":true,\"valueName\":\"search_term_string\"}}],\"inLanguage\":\"fr-FR\"},{\"@type\":\"Organization\",\"@id\":\"https:\/\/www.ordinemauriziano.it\/fr\/#organization\",\"name\":\"Fondazione Torino Musei\",\"url\":\"https:\/\/www.ordinemauriziano.it\/fr\/\",\"logo\":{\"@type\":\"ImageObject\",\"inLanguage\":\"fr-FR\",\"@id\":\"https:\/\/www.ordinemauriziano.it\/fr\/#\/schema\/logo\/image\/\",\"url\":\"https:\/\/www.ordinemauriziano.it\/wp-content\/uploads\/2022\/05\/Fondazione-Ordine-Mauriziano.png\",\"contentUrl\":\"https:\/\/www.ordinemauriziano.it\/wp-content\/uploads\/2022\/05\/Fondazione-Ordine-Mauriziano.png\",\"width\":233,\"height\":76,\"caption\":\"Fondazione Torino Musei\"},\"image\":{\"@id\":\"https:\/\/www.ordinemauriziano.it\/fr\/#\/schema\/logo\/image\/\"},\"sameAs\":[\"https:\/\/www.facebook.com\/PalazzinaStupinigi.Mauriziano\",\"https:\/\/x.com\/Stupinigi_OM\",\"https:\/\/www.youtube.com\/user\/stupinigimauriziano\"]}]}<\/script>\n<!-- \/ Yoast SEO plugin. -->","yoast_head_json":{"title":"Visiter Ranvers: horaires et informations utiles - Fondazione Ordine Mauriziano","description":"Horaires de visite Du mercredi au dimancheDe 9h30 \u00e0 13h00 (dernier acc\u00e8s \u00e0 12h30)De 14h00 \u00e0 17h30 (dernier acc\u00e8s \u00e0 17h)Lundi et mardi ferm\u00e9sLa Commanderie - Fondazione Ordine Mauriziano","robots":{"index":"index","follow":"follow","max-snippet":"max-snippet:-1","max-image-preview":"max-image-preview:large","max-video-preview":"max-video-preview:-1"},"canonical":"https:\/\/www.ordinemauriziano.it\/fr\/precettoria-sant-antonio-ranverso\/visiter-ranvers\/","og_locale":"fr_FR","og_type":"article","og_title":"Visiter Ranvers: horaires et informations utiles - Fondazione Ordine Mauriziano","og_description":"Horaires de visite Du mercredi au dimancheDe 9h30 \u00e0 13h00 (dernier acc\u00e8s \u00e0 12h30)De 14h00 \u00e0 17h30 (dernier acc\u00e8s \u00e0 17h)Lundi et mardi ferm\u00e9sLa Commanderie - Fondazione Ordine Mauriziano","og_url":"https:\/\/www.ordinemauriziano.it\/fr\/precettoria-sant-antonio-ranverso\/visiter-ranvers\/","og_site_name":"Fondazione Ordine Mauriziano","article_publisher":"https:\/\/www.facebook.com\/PalazzinaStupinigi.Mauriziano","article_modified_time":"2023-11-24T19:14:16+00:00","og_image":[{"width":1920,"height":1080,"url":"https:\/\/www.ordinemauriziano.it\/wp-content\/uploads\/2023\/08\/23-fom-ranverso-header-2.jpg","type":"image\/jpeg"}],"schema":{"@context":"https:\/\/schema.org","@graph":[{"@type":"WebPage","@id":"https:\/\/www.ordinemauriziano.it\/fr\/precettoria-sant-antonio-ranverso\/visiter-ranvers\/","url":"https:\/\/www.ordinemauriziano.it\/fr\/precettoria-sant-antonio-ranverso\/visiter-ranvers\/","name":"Visiter Ranvers: horaires et informations utiles - Fondazione Ordine Mauriziano","isPartOf":{"@id":"https:\/\/www.ordinemauriziano.it\/fr\/#website"},"primaryImageOfPage":{"@id":"https:\/\/www.ordinemauriziano.it\/fr\/precettoria-sant-antonio-ranverso\/visiter-ranvers\/#primaryimage"},"image":{"@id":"https:\/\/www.ordinemauriziano.it\/fr\/precettoria-sant-antonio-ranverso\/visiter-ranvers\/#primaryimage"},"thumbnailUrl":"https:\/\/www.ordinemauriziano.it\/wp-content\/uploads\/2023\/08\/23-fom-ranverso-header-2.jpg","datePublished":"2023-09-25T16:37:45+00:00","dateModified":"2023-11-24T19:14:16+00:00","description":"Horaires de visite Du mercredi au dimancheDe 9h30 \u00e0 13h00 (dernier acc\u00e8s \u00e0 12h30)De 14h00 \u00e0 17h30 (dernier acc\u00e8s \u00e0 17h)Lundi et mardi ferm\u00e9sLa Commanderie - Fondazione Ordine Mauriziano","breadcrumb":{"@id":"https:\/\/www.ordinemauriziano.it\/fr\/precettoria-sant-antonio-ranverso\/visiter-ranvers\/#breadcrumb"},"inLanguage":"fr-FR","potentialAction":[{"@type":"ReadAction","target":["https:\/\/www.ordinemauriziano.it\/fr\/precettoria-sant-antonio-ranverso\/visiter-ranvers\/"]}]},{"@type":"ImageObject","inLanguage":"fr-FR","@id":"https:\/\/www.ordinemauriziano.it\/fr\/precettoria-sant-antonio-ranverso\/visiter-ranvers\/#primaryimage","url":"https:\/\/www.ordinemauriziano.it\/wp-content\/uploads\/2023\/08\/23-fom-ranverso-header-2.jpg","contentUrl":"https:\/\/www.ordinemauriziano.it\/wp-content\/uploads\/2023\/08\/23-fom-ranverso-header-2.jpg","width":1920,"height":1080},{"@type":"BreadcrumbList","@id":"https:\/\/www.ordinemauriziano.it\/fr\/precettoria-sant-antonio-ranverso\/visiter-ranvers\/#breadcrumb","itemListElement":[{"@type":"ListItem","position":1,"name":"Home","item":"https:\/\/www.ordinemauriziano.it\/fr\/"},{"@type":"ListItem","position":2,"name":"Commanderie de Saint-Antoine de Ranvers","item":"https:\/\/www.ordinemauriziano.it\/fr\/commanderie-de-saint-antoine-de-ranvers\/"},{"@type":"ListItem","position":3,"name":"Visiter Ranvers: horaires et informations utiles"}]},{"@type":"WebSite","@id":"https:\/\/www.ordinemauriziano.it\/fr\/#website","url":"https:\/\/www.ordinemauriziano.it\/fr\/","name":"Fondazione Ordine Mauriziano","description":"","publisher":{"@id":"https:\/\/www.ordinemauriziano.it\/fr\/#organization"},"potentialAction":[{"@type":"SearchAction","target":{"@type":"EntryPoint","urlTemplate":"https:\/\/www.ordinemauriziano.it\/fr\/?s={search_term_string}"},"query-input":{"@type":"PropertyValueSpecification","valueRequired":true,"valueName":"search_term_string"}}],"inLanguage":"fr-FR"},{"@type":"Organization","@id":"https:\/\/www.ordinemauriziano.it\/fr\/#organization","name":"Fondazione Torino Musei","url":"https:\/\/www.ordinemauriziano.it\/fr\/","logo":{"@type":"ImageObject","inLanguage":"fr-FR","@id":"https:\/\/www.ordinemauriziano.it\/fr\/#\/schema\/logo\/image\/","url":"https:\/\/www.ordinemauriziano.it\/wp-content\/uploads\/2022\/05\/Fondazione-Ordine-Mauriziano.png","contentUrl":"https:\/\/www.ordinemauriziano.it\/wp-content\/uploads\/2022\/05\/Fondazione-Ordine-Mauriziano.png","width":233,"height":76,"caption":"Fondazione Torino Musei"},"image":{"@id":"https:\/\/www.ordinemauriziano.it\/fr\/#\/schema\/logo\/image\/"},"sameAs":["https:\/\/www.facebook.com\/PalazzinaStupinigi.Mauriziano","https:\/\/x.com\/Stupinigi_OM","https:\/\/www.youtube.com\/user\/stupinigimauriziano"]}]}},"campaignId":"","_links":{"self":[{"href":"https:\/\/www.ordinemauriziano.it\/fr\/wp-json\/wp\/v2\/pages\/11399","targetHints":{"allow":["GET"]}}],"collection":[{"href":"https:\/\/www.ordinemauriziano.it\/fr\/wp-json\/wp\/v2\/pages"}],"about":[{"href":"https:\/\/www.ordinemauriziano.it\/fr\/wp-json\/wp\/v2\/types\/page"}],"author":[{"embeddable":true,"href":"https:\/\/www.ordinemauriziano.it\/fr\/wp-json\/wp\/v2\/users\/1"}],"replies":[{"embeddable":true,"href":"https:\/\/www.ordinemauriziano.it\/fr\/wp-json\/wp\/v2\/comments?post=11399"}],"version-history":[{"count":29,"href":"https:\/\/www.ordinemauriziano.it\/fr\/wp-json\/wp\/v2\/pages\/11399\/revisions"}],"predecessor-version":[{"id":12698,"href":"https:\/\/www.ordinemauriziano.it\/fr\/wp-json\/wp\/v2\/pages\/11399\/revisions\/12698"}],"up":[{"embeddable":true,"href":"https:\/\/www.ordinemauriziano.it\/fr\/wp-json\/wp\/v2\/pages\/11393"}],"wp:featuredmedia":[{"embeddable":true,"href":"https:\/\/www.ordinemauriziano.it\/fr\/wp-json\/wp\/v2\/media\/11099"}],"wp:attachment":[{"href":"https:\/\/www.ordinemauriziano.it\/fr\/wp-json\/wp\/v2\/media?parent=11399"}],"curies":[{"name":"wp","href":"https:\/\/api.w.org\/{rel}","templated":true}]}}