{"id":11405,"date":"2023-09-25T18:44:44","date_gmt":"2023-09-25T16:44:44","guid":{"rendered":"https:\/\/www.ordinemauriziano.it\/commanderie-de-saint-antoine-de-ranvers\/les-espaces-pour-evenements-et-ceremonies-dans-la-commanderie-de-saint-antoine-de-ranvers\/"},"modified":"2024-05-08T14:41:52","modified_gmt":"2024-05-08T12:41:52","slug":"les-espaces-pour-evenements-et-ceremonies-dans-la-commanderie-de-saint-antoine-de-ranvers","status":"publish","type":"page","link":"https:\/\/www.ordinemauriziano.it\/fr\/precettoria-sant-antonio-ranverso\/les-espaces-evenementiels\/","title":{"rendered":"Les espaces pour \u00e9v\u00e8nements et c\u00e9r\u00e9monies dans la Commanderie de Saint-Antoine de Ranvers"},"content":{"rendered":"\t\t<div data-elementor-type=\"wp-page\" data-elementor-id=\"11405\" class=\"elementor elementor-11405 elementor-8179\" data-elementor-post-type=\"page\">\n\t\t\t\t<div class=\"elementor-element elementor-element-90e47c8 e-flex e-con-boxed e-con e-parent\" data-id=\"90e47c8\" data-element_type=\"container\" data-e-type=\"container\" data-settings=\"{&quot;background_background&quot;:&quot;classic&quot;}\">\n\t\t\t\t\t<div class=\"e-con-inner\">\n\t\t\t\t<div class=\"elementor-element elementor-element-90024fb animation_type_block sc_fly_static elementor-widget elementor-widget-text-editor\" data-id=\"90024fb\" data-element_type=\"widget\" data-e-type=\"widget\" data-widget_type=\"text-editor.default\">\n\t\t\t\t<div class=\"elementor-widget-container\">\n\t\t\t\t\t\t\t\t\t<p>La Commanderie de Saint-Antoine de Ranvers met \u00e0 votre disposition des espaces qui <strong>constituent des emplacements parfaits pour des \u00e9v\u00e8nements<\/strong>, des f\u00eates, des expositions d\u2019art et d\u2019autres activit\u00e9s culturelles. Le contexte m\u00e9di\u00e9val de la Commanderie devient un <strong>cadre unique pour f\u00eater vos moments privil\u00e9gi\u00e9s<\/strong>. De plus, les espaces en plein air sont parfaits pour recevoir dans un cadre naturel charg\u00e9 d\u2019histoire.<\/p>\n<p>Avec son aspect gothique et son aura exot\u00e9rique, Saint-Antoine de Ranvers est sans doute un espace <strong>unique pour des \u00e9v\u00e8nements<\/strong> comme des reconstitutions historiques et des repr\u00e9sentations th\u00e9\u00e2trales. Nous vous attendons pour accueillir vos projets dans l\u2019un des lieux les plus charmants du Pi\u00e9mont.<\/p>\t\t\t\t\t\t\t\t<\/div>\n\t\t\t\t<\/div>\n\t\t\t\t\t<\/div>\n\t\t\t\t<\/div>\n\t\t<div class=\"elementor-element elementor-element-b433b3e e-con-full e-flex e-con e-parent\" data-id=\"b433b3e\" data-element_type=\"container\" data-e-type=\"container\" data-settings=\"{&quot;background_background&quot;:&quot;classic&quot;}\">\n\t\t<div class=\"elementor-element elementor-element-d203c25 e-con-full e-flex e-con e-child\" data-id=\"d203c25\" data-element_type=\"container\" data-e-type=\"container\">\n\t\t\t\t<div class=\"elementor-element elementor-element-d837417 animation_type_block sc_fly_static elementor-widget elementor-widget-google_maps\" data-id=\"d837417\" data-element_type=\"widget\" data-e-type=\"widget\" data-widget_type=\"google_maps.default\">\n\t\t\t\t<div class=\"elementor-widget-container\">\n\t\t\t\t\t\t\t<div class=\"elementor-custom-embed\">\n\t\t\t<iframe loading=\"lazy\"\n\t\t\t\t\tsrc=\"https:\/\/maps.google.com\/maps?q=precettoria%20ranverso&#038;t=m&#038;z=15&#038;output=embed&#038;iwloc=near\"\n\t\t\t\t\ttitle=\"precettoria ranverso\"\n\t\t\t\t\taria-label=\"precettoria ranverso\"\n\t\t\t><\/iframe>\n\t\t<\/div>\n\t\t\t\t\t\t<\/div>\n\t\t\t\t<\/div>\n\t\t\t\t<\/div>\n\t\t<div class=\"elementor-element elementor-element-843e83c e-con-full e-flex e-con e-child\" data-id=\"843e83c\" data-element_type=\"container\" data-e-type=\"container\">\n\t\t\t\t<div class=\"elementor-element elementor-element-ebd3339 animation_type_block sc_fly_static elementor-widget elementor-widget-heading\" data-id=\"ebd3339\" data-element_type=\"widget\" data-e-type=\"widget\" data-widget_type=\"heading.default\">\n\t\t\t\t<div class=\"elementor-widget-container\">\n\t\t\t\t\t<h2 class=\"elementor-heading-title elementor-size-default\">Infos e Contacts\u200b\u200b<\/h2>\t\t\t\t<\/div>\n\t\t\t\t<\/div>\n\t\t\t\t<div class=\"elementor-element elementor-element-3f81eb5 animation_type_block sc_fly_static elementor-widget elementor-widget-text-editor\" data-id=\"3f81eb5\" data-element_type=\"widget\" data-e-type=\"widget\" data-widget_type=\"text-editor.default\">\n\t\t\t\t<div class=\"elementor-widget-container\">\n\t\t\t\t\t\t\t\t\t<p><strong>Localit\u00e0 Sant&rsquo;Antonio di Ranverso<\/strong><br \/><strong>10090 Buttigliera Alta (TO)<\/strong><\/p><p>+39 011 6200603<br \/>ranverso@biglietteria.<wbr \/>ordinemauriziano.it<\/p>\t\t\t\t\t\t\t\t<\/div>\n\t\t\t\t<\/div>\n\t\t\t\t<\/div>\n\t\t\t\t<\/div>\n\t\t\t\t<\/div>\n\t\t","protected":false},"excerpt":{"rendered":"<p>La Commanderie de Saint-Antoine de Ranvers met \u00e0 votre disposition des espaces qui constituent des emplacements parfaits pour des \u00e9v\u00e8nements, des f\u00eates, des expositions d\u2019art et d\u2019autres activit\u00e9s culturelles. Le contexte m\u00e9di\u00e9val de la Commanderie devient un cadre unique pour f\u00eater vos moments privil\u00e9gi\u00e9s. De&hellip;<\/p>\n","protected":false},"author":1,"featured_media":11099,"parent":11393,"menu_order":0,"comment_status":"closed","ping_status":"closed","template":"","meta":{"give_campaign_id":0,"footnotes":""},"class_list":["post-11405","page","type-page","status-publish","has-post-thumbnail","hentry"],"yoast_head":"<!-- This site is optimized with the Yoast SEO plugin v27.2 - https:\/\/yoast.com\/product\/yoast-seo-wordpress\/ -->\n<title>Les espaces pour \u00e9v\u00e8nements et c\u00e9r\u00e9monies dans la Commanderie de Saint-Antoine de Ranvers - Fondazione Ordine Mauriziano<\/title>\n<meta name=\"description\" content=\"La Commanderie de Saint-Antoine de Ranvers met \u00e0 votre disposition des espaces qui constituent des emplacements parfaits pour des \u00e9v\u00e8nements, des f\u00eates, - Fondazione Ordine Mauriziano\" \/>\n<meta name=\"robots\" content=\"index, follow, max-snippet:-1, max-image-preview:large, max-video-preview:-1\" \/>\n<link rel=\"canonical\" href=\"https:\/\/www.ordinemauriziano.it\/fr\/precettoria-sant-antonio-ranverso\/les-espaces-evenementiels\/\" \/>\n<meta property=\"og:locale\" content=\"fr_FR\" \/>\n<meta property=\"og:type\" content=\"article\" \/>\n<meta property=\"og:title\" content=\"Les espaces pour \u00e9v\u00e8nements et c\u00e9r\u00e9monies dans la Commanderie de Saint-Antoine de Ranvers - Fondazione Ordine Mauriziano\" \/>\n<meta property=\"og:description\" content=\"La Commanderie de Saint-Antoine de Ranvers met \u00e0 votre disposition des espaces qui constituent des emplacements parfaits pour des \u00e9v\u00e8nements, des f\u00eates, - Fondazione Ordine Mauriziano\" \/>\n<meta property=\"og:url\" content=\"https:\/\/www.ordinemauriziano.it\/fr\/precettoria-sant-antonio-ranverso\/les-espaces-evenementiels\/\" \/>\n<meta property=\"og:site_name\" content=\"Fondazione Ordine Mauriziano\" \/>\n<meta property=\"article:publisher\" content=\"https:\/\/www.facebook.com\/PalazzinaStupinigi.Mauriziano\" \/>\n<meta property=\"article:modified_time\" content=\"2024-05-08T12:41:52+00:00\" \/>\n<meta property=\"og:image\" content=\"https:\/\/www.ordinemauriziano.it\/wp-content\/uploads\/2023\/08\/23-fom-ranverso-header-2.jpg\" \/>\n\t<meta property=\"og:image:width\" content=\"1920\" \/>\n\t<meta property=\"og:image:height\" content=\"1080\" \/>\n\t<meta property=\"og:image:type\" content=\"image\/jpeg\" \/>\n<script type=\"application\/ld+json\" class=\"yoast-schema-graph\">{\"@context\":\"https:\/\/schema.org\",\"@graph\":[{\"@type\":\"WebPage\",\"@id\":\"https:\/\/www.ordinemauriziano.it\/fr\/precettoria-sant-antonio-ranverso\/les-espaces-evenementiels\/\",\"url\":\"https:\/\/www.ordinemauriziano.it\/fr\/precettoria-sant-antonio-ranverso\/les-espaces-evenementiels\/\",\"name\":\"Les espaces pour \u00e9v\u00e8nements et c\u00e9r\u00e9monies dans la Commanderie de Saint-Antoine de Ranvers - Fondazione Ordine Mauriziano\",\"isPartOf\":{\"@id\":\"https:\/\/www.ordinemauriziano.it\/fr\/#website\"},\"primaryImageOfPage\":{\"@id\":\"https:\/\/www.ordinemauriziano.it\/fr\/precettoria-sant-antonio-ranverso\/les-espaces-evenementiels\/#primaryimage\"},\"image\":{\"@id\":\"https:\/\/www.ordinemauriziano.it\/fr\/precettoria-sant-antonio-ranverso\/les-espaces-evenementiels\/#primaryimage\"},\"thumbnailUrl\":\"https:\/\/www.ordinemauriziano.it\/wp-content\/uploads\/2023\/08\/23-fom-ranverso-header-2.jpg\",\"datePublished\":\"2023-09-25T16:44:44+00:00\",\"dateModified\":\"2024-05-08T12:41:52+00:00\",\"description\":\"La Commanderie de Saint-Antoine de Ranvers met \u00e0 votre disposition des espaces qui constituent des emplacements parfaits pour des \u00e9v\u00e8nements, des f\u00eates, - Fondazione Ordine Mauriziano\",\"breadcrumb\":{\"@id\":\"https:\/\/www.ordinemauriziano.it\/fr\/precettoria-sant-antonio-ranverso\/les-espaces-evenementiels\/#breadcrumb\"},\"inLanguage\":\"fr-FR\",\"potentialAction\":[{\"@type\":\"ReadAction\",\"target\":[\"https:\/\/www.ordinemauriziano.it\/fr\/precettoria-sant-antonio-ranverso\/les-espaces-evenementiels\/\"]}]},{\"@type\":\"ImageObject\",\"inLanguage\":\"fr-FR\",\"@id\":\"https:\/\/www.ordinemauriziano.it\/fr\/precettoria-sant-antonio-ranverso\/les-espaces-evenementiels\/#primaryimage\",\"url\":\"https:\/\/www.ordinemauriziano.it\/wp-content\/uploads\/2023\/08\/23-fom-ranverso-header-2.jpg\",\"contentUrl\":\"https:\/\/www.ordinemauriziano.it\/wp-content\/uploads\/2023\/08\/23-fom-ranverso-header-2.jpg\",\"width\":1920,\"height\":1080},{\"@type\":\"BreadcrumbList\",\"@id\":\"https:\/\/www.ordinemauriziano.it\/fr\/precettoria-sant-antonio-ranverso\/les-espaces-evenementiels\/#breadcrumb\",\"itemListElement\":[{\"@type\":\"ListItem\",\"position\":1,\"name\":\"Home\",\"item\":\"https:\/\/www.ordinemauriziano.it\/fr\/\"},{\"@type\":\"ListItem\",\"position\":2,\"name\":\"Commanderie de Saint-Antoine de Ranvers\",\"item\":\"https:\/\/www.ordinemauriziano.it\/fr\/commanderie-de-saint-antoine-de-ranvers\/\"},{\"@type\":\"ListItem\",\"position\":3,\"name\":\"Les espaces pour \u00e9v\u00e8nements et c\u00e9r\u00e9monies dans la Commanderie de Saint-Antoine de Ranvers\"}]},{\"@type\":\"WebSite\",\"@id\":\"https:\/\/www.ordinemauriziano.it\/fr\/#website\",\"url\":\"https:\/\/www.ordinemauriziano.it\/fr\/\",\"name\":\"Fondazione Ordine Mauriziano\",\"description\":\"\",\"publisher\":{\"@id\":\"https:\/\/www.ordinemauriziano.it\/fr\/#organization\"},\"potentialAction\":[{\"@type\":\"SearchAction\",\"target\":{\"@type\":\"EntryPoint\",\"urlTemplate\":\"https:\/\/www.ordinemauriziano.it\/fr\/?s={search_term_string}\"},\"query-input\":{\"@type\":\"PropertyValueSpecification\",\"valueRequired\":true,\"valueName\":\"search_term_string\"}}],\"inLanguage\":\"fr-FR\"},{\"@type\":\"Organization\",\"@id\":\"https:\/\/www.ordinemauriziano.it\/fr\/#organization\",\"name\":\"Fondazione Torino Musei\",\"url\":\"https:\/\/www.ordinemauriziano.it\/fr\/\",\"logo\":{\"@type\":\"ImageObject\",\"inLanguage\":\"fr-FR\",\"@id\":\"https:\/\/www.ordinemauriziano.it\/fr\/#\/schema\/logo\/image\/\",\"url\":\"https:\/\/www.ordinemauriziano.it\/wp-content\/uploads\/2022\/05\/Fondazione-Ordine-Mauriziano.png\",\"contentUrl\":\"https:\/\/www.ordinemauriziano.it\/wp-content\/uploads\/2022\/05\/Fondazione-Ordine-Mauriziano.png\",\"width\":233,\"height\":76,\"caption\":\"Fondazione Torino Musei\"},\"image\":{\"@id\":\"https:\/\/www.ordinemauriziano.it\/fr\/#\/schema\/logo\/image\/\"},\"sameAs\":[\"https:\/\/www.facebook.com\/PalazzinaStupinigi.Mauriziano\",\"https:\/\/x.com\/Stupinigi_OM\",\"https:\/\/www.youtube.com\/user\/stupinigimauriziano\"]}]}<\/script>\n<!-- \/ Yoast SEO plugin. -->","yoast_head_json":{"title":"Les espaces pour \u00e9v\u00e8nements et c\u00e9r\u00e9monies dans la Commanderie de Saint-Antoine de Ranvers - Fondazione Ordine Mauriziano","description":"La Commanderie de Saint-Antoine de Ranvers met \u00e0 votre disposition des espaces qui constituent des emplacements parfaits pour des \u00e9v\u00e8nements, des f\u00eates, - Fondazione Ordine Mauriziano","robots":{"index":"index","follow":"follow","max-snippet":"max-snippet:-1","max-image-preview":"max-image-preview:large","max-video-preview":"max-video-preview:-1"},"canonical":"https:\/\/www.ordinemauriziano.it\/fr\/precettoria-sant-antonio-ranverso\/les-espaces-evenementiels\/","og_locale":"fr_FR","og_type":"article","og_title":"Les espaces pour \u00e9v\u00e8nements et c\u00e9r\u00e9monies dans la Commanderie de Saint-Antoine de Ranvers - Fondazione Ordine Mauriziano","og_description":"La Commanderie de Saint-Antoine de Ranvers met \u00e0 votre disposition des espaces qui constituent des emplacements parfaits pour des \u00e9v\u00e8nements, des f\u00eates, - Fondazione Ordine Mauriziano","og_url":"https:\/\/www.ordinemauriziano.it\/fr\/precettoria-sant-antonio-ranverso\/les-espaces-evenementiels\/","og_site_name":"Fondazione Ordine Mauriziano","article_publisher":"https:\/\/www.facebook.com\/PalazzinaStupinigi.Mauriziano","article_modified_time":"2024-05-08T12:41:52+00:00","og_image":[{"width":1920,"height":1080,"url":"https:\/\/www.ordinemauriziano.it\/wp-content\/uploads\/2023\/08\/23-fom-ranverso-header-2.jpg","type":"image\/jpeg"}],"schema":{"@context":"https:\/\/schema.org","@graph":[{"@type":"WebPage","@id":"https:\/\/www.ordinemauriziano.it\/fr\/precettoria-sant-antonio-ranverso\/les-espaces-evenementiels\/","url":"https:\/\/www.ordinemauriziano.it\/fr\/precettoria-sant-antonio-ranverso\/les-espaces-evenementiels\/","name":"Les espaces pour \u00e9v\u00e8nements et c\u00e9r\u00e9monies dans la Commanderie de Saint-Antoine de Ranvers - Fondazione Ordine Mauriziano","isPartOf":{"@id":"https:\/\/www.ordinemauriziano.it\/fr\/#website"},"primaryImageOfPage":{"@id":"https:\/\/www.ordinemauriziano.it\/fr\/precettoria-sant-antonio-ranverso\/les-espaces-evenementiels\/#primaryimage"},"image":{"@id":"https:\/\/www.ordinemauriziano.it\/fr\/precettoria-sant-antonio-ranverso\/les-espaces-evenementiels\/#primaryimage"},"thumbnailUrl":"https:\/\/www.ordinemauriziano.it\/wp-content\/uploads\/2023\/08\/23-fom-ranverso-header-2.jpg","datePublished":"2023-09-25T16:44:44+00:00","dateModified":"2024-05-08T12:41:52+00:00","description":"La Commanderie de Saint-Antoine de Ranvers met \u00e0 votre disposition des espaces qui constituent des emplacements parfaits pour des \u00e9v\u00e8nements, des f\u00eates, - Fondazione Ordine Mauriziano","breadcrumb":{"@id":"https:\/\/www.ordinemauriziano.it\/fr\/precettoria-sant-antonio-ranverso\/les-espaces-evenementiels\/#breadcrumb"},"inLanguage":"fr-FR","potentialAction":[{"@type":"ReadAction","target":["https:\/\/www.ordinemauriziano.it\/fr\/precettoria-sant-antonio-ranverso\/les-espaces-evenementiels\/"]}]},{"@type":"ImageObject","inLanguage":"fr-FR","@id":"https:\/\/www.ordinemauriziano.it\/fr\/precettoria-sant-antonio-ranverso\/les-espaces-evenementiels\/#primaryimage","url":"https:\/\/www.ordinemauriziano.it\/wp-content\/uploads\/2023\/08\/23-fom-ranverso-header-2.jpg","contentUrl":"https:\/\/www.ordinemauriziano.it\/wp-content\/uploads\/2023\/08\/23-fom-ranverso-header-2.jpg","width":1920,"height":1080},{"@type":"BreadcrumbList","@id":"https:\/\/www.ordinemauriziano.it\/fr\/precettoria-sant-antonio-ranverso\/les-espaces-evenementiels\/#breadcrumb","itemListElement":[{"@type":"ListItem","position":1,"name":"Home","item":"https:\/\/www.ordinemauriziano.it\/fr\/"},{"@type":"ListItem","position":2,"name":"Commanderie de Saint-Antoine de Ranvers","item":"https:\/\/www.ordinemauriziano.it\/fr\/commanderie-de-saint-antoine-de-ranvers\/"},{"@type":"ListItem","position":3,"name":"Les espaces pour \u00e9v\u00e8nements et c\u00e9r\u00e9monies dans la Commanderie de Saint-Antoine de Ranvers"}]},{"@type":"WebSite","@id":"https:\/\/www.ordinemauriziano.it\/fr\/#website","url":"https:\/\/www.ordinemauriziano.it\/fr\/","name":"Fondazione Ordine Mauriziano","description":"","publisher":{"@id":"https:\/\/www.ordinemauriziano.it\/fr\/#organization"},"potentialAction":[{"@type":"SearchAction","target":{"@type":"EntryPoint","urlTemplate":"https:\/\/www.ordinemauriziano.it\/fr\/?s={search_term_string}"},"query-input":{"@type":"PropertyValueSpecification","valueRequired":true,"valueName":"search_term_string"}}],"inLanguage":"fr-FR"},{"@type":"Organization","@id":"https:\/\/www.ordinemauriziano.it\/fr\/#organization","name":"Fondazione Torino Musei","url":"https:\/\/www.ordinemauriziano.it\/fr\/","logo":{"@type":"ImageObject","inLanguage":"fr-FR","@id":"https:\/\/www.ordinemauriziano.it\/fr\/#\/schema\/logo\/image\/","url":"https:\/\/www.ordinemauriziano.it\/wp-content\/uploads\/2022\/05\/Fondazione-Ordine-Mauriziano.png","contentUrl":"https:\/\/www.ordinemauriziano.it\/wp-content\/uploads\/2022\/05\/Fondazione-Ordine-Mauriziano.png","width":233,"height":76,"caption":"Fondazione Torino Musei"},"image":{"@id":"https:\/\/www.ordinemauriziano.it\/fr\/#\/schema\/logo\/image\/"},"sameAs":["https:\/\/www.facebook.com\/PalazzinaStupinigi.Mauriziano","https:\/\/x.com\/Stupinigi_OM","https:\/\/www.youtube.com\/user\/stupinigimauriziano"]}]}},"campaignId":"","_links":{"self":[{"href":"https:\/\/www.ordinemauriziano.it\/fr\/wp-json\/wp\/v2\/pages\/11405","targetHints":{"allow":["GET"]}}],"collection":[{"href":"https:\/\/www.ordinemauriziano.it\/fr\/wp-json\/wp\/v2\/pages"}],"about":[{"href":"https:\/\/www.ordinemauriziano.it\/fr\/wp-json\/wp\/v2\/types\/page"}],"author":[{"embeddable":true,"href":"https:\/\/www.ordinemauriziano.it\/fr\/wp-json\/wp\/v2\/users\/1"}],"replies":[{"embeddable":true,"href":"https:\/\/www.ordinemauriziano.it\/fr\/wp-json\/wp\/v2\/comments?post=11405"}],"version-history":[{"count":13,"href":"https:\/\/www.ordinemauriziano.it\/fr\/wp-json\/wp\/v2\/pages\/11405\/revisions"}],"predecessor-version":[{"id":13635,"href":"https:\/\/www.ordinemauriziano.it\/fr\/wp-json\/wp\/v2\/pages\/11405\/revisions\/13635"}],"up":[{"embeddable":true,"href":"https:\/\/www.ordinemauriziano.it\/fr\/wp-json\/wp\/v2\/pages\/11393"}],"wp:featuredmedia":[{"embeddable":true,"href":"https:\/\/www.ordinemauriziano.it\/fr\/wp-json\/wp\/v2\/media\/11099"}],"wp:attachment":[{"href":"https:\/\/www.ordinemauriziano.it\/fr\/wp-json\/wp\/v2\/media?parent=11405"}],"curies":[{"name":"wp","href":"https:\/\/api.w.org\/{rel}","templated":true}]}}