{"id":11408,"date":"2023-09-25T18:47:55","date_gmt":"2023-09-25T16:47:55","guid":{"rendered":"https:\/\/www.ordinemauriziano.it\/abbaye-de-sainte-marie-de-staffarda\/"},"modified":"2023-11-23T18:05:16","modified_gmt":"2023-11-23T17:05:16","slug":"abbaye-de-sainte-marie-de-staffarda","status":"publish","type":"page","link":"https:\/\/www.ordinemauriziano.it\/fr\/abbazia-maria-staffarda\/","title":{"rendered":"Abbaye de Sainte-Marie de Staffarda"},"content":{"rendered":"\t\t<div data-elementor-type=\"wp-page\" data-elementor-id=\"11408\" class=\"elementor elementor-11408 elementor-7807\" data-elementor-post-type=\"page\">\n\t\t\t\t<div class=\"elementor-element elementor-element-90e47c8 e-flex e-con-boxed e-con e-parent\" data-id=\"90e47c8\" data-element_type=\"container\" data-e-type=\"container\" data-settings=\"{&quot;background_background&quot;:&quot;classic&quot;}\">\n\t\t\t\t\t<div class=\"e-con-inner\">\n\t\t\t\t<div class=\"elementor-element elementor-element-3f01730 elementor-widget__width-inherit animation_type_block sc_fly_static elementor-widget elementor-widget-heading\" data-id=\"3f01730\" data-element_type=\"widget\" data-e-type=\"widget\" data-widget_type=\"heading.default\">\n\t\t\t\t<div class=\"elementor-widget-container\">\n\t\t\t\t\t<h2 class=\"elementor-heading-title elementor-size-default\">L\u2019histoire de l\u2019Abbaye de Staffarda<\/h2>\t\t\t\t<\/div>\n\t\t\t\t<\/div>\n\t\t\t\t<div class=\"elementor-element elementor-element-90024fb animation_type_block sc_fly_static elementor-widget elementor-widget-text-editor\" data-id=\"90024fb\" data-element_type=\"widget\" data-e-type=\"widget\" data-widget_type=\"text-editor.default\">\n\t\t\t\t<div class=\"elementor-widget-container\">\n\t\t\t\t\t\t\t\t\t<p>L\u2019Abbaye de Sainte-Marie de Staffarda \u00e0 Revello, en province de Cuneo, est l\u2019un des <strong>monast\u00e8res m\u00e9di\u00e9vaux les plus fascinants et importants du Pi\u00e9mont. <\/strong>Sa cr\u00e9ation remonte \u00e0 la p\u00e9riode <strong>entre 1122 et 1138<\/strong>. Il s\u2019agit de l\u2019\u00e9poque o\u00f9 le centre originaire de l\u2019Abbaye voit le jour sur le territoire de l\u2019ancien Marquisat de Saluzzo, dans le calme de la plaine qui entoure le Mont Viso.<\/p>\n<p>Les moines de l\u2019Abbaye, fid\u00e8les \u00e0 la r\u00e8gle cistercienne qui consid\u00e8re le travail manuel comme centre de la vie spirituelle, se d\u00e9dient \u00e0 la valorisation du territoire avec des <strong>travaux de bonification \u00e9labor\u00e9s<\/strong> qui offrent au Marquisat de nouvelles terres fertiles \u00e0 cultiver. En quelques ann\u00e9es, Staffarda se transforme en <strong>important<\/strong> <strong>centre religieux et agricole<\/strong>, un carrefour pour les campagnes environnantes comme lieu de pri\u00e8re et d\u2019\u00e9change des produits de la terre.<\/p>\n<p>Le monast\u00e8re devient le coeur de la communaut\u00e9 de Saluzzo, pour ensuite perdre son r\u00f4le central strat\u00e9gique \u00e0 partir du XIII si\u00e8cle. En 1690 les troupes fran\u00e7aises, guid\u00e9es par le g\u00e9n\u00e9ral Catinat, envahissent l\u2019Abbaye pendant la <strong>bataille de Staffarda<\/strong> et d\u00e9truisent les archives, la biblioth\u00e8que ainsi que des parties du clo\u00eetre et du r\u00e9fectoire. Gr\u00e2ce \u00e0 la bulle pontificale \u00e9mise par le Pape Ben\u00f4it XIV en 1750, Staffarda int\u00e8gre le <strong>patrimoine de l\u2019Ordre Mauricien de Turin<\/strong> qui, encore aujourd\u2019hui, conserve son charme hors du temps.<\/p>\n\t\t\t\t\t\t\t\t<\/div>\n\t\t\t\t<\/div>\n\t\t<div class=\"elementor-element elementor-element-1695b66 e-flex e-con-boxed e-con e-child\" data-id=\"1695b66\" data-element_type=\"container\" data-e-type=\"container\" data-settings=\"{&quot;background_background&quot;:&quot;classic&quot;}\">\n\t\t\t\t\t<div class=\"e-con-inner\">\n\t\t\t\t<div class=\"elementor-element elementor-element-48fae36 animation_type_block sc_fly_static elementor-widget elementor-widget-heading\" data-id=\"48fae36\" data-element_type=\"widget\" data-e-type=\"widget\" data-widget_type=\"heading.default\">\n\t\t\t\t<div class=\"elementor-widget-container\">\n\t\t\t\t\t<h3 class=\"elementor-heading-title elementor-size-default\">Organisez votre visite \u00e0 Staffarda<\/h3>\t\t\t\t<\/div>\n\t\t\t\t<\/div>\n\t\t\t\t<div class=\"elementor-element elementor-element-e73d127 animation_type_block sc_fly_static elementor-widget elementor-widget-spacer\" data-id=\"e73d127\" data-element_type=\"widget\" data-e-type=\"widget\" data-widget_type=\"spacer.default\">\n\t\t\t\t<div class=\"elementor-widget-container\">\n\t\t\t\t\t\t\t<div class=\"elementor-spacer\">\n\t\t\t<div class=\"elementor-spacer-inner\"><\/div>\n\t\t<\/div>\n\t\t\t\t\t\t<\/div>\n\t\t\t\t<\/div>\n\t\t\t\t<div class=\"elementor-element elementor-element-d0b3251 animation_type_block sc_fly_static elementor-widget elementor-widget-trx_sc_button\" data-id=\"d0b3251\" data-element_type=\"widget\" data-e-type=\"widget\" data-widget_type=\"trx_sc_button.default\">\n\t\t\t\t<div class=\"elementor-widget-container\">\n\t\t\t\t\t<div id=\"trx_sc_button_71989326\"\tclass=\"sc_item_button sc_button_wrap\"><a href=\"https:\/\/www.ordinemauriziano.it\/fr\/abbazia-maria-staffarda\/visita-staffarda\/\" class=\"sc_button sc_button_simple sc_button_size_normal sc_button_icon_left color_style_link2\"><span class=\"sc_button_text\"><span class=\"sc_button_title\">EN SAVOIR PLUS <\/span><\/span><!-- \/.sc_button_text --><\/a><!-- \/.sc_button --><\/div><!-- \/.sc_item_button -->\t\t\t\t<\/div>\n\t\t\t\t<\/div>\n\t\t\t\t\t<\/div>\n\t\t\t\t<\/div>\n\t\t\t\t<div class=\"elementor-element elementor-element-49275d7 elementor-widget__width-inherit animation_type_block sc_fly_static elementor-widget elementor-widget-heading\" data-id=\"49275d7\" data-element_type=\"widget\" data-e-type=\"widget\" data-widget_type=\"heading.default\">\n\t\t\t\t<div class=\"elementor-widget-container\">\n\t\t\t\t\t<h2 class=\"elementor-heading-title elementor-size-default\">L\u2019architecture de Sainte-Marie de Staffarda<\/h2>\t\t\t\t<\/div>\n\t\t\t\t<\/div>\n\t\t\t\t<div class=\"elementor-element elementor-element-1c2971a animation_type_block sc_fly_static elementor-widget elementor-widget-text-editor\" data-id=\"1c2971a\" data-element_type=\"widget\" data-e-type=\"widget\" data-widget_type=\"text-editor.default\">\n\t\t\t\t<div class=\"elementor-widget-container\">\n\t\t\t\t\t\t\t\t\t<p>L\u2019ordre cistercien est fond\u00e9 sur la r\u00e8gle de Saint Beno\u00eet qui impose la <strong>frugalit\u00e9<\/strong> dans chaque expression de la vie religieuse. Par cons\u00e9quent, aucun parement sacr\u00e9 n\u2019est pr\u00e9sent et les \u00e9l\u00e9ments d\u00e9coratifs sont repr\u00e9sent\u00e9s sous le signe de la simplicit\u00e9 sans faste. La rigueur dans le respect de cette r\u00e8gle se refl\u00e8te aussi dans <strong>l\u2019architecture romano-gothique du monast\u00e8re<\/strong>: Staffarda se d\u00e9marque d\u2019une fa\u00e7on majestueuse gr\u00e2ce \u00e0 son <strong>plan \u00e0 trois nefs avec des absides semi-circulaires<\/strong>. L\u2019utilisation de mat\u00e9riaux naturels comme la pierre et les briques apparentes souligne la renonciation \u00e0 tout type de clinquant et d\u2019embellissement.<\/p>\n<p>A l\u2019int\u00e9rieur de l\u2019Abbaye de Staffarda on peut noter, en particulier dans l\u2019\u00e9glise, une structure <strong>l\u00e9g\u00e8rement asym\u00e9trique,<\/strong> con\u00e7ue ainsi pour mettre en avant la spiritualit\u00e9 du lieu. La pierre et les briques s\u2019alternent en cr\u00e9ant des motifs r\u00e9p\u00e9titifs blancs et rouges, ainsi que des <strong>petites \u00e9toiles rouges<\/strong> qui d\u00e9corent les vo\u00fbtes des nefs. Sur l\u2019all\u00e9e centrale en particulier, il est possible de suivre un parcours de <strong>symboles<\/strong> qui va de la naissance du monde \u00e0 la r\u00e9surrection du Christ. Au fond de la cuvette de l\u2019abside on peut admirer le <strong>Polyptique de Pascale Oddone<\/strong> de 1531, <strong>l\u2019autel en bois<\/strong> r\u00e9alis\u00e9 par Agostino Nigra en 1525 ainsi que le groupe en bois du XVI si\u00e8cle repr\u00e9sentant la <strong>Crucifixion<\/strong>.<\/p>\n<p>Le symbole le plus myst\u00e9rieux de l\u2019abbaye est, toutefois, <strong>la Rose de Staffarda<\/strong> situ\u00e9e \u00e0 l\u2019extr\u00e9mit\u00e9 de l\u2019all\u00e9e droite: un enchev\u00eatrement complexe de courbes et de cercles en position asym\u00e9trique par rapport \u00e0 la paroi. Un dessin d\u2019une grande valeur symbolique qui fascine et intrigue sans r\u00e9v\u00e9ler son origine.<\/p>\n<p>Le <strong>clo\u00eetre<\/strong>, entour\u00e9 en partie par des petites colonnes, \u00e9tait le centre de la vie monastique, ainsi que l&rsquo;endroit de jonction entre les diff\u00e9rentes pi\u00e8ces du complexe, comme le <strong>r\u00e9fectoire<\/strong>, o\u00f9 se trouvent les traces d\u2019un tableau qui repr\u00e9sente \u201cLa derni\u00e8re c\u00e8ne\u201d, ou la <strong>salle capitulaire<\/strong>, \u00e0 laquelle il est possible d\u2019acc\u00e9der encore aujourd\u2019hui lors des visites guid\u00e9es \u00e0 l\u2019Abbaye de Staffarda.<\/p>\n<p>A l\u2019ext\u00e9rieur on peut voir la <strong>fa\u00e7ade avec le portique<\/strong> \u00e0 quatre arcades, l\u00e9g\u00e8rement recul\u00e9e par rapport au reste de la structure et qui a \u00e9t\u00e9 r\u00e9alis\u00e9e successivement. La <strong>maison d\u2019h\u00f4tes<\/strong> et le <strong>march\u00e9 couvert<\/strong> compl\u00e8tent le complexe de l\u2019abbaye.<\/p>\n\t\t\t\t\t\t\t\t<\/div>\n\t\t\t\t<\/div>\n\t\t\t\t<div class=\"elementor-element elementor-element-e066d55 elementor-widget__width-inherit animation_type_block sc_fly_static elementor-widget elementor-widget-heading\" data-id=\"e066d55\" data-element_type=\"widget\" data-e-type=\"widget\" data-widget_type=\"heading.default\">\n\t\t\t\t<div class=\"elementor-widget-container\">\n\t\t\t\t\t<h3 class=\"elementor-heading-title elementor-size-default\">Les \u00e9v\u00e8nements de Staffarda<\/h3>\t\t\t\t<\/div>\n\t\t\t\t<\/div>\n\t\t\t\t<div class=\"elementor-element elementor-element-8ddf5ce animation_type_block sc_fly_static elementor-widget elementor-widget-text-editor\" data-id=\"8ddf5ce\" data-element_type=\"widget\" data-e-type=\"widget\" data-widget_type=\"text-editor.default\">\n\t\t\t\t<div class=\"elementor-widget-container\">\n\t\t\t\t\t\t\t\t\t<p>Expositions, \u00e9v\u00e8nements culturels et visites guid\u00e9es pour d\u00e9couvrir tous les secrets de l\u2019Abbaye.<\/p>\t\t\t\t\t\t\t\t<\/div>\n\t\t\t\t<\/div>\n\t\t\t\t<div class=\"elementor-element elementor-element-82793c8 elementor-widget__width-inherit animation_type_block sc_fly_static elementor-widget elementor-widget-trx_sc_button\" data-id=\"82793c8\" data-element_type=\"widget\" data-e-type=\"widget\" data-widget_type=\"trx_sc_button.default\">\n\t\t\t\t<div class=\"elementor-widget-container\">\n\t\t\t\t\t<div id=\"trx_sc_button_2129191821\"\tclass=\"sc_item_button sc_button_wrap\"><a href=\"https:\/\/www.ordinemauriziano.it\/fr\/contacts\/\" class=\"sc_button sc_button_simple sc_button_size_normal sc_button_icon_left color_style_dark\"><span class=\"sc_button_text\"><span class=\"sc_button_title\">PLUS D\u2019INFORMATIONS<\/span><\/span><!-- \/.sc_button_text --><\/a><!-- \/.sc_button --><\/div><!-- \/.sc_item_button -->\t\t\t\t<\/div>\n\t\t\t\t<\/div>\n\t\t<div class=\"elementor-element elementor-element-3dedc33 e-con-full e-flex e-con e-child\" data-id=\"3dedc33\" data-element_type=\"container\" data-e-type=\"container\">\n\t\t\t\t<div class=\"elementor-element elementor-element-d909dab elementor-widget__width-inherit animation_type_block sc_fly_static elementor-widget elementor-widget-heading\" data-id=\"d909dab\" data-element_type=\"widget\" data-e-type=\"widget\" data-widget_type=\"heading.default\">\n\t\t\t\t<div class=\"elementor-widget-container\">\n\t\t\t\t\t<h3 class=\"elementor-heading-title elementor-size-default\">L\u2019Abbaye de Staffarda \u00e0 travers les images <\/h3>\t\t\t\t<\/div>\n\t\t\t\t<\/div>\n\t\t\t\t<div class=\"elementor-element elementor-element-f002b3c animation_type_block sc_fly_static elementor-widget elementor-widget-text-editor\" data-id=\"f002b3c\" data-element_type=\"widget\" data-e-type=\"widget\" data-widget_type=\"text-editor.default\">\n\t\t\t\t<div class=\"elementor-widget-container\">\n\t\t\t\t\t\t\t\t\t<p>Une s\u00e9lection de photos pour vous plonger dans la beaut\u00e9 de Staffarda et du territoire incroyable qui entoure l\u2019Abbaye.<\/p>\t\t\t\t\t\t\t\t<\/div>\n\t\t\t\t<\/div>\n\t\t\t\t<\/div>\n\t\t\t\t\t<\/div>\n\t\t\t\t<\/div>\n\t\t<div class=\"elementor-element elementor-element-ccd4e5f e-flex e-con-boxed e-con e-parent\" data-id=\"ccd4e5f\" data-element_type=\"container\" data-e-type=\"container\">\n\t\t\t\t\t<div class=\"e-con-inner\">\n\t\t\t\t<div class=\"elementor-element elementor-element-4476f52 animation_type_block sc_fly_static elementor-widget elementor-widget-image-carousel\" data-id=\"4476f52\" data-element_type=\"widget\" data-e-type=\"widget\" data-settings=\"{&quot;slides_to_show&quot;:&quot;5&quot;,&quot;slides_to_scroll&quot;:&quot;1&quot;,&quot;navigation&quot;:&quot;none&quot;,&quot;image_spacing_custom&quot;:{&quot;unit&quot;:&quot;px&quot;,&quot;size&quot;:10,&quot;sizes&quot;:[]},&quot;slides_to_show_tablet&quot;:&quot;3&quot;,&quot;autoplay&quot;:&quot;yes&quot;,&quot;pause_on_hover&quot;:&quot;yes&quot;,&quot;pause_on_interaction&quot;:&quot;yes&quot;,&quot;autoplay_speed&quot;:5000,&quot;infinite&quot;:&quot;yes&quot;,&quot;speed&quot;:500,&quot;image_spacing_custom_tablet&quot;:{&quot;unit&quot;:&quot;px&quot;,&quot;size&quot;:&quot;&quot;,&quot;sizes&quot;:[]},&quot;image_spacing_custom_mobile&quot;:{&quot;unit&quot;:&quot;px&quot;,&quot;size&quot;:&quot;&quot;,&quot;sizes&quot;:[]}}\" data-widget_type=\"image-carousel.default\">\n\t\t\t\t<div class=\"elementor-widget-container\">\n\t\t\t\t\t\t\t<div class=\"elementor-image-carousel-wrapper swiper\" role=\"region\" aria-roledescription=\"carousel\" aria-label=\"Carrousel d\u2019images\" dir=\"ltr\">\n\t\t\t<div class=\"elementor-image-carousel swiper-wrapper\" aria-live=\"off\">\n\t\t\t\t\t\t\t\t<div class=\"swiper-slide\" role=\"group\" aria-roledescription=\"slide\" aria-label=\"1 sur 5\"><figure class=\"swiper-slide-inner\"><img decoding=\"async\" class=\"swiper-slide-image\" src=\"https:\/\/www.ordinemauriziano.it\/wp-content\/uploads\/2023\/07\/23-fom-sito-web-asset-staffarda-carosello-4-300x251.jpg\" alt=\"Vista di staffarda con giardino\" \/><\/figure><\/div><div class=\"swiper-slide\" role=\"group\" aria-roledescription=\"slide\" aria-label=\"2 sur 5\"><figure class=\"swiper-slide-inner\"><img decoding=\"async\" class=\"swiper-slide-image\" src=\"https:\/\/www.ordinemauriziano.it\/wp-content\/uploads\/2023\/07\/23-fom-sito-web-asset-staffarda-carosello-3-300x251.jpg\" alt=\"Vista interno abazzia\" \/><\/figure><\/div><div class=\"swiper-slide\" role=\"group\" aria-roledescription=\"slide\" aria-label=\"3 sur 5\"><figure class=\"swiper-slide-inner\"><img decoding=\"async\" class=\"swiper-slide-image\" src=\"https:\/\/www.ordinemauriziano.it\/wp-content\/uploads\/2023\/07\/23-fom-sito-web-asset-staffarda-carosello-5-300x251.jpg\" alt=\"Vista arcate\" \/><\/figure><\/div><div class=\"swiper-slide\" role=\"group\" aria-roledescription=\"slide\" aria-label=\"4 sur 5\"><figure class=\"swiper-slide-inner\"><img decoding=\"async\" class=\"swiper-slide-image\" src=\"https:\/\/www.ordinemauriziano.it\/wp-content\/uploads\/2023\/07\/23-fom-sito-web-asset-staffarda-carosello-2-300x251.jpg\" alt=\"Vista dettaglio giardino\" \/><\/figure><\/div><div class=\"swiper-slide\" role=\"group\" aria-roledescription=\"slide\" aria-label=\"5 sur 5\"><figure class=\"swiper-slide-inner\"><img decoding=\"async\" class=\"swiper-slide-image\" src=\"https:\/\/www.ordinemauriziano.it\/wp-content\/uploads\/2023\/07\/23-fom-sito-web-asset-staffarda-carosello-1-300x251.jpg\" alt=\"Vista frontale con giardino\" \/><\/figure><\/div>\t\t\t<\/div>\n\t\t\t\t\t\t\t\n\t\t\t\t\t\t\t\t\t<\/div>\n\t\t\t\t\t\t<\/div>\n\t\t\t\t<\/div>\n\t\t\t\t\t<\/div>\n\t\t\t\t<\/div>\n\t\t<div class=\"elementor-element elementor-element-b433b3e e-con-full e-flex e-con e-parent\" data-id=\"b433b3e\" data-element_type=\"container\" data-e-type=\"container\" data-settings=\"{&quot;background_background&quot;:&quot;classic&quot;}\">\n\t\t<div class=\"elementor-element elementor-element-d203c25 e-con-full e-flex e-con e-child\" data-id=\"d203c25\" data-element_type=\"container\" data-e-type=\"container\">\n\t\t\t\t<div class=\"elementor-element elementor-element-d837417 animation_type_block sc_fly_static elementor-widget elementor-widget-google_maps\" data-id=\"d837417\" data-element_type=\"widget\" data-e-type=\"widget\" data-widget_type=\"google_maps.default\">\n\t\t\t\t<div class=\"elementor-widget-container\">\n\t\t\t\t\t\t\t<div class=\"elementor-custom-embed\">\n\t\t\t<iframe loading=\"lazy\"\n\t\t\t\t\tsrc=\"https:\/\/maps.google.com\/maps?q=abbazia%20staffarda&#038;t=m&#038;z=15&#038;output=embed&#038;iwloc=near\"\n\t\t\t\t\ttitle=\"abbazia staffarda\"\n\t\t\t\t\taria-label=\"abbazia staffarda\"\n\t\t\t><\/iframe>\n\t\t<\/div>\n\t\t\t\t\t\t<\/div>\n\t\t\t\t<\/div>\n\t\t\t\t<\/div>\n\t\t<div class=\"elementor-element elementor-element-843e83c e-con-full e-flex e-con e-child\" data-id=\"843e83c\" data-element_type=\"container\" data-e-type=\"container\">\n\t\t\t\t<div class=\"elementor-element elementor-element-ebd3339 animation_type_block sc_fly_static elementor-widget elementor-widget-heading\" data-id=\"ebd3339\" data-element_type=\"widget\" data-e-type=\"widget\" data-widget_type=\"heading.default\">\n\t\t\t\t<div class=\"elementor-widget-container\">\n\t\t\t\t\t<h2 class=\"elementor-heading-title elementor-size-default\">Infos e Contacts<\/h2>\t\t\t\t<\/div>\n\t\t\t\t<\/div>\n\t\t\t\t<div class=\"elementor-element elementor-element-9fd2f71 animation_type_block sc_fly_static elementor-widget elementor-widget-text-editor\" data-id=\"9fd2f71\" data-element_type=\"widget\" data-e-type=\"widget\" data-widget_type=\"text-editor.default\">\n\t\t\t\t<div class=\"elementor-widget-container\">\n\t\t\t\t\t\t\t\t\t<div><strong>Piazza Roma, 2<\/strong><\/div><div><strong>12036 Frazione Staffarda \u2013 Revello (CN)<\/strong><\/div><div>\u00a0<\/div><div><span style=\"font-family: Metropolis, sans-serif; font-size: 15px; font-style: normal; font-weight: 400;\">+39 011 6200602<\/span><br \/><span style=\"font-family: Metropolis, sans-serif; font-size: 15px; font-style: normal; font-weight: 400;\">staffarda@biglietteria.<\/span><wbr \/><span style=\"font-family: Metropolis, sans-serif; font-size: 15px; font-style: normal; font-weight: 400;\">ordinemauriziano.it<\/span><\/div>\t\t\t\t\t\t\t\t<\/div>\n\t\t\t\t<\/div>\n\t\t\t\t<\/div>\n\t\t\t\t<\/div>\n\t\t\t\t<\/div>\n\t\t","protected":false},"excerpt":{"rendered":"<p>L\u2019histoire de l\u2019Abbaye de Staffarda L\u2019Abbaye de Sainte-Marie de Staffarda \u00e0 Revello, en province de Cuneo, est l\u2019un des monast\u00e8res m\u00e9di\u00e9vaux les plus fascinants et importants du Pi\u00e9mont. Sa cr\u00e9ation remonte \u00e0 la p\u00e9riode entre 1122 et 1138. Il s\u2019agit de l\u2019\u00e9poque o\u00f9 le centre&hellip;<\/p>\n","protected":false},"author":1,"featured_media":11060,"parent":0,"menu_order":0,"comment_status":"closed","ping_status":"closed","template":"","meta":{"give_campaign_id":0,"footnotes":""},"class_list":["post-11408","page","type-page","status-publish","has-post-thumbnail","hentry"],"yoast_head":"<!-- This site is optimized with the Yoast SEO plugin v27.2 - https:\/\/yoast.com\/product\/yoast-seo-wordpress\/ -->\n<title>Abbaye de Sainte-Marie de Staffarda - Fondazione Ordine Mauriziano<\/title>\n<meta name=\"description\" content=\"L\u2019histoire de l\u2019Abbaye de Staffarda L\u2019Abbaye de Sainte-Marie de Staffarda \u00e0 Revello, en province de Cuneo, est l\u2019un des monast\u00e8res m\u00e9di\u00e9vaux les plus - Fondazione Ordine Mauriziano\" \/>\n<meta name=\"robots\" content=\"index, follow, max-snippet:-1, max-image-preview:large, max-video-preview:-1\" \/>\n<link rel=\"canonical\" href=\"https:\/\/www.ordinemauriziano.it\/fr\/abbazia-maria-staffarda\/\" \/>\n<meta property=\"og:locale\" content=\"fr_FR\" \/>\n<meta property=\"og:type\" content=\"article\" \/>\n<meta property=\"og:title\" content=\"Abbaye de Sainte-Marie de Staffarda - Fondazione Ordine Mauriziano\" \/>\n<meta property=\"og:description\" content=\"L\u2019histoire de l\u2019Abbaye de Staffarda L\u2019Abbaye de Sainte-Marie de Staffarda \u00e0 Revello, en province de Cuneo, est l\u2019un des monast\u00e8res m\u00e9di\u00e9vaux les plus - Fondazione Ordine Mauriziano\" \/>\n<meta property=\"og:url\" content=\"https:\/\/www.ordinemauriziano.it\/fr\/abbazia-maria-staffarda\/\" \/>\n<meta property=\"og:site_name\" content=\"Fondazione Ordine Mauriziano\" \/>\n<meta property=\"article:publisher\" content=\"https:\/\/www.facebook.com\/PalazzinaStupinigi.Mauriziano\" \/>\n<meta property=\"article:modified_time\" content=\"2023-11-23T17:05:16+00:00\" \/>\n<meta property=\"og:image\" content=\"https:\/\/www.ordinemauriziano.it\/wp-content\/uploads\/2023\/07\/23-fom-sito-web-asset-staffarda-header.jpg\" \/>\n\t<meta property=\"og:image:width\" content=\"1920\" \/>\n\t<meta property=\"og:image:height\" content=\"1080\" \/>\n\t<meta property=\"og:image:type\" content=\"image\/jpeg\" \/>\n<script type=\"application\/ld+json\" class=\"yoast-schema-graph\">{\"@context\":\"https:\/\/schema.org\",\"@graph\":[{\"@type\":\"WebPage\",\"@id\":\"https:\/\/www.ordinemauriziano.it\/fr\/abbazia-maria-staffarda\/\",\"url\":\"https:\/\/www.ordinemauriziano.it\/fr\/abbazia-maria-staffarda\/\",\"name\":\"Abbaye de Sainte-Marie de Staffarda - Fondazione Ordine Mauriziano\",\"isPartOf\":{\"@id\":\"https:\/\/www.ordinemauriziano.it\/fr\/#website\"},\"primaryImageOfPage\":{\"@id\":\"https:\/\/www.ordinemauriziano.it\/fr\/abbazia-maria-staffarda\/#primaryimage\"},\"image\":{\"@id\":\"https:\/\/www.ordinemauriziano.it\/fr\/abbazia-maria-staffarda\/#primaryimage\"},\"thumbnailUrl\":\"https:\/\/www.ordinemauriziano.it\/wp-content\/uploads\/2023\/07\/23-fom-sito-web-asset-staffarda-header.jpg\",\"datePublished\":\"2023-09-25T16:47:55+00:00\",\"dateModified\":\"2023-11-23T17:05:16+00:00\",\"description\":\"L\u2019histoire de l\u2019Abbaye de Staffarda L\u2019Abbaye de Sainte-Marie de Staffarda \u00e0 Revello, en province de Cuneo, est l\u2019un des monast\u00e8res m\u00e9di\u00e9vaux les plus - Fondazione Ordine Mauriziano\",\"breadcrumb\":{\"@id\":\"https:\/\/www.ordinemauriziano.it\/fr\/abbazia-maria-staffarda\/#breadcrumb\"},\"inLanguage\":\"fr-FR\",\"potentialAction\":[{\"@type\":\"ReadAction\",\"target\":[\"https:\/\/www.ordinemauriziano.it\/fr\/abbazia-maria-staffarda\/\"]}]},{\"@type\":\"ImageObject\",\"inLanguage\":\"fr-FR\",\"@id\":\"https:\/\/www.ordinemauriziano.it\/fr\/abbazia-maria-staffarda\/#primaryimage\",\"url\":\"https:\/\/www.ordinemauriziano.it\/wp-content\/uploads\/2023\/07\/23-fom-sito-web-asset-staffarda-header.jpg\",\"contentUrl\":\"https:\/\/www.ordinemauriziano.it\/wp-content\/uploads\/2023\/07\/23-fom-sito-web-asset-staffarda-header.jpg\",\"width\":1920,\"height\":1080},{\"@type\":\"BreadcrumbList\",\"@id\":\"https:\/\/www.ordinemauriziano.it\/fr\/abbazia-maria-staffarda\/#breadcrumb\",\"itemListElement\":[{\"@type\":\"ListItem\",\"position\":1,\"name\":\"Home\",\"item\":\"https:\/\/www.ordinemauriziano.it\/fr\/\"},{\"@type\":\"ListItem\",\"position\":2,\"name\":\"Abbaye de Sainte-Marie de Staffarda\"}]},{\"@type\":\"WebSite\",\"@id\":\"https:\/\/www.ordinemauriziano.it\/fr\/#website\",\"url\":\"https:\/\/www.ordinemauriziano.it\/fr\/\",\"name\":\"Fondazione Ordine Mauriziano\",\"description\":\"\",\"publisher\":{\"@id\":\"https:\/\/www.ordinemauriziano.it\/fr\/#organization\"},\"potentialAction\":[{\"@type\":\"SearchAction\",\"target\":{\"@type\":\"EntryPoint\",\"urlTemplate\":\"https:\/\/www.ordinemauriziano.it\/fr\/?s={search_term_string}\"},\"query-input\":{\"@type\":\"PropertyValueSpecification\",\"valueRequired\":true,\"valueName\":\"search_term_string\"}}],\"inLanguage\":\"fr-FR\"},{\"@type\":\"Organization\",\"@id\":\"https:\/\/www.ordinemauriziano.it\/fr\/#organization\",\"name\":\"Fondazione Torino Musei\",\"url\":\"https:\/\/www.ordinemauriziano.it\/fr\/\",\"logo\":{\"@type\":\"ImageObject\",\"inLanguage\":\"fr-FR\",\"@id\":\"https:\/\/www.ordinemauriziano.it\/fr\/#\/schema\/logo\/image\/\",\"url\":\"https:\/\/www.ordinemauriziano.it\/wp-content\/uploads\/2022\/05\/Fondazione-Ordine-Mauriziano.png\",\"contentUrl\":\"https:\/\/www.ordinemauriziano.it\/wp-content\/uploads\/2022\/05\/Fondazione-Ordine-Mauriziano.png\",\"width\":233,\"height\":76,\"caption\":\"Fondazione Torino Musei\"},\"image\":{\"@id\":\"https:\/\/www.ordinemauriziano.it\/fr\/#\/schema\/logo\/image\/\"},\"sameAs\":[\"https:\/\/www.facebook.com\/PalazzinaStupinigi.Mauriziano\",\"https:\/\/x.com\/Stupinigi_OM\",\"https:\/\/www.youtube.com\/user\/stupinigimauriziano\"]}]}<\/script>\n<!-- \/ Yoast SEO plugin. -->","yoast_head_json":{"title":"Abbaye de Sainte-Marie de Staffarda - Fondazione Ordine Mauriziano","description":"L\u2019histoire de l\u2019Abbaye de Staffarda L\u2019Abbaye de Sainte-Marie de Staffarda \u00e0 Revello, en province de Cuneo, est l\u2019un des monast\u00e8res m\u00e9di\u00e9vaux les plus - Fondazione Ordine Mauriziano","robots":{"index":"index","follow":"follow","max-snippet":"max-snippet:-1","max-image-preview":"max-image-preview:large","max-video-preview":"max-video-preview:-1"},"canonical":"https:\/\/www.ordinemauriziano.it\/fr\/abbazia-maria-staffarda\/","og_locale":"fr_FR","og_type":"article","og_title":"Abbaye de Sainte-Marie de Staffarda - Fondazione Ordine Mauriziano","og_description":"L\u2019histoire de l\u2019Abbaye de Staffarda L\u2019Abbaye de Sainte-Marie de Staffarda \u00e0 Revello, en province de Cuneo, est l\u2019un des monast\u00e8res m\u00e9di\u00e9vaux les plus - Fondazione Ordine Mauriziano","og_url":"https:\/\/www.ordinemauriziano.it\/fr\/abbazia-maria-staffarda\/","og_site_name":"Fondazione Ordine Mauriziano","article_publisher":"https:\/\/www.facebook.com\/PalazzinaStupinigi.Mauriziano","article_modified_time":"2023-11-23T17:05:16+00:00","og_image":[{"width":1920,"height":1080,"url":"https:\/\/www.ordinemauriziano.it\/wp-content\/uploads\/2023\/07\/23-fom-sito-web-asset-staffarda-header.jpg","type":"image\/jpeg"}],"schema":{"@context":"https:\/\/schema.org","@graph":[{"@type":"WebPage","@id":"https:\/\/www.ordinemauriziano.it\/fr\/abbazia-maria-staffarda\/","url":"https:\/\/www.ordinemauriziano.it\/fr\/abbazia-maria-staffarda\/","name":"Abbaye de Sainte-Marie de Staffarda - Fondazione Ordine Mauriziano","isPartOf":{"@id":"https:\/\/www.ordinemauriziano.it\/fr\/#website"},"primaryImageOfPage":{"@id":"https:\/\/www.ordinemauriziano.it\/fr\/abbazia-maria-staffarda\/#primaryimage"},"image":{"@id":"https:\/\/www.ordinemauriziano.it\/fr\/abbazia-maria-staffarda\/#primaryimage"},"thumbnailUrl":"https:\/\/www.ordinemauriziano.it\/wp-content\/uploads\/2023\/07\/23-fom-sito-web-asset-staffarda-header.jpg","datePublished":"2023-09-25T16:47:55+00:00","dateModified":"2023-11-23T17:05:16+00:00","description":"L\u2019histoire de l\u2019Abbaye de Staffarda L\u2019Abbaye de Sainte-Marie de Staffarda \u00e0 Revello, en province de Cuneo, est l\u2019un des monast\u00e8res m\u00e9di\u00e9vaux les plus - Fondazione Ordine Mauriziano","breadcrumb":{"@id":"https:\/\/www.ordinemauriziano.it\/fr\/abbazia-maria-staffarda\/#breadcrumb"},"inLanguage":"fr-FR","potentialAction":[{"@type":"ReadAction","target":["https:\/\/www.ordinemauriziano.it\/fr\/abbazia-maria-staffarda\/"]}]},{"@type":"ImageObject","inLanguage":"fr-FR","@id":"https:\/\/www.ordinemauriziano.it\/fr\/abbazia-maria-staffarda\/#primaryimage","url":"https:\/\/www.ordinemauriziano.it\/wp-content\/uploads\/2023\/07\/23-fom-sito-web-asset-staffarda-header.jpg","contentUrl":"https:\/\/www.ordinemauriziano.it\/wp-content\/uploads\/2023\/07\/23-fom-sito-web-asset-staffarda-header.jpg","width":1920,"height":1080},{"@type":"BreadcrumbList","@id":"https:\/\/www.ordinemauriziano.it\/fr\/abbazia-maria-staffarda\/#breadcrumb","itemListElement":[{"@type":"ListItem","position":1,"name":"Home","item":"https:\/\/www.ordinemauriziano.it\/fr\/"},{"@type":"ListItem","position":2,"name":"Abbaye de Sainte-Marie de Staffarda"}]},{"@type":"WebSite","@id":"https:\/\/www.ordinemauriziano.it\/fr\/#website","url":"https:\/\/www.ordinemauriziano.it\/fr\/","name":"Fondazione Ordine Mauriziano","description":"","publisher":{"@id":"https:\/\/www.ordinemauriziano.it\/fr\/#organization"},"potentialAction":[{"@type":"SearchAction","target":{"@type":"EntryPoint","urlTemplate":"https:\/\/www.ordinemauriziano.it\/fr\/?s={search_term_string}"},"query-input":{"@type":"PropertyValueSpecification","valueRequired":true,"valueName":"search_term_string"}}],"inLanguage":"fr-FR"},{"@type":"Organization","@id":"https:\/\/www.ordinemauriziano.it\/fr\/#organization","name":"Fondazione Torino Musei","url":"https:\/\/www.ordinemauriziano.it\/fr\/","logo":{"@type":"ImageObject","inLanguage":"fr-FR","@id":"https:\/\/www.ordinemauriziano.it\/fr\/#\/schema\/logo\/image\/","url":"https:\/\/www.ordinemauriziano.it\/wp-content\/uploads\/2022\/05\/Fondazione-Ordine-Mauriziano.png","contentUrl":"https:\/\/www.ordinemauriziano.it\/wp-content\/uploads\/2022\/05\/Fondazione-Ordine-Mauriziano.png","width":233,"height":76,"caption":"Fondazione Torino Musei"},"image":{"@id":"https:\/\/www.ordinemauriziano.it\/fr\/#\/schema\/logo\/image\/"},"sameAs":["https:\/\/www.facebook.com\/PalazzinaStupinigi.Mauriziano","https:\/\/x.com\/Stupinigi_OM","https:\/\/www.youtube.com\/user\/stupinigimauriziano"]}]}},"campaignId":"","_links":{"self":[{"href":"https:\/\/www.ordinemauriziano.it\/fr\/wp-json\/wp\/v2\/pages\/11408","targetHints":{"allow":["GET"]}}],"collection":[{"href":"https:\/\/www.ordinemauriziano.it\/fr\/wp-json\/wp\/v2\/pages"}],"about":[{"href":"https:\/\/www.ordinemauriziano.it\/fr\/wp-json\/wp\/v2\/types\/page"}],"author":[{"embeddable":true,"href":"https:\/\/www.ordinemauriziano.it\/fr\/wp-json\/wp\/v2\/users\/1"}],"replies":[{"embeddable":true,"href":"https:\/\/www.ordinemauriziano.it\/fr\/wp-json\/wp\/v2\/comments?post=11408"}],"version-history":[{"count":19,"href":"https:\/\/www.ordinemauriziano.it\/fr\/wp-json\/wp\/v2\/pages\/11408\/revisions"}],"predecessor-version":[{"id":12569,"href":"https:\/\/www.ordinemauriziano.it\/fr\/wp-json\/wp\/v2\/pages\/11408\/revisions\/12569"}],"wp:featuredmedia":[{"embeddable":true,"href":"https:\/\/www.ordinemauriziano.it\/fr\/wp-json\/wp\/v2\/media\/11060"}],"wp:attachment":[{"href":"https:\/\/www.ordinemauriziano.it\/fr\/wp-json\/wp\/v2\/media?parent=11408"}],"curies":[{"name":"wp","href":"https:\/\/api.w.org\/{rel}","templated":true}]}}