{"id":11414,"date":"2023-09-25T21:59:32","date_gmt":"2023-09-25T19:59:32","guid":{"rendered":"https:\/\/www.ordinemauriziano.it\/abbaye-de-sainte-marie-de-staffarda\/visita-staffarda-orari-e-info-utili\/"},"modified":"2023-11-24T20:30:20","modified_gmt":"2023-11-24T19:30:20","slug":"visita-staffarda-orari-e-info-utili","status":"publish","type":"page","link":"https:\/\/www.ordinemauriziano.it\/fr\/abbazia-maria-staffarda\/visiter-staffarda\/","title":{"rendered":"Visiter Staffarda: horaires et informations utiles"},"content":{"rendered":"\t\t<div data-elementor-type=\"wp-page\" data-elementor-id=\"11414\" class=\"elementor elementor-11414 elementor-8364\" data-elementor-post-type=\"page\">\n\t\t\t\t<div class=\"elementor-element elementor-element-63cd554 e-flex e-con-boxed e-con e-parent\" data-id=\"63cd554\" data-element_type=\"container\" data-e-type=\"container\" data-settings=\"{&quot;background_background&quot;:&quot;classic&quot;}\">\n\t\t\t\t\t<div class=\"e-con-inner\">\n\t\t\t\t<div class=\"elementor-element elementor-element-96d53ed elementor-widget__width-inherit animation_type_block sc_fly_static elementor-widget elementor-widget-heading\" data-id=\"96d53ed\" data-element_type=\"widget\" data-e-type=\"widget\" data-widget_type=\"heading.default\">\n\t\t\t\t<div class=\"elementor-widget-container\">\n\t\t\t\t\t<h2 class=\"elementor-heading-title elementor-size-default\">Horaires de visite<\/h2>\t\t\t\t<\/div>\n\t\t\t\t<\/div>\n\t\t\t\t<div class=\"elementor-element elementor-element-2a4a0ad elementor-widget__width-initial animation_type_block sc_fly_static elementor-widget elementor-widget-text-editor\" data-id=\"2a4a0ad\" data-element_type=\"widget\" data-e-type=\"widget\" data-widget_type=\"text-editor.default\">\n\t\t\t\t<div class=\"elementor-widget-container\">\n\t\t\t\t\t\t\t\t\t<p><u><strong>Du mardi au dimanche<\/strong><br \/><\/u>De 9h00 \u00e0 12h30\u202f (dernier acc\u00e8s \u00e0 12h00)<br \/>De 13h30 \u00e0 17h00\u202f(dernier acc\u00e8s \u00e0 16h30)<\/p><p style=\"font-family: Metropolis, sans-serif; font-size: 16px; line-height: inherit; font-weight: 400; font-style: normal; margin-bottom: 1.6em;\"><b><u>Lundi ferm\u00e9s<\/u><\/b><\/p><p style=\"font-family: Metropolis, sans-serif; font-size: 16px; line-height: inherit; font-weight: 400; font-style: normal; margin-bottom: 1.6em;\"><span style=\"font-family: Metropolis, sans-serif; font-size: 15px; font-weight: 400; font-style: normal;\">L&rsquo;Abbaye de Sainte-Marie de Staffarda restera ferm\u00e9e les\u00a0<\/span><span style=\"font-family: Metropolis, sans-serif; font-size: 15px; font-style: normal;\"><b><u>jours f\u00e9ri\u00e9s<\/u><\/b><\/span><span style=\"font-family: Metropolis, sans-serif; font-size: 15px; font-weight: 400; font-style: normal;\">, sauf indication contraire.<\/span><\/p><p><strong><u>OUVERTURES ET FERMETURES EXCEPTIONNELLES<br \/><\/u><\/strong><b>Vendredi 8\/12<\/b>\u00a0ouverts<br \/><b>Dimanche 24\/12 <\/b>ferm\u00e9s<br \/><b>Mardi 26\/12<\/b>\u00a0ouverts<br \/><strong>Dimanche 31\/12 <\/strong>ferm\u00e9s<br \/><strong style=\"font-family: Metropolis, sans-serif; font-size: 15px; font-style: normal;\">Samedi 6\/1<\/strong><span style=\"font-family: Metropolis, sans-serif; font-size: 15px; font-style: normal; font-weight: 400;\">\u00a0ouverts<\/span><\/p><p>Le parcours est accessible aux personnes en situation de handicap.<\/p><h3><u>VISITES GUID\u00c9ES<\/u><\/h3><p>Des visites guid\u00e9es sur r\u00e9servation peuvent \u00eatre organis\u00e9es en nous contactant \u00e0 l\u2019adresse mail suivante: <a href=\"mailto:e-mail:%20staffarda@biglietteria.ordinemauriziano.it\">staffarda@biglietteria.ordinemauriziano.it<\/a><\/p>\t\t\t\t\t\t\t\t<\/div>\n\t\t\t\t<\/div>\n\t\t\t\t<div class=\"elementor-element elementor-element-5b87416 elementor-widget__width-initial animation_type_block sc_fly_static elementor-widget elementor-widget-image\" data-id=\"5b87416\" data-element_type=\"widget\" data-e-type=\"widget\" data-widget_type=\"image.default\">\n\t\t\t\t<div class=\"elementor-widget-container\">\n\t\t\t\t\t\t\t\t\t\t\t\t\t\t\t<img fetchpriority=\"high\" decoding=\"async\" width=\"826\" height=\"692\" src=\"https:\/\/www.ordinemauriziano.it\/wp-content\/uploads\/2023\/07\/23-fom-sito-web-asset-staffarda-carosello-1.jpg\" class=\"attachment-large size-large wp-image-11061\" alt=\"Vista frontale con giardino\" srcset=\"https:\/\/www.ordinemauriziano.it\/wp-content\/uploads\/2023\/07\/23-fom-sito-web-asset-staffarda-carosello-1.jpg 826w, https:\/\/www.ordinemauriziano.it\/wp-content\/uploads\/2023\/07\/23-fom-sito-web-asset-staffarda-carosello-1-300x251.jpg 300w, https:\/\/www.ordinemauriziano.it\/wp-content\/uploads\/2023\/07\/23-fom-sito-web-asset-staffarda-carosello-1-768x643.jpg 768w, https:\/\/www.ordinemauriziano.it\/wp-content\/uploads\/2023\/07\/23-fom-sito-web-asset-staffarda-carosello-1-370x310.jpg 370w, https:\/\/www.ordinemauriziano.it\/wp-content\/uploads\/2023\/07\/23-fom-sito-web-asset-staffarda-carosello-1-770x645.jpg 770w, https:\/\/www.ordinemauriziano.it\/wp-content\/uploads\/2023\/07\/23-fom-sito-web-asset-staffarda-carosello-1-600x503.jpg 600w\" sizes=\"(max-width: 826px) 100vw, 826px\" \/>\t\t\t\t\t\t\t\t\t\t\t\t\t\t\t<\/div>\n\t\t\t\t<\/div>\n\t\t\t\t<div class=\"elementor-element elementor-element-c928902 elementor-widget__width-inherit animation_type_block sc_fly_static elementor-widget elementor-widget-heading\" data-id=\"c928902\" data-element_type=\"widget\" data-e-type=\"widget\" data-widget_type=\"heading.default\">\n\t\t\t\t<div class=\"elementor-widget-container\">\n\t\t\t\t\t<h2 class=\"elementor-heading-title elementor-size-default\">Billets<\/h2>\t\t\t\t<\/div>\n\t\t\t\t<\/div>\n\t\t\t\t<div class=\"elementor-element elementor-element-7e09e11 elementor-widget__width-initial animation_type_block sc_fly_static elementor-widget elementor-widget-image\" data-id=\"7e09e11\" data-element_type=\"widget\" data-e-type=\"widget\" data-widget_type=\"image.default\">\n\t\t\t\t<div class=\"elementor-widget-container\">\n\t\t\t\t\t\t\t\t\t\t\t\t\t\t\t<img decoding=\"async\" width=\"826\" height=\"692\" src=\"https:\/\/www.ordinemauriziano.it\/wp-content\/uploads\/2023\/07\/23-fom-sito-web-asset-staffarda-carosello-3.jpg\" class=\"attachment-large size-large wp-image-11064\" alt=\"Vista interno abazzia\" srcset=\"https:\/\/www.ordinemauriziano.it\/wp-content\/uploads\/2023\/07\/23-fom-sito-web-asset-staffarda-carosello-3.jpg 826w, https:\/\/www.ordinemauriziano.it\/wp-content\/uploads\/2023\/07\/23-fom-sito-web-asset-staffarda-carosello-3-300x251.jpg 300w, https:\/\/www.ordinemauriziano.it\/wp-content\/uploads\/2023\/07\/23-fom-sito-web-asset-staffarda-carosello-3-768x643.jpg 768w, https:\/\/www.ordinemauriziano.it\/wp-content\/uploads\/2023\/07\/23-fom-sito-web-asset-staffarda-carosello-3-370x310.jpg 370w, https:\/\/www.ordinemauriziano.it\/wp-content\/uploads\/2023\/07\/23-fom-sito-web-asset-staffarda-carosello-3-770x645.jpg 770w, https:\/\/www.ordinemauriziano.it\/wp-content\/uploads\/2023\/07\/23-fom-sito-web-asset-staffarda-carosello-3-600x503.jpg 600w\" sizes=\"(max-width: 826px) 100vw, 826px\" \/>\t\t\t\t\t\t\t\t\t\t\t\t\t\t\t<\/div>\n\t\t\t\t<\/div>\n\t\t\t\t<div class=\"elementor-element elementor-element-a71725c elementor-widget__width-initial animation_type_block sc_fly_static elementor-widget elementor-widget-text-editor\" data-id=\"a71725c\" data-element_type=\"widget\" data-e-type=\"widget\" data-widget_type=\"text-editor.default\">\n\t\t\t\t<div class=\"elementor-widget-container\">\n\t\t\t\t\t\t\t\t\t<h3><strong><u>TARIFS<\/u><\/strong><\/h3>\n<ul>\n<li><strong>PLEIN TARIF 6,50 euros<\/strong><\/li>\n<li><strong>TARIF R\u00c9DUIT GROUPES: 4,50 euros<\/strong><br \/>\n<strong><em>Groupes<\/em><\/strong><em> de minimum 20 personnes (r\u00e9servation obligatoire), \u00e9tudiants universitaires de l\u2019UE<\/em><strong><em>, Forces de l\u2019Ordre. <\/em><\/strong><\/li>\n<li><strong>TARIF R\u00c9DUIT \u00c9COLES: 3,50 euros<\/strong><br \/>\n<em>\u00c9coles secondaires, <strong>visiteurs de plus de 65 ans<\/strong>, mineurs de<\/em><strong><em> 10 \u00e0 18 ans, personnel enseignant.<\/em><\/strong><\/li>\n<li><strong>GRATUIT<\/strong><br \/>\n<strong><em>Enfants de moins de 11 ans, <\/em><\/strong><em>visiteurs en <\/em><strong><em>situation de handicap.<\/em><\/strong><em> Titulaires de<\/em><strong><em> \u201cAbbonamento Muse<\/em><em>i\u201d.<\/em><\/strong><\/li>\n<\/ul>\n\t\t\t\t\t\t\t\t<\/div>\n\t\t\t\t<\/div>\n\t\t\t\t<div class=\"elementor-element elementor-element-3b6afa5 elementor-widget__width-initial animation_type_block sc_fly_static elementor-widget elementor-widget-text-editor\" data-id=\"3b6afa5\" data-element_type=\"widget\" data-e-type=\"widget\" data-widget_type=\"text-editor.default\">\n\t\t\t\t<div class=\"elementor-widget-container\">\n\t\t\t\t\t\t\t\t\t<h3><strong><u>BILLET UNIQUE<\/u><\/strong><\/h3><p>Il est possible d\u2019acheter le billet unique qui ouvre un droit d\u2019acc\u00e8s aux trois sites mauriciens (<strong>Pavillon de Chasse de Stupinigi, Abbaye de Staffarda et Commanderie de Saint-Antoine de Ranvers<\/strong>) \u00e0 un tarif pr\u00e9f\u00e9rentiel dans l\u2019ann\u00e9e qui suit la date d\u2019\u00e9mission.<\/p><p>Billet plein tarif au prix unique de 18 euros<br \/>Billet tarif r\u00e9duit au prix unique de 13 euros pour les personnes de moins de 18 ans, les plus de 65 ans, les personnes en situation de handicap ainsi que les groupes de 15 personnes minimum.<\/p>\t\t\t\t\t\t\t\t<\/div>\n\t\t\t\t<\/div>\n\t\t\t\t<div class=\"elementor-element elementor-element-3d634e4 elementor-widget-tablet__width-initial animation_type_block sc_fly_static elementor-widget elementor-widget-image\" data-id=\"3d634e4\" data-element_type=\"widget\" data-e-type=\"widget\" data-widget_type=\"image.default\">\n\t\t\t\t<div class=\"elementor-widget-container\">\n\t\t\t\t\t\t\t\t\t\t\t\t\t\t\t<img decoding=\"async\" width=\"519\" height=\"360\" src=\"https:\/\/www.ordinemauriziano.it\/wp-content\/uploads\/2023\/07\/23-fom-corno-avvisi.png\" class=\"attachment-large size-large wp-image-11045\" alt=\"Icona notizie fondazione ordine mauriziano\" srcset=\"https:\/\/www.ordinemauriziano.it\/wp-content\/uploads\/2023\/07\/23-fom-corno-avvisi.png 519w, https:\/\/www.ordinemauriziano.it\/wp-content\/uploads\/2023\/07\/23-fom-corno-avvisi-300x208.png 300w, https:\/\/www.ordinemauriziano.it\/wp-content\/uploads\/2023\/07\/23-fom-corno-avvisi-370x257.png 370w\" sizes=\"(max-width: 519px) 100vw, 519px\" \/>\t\t\t\t\t\t\t\t\t\t\t\t\t\t\t<\/div>\n\t\t\t\t<\/div>\n\t\t\t\t\t<\/div>\n\t\t\t\t<\/div>\n\t\t<div class=\"elementor-element elementor-element-b433b3e e-con-full e-flex e-con e-parent\" data-id=\"b433b3e\" data-element_type=\"container\" data-e-type=\"container\" data-settings=\"{&quot;background_background&quot;:&quot;classic&quot;}\">\n\t\t<div class=\"elementor-element elementor-element-d203c25 e-con-full e-flex e-con e-child\" data-id=\"d203c25\" data-element_type=\"container\" data-e-type=\"container\">\n\t\t\t\t<div class=\"elementor-element elementor-element-d837417 animation_type_block sc_fly_static elementor-widget elementor-widget-google_maps\" data-id=\"d837417\" data-element_type=\"widget\" data-e-type=\"widget\" data-widget_type=\"google_maps.default\">\n\t\t\t\t<div class=\"elementor-widget-container\">\n\t\t\t\t\t\t\t<div class=\"elementor-custom-embed\">\n\t\t\t<iframe loading=\"lazy\"\n\t\t\t\t\tsrc=\"https:\/\/maps.google.com\/maps?q=abbazia%20staffarda&#038;t=m&#038;z=15&#038;output=embed&#038;iwloc=near\"\n\t\t\t\t\ttitle=\"abbazia staffarda\"\n\t\t\t\t\taria-label=\"abbazia staffarda\"\n\t\t\t><\/iframe>\n\t\t<\/div>\n\t\t\t\t\t\t<\/div>\n\t\t\t\t<\/div>\n\t\t\t\t<\/div>\n\t\t<div class=\"elementor-element elementor-element-843e83c e-con-full e-flex e-con e-child\" data-id=\"843e83c\" data-element_type=\"container\" data-e-type=\"container\">\n\t\t\t\t<div class=\"elementor-element elementor-element-ebd3339 animation_type_block sc_fly_static elementor-widget elementor-widget-heading\" data-id=\"ebd3339\" data-element_type=\"widget\" data-e-type=\"widget\" data-widget_type=\"heading.default\">\n\t\t\t\t<div class=\"elementor-widget-container\">\n\t\t\t\t\t<h2 class=\"elementor-heading-title elementor-size-default\">Infos et Contacts<\/h2>\t\t\t\t<\/div>\n\t\t\t\t<\/div>\n\t\t\t\t<div class=\"elementor-element elementor-element-6b3282f animation_type_block sc_fly_static elementor-widget elementor-widget-text-editor\" data-id=\"6b3282f\" data-element_type=\"widget\" data-e-type=\"widget\" data-widget_type=\"text-editor.default\">\n\t\t\t\t<div class=\"elementor-widget-container\">\n\t\t\t\t\t\t\t\t\t<div><strong>Piazza Roma, 2<\/strong><\/div><div><strong>12036 Frazione Staffarda \u2013 Revello (CN)<\/strong><\/div><div>\u00a0<\/div><div><span style=\"font-family: Metropolis, sans-serif; font-size: 15px; font-style: normal; font-weight: 400;\">+39 011 6200602<\/span><br \/><span style=\"font-family: Metropolis, sans-serif; font-size: 15px; font-style: normal; font-weight: 400;\">staffarda@biglietteria.<\/span><wbr \/><span style=\"font-family: Metropolis, sans-serif; font-size: 15px; font-style: normal; font-weight: 400;\">ordinemauriziano.it<\/span><\/div>\t\t\t\t\t\t\t\t<\/div>\n\t\t\t\t<\/div>\n\t\t\t\t<\/div>\n\t\t\t\t<\/div>\n\t\t\t\t<\/div>\n\t\t","protected":false},"excerpt":{"rendered":"<p>Horaires de visite Du mardi au dimancheDe 9h00 \u00e0 12h30\u202f (dernier acc\u00e8s \u00e0 12h00)De 13h30 \u00e0 17h00\u202f(dernier acc\u00e8s \u00e0 16h30) Lundi ferm\u00e9s L&rsquo;Abbaye de Sainte-Marie de Staffarda restera ferm\u00e9e les\u00a0jours f\u00e9ri\u00e9s, sauf indication contraire. OUVERTURES ET FERMETURES EXCEPTIONNELLESVendredi 8\/12\u00a0ouvertsDimanche 24\/12 ferm\u00e9sMardi 26\/12\u00a0ouvertsDimanche 31\/12 ferm\u00e9sSamedi 6\/1\u00a0ouverts&hellip;<\/p>\n","protected":false},"author":1,"featured_media":11060,"parent":11408,"menu_order":0,"comment_status":"closed","ping_status":"closed","template":"","meta":{"give_campaign_id":0,"footnotes":""},"class_list":["post-11414","page","type-page","status-publish","has-post-thumbnail","hentry"],"yoast_head":"<!-- This site is optimized with the Yoast SEO plugin v27.2 - https:\/\/yoast.com\/product\/yoast-seo-wordpress\/ -->\n<title>Visiter Staffarda: horaires et informations utiles - Fondazione Ordine Mauriziano<\/title>\n<meta name=\"description\" content=\"Horaires de visite Du mardi au dimancheDe 9h00 \u00e0 12h30\u202f (dernier acc\u00e8s \u00e0 12h00)De 13h30 \u00e0 17h00\u202f(dernier acc\u00e8s \u00e0 16h30)Lundi ferm\u00e9sL&#039;Abbaye de - Fondazione Ordine Mauriziano\" \/>\n<meta name=\"robots\" content=\"index, follow, max-snippet:-1, max-image-preview:large, max-video-preview:-1\" \/>\n<link rel=\"canonical\" href=\"https:\/\/www.ordinemauriziano.it\/fr\/abbazia-maria-staffarda\/visiter-staffarda\/\" \/>\n<meta property=\"og:locale\" content=\"fr_FR\" \/>\n<meta property=\"og:type\" content=\"article\" \/>\n<meta property=\"og:title\" content=\"Visiter Staffarda: horaires et informations utiles - Fondazione Ordine Mauriziano\" \/>\n<meta property=\"og:description\" content=\"Horaires de visite Du mardi au dimancheDe 9h00 \u00e0 12h30\u202f (dernier acc\u00e8s \u00e0 12h00)De 13h30 \u00e0 17h00\u202f(dernier acc\u00e8s \u00e0 16h30)Lundi ferm\u00e9sL&#039;Abbaye de - Fondazione Ordine Mauriziano\" \/>\n<meta property=\"og:url\" content=\"https:\/\/www.ordinemauriziano.it\/fr\/abbazia-maria-staffarda\/visiter-staffarda\/\" \/>\n<meta property=\"og:site_name\" content=\"Fondazione Ordine Mauriziano\" \/>\n<meta property=\"article:publisher\" content=\"https:\/\/www.facebook.com\/PalazzinaStupinigi.Mauriziano\" \/>\n<meta property=\"article:modified_time\" content=\"2023-11-24T19:30:20+00:00\" \/>\n<meta property=\"og:image\" content=\"https:\/\/www.ordinemauriziano.it\/wp-content\/uploads\/2023\/07\/23-fom-sito-web-asset-staffarda-header.jpg\" \/>\n\t<meta property=\"og:image:width\" content=\"1920\" \/>\n\t<meta property=\"og:image:height\" content=\"1080\" \/>\n\t<meta property=\"og:image:type\" content=\"image\/jpeg\" \/>\n<script type=\"application\/ld+json\" class=\"yoast-schema-graph\">{\"@context\":\"https:\/\/schema.org\",\"@graph\":[{\"@type\":\"WebPage\",\"@id\":\"https:\/\/www.ordinemauriziano.it\/fr\/abbazia-maria-staffarda\/visiter-staffarda\/\",\"url\":\"https:\/\/www.ordinemauriziano.it\/fr\/abbazia-maria-staffarda\/visiter-staffarda\/\",\"name\":\"Visiter Staffarda: horaires et informations utiles - Fondazione Ordine Mauriziano\",\"isPartOf\":{\"@id\":\"https:\/\/www.ordinemauriziano.it\/fr\/#website\"},\"primaryImageOfPage\":{\"@id\":\"https:\/\/www.ordinemauriziano.it\/fr\/abbazia-maria-staffarda\/visiter-staffarda\/#primaryimage\"},\"image\":{\"@id\":\"https:\/\/www.ordinemauriziano.it\/fr\/abbazia-maria-staffarda\/visiter-staffarda\/#primaryimage\"},\"thumbnailUrl\":\"https:\/\/www.ordinemauriziano.it\/wp-content\/uploads\/2023\/07\/23-fom-sito-web-asset-staffarda-header.jpg\",\"datePublished\":\"2023-09-25T19:59:32+00:00\",\"dateModified\":\"2023-11-24T19:30:20+00:00\",\"description\":\"Horaires de visite Du mardi au dimancheDe 9h00 \u00e0 12h30\u202f (dernier acc\u00e8s \u00e0 12h00)De 13h30 \u00e0 17h00\u202f(dernier acc\u00e8s \u00e0 16h30)Lundi ferm\u00e9sL'Abbaye de - Fondazione Ordine Mauriziano\",\"breadcrumb\":{\"@id\":\"https:\/\/www.ordinemauriziano.it\/fr\/abbazia-maria-staffarda\/visiter-staffarda\/#breadcrumb\"},\"inLanguage\":\"fr-FR\",\"potentialAction\":[{\"@type\":\"ReadAction\",\"target\":[\"https:\/\/www.ordinemauriziano.it\/fr\/abbazia-maria-staffarda\/visiter-staffarda\/\"]}]},{\"@type\":\"ImageObject\",\"inLanguage\":\"fr-FR\",\"@id\":\"https:\/\/www.ordinemauriziano.it\/fr\/abbazia-maria-staffarda\/visiter-staffarda\/#primaryimage\",\"url\":\"https:\/\/www.ordinemauriziano.it\/wp-content\/uploads\/2023\/07\/23-fom-sito-web-asset-staffarda-header.jpg\",\"contentUrl\":\"https:\/\/www.ordinemauriziano.it\/wp-content\/uploads\/2023\/07\/23-fom-sito-web-asset-staffarda-header.jpg\",\"width\":1920,\"height\":1080},{\"@type\":\"BreadcrumbList\",\"@id\":\"https:\/\/www.ordinemauriziano.it\/fr\/abbazia-maria-staffarda\/visiter-staffarda\/#breadcrumb\",\"itemListElement\":[{\"@type\":\"ListItem\",\"position\":1,\"name\":\"Home\",\"item\":\"https:\/\/www.ordinemauriziano.it\/fr\/\"},{\"@type\":\"ListItem\",\"position\":2,\"name\":\"Abbaye de Sainte-Marie de Staffarda\",\"item\":\"https:\/\/www.ordinemauriziano.it\/fr\/abbazia-maria-staffarda\/\"},{\"@type\":\"ListItem\",\"position\":3,\"name\":\"Visiter Staffarda: horaires et informations utiles\"}]},{\"@type\":\"WebSite\",\"@id\":\"https:\/\/www.ordinemauriziano.it\/fr\/#website\",\"url\":\"https:\/\/www.ordinemauriziano.it\/fr\/\",\"name\":\"Fondazione Ordine Mauriziano\",\"description\":\"\",\"publisher\":{\"@id\":\"https:\/\/www.ordinemauriziano.it\/fr\/#organization\"},\"potentialAction\":[{\"@type\":\"SearchAction\",\"target\":{\"@type\":\"EntryPoint\",\"urlTemplate\":\"https:\/\/www.ordinemauriziano.it\/fr\/?s={search_term_string}\"},\"query-input\":{\"@type\":\"PropertyValueSpecification\",\"valueRequired\":true,\"valueName\":\"search_term_string\"}}],\"inLanguage\":\"fr-FR\"},{\"@type\":\"Organization\",\"@id\":\"https:\/\/www.ordinemauriziano.it\/fr\/#organization\",\"name\":\"Fondazione Torino Musei\",\"url\":\"https:\/\/www.ordinemauriziano.it\/fr\/\",\"logo\":{\"@type\":\"ImageObject\",\"inLanguage\":\"fr-FR\",\"@id\":\"https:\/\/www.ordinemauriziano.it\/fr\/#\/schema\/logo\/image\/\",\"url\":\"https:\/\/www.ordinemauriziano.it\/wp-content\/uploads\/2022\/05\/Fondazione-Ordine-Mauriziano.png\",\"contentUrl\":\"https:\/\/www.ordinemauriziano.it\/wp-content\/uploads\/2022\/05\/Fondazione-Ordine-Mauriziano.png\",\"width\":233,\"height\":76,\"caption\":\"Fondazione Torino Musei\"},\"image\":{\"@id\":\"https:\/\/www.ordinemauriziano.it\/fr\/#\/schema\/logo\/image\/\"},\"sameAs\":[\"https:\/\/www.facebook.com\/PalazzinaStupinigi.Mauriziano\",\"https:\/\/x.com\/Stupinigi_OM\",\"https:\/\/www.youtube.com\/user\/stupinigimauriziano\"]}]}<\/script>\n<!-- \/ Yoast SEO plugin. -->","yoast_head_json":{"title":"Visiter Staffarda: horaires et informations utiles - Fondazione Ordine Mauriziano","description":"Horaires de visite Du mardi au dimancheDe 9h00 \u00e0 12h30\u202f (dernier acc\u00e8s \u00e0 12h00)De 13h30 \u00e0 17h00\u202f(dernier acc\u00e8s \u00e0 16h30)Lundi ferm\u00e9sL'Abbaye de - Fondazione Ordine Mauriziano","robots":{"index":"index","follow":"follow","max-snippet":"max-snippet:-1","max-image-preview":"max-image-preview:large","max-video-preview":"max-video-preview:-1"},"canonical":"https:\/\/www.ordinemauriziano.it\/fr\/abbazia-maria-staffarda\/visiter-staffarda\/","og_locale":"fr_FR","og_type":"article","og_title":"Visiter Staffarda: horaires et informations utiles - Fondazione Ordine Mauriziano","og_description":"Horaires de visite Du mardi au dimancheDe 9h00 \u00e0 12h30\u202f (dernier acc\u00e8s \u00e0 12h00)De 13h30 \u00e0 17h00\u202f(dernier acc\u00e8s \u00e0 16h30)Lundi ferm\u00e9sL'Abbaye de - Fondazione Ordine Mauriziano","og_url":"https:\/\/www.ordinemauriziano.it\/fr\/abbazia-maria-staffarda\/visiter-staffarda\/","og_site_name":"Fondazione Ordine Mauriziano","article_publisher":"https:\/\/www.facebook.com\/PalazzinaStupinigi.Mauriziano","article_modified_time":"2023-11-24T19:30:20+00:00","og_image":[{"width":1920,"height":1080,"url":"https:\/\/www.ordinemauriziano.it\/wp-content\/uploads\/2023\/07\/23-fom-sito-web-asset-staffarda-header.jpg","type":"image\/jpeg"}],"schema":{"@context":"https:\/\/schema.org","@graph":[{"@type":"WebPage","@id":"https:\/\/www.ordinemauriziano.it\/fr\/abbazia-maria-staffarda\/visiter-staffarda\/","url":"https:\/\/www.ordinemauriziano.it\/fr\/abbazia-maria-staffarda\/visiter-staffarda\/","name":"Visiter Staffarda: horaires et informations utiles - Fondazione Ordine Mauriziano","isPartOf":{"@id":"https:\/\/www.ordinemauriziano.it\/fr\/#website"},"primaryImageOfPage":{"@id":"https:\/\/www.ordinemauriziano.it\/fr\/abbazia-maria-staffarda\/visiter-staffarda\/#primaryimage"},"image":{"@id":"https:\/\/www.ordinemauriziano.it\/fr\/abbazia-maria-staffarda\/visiter-staffarda\/#primaryimage"},"thumbnailUrl":"https:\/\/www.ordinemauriziano.it\/wp-content\/uploads\/2023\/07\/23-fom-sito-web-asset-staffarda-header.jpg","datePublished":"2023-09-25T19:59:32+00:00","dateModified":"2023-11-24T19:30:20+00:00","description":"Horaires de visite Du mardi au dimancheDe 9h00 \u00e0 12h30\u202f (dernier acc\u00e8s \u00e0 12h00)De 13h30 \u00e0 17h00\u202f(dernier acc\u00e8s \u00e0 16h30)Lundi ferm\u00e9sL'Abbaye de - Fondazione Ordine Mauriziano","breadcrumb":{"@id":"https:\/\/www.ordinemauriziano.it\/fr\/abbazia-maria-staffarda\/visiter-staffarda\/#breadcrumb"},"inLanguage":"fr-FR","potentialAction":[{"@type":"ReadAction","target":["https:\/\/www.ordinemauriziano.it\/fr\/abbazia-maria-staffarda\/visiter-staffarda\/"]}]},{"@type":"ImageObject","inLanguage":"fr-FR","@id":"https:\/\/www.ordinemauriziano.it\/fr\/abbazia-maria-staffarda\/visiter-staffarda\/#primaryimage","url":"https:\/\/www.ordinemauriziano.it\/wp-content\/uploads\/2023\/07\/23-fom-sito-web-asset-staffarda-header.jpg","contentUrl":"https:\/\/www.ordinemauriziano.it\/wp-content\/uploads\/2023\/07\/23-fom-sito-web-asset-staffarda-header.jpg","width":1920,"height":1080},{"@type":"BreadcrumbList","@id":"https:\/\/www.ordinemauriziano.it\/fr\/abbazia-maria-staffarda\/visiter-staffarda\/#breadcrumb","itemListElement":[{"@type":"ListItem","position":1,"name":"Home","item":"https:\/\/www.ordinemauriziano.it\/fr\/"},{"@type":"ListItem","position":2,"name":"Abbaye de Sainte-Marie de Staffarda","item":"https:\/\/www.ordinemauriziano.it\/fr\/abbazia-maria-staffarda\/"},{"@type":"ListItem","position":3,"name":"Visiter Staffarda: horaires et informations utiles"}]},{"@type":"WebSite","@id":"https:\/\/www.ordinemauriziano.it\/fr\/#website","url":"https:\/\/www.ordinemauriziano.it\/fr\/","name":"Fondazione Ordine Mauriziano","description":"","publisher":{"@id":"https:\/\/www.ordinemauriziano.it\/fr\/#organization"},"potentialAction":[{"@type":"SearchAction","target":{"@type":"EntryPoint","urlTemplate":"https:\/\/www.ordinemauriziano.it\/fr\/?s={search_term_string}"},"query-input":{"@type":"PropertyValueSpecification","valueRequired":true,"valueName":"search_term_string"}}],"inLanguage":"fr-FR"},{"@type":"Organization","@id":"https:\/\/www.ordinemauriziano.it\/fr\/#organization","name":"Fondazione Torino Musei","url":"https:\/\/www.ordinemauriziano.it\/fr\/","logo":{"@type":"ImageObject","inLanguage":"fr-FR","@id":"https:\/\/www.ordinemauriziano.it\/fr\/#\/schema\/logo\/image\/","url":"https:\/\/www.ordinemauriziano.it\/wp-content\/uploads\/2022\/05\/Fondazione-Ordine-Mauriziano.png","contentUrl":"https:\/\/www.ordinemauriziano.it\/wp-content\/uploads\/2022\/05\/Fondazione-Ordine-Mauriziano.png","width":233,"height":76,"caption":"Fondazione Torino Musei"},"image":{"@id":"https:\/\/www.ordinemauriziano.it\/fr\/#\/schema\/logo\/image\/"},"sameAs":["https:\/\/www.facebook.com\/PalazzinaStupinigi.Mauriziano","https:\/\/x.com\/Stupinigi_OM","https:\/\/www.youtube.com\/user\/stupinigimauriziano"]}]}},"campaignId":"","_links":{"self":[{"href":"https:\/\/www.ordinemauriziano.it\/fr\/wp-json\/wp\/v2\/pages\/11414","targetHints":{"allow":["GET"]}}],"collection":[{"href":"https:\/\/www.ordinemauriziano.it\/fr\/wp-json\/wp\/v2\/pages"}],"about":[{"href":"https:\/\/www.ordinemauriziano.it\/fr\/wp-json\/wp\/v2\/types\/page"}],"author":[{"embeddable":true,"href":"https:\/\/www.ordinemauriziano.it\/fr\/wp-json\/wp\/v2\/users\/1"}],"replies":[{"embeddable":true,"href":"https:\/\/www.ordinemauriziano.it\/fr\/wp-json\/wp\/v2\/comments?post=11414"}],"version-history":[{"count":20,"href":"https:\/\/www.ordinemauriziano.it\/fr\/wp-json\/wp\/v2\/pages\/11414\/revisions"}],"predecessor-version":[{"id":12710,"href":"https:\/\/www.ordinemauriziano.it\/fr\/wp-json\/wp\/v2\/pages\/11414\/revisions\/12710"}],"up":[{"embeddable":true,"href":"https:\/\/www.ordinemauriziano.it\/fr\/wp-json\/wp\/v2\/pages\/11408"}],"wp:featuredmedia":[{"embeddable":true,"href":"https:\/\/www.ordinemauriziano.it\/fr\/wp-json\/wp\/v2\/media\/11060"}],"wp:attachment":[{"href":"https:\/\/www.ordinemauriziano.it\/fr\/wp-json\/wp\/v2\/media?parent=11414"}],"curies":[{"name":"wp","href":"https:\/\/api.w.org\/{rel}","templated":true}]}}