{"id":11420,"date":"2023-09-25T22:04:47","date_gmt":"2023-09-25T20:04:47","guid":{"rendered":"https:\/\/www.ordinemauriziano.it\/abbaye-de-sainte-marie-de-staffarda\/labbaye-de-staffarda-comme-emplacement-pour-evenements-culturels-et-mariages\/"},"modified":"2023-11-23T18:13:30","modified_gmt":"2023-11-23T17:13:30","slug":"labbaye-de-staffarda-comme-emplacement-pour-evenements-culturels-et-mariages","status":"publish","type":"page","link":"https:\/\/www.ordinemauriziano.it\/fr\/abbazia-maria-staffarda\/les-espaces-evenementiels\/","title":{"rendered":"L\u2019Abbaye de Staffarda comme emplacement pour \u00e9v\u00e8nements culturels et mariages"},"content":{"rendered":"\t\t<div data-elementor-type=\"wp-page\" data-elementor-id=\"11420\" class=\"elementor elementor-11420 elementor-7876\" data-elementor-post-type=\"page\">\n\t\t\t\t<div class=\"elementor-element elementor-element-90e47c8 e-flex e-con-boxed e-con e-parent\" data-id=\"90e47c8\" data-element_type=\"container\" data-e-type=\"container\" data-settings=\"{&quot;background_background&quot;:&quot;classic&quot;}\">\n\t\t\t\t\t<div class=\"e-con-inner\">\n\t\t\t\t<div class=\"elementor-element elementor-element-90024fb animation_type_block sc_fly_static elementor-widget elementor-widget-text-editor\" data-id=\"90024fb\" data-element_type=\"widget\" data-e-type=\"widget\" data-widget_type=\"text-editor.default\">\n\t\t\t\t<div class=\"elementor-widget-container\">\n\t\t\t\t\t\t\t\t\t<p>Un endroit suggestif, plong\u00e9 dans une atmosph\u00e8re magique et charg\u00e9e d\u2019histoire, capable d\u2019accueillir et de devenir un emplacement \u00e9v\u00e8nementiel unique dans son genre aux alentours de Cuneo. L\u2019Abbaye de Staffarda vous offre <b>un cadre id\u00e9al pour c\u00e9l\u00e9brer vos moments privil\u00e9gi\u00e9s<\/b>, professionnels ou priv\u00e9s.<\/p><p>Vous avez la possibilit\u00e9, dans le respect total du lieu, de louer certaines parties comme le clo\u00eetre, la maison d\u2019h\u00f4tes ainsi que les autres espaces pour des \u00e9v\u00e8nements, concerts, conf\u00e9rences, expositions artistiques ou pour <b>r\u00e9aliser un r\u00eave romantique<\/b> en c\u00e9l\u00e9brant votre mariage \u00e0 l\u2019Abbaye de Staffarda. Dans ce dernier cas, nous vous rappelons que seulement ceux qui appartiennent \u00e0 la parroisse peuvent se marier \u00e0 Staffarda avec une c\u00e9r\u00e9monie religieuse.<\/p>\t\t\t\t\t\t\t\t<\/div>\n\t\t\t\t<\/div>\n\t\t\t\t\t<\/div>\n\t\t\t\t<\/div>\n\t\t<div class=\"elementor-element elementor-element-b433b3e e-con-full e-flex e-con e-parent\" data-id=\"b433b3e\" data-element_type=\"container\" data-e-type=\"container\" data-settings=\"{&quot;background_background&quot;:&quot;classic&quot;}\">\n\t\t<div class=\"elementor-element elementor-element-d203c25 e-con-full e-flex e-con e-child\" data-id=\"d203c25\" data-element_type=\"container\" data-e-type=\"container\">\n\t\t\t\t<div class=\"elementor-element elementor-element-d837417 animation_type_block sc_fly_static elementor-widget elementor-widget-google_maps\" data-id=\"d837417\" data-element_type=\"widget\" data-e-type=\"widget\" data-widget_type=\"google_maps.default\">\n\t\t\t\t<div class=\"elementor-widget-container\">\n\t\t\t\t\t\t\t<div class=\"elementor-custom-embed\">\n\t\t\t<iframe loading=\"lazy\"\n\t\t\t\t\tsrc=\"https:\/\/maps.google.com\/maps?q=abbazia%20di%20staffarda&#038;t=m&#038;z=15&#038;output=embed&#038;iwloc=near\"\n\t\t\t\t\ttitle=\"abbazia di staffarda\"\n\t\t\t\t\taria-label=\"abbazia di staffarda\"\n\t\t\t><\/iframe>\n\t\t<\/div>\n\t\t\t\t\t\t<\/div>\n\t\t\t\t<\/div>\n\t\t\t\t<\/div>\n\t\t<div class=\"elementor-element elementor-element-843e83c e-con-full e-flex e-con e-child\" data-id=\"843e83c\" data-element_type=\"container\" data-e-type=\"container\">\n\t\t\t\t<div class=\"elementor-element elementor-element-ebd3339 animation_type_block sc_fly_static elementor-widget elementor-widget-heading\" data-id=\"ebd3339\" data-element_type=\"widget\" data-e-type=\"widget\" data-widget_type=\"heading.default\">\n\t\t\t\t<div class=\"elementor-widget-container\">\n\t\t\t\t\t<h2 class=\"elementor-heading-title elementor-size-default\">Info e Contatti<\/h2>\t\t\t\t<\/div>\n\t\t\t\t<\/div>\n\t\t\t\t<div class=\"elementor-element elementor-element-9fd2f71 animation_type_block sc_fly_static elementor-widget elementor-widget-text-editor\" data-id=\"9fd2f71\" data-element_type=\"widget\" data-e-type=\"widget\" data-widget_type=\"text-editor.default\">\n\t\t\t\t<div class=\"elementor-widget-container\">\n\t\t\t\t\t\t\t\t\t<div class=\"contact-details-title bold\"><div><strong>Piazza Roma, 2<\/strong><\/div><div><strong>12036 Frazione Staffarda \u2013 Revello (CN)<\/strong><\/div><div>\u00a0<\/div><div>+39 011 6200602<br \/>staffarda@biglietteria.<wbr \/>ordinemauriziano.it<\/div><\/div>\t\t\t\t\t\t\t\t<\/div>\n\t\t\t\t<\/div>\n\t\t\t\t<\/div>\n\t\t\t\t<\/div>\n\t\t\t\t<\/div>\n\t\t","protected":false},"excerpt":{"rendered":"<p>Un endroit suggestif, plong\u00e9 dans une atmosph\u00e8re magique et charg\u00e9e d\u2019histoire, capable d\u2019accueillir et de devenir un emplacement \u00e9v\u00e8nementiel unique dans son genre aux alentours de Cuneo. L\u2019Abbaye de Staffarda vous offre un cadre id\u00e9al pour c\u00e9l\u00e9brer vos moments privil\u00e9gi\u00e9s, professionnels ou priv\u00e9s. Vous avez&hellip;<\/p>\n","protected":false},"author":1,"featured_media":11060,"parent":11408,"menu_order":0,"comment_status":"closed","ping_status":"closed","template":"","meta":{"give_campaign_id":0,"footnotes":""},"class_list":["post-11420","page","type-page","status-publish","has-post-thumbnail","hentry"],"yoast_head":"<!-- This site is optimized with the Yoast SEO plugin v27.2 - https:\/\/yoast.com\/product\/yoast-seo-wordpress\/ -->\n<title>L\u2019Abbaye de Staffarda comme emplacement pour \u00e9v\u00e8nements culturels et mariages - Fondazione Ordine Mauriziano<\/title>\n<meta name=\"description\" content=\"Un endroit suggestif, plong\u00e9 dans une atmosph\u00e8re magique et charg\u00e9e d\u2019histoire, capable d\u2019accueillir et de devenir un emplacement \u00e9v\u00e8nementiel unique dans - Fondazione Ordine Mauriziano\" \/>\n<meta name=\"robots\" content=\"index, follow, max-snippet:-1, max-image-preview:large, max-video-preview:-1\" \/>\n<link rel=\"canonical\" href=\"https:\/\/www.ordinemauriziano.it\/fr\/abbazia-maria-staffarda\/les-espaces-evenementiels\/\" \/>\n<meta property=\"og:locale\" content=\"fr_FR\" \/>\n<meta property=\"og:type\" content=\"article\" \/>\n<meta property=\"og:title\" content=\"L\u2019Abbaye de Staffarda comme emplacement pour \u00e9v\u00e8nements culturels et mariages - Fondazione Ordine Mauriziano\" \/>\n<meta property=\"og:description\" content=\"Un endroit suggestif, plong\u00e9 dans une atmosph\u00e8re magique et charg\u00e9e d\u2019histoire, capable d\u2019accueillir et de devenir un emplacement \u00e9v\u00e8nementiel unique dans - Fondazione Ordine Mauriziano\" \/>\n<meta property=\"og:url\" content=\"https:\/\/www.ordinemauriziano.it\/fr\/abbazia-maria-staffarda\/les-espaces-evenementiels\/\" \/>\n<meta property=\"og:site_name\" content=\"Fondazione Ordine Mauriziano\" \/>\n<meta property=\"article:publisher\" content=\"https:\/\/www.facebook.com\/PalazzinaStupinigi.Mauriziano\" \/>\n<meta property=\"article:modified_time\" content=\"2023-11-23T17:13:30+00:00\" \/>\n<meta property=\"og:image\" content=\"https:\/\/www.ordinemauriziano.it\/wp-content\/uploads\/2023\/07\/23-fom-sito-web-asset-staffarda-header.jpg\" \/>\n\t<meta property=\"og:image:width\" content=\"1920\" \/>\n\t<meta property=\"og:image:height\" content=\"1080\" \/>\n\t<meta property=\"og:image:type\" content=\"image\/jpeg\" \/>\n<script type=\"application\/ld+json\" class=\"yoast-schema-graph\">{\"@context\":\"https:\/\/schema.org\",\"@graph\":[{\"@type\":\"WebPage\",\"@id\":\"https:\/\/www.ordinemauriziano.it\/fr\/abbazia-maria-staffarda\/les-espaces-evenementiels\/\",\"url\":\"https:\/\/www.ordinemauriziano.it\/fr\/abbazia-maria-staffarda\/les-espaces-evenementiels\/\",\"name\":\"L\u2019Abbaye de Staffarda comme emplacement pour \u00e9v\u00e8nements culturels et mariages - Fondazione Ordine Mauriziano\",\"isPartOf\":{\"@id\":\"https:\/\/www.ordinemauriziano.it\/fr\/#website\"},\"primaryImageOfPage\":{\"@id\":\"https:\/\/www.ordinemauriziano.it\/fr\/abbazia-maria-staffarda\/les-espaces-evenementiels\/#primaryimage\"},\"image\":{\"@id\":\"https:\/\/www.ordinemauriziano.it\/fr\/abbazia-maria-staffarda\/les-espaces-evenementiels\/#primaryimage\"},\"thumbnailUrl\":\"https:\/\/www.ordinemauriziano.it\/wp-content\/uploads\/2023\/07\/23-fom-sito-web-asset-staffarda-header.jpg\",\"datePublished\":\"2023-09-25T20:04:47+00:00\",\"dateModified\":\"2023-11-23T17:13:30+00:00\",\"description\":\"Un endroit suggestif, plong\u00e9 dans une atmosph\u00e8re magique et charg\u00e9e d\u2019histoire, capable d\u2019accueillir et de devenir un emplacement \u00e9v\u00e8nementiel unique dans - Fondazione Ordine Mauriziano\",\"breadcrumb\":{\"@id\":\"https:\/\/www.ordinemauriziano.it\/fr\/abbazia-maria-staffarda\/les-espaces-evenementiels\/#breadcrumb\"},\"inLanguage\":\"fr-FR\",\"potentialAction\":[{\"@type\":\"ReadAction\",\"target\":[\"https:\/\/www.ordinemauriziano.it\/fr\/abbazia-maria-staffarda\/les-espaces-evenementiels\/\"]}]},{\"@type\":\"ImageObject\",\"inLanguage\":\"fr-FR\",\"@id\":\"https:\/\/www.ordinemauriziano.it\/fr\/abbazia-maria-staffarda\/les-espaces-evenementiels\/#primaryimage\",\"url\":\"https:\/\/www.ordinemauriziano.it\/wp-content\/uploads\/2023\/07\/23-fom-sito-web-asset-staffarda-header.jpg\",\"contentUrl\":\"https:\/\/www.ordinemauriziano.it\/wp-content\/uploads\/2023\/07\/23-fom-sito-web-asset-staffarda-header.jpg\",\"width\":1920,\"height\":1080},{\"@type\":\"BreadcrumbList\",\"@id\":\"https:\/\/www.ordinemauriziano.it\/fr\/abbazia-maria-staffarda\/les-espaces-evenementiels\/#breadcrumb\",\"itemListElement\":[{\"@type\":\"ListItem\",\"position\":1,\"name\":\"Home\",\"item\":\"https:\/\/www.ordinemauriziano.it\/fr\/\"},{\"@type\":\"ListItem\",\"position\":2,\"name\":\"Abbaye de Sainte-Marie de Staffarda\",\"item\":\"https:\/\/www.ordinemauriziano.it\/fr\/abbazia-maria-staffarda\/\"},{\"@type\":\"ListItem\",\"position\":3,\"name\":\"L\u2019Abbaye de Staffarda comme emplacement pour \u00e9v\u00e8nements culturels et mariages\"}]},{\"@type\":\"WebSite\",\"@id\":\"https:\/\/www.ordinemauriziano.it\/fr\/#website\",\"url\":\"https:\/\/www.ordinemauriziano.it\/fr\/\",\"name\":\"Fondazione Ordine Mauriziano\",\"description\":\"\",\"publisher\":{\"@id\":\"https:\/\/www.ordinemauriziano.it\/fr\/#organization\"},\"potentialAction\":[{\"@type\":\"SearchAction\",\"target\":{\"@type\":\"EntryPoint\",\"urlTemplate\":\"https:\/\/www.ordinemauriziano.it\/fr\/?s={search_term_string}\"},\"query-input\":{\"@type\":\"PropertyValueSpecification\",\"valueRequired\":true,\"valueName\":\"search_term_string\"}}],\"inLanguage\":\"fr-FR\"},{\"@type\":\"Organization\",\"@id\":\"https:\/\/www.ordinemauriziano.it\/fr\/#organization\",\"name\":\"Fondazione Torino Musei\",\"url\":\"https:\/\/www.ordinemauriziano.it\/fr\/\",\"logo\":{\"@type\":\"ImageObject\",\"inLanguage\":\"fr-FR\",\"@id\":\"https:\/\/www.ordinemauriziano.it\/fr\/#\/schema\/logo\/image\/\",\"url\":\"https:\/\/www.ordinemauriziano.it\/wp-content\/uploads\/2022\/05\/Fondazione-Ordine-Mauriziano.png\",\"contentUrl\":\"https:\/\/www.ordinemauriziano.it\/wp-content\/uploads\/2022\/05\/Fondazione-Ordine-Mauriziano.png\",\"width\":233,\"height\":76,\"caption\":\"Fondazione Torino Musei\"},\"image\":{\"@id\":\"https:\/\/www.ordinemauriziano.it\/fr\/#\/schema\/logo\/image\/\"},\"sameAs\":[\"https:\/\/www.facebook.com\/PalazzinaStupinigi.Mauriziano\",\"https:\/\/x.com\/Stupinigi_OM\",\"https:\/\/www.youtube.com\/user\/stupinigimauriziano\"]}]}<\/script>\n<!-- \/ Yoast SEO plugin. -->","yoast_head_json":{"title":"L\u2019Abbaye de Staffarda comme emplacement pour \u00e9v\u00e8nements culturels et mariages - Fondazione Ordine Mauriziano","description":"Un endroit suggestif, plong\u00e9 dans une atmosph\u00e8re magique et charg\u00e9e d\u2019histoire, capable d\u2019accueillir et de devenir un emplacement \u00e9v\u00e8nementiel unique dans - Fondazione Ordine Mauriziano","robots":{"index":"index","follow":"follow","max-snippet":"max-snippet:-1","max-image-preview":"max-image-preview:large","max-video-preview":"max-video-preview:-1"},"canonical":"https:\/\/www.ordinemauriziano.it\/fr\/abbazia-maria-staffarda\/les-espaces-evenementiels\/","og_locale":"fr_FR","og_type":"article","og_title":"L\u2019Abbaye de Staffarda comme emplacement pour \u00e9v\u00e8nements culturels et mariages - Fondazione Ordine Mauriziano","og_description":"Un endroit suggestif, plong\u00e9 dans une atmosph\u00e8re magique et charg\u00e9e d\u2019histoire, capable d\u2019accueillir et de devenir un emplacement \u00e9v\u00e8nementiel unique dans - Fondazione Ordine Mauriziano","og_url":"https:\/\/www.ordinemauriziano.it\/fr\/abbazia-maria-staffarda\/les-espaces-evenementiels\/","og_site_name":"Fondazione Ordine Mauriziano","article_publisher":"https:\/\/www.facebook.com\/PalazzinaStupinigi.Mauriziano","article_modified_time":"2023-11-23T17:13:30+00:00","og_image":[{"width":1920,"height":1080,"url":"https:\/\/www.ordinemauriziano.it\/wp-content\/uploads\/2023\/07\/23-fom-sito-web-asset-staffarda-header.jpg","type":"image\/jpeg"}],"schema":{"@context":"https:\/\/schema.org","@graph":[{"@type":"WebPage","@id":"https:\/\/www.ordinemauriziano.it\/fr\/abbazia-maria-staffarda\/les-espaces-evenementiels\/","url":"https:\/\/www.ordinemauriziano.it\/fr\/abbazia-maria-staffarda\/les-espaces-evenementiels\/","name":"L\u2019Abbaye de Staffarda comme emplacement pour \u00e9v\u00e8nements culturels et mariages - Fondazione Ordine Mauriziano","isPartOf":{"@id":"https:\/\/www.ordinemauriziano.it\/fr\/#website"},"primaryImageOfPage":{"@id":"https:\/\/www.ordinemauriziano.it\/fr\/abbazia-maria-staffarda\/les-espaces-evenementiels\/#primaryimage"},"image":{"@id":"https:\/\/www.ordinemauriziano.it\/fr\/abbazia-maria-staffarda\/les-espaces-evenementiels\/#primaryimage"},"thumbnailUrl":"https:\/\/www.ordinemauriziano.it\/wp-content\/uploads\/2023\/07\/23-fom-sito-web-asset-staffarda-header.jpg","datePublished":"2023-09-25T20:04:47+00:00","dateModified":"2023-11-23T17:13:30+00:00","description":"Un endroit suggestif, plong\u00e9 dans une atmosph\u00e8re magique et charg\u00e9e d\u2019histoire, capable d\u2019accueillir et de devenir un emplacement \u00e9v\u00e8nementiel unique dans - Fondazione Ordine Mauriziano","breadcrumb":{"@id":"https:\/\/www.ordinemauriziano.it\/fr\/abbazia-maria-staffarda\/les-espaces-evenementiels\/#breadcrumb"},"inLanguage":"fr-FR","potentialAction":[{"@type":"ReadAction","target":["https:\/\/www.ordinemauriziano.it\/fr\/abbazia-maria-staffarda\/les-espaces-evenementiels\/"]}]},{"@type":"ImageObject","inLanguage":"fr-FR","@id":"https:\/\/www.ordinemauriziano.it\/fr\/abbazia-maria-staffarda\/les-espaces-evenementiels\/#primaryimage","url":"https:\/\/www.ordinemauriziano.it\/wp-content\/uploads\/2023\/07\/23-fom-sito-web-asset-staffarda-header.jpg","contentUrl":"https:\/\/www.ordinemauriziano.it\/wp-content\/uploads\/2023\/07\/23-fom-sito-web-asset-staffarda-header.jpg","width":1920,"height":1080},{"@type":"BreadcrumbList","@id":"https:\/\/www.ordinemauriziano.it\/fr\/abbazia-maria-staffarda\/les-espaces-evenementiels\/#breadcrumb","itemListElement":[{"@type":"ListItem","position":1,"name":"Home","item":"https:\/\/www.ordinemauriziano.it\/fr\/"},{"@type":"ListItem","position":2,"name":"Abbaye de Sainte-Marie de Staffarda","item":"https:\/\/www.ordinemauriziano.it\/fr\/abbazia-maria-staffarda\/"},{"@type":"ListItem","position":3,"name":"L\u2019Abbaye de Staffarda comme emplacement pour \u00e9v\u00e8nements culturels et mariages"}]},{"@type":"WebSite","@id":"https:\/\/www.ordinemauriziano.it\/fr\/#website","url":"https:\/\/www.ordinemauriziano.it\/fr\/","name":"Fondazione Ordine Mauriziano","description":"","publisher":{"@id":"https:\/\/www.ordinemauriziano.it\/fr\/#organization"},"potentialAction":[{"@type":"SearchAction","target":{"@type":"EntryPoint","urlTemplate":"https:\/\/www.ordinemauriziano.it\/fr\/?s={search_term_string}"},"query-input":{"@type":"PropertyValueSpecification","valueRequired":true,"valueName":"search_term_string"}}],"inLanguage":"fr-FR"},{"@type":"Organization","@id":"https:\/\/www.ordinemauriziano.it\/fr\/#organization","name":"Fondazione Torino Musei","url":"https:\/\/www.ordinemauriziano.it\/fr\/","logo":{"@type":"ImageObject","inLanguage":"fr-FR","@id":"https:\/\/www.ordinemauriziano.it\/fr\/#\/schema\/logo\/image\/","url":"https:\/\/www.ordinemauriziano.it\/wp-content\/uploads\/2022\/05\/Fondazione-Ordine-Mauriziano.png","contentUrl":"https:\/\/www.ordinemauriziano.it\/wp-content\/uploads\/2022\/05\/Fondazione-Ordine-Mauriziano.png","width":233,"height":76,"caption":"Fondazione Torino Musei"},"image":{"@id":"https:\/\/www.ordinemauriziano.it\/fr\/#\/schema\/logo\/image\/"},"sameAs":["https:\/\/www.facebook.com\/PalazzinaStupinigi.Mauriziano","https:\/\/x.com\/Stupinigi_OM","https:\/\/www.youtube.com\/user\/stupinigimauriziano"]}]}},"campaignId":"","_links":{"self":[{"href":"https:\/\/www.ordinemauriziano.it\/fr\/wp-json\/wp\/v2\/pages\/11420","targetHints":{"allow":["GET"]}}],"collection":[{"href":"https:\/\/www.ordinemauriziano.it\/fr\/wp-json\/wp\/v2\/pages"}],"about":[{"href":"https:\/\/www.ordinemauriziano.it\/fr\/wp-json\/wp\/v2\/types\/page"}],"author":[{"embeddable":true,"href":"https:\/\/www.ordinemauriziano.it\/fr\/wp-json\/wp\/v2\/users\/1"}],"replies":[{"embeddable":true,"href":"https:\/\/www.ordinemauriziano.it\/fr\/wp-json\/wp\/v2\/comments?post=11420"}],"version-history":[{"count":10,"href":"https:\/\/www.ordinemauriziano.it\/fr\/wp-json\/wp\/v2\/pages\/11420\/revisions"}],"predecessor-version":[{"id":12600,"href":"https:\/\/www.ordinemauriziano.it\/fr\/wp-json\/wp\/v2\/pages\/11420\/revisions\/12600"}],"up":[{"embeddable":true,"href":"https:\/\/www.ordinemauriziano.it\/fr\/wp-json\/wp\/v2\/pages\/11408"}],"wp:featuredmedia":[{"embeddable":true,"href":"https:\/\/www.ordinemauriziano.it\/fr\/wp-json\/wp\/v2\/media\/11060"}],"wp:attachment":[{"href":"https:\/\/www.ordinemauriziano.it\/fr\/wp-json\/wp\/v2\/media?parent=11420"}],"curies":[{"name":"wp","href":"https:\/\/api.w.org\/{rel}","templated":true}]}}