{"id":11423,"date":"2023-09-25T22:07:55","date_gmt":"2023-09-25T20:07:55","guid":{"rendered":"https:\/\/www.ordinemauriziano.it\/fondation\/"},"modified":"2023-09-25T22:09:26","modified_gmt":"2023-09-25T20:09:26","slug":"fondation","status":"publish","type":"page","link":"https:\/\/www.ordinemauriziano.it\/fr\/fondation\/","title":{"rendered":"Fondation"},"content":{"rendered":"\t\t<div data-elementor-type=\"wp-page\" data-elementor-id=\"11423\" class=\"elementor elementor-11423 elementor-7836\" data-elementor-post-type=\"page\">\n\t\t\t\t<div class=\"elementor-element elementor-element-90e47c8 e-flex e-con-boxed e-con e-parent\" data-id=\"90e47c8\" data-element_type=\"container\" data-e-type=\"container\" data-settings=\"{&quot;background_background&quot;:&quot;classic&quot;}\">\n\t\t\t\t\t<div class=\"e-con-inner\">\n\t\t\t\t<div class=\"elementor-element elementor-element-1ea0955 animation_type_block sc_fly_static elementor-widget elementor-widget-image\" data-id=\"1ea0955\" data-element_type=\"widget\" data-e-type=\"widget\" data-widget_type=\"image.default\">\n\t\t\t\t<div class=\"elementor-widget-container\">\n\t\t\t\t\t\t\t\t\t\t\t\t\t\t\t<img fetchpriority=\"high\" decoding=\"async\" width=\"768\" height=\"185\" src=\"https:\/\/www.ordinemauriziano.it\/wp-content\/uploads\/2023\/07\/23-fom-fondazione-ordine-mauriziano-logo-principale-orizzontale-768x185.png\" class=\"attachment-medium_large size-medium_large wp-image-11034\" alt=\"Logo completo di Fondazione Ordine Mauriziano\" srcset=\"https:\/\/www.ordinemauriziano.it\/wp-content\/uploads\/2023\/07\/23-fom-fondazione-ordine-mauriziano-logo-principale-orizzontale-768x185.png 768w, https:\/\/www.ordinemauriziano.it\/wp-content\/uploads\/2023\/07\/23-fom-fondazione-ordine-mauriziano-logo-principale-orizzontale-300x72.png 300w, https:\/\/www.ordinemauriziano.it\/wp-content\/uploads\/2023\/07\/23-fom-fondazione-ordine-mauriziano-logo-principale-orizzontale-1024x247.png 1024w, https:\/\/www.ordinemauriziano.it\/wp-content\/uploads\/2023\/07\/23-fom-fondazione-ordine-mauriziano-logo-principale-orizzontale-1536x370.png 1536w, https:\/\/www.ordinemauriziano.it\/wp-content\/uploads\/2023\/07\/23-fom-fondazione-ordine-mauriziano-logo-principale-orizzontale-370x89.png 370w, https:\/\/www.ordinemauriziano.it\/wp-content\/uploads\/2023\/07\/23-fom-fondazione-ordine-mauriziano-logo-principale-orizzontale-770x186.png 770w, https:\/\/www.ordinemauriziano.it\/wp-content\/uploads\/2023\/07\/23-fom-fondazione-ordine-mauriziano-logo-principale-orizzontale-600x145.png 600w, https:\/\/www.ordinemauriziano.it\/wp-content\/uploads\/2023\/07\/23-fom-fondazione-ordine-mauriziano-logo-principale-orizzontale.png 1920w\" sizes=\"(max-width: 768px) 100vw, 768px\" \/>\t\t\t\t\t\t\t\t\t\t\t\t\t\t\t<\/div>\n\t\t\t\t<\/div>\n\t\t\t\t\t<\/div>\n\t\t\t\t<\/div>\n\t\t<div class=\"elementor-element elementor-element-6e6031b e-flex e-con-boxed e-con e-parent\" data-id=\"6e6031b\" data-element_type=\"container\" data-e-type=\"container\" data-settings=\"{&quot;background_background&quot;:&quot;classic&quot;}\">\n\t\t\t\t\t<div class=\"e-con-inner\">\n\t\t\t\t<div class=\"elementor-element elementor-element-b8de46c animation_type_block sc_fly_static elementor-widget elementor-widget-text-editor\" data-id=\"b8de46c\" data-element_type=\"widget\" data-e-type=\"widget\" data-widget_type=\"text-editor.default\">\n\t\t\t\t<div class=\"elementor-widget-container\">\n\t\t\t\t\t\t\t\t\tLa Fondation de l\u2019Ordre Mauricien g\u00e8re la conservation et la gestion des biens culturels qui appartiennent au Patrimoine Culturel Mauricien, qui comprend <strong>le Pavillon de Chasse de Stupinigi, la Commanderie de Saint-Antoine de Ranvers, l\u2019Abbaye de Staffarda et les Archives Historiques.<\/strong>\r\n\r\nA cet immense h\u00e9ritage culturel s\u2019ajoutent la<strong> Basilique Mauricienne de Turin<\/strong> et d\u2019autres monuments et lieux de culte, ainsi que des composantes immat\u00e9rielles de pr\u00e9servation de la m\u00e9moire.\r\n\r\n&nbsp;\t\t\t\t\t\t\t\t<\/div>\n\t\t\t\t<\/div>\n\t\t\t\t<div class=\"elementor-element elementor-element-dcda53a animation_type_block sc_fly_static elementor-widget elementor-widget-heading\" data-id=\"dcda53a\" data-element_type=\"widget\" data-e-type=\"widget\" data-widget_type=\"heading.default\">\n\t\t\t\t<div class=\"elementor-widget-container\">\n\t\t\t\t\t<h2 class=\"elementor-heading-title elementor-size-default\">L\u2019histoire de la Fondation<\/h2>\t\t\t\t<\/div>\n\t\t\t\t<\/div>\n\t\t\t\t<div class=\"elementor-element elementor-element-5e40f07 animation_type_block sc_fly_static elementor-widget elementor-widget-text-editor\" data-id=\"5e40f07\" data-element_type=\"widget\" data-e-type=\"widget\" data-widget_type=\"text-editor.default\">\n\t\t\t\t<div class=\"elementor-widget-container\">\n\t\t\t\t\t\t\t\t\t<p>Cr\u00e9\u00e9e par le d\u00e9cret-loi n\u00b0277\/2004 (transform\u00e9 en loi n\u00b04\/2005), la Fondation de l\u2019Ordre Mauricien est l\u2019h\u00e9riti\u00e8re, ainsi que l\u2019organisme charg\u00e9 de la conservation des biens culturels qui appartiennent au patrimoine de l\u2019Ordre des Saints-Maurice-et-Lazare.<\/p>\n<p>L\u2019Ordre, n\u00e9 en 1572 par volont\u00e9 d\u2019Emmanuel-Philibert duc de Savoie, est le r\u00e9sultat de la fusion entre l\u2019Ordre de Chevalerie et Religieux de Saint-Maurice (Ripaille \u2013 Chablais, 1434) et l\u2019Ordre pour l\u2019Assistance aux L\u00e9preux de Saint-Lazare (J\u00e9rusalem, 1090). Cette fusion avait pour objectif que la \u201cmilice de chevalerie\u201d se tourne vers les \u201c\u0153uvres de mis\u00e9ricorde envers les infirmes\u201d.<\/p>\n<p>Son but principal, qui dans un premier temps \u00e9tait celui d\u2019assurer une assistance m\u00e9dicale aux plus d\u00e9munis et favoriser la diffusion de la religion chr\u00e9tienne, a \u00e9volu\u00e9 au fil des si\u00e8cles jusqu\u2019\u00e0 sa conformation actuelle.<\/p>\n<p>Aujourd\u2019hui, la mise en \u0153uvre des objectifs en mati\u00e8re de conservation et de valorisation du Patrimoine Culturel Mauricien revient \u00e0 la Fondation de l\u2019Ordre Mauricien.<\/p>\n<p>Parall\u00e8lement au d\u00e9roulement de notre histoire, les Archives Historiques de l\u2019Ordre ont vu le jour et ne cessent de cro\u00eetre\u00a0: aujourd\u2019hui elles se placent en deuxi\u00e8me rang par ordre d\u2019importance apr\u00e8s les Archives Nationales de Turin.<\/p>\n\t\t\t\t\t\t\t\t<\/div>\n\t\t\t\t<\/div>\n\t\t\t\t\t<\/div>\n\t\t\t\t<\/div>\n\t\t<div class=\"elementor-element elementor-element-3b942f9 e-flex e-con-boxed e-con e-parent\" data-id=\"3b942f9\" data-element_type=\"container\" data-e-type=\"container\">\n\t\t\t\t\t<div class=\"e-con-inner\">\n\t\t\t\t\t<\/div>\n\t\t\t\t<\/div>\n\t\t\t\t<\/div>\n\t\t","protected":false},"excerpt":{"rendered":"<p>La Fondation de l\u2019Ordre Mauricien g\u00e8re la conservation et la gestion des biens culturels qui appartiennent au Patrimoine Culturel Mauricien, qui comprend le Pavillon de Chasse de Stupinigi, la Commanderie de Saint-Antoine de Ranvers, l\u2019Abbaye de Staffarda et les Archives Historiques. A cet immense h\u00e9ritage&hellip;<\/p>\n","protected":false},"author":1,"featured_media":10262,"parent":0,"menu_order":0,"comment_status":"closed","ping_status":"closed","template":"","meta":{"give_campaign_id":0,"footnotes":""},"class_list":["post-11423","page","type-page","status-publish","has-post-thumbnail","hentry"],"yoast_head":"<!-- This site is optimized with the Yoast SEO plugin v27.2 - https:\/\/yoast.com\/product\/yoast-seo-wordpress\/ -->\n<title>Fondation - Fondazione Ordine Mauriziano<\/title>\n<meta name=\"description\" content=\"La Fondation de l\u2019Ordre Mauricien g\u00e8re la conservation et la gestion des biens culturels qui appartiennent au Patrimoine Culturel Mauricien, qui comprend - Fondazione Ordine Mauriziano\" \/>\n<meta name=\"robots\" content=\"index, follow, max-snippet:-1, max-image-preview:large, max-video-preview:-1\" \/>\n<link rel=\"canonical\" href=\"https:\/\/www.ordinemauriziano.it\/fr\/fondation\/\" \/>\n<meta property=\"og:locale\" content=\"fr_FR\" \/>\n<meta property=\"og:type\" content=\"article\" \/>\n<meta property=\"og:title\" content=\"Fondation - Fondazione Ordine Mauriziano\" \/>\n<meta property=\"og:description\" content=\"La Fondation de l\u2019Ordre Mauricien g\u00e8re la conservation et la gestion des biens culturels qui appartiennent au Patrimoine Culturel Mauricien, qui comprend - Fondazione Ordine Mauriziano\" \/>\n<meta property=\"og:url\" content=\"https:\/\/www.ordinemauriziano.it\/fr\/fondation\/\" \/>\n<meta property=\"og:site_name\" content=\"Fondazione Ordine Mauriziano\" \/>\n<meta property=\"article:publisher\" content=\"https:\/\/www.facebook.com\/PalazzinaStupinigi.Mauriziano\" \/>\n<meta property=\"article:modified_time\" content=\"2023-09-25T20:09:26+00:00\" \/>\n<meta property=\"og:image\" content=\"https:\/\/www.ordinemauriziano.it\/wp-content\/uploads\/2022\/05\/Bolla-di-Gregorio-XIIIdi-unione-dei-SS.-Maurizio-e-Lazzaro-scaled.jpg\" \/>\n\t<meta property=\"og:image:width\" content=\"1920\" \/>\n\t<meta property=\"og:image:height\" content=\"1406\" \/>\n\t<meta property=\"og:image:type\" content=\"image\/jpeg\" \/>\n<script type=\"application\/ld+json\" class=\"yoast-schema-graph\">{\"@context\":\"https:\/\/schema.org\",\"@graph\":[{\"@type\":\"WebPage\",\"@id\":\"https:\/\/www.ordinemauriziano.it\/fr\/fondation\/\",\"url\":\"https:\/\/www.ordinemauriziano.it\/fr\/fondation\/\",\"name\":\"Fondation - Fondazione Ordine Mauriziano\",\"isPartOf\":{\"@id\":\"https:\/\/www.ordinemauriziano.it\/fr\/#website\"},\"primaryImageOfPage\":{\"@id\":\"https:\/\/www.ordinemauriziano.it\/fr\/fondation\/#primaryimage\"},\"image\":{\"@id\":\"https:\/\/www.ordinemauriziano.it\/fr\/fondation\/#primaryimage\"},\"thumbnailUrl\":\"https:\/\/www.ordinemauriziano.it\/wp-content\/uploads\/2022\/05\/Bolla-di-Gregorio-XIIIdi-unione-dei-SS.-Maurizio-e-Lazzaro-scaled.jpg\",\"datePublished\":\"2023-09-25T20:07:55+00:00\",\"dateModified\":\"2023-09-25T20:09:26+00:00\",\"description\":\"La Fondation de l\u2019Ordre Mauricien g\u00e8re la conservation et la gestion des biens culturels qui appartiennent au Patrimoine Culturel Mauricien, qui comprend - Fondazione Ordine Mauriziano\",\"breadcrumb\":{\"@id\":\"https:\/\/www.ordinemauriziano.it\/fr\/fondation\/#breadcrumb\"},\"inLanguage\":\"fr-FR\",\"potentialAction\":[{\"@type\":\"ReadAction\",\"target\":[\"https:\/\/www.ordinemauriziano.it\/fr\/fondation\/\"]}]},{\"@type\":\"ImageObject\",\"inLanguage\":\"fr-FR\",\"@id\":\"https:\/\/www.ordinemauriziano.it\/fr\/fondation\/#primaryimage\",\"url\":\"https:\/\/www.ordinemauriziano.it\/wp-content\/uploads\/2022\/05\/Bolla-di-Gregorio-XIIIdi-unione-dei-SS.-Maurizio-e-Lazzaro-scaled.jpg\",\"contentUrl\":\"https:\/\/www.ordinemauriziano.it\/wp-content\/uploads\/2022\/05\/Bolla-di-Gregorio-XIIIdi-unione-dei-SS.-Maurizio-e-Lazzaro-scaled.jpg\",\"width\":1920,\"height\":1406},{\"@type\":\"BreadcrumbList\",\"@id\":\"https:\/\/www.ordinemauriziano.it\/fr\/fondation\/#breadcrumb\",\"itemListElement\":[{\"@type\":\"ListItem\",\"position\":1,\"name\":\"Home\",\"item\":\"https:\/\/www.ordinemauriziano.it\/fr\/\"},{\"@type\":\"ListItem\",\"position\":2,\"name\":\"Fondation\"}]},{\"@type\":\"WebSite\",\"@id\":\"https:\/\/www.ordinemauriziano.it\/fr\/#website\",\"url\":\"https:\/\/www.ordinemauriziano.it\/fr\/\",\"name\":\"Fondazione Ordine Mauriziano\",\"description\":\"\",\"publisher\":{\"@id\":\"https:\/\/www.ordinemauriziano.it\/fr\/#organization\"},\"potentialAction\":[{\"@type\":\"SearchAction\",\"target\":{\"@type\":\"EntryPoint\",\"urlTemplate\":\"https:\/\/www.ordinemauriziano.it\/fr\/?s={search_term_string}\"},\"query-input\":{\"@type\":\"PropertyValueSpecification\",\"valueRequired\":true,\"valueName\":\"search_term_string\"}}],\"inLanguage\":\"fr-FR\"},{\"@type\":\"Organization\",\"@id\":\"https:\/\/www.ordinemauriziano.it\/fr\/#organization\",\"name\":\"Fondazione Torino Musei\",\"url\":\"https:\/\/www.ordinemauriziano.it\/fr\/\",\"logo\":{\"@type\":\"ImageObject\",\"inLanguage\":\"fr-FR\",\"@id\":\"https:\/\/www.ordinemauriziano.it\/fr\/#\/schema\/logo\/image\/\",\"url\":\"https:\/\/www.ordinemauriziano.it\/wp-content\/uploads\/2022\/05\/Fondazione-Ordine-Mauriziano.png\",\"contentUrl\":\"https:\/\/www.ordinemauriziano.it\/wp-content\/uploads\/2022\/05\/Fondazione-Ordine-Mauriziano.png\",\"width\":233,\"height\":76,\"caption\":\"Fondazione Torino Musei\"},\"image\":{\"@id\":\"https:\/\/www.ordinemauriziano.it\/fr\/#\/schema\/logo\/image\/\"},\"sameAs\":[\"https:\/\/www.facebook.com\/PalazzinaStupinigi.Mauriziano\",\"https:\/\/x.com\/Stupinigi_OM\",\"https:\/\/www.youtube.com\/user\/stupinigimauriziano\"]}]}<\/script>\n<!-- \/ Yoast SEO plugin. -->","yoast_head_json":{"title":"Fondation - Fondazione Ordine Mauriziano","description":"La Fondation de l\u2019Ordre Mauricien g\u00e8re la conservation et la gestion des biens culturels qui appartiennent au Patrimoine Culturel Mauricien, qui comprend - Fondazione Ordine Mauriziano","robots":{"index":"index","follow":"follow","max-snippet":"max-snippet:-1","max-image-preview":"max-image-preview:large","max-video-preview":"max-video-preview:-1"},"canonical":"https:\/\/www.ordinemauriziano.it\/fr\/fondation\/","og_locale":"fr_FR","og_type":"article","og_title":"Fondation - Fondazione Ordine Mauriziano","og_description":"La Fondation de l\u2019Ordre Mauricien g\u00e8re la conservation et la gestion des biens culturels qui appartiennent au Patrimoine Culturel Mauricien, qui comprend - Fondazione Ordine Mauriziano","og_url":"https:\/\/www.ordinemauriziano.it\/fr\/fondation\/","og_site_name":"Fondazione Ordine Mauriziano","article_publisher":"https:\/\/www.facebook.com\/PalazzinaStupinigi.Mauriziano","article_modified_time":"2023-09-25T20:09:26+00:00","og_image":[{"width":1920,"height":1406,"url":"https:\/\/www.ordinemauriziano.it\/wp-content\/uploads\/2022\/05\/Bolla-di-Gregorio-XIIIdi-unione-dei-SS.-Maurizio-e-Lazzaro-scaled.jpg","type":"image\/jpeg"}],"schema":{"@context":"https:\/\/schema.org","@graph":[{"@type":"WebPage","@id":"https:\/\/www.ordinemauriziano.it\/fr\/fondation\/","url":"https:\/\/www.ordinemauriziano.it\/fr\/fondation\/","name":"Fondation - Fondazione Ordine Mauriziano","isPartOf":{"@id":"https:\/\/www.ordinemauriziano.it\/fr\/#website"},"primaryImageOfPage":{"@id":"https:\/\/www.ordinemauriziano.it\/fr\/fondation\/#primaryimage"},"image":{"@id":"https:\/\/www.ordinemauriziano.it\/fr\/fondation\/#primaryimage"},"thumbnailUrl":"https:\/\/www.ordinemauriziano.it\/wp-content\/uploads\/2022\/05\/Bolla-di-Gregorio-XIIIdi-unione-dei-SS.-Maurizio-e-Lazzaro-scaled.jpg","datePublished":"2023-09-25T20:07:55+00:00","dateModified":"2023-09-25T20:09:26+00:00","description":"La Fondation de l\u2019Ordre Mauricien g\u00e8re la conservation et la gestion des biens culturels qui appartiennent au Patrimoine Culturel Mauricien, qui comprend - Fondazione Ordine Mauriziano","breadcrumb":{"@id":"https:\/\/www.ordinemauriziano.it\/fr\/fondation\/#breadcrumb"},"inLanguage":"fr-FR","potentialAction":[{"@type":"ReadAction","target":["https:\/\/www.ordinemauriziano.it\/fr\/fondation\/"]}]},{"@type":"ImageObject","inLanguage":"fr-FR","@id":"https:\/\/www.ordinemauriziano.it\/fr\/fondation\/#primaryimage","url":"https:\/\/www.ordinemauriziano.it\/wp-content\/uploads\/2022\/05\/Bolla-di-Gregorio-XIIIdi-unione-dei-SS.-Maurizio-e-Lazzaro-scaled.jpg","contentUrl":"https:\/\/www.ordinemauriziano.it\/wp-content\/uploads\/2022\/05\/Bolla-di-Gregorio-XIIIdi-unione-dei-SS.-Maurizio-e-Lazzaro-scaled.jpg","width":1920,"height":1406},{"@type":"BreadcrumbList","@id":"https:\/\/www.ordinemauriziano.it\/fr\/fondation\/#breadcrumb","itemListElement":[{"@type":"ListItem","position":1,"name":"Home","item":"https:\/\/www.ordinemauriziano.it\/fr\/"},{"@type":"ListItem","position":2,"name":"Fondation"}]},{"@type":"WebSite","@id":"https:\/\/www.ordinemauriziano.it\/fr\/#website","url":"https:\/\/www.ordinemauriziano.it\/fr\/","name":"Fondazione Ordine Mauriziano","description":"","publisher":{"@id":"https:\/\/www.ordinemauriziano.it\/fr\/#organization"},"potentialAction":[{"@type":"SearchAction","target":{"@type":"EntryPoint","urlTemplate":"https:\/\/www.ordinemauriziano.it\/fr\/?s={search_term_string}"},"query-input":{"@type":"PropertyValueSpecification","valueRequired":true,"valueName":"search_term_string"}}],"inLanguage":"fr-FR"},{"@type":"Organization","@id":"https:\/\/www.ordinemauriziano.it\/fr\/#organization","name":"Fondazione Torino Musei","url":"https:\/\/www.ordinemauriziano.it\/fr\/","logo":{"@type":"ImageObject","inLanguage":"fr-FR","@id":"https:\/\/www.ordinemauriziano.it\/fr\/#\/schema\/logo\/image\/","url":"https:\/\/www.ordinemauriziano.it\/wp-content\/uploads\/2022\/05\/Fondazione-Ordine-Mauriziano.png","contentUrl":"https:\/\/www.ordinemauriziano.it\/wp-content\/uploads\/2022\/05\/Fondazione-Ordine-Mauriziano.png","width":233,"height":76,"caption":"Fondazione Torino Musei"},"image":{"@id":"https:\/\/www.ordinemauriziano.it\/fr\/#\/schema\/logo\/image\/"},"sameAs":["https:\/\/www.facebook.com\/PalazzinaStupinigi.Mauriziano","https:\/\/x.com\/Stupinigi_OM","https:\/\/www.youtube.com\/user\/stupinigimauriziano"]}]}},"campaignId":"","_links":{"self":[{"href":"https:\/\/www.ordinemauriziano.it\/fr\/wp-json\/wp\/v2\/pages\/11423","targetHints":{"allow":["GET"]}}],"collection":[{"href":"https:\/\/www.ordinemauriziano.it\/fr\/wp-json\/wp\/v2\/pages"}],"about":[{"href":"https:\/\/www.ordinemauriziano.it\/fr\/wp-json\/wp\/v2\/types\/page"}],"author":[{"embeddable":true,"href":"https:\/\/www.ordinemauriziano.it\/fr\/wp-json\/wp\/v2\/users\/1"}],"replies":[{"embeddable":true,"href":"https:\/\/www.ordinemauriziano.it\/fr\/wp-json\/wp\/v2\/comments?post=11423"}],"version-history":[{"count":4,"href":"https:\/\/www.ordinemauriziano.it\/fr\/wp-json\/wp\/v2\/pages\/11423\/revisions"}],"predecessor-version":[{"id":11428,"href":"https:\/\/www.ordinemauriziano.it\/fr\/wp-json\/wp\/v2\/pages\/11423\/revisions\/11428"}],"wp:featuredmedia":[{"embeddable":true,"href":"https:\/\/www.ordinemauriziano.it\/fr\/wp-json\/wp\/v2\/media\/10262"}],"wp:attachment":[{"href":"https:\/\/www.ordinemauriziano.it\/fr\/wp-json\/wp\/v2\/media?parent=11423"}],"curies":[{"name":"wp","href":"https:\/\/api.w.org\/{rel}","templated":true}]}}